{"id":987904,"date":"2021-04-01T09:35:01","date_gmt":"2021-04-01T09:35:01","guid":{"rendered":"http:\/\/zsek.webd.pl\/eko3\/?page_id=987904"},"modified":"2026-06-09T10:26:39","modified_gmt":"2026-06-09T08:26:39","slug":"aktualnosci","status":"publish","type":"page","link":"http:\/\/ekonomik.opole.pl\/eko3\/aktualnosci\/","title":{"rendered":"Aktualno\u015bci"},"content":{"rendered":"\t\t<div data-elementor-type=\"wp-page\" data-elementor-id=\"987904\" class=\"elementor elementor-987904\" data-elementor-settings=\"[]\">\n\t\t\t\t\t\t<div class=\"elementor-inner\">\n\t\t\t\t\t\t\t<div class=\"elementor-section-wrap\">\n\t\t\t\t\t\t\t<section class=\"elementor-section elementor-top-section elementor-element elementor-element-54d51b0 elementor-section-content-bottom elementor-section-boxed elementor-section-height-default elementor-section-height-default elementor-invisible\" data-id=\"54d51b0\" data-element_type=\"section\" data-settings=\"{&quot;background_background&quot;:&quot;classic&quot;,&quot;background_motion_fx_motion_fx_scrolling&quot;:&quot;yes&quot;,&quot;background_motion_fx_range&quot;:&quot;viewport&quot;,&quot;background_motion_fx_opacity_effect&quot;:&quot;yes&quot;,&quot;background_motion_fx_opacity_direction&quot;:&quot;in-out&quot;,&quot;background_motion_fx_opacity_range&quot;:{&quot;unit&quot;:&quot;%&quot;,&quot;size&quot;:&quot;&quot;,&quot;sizes&quot;:{&quot;start&quot;:65,&quot;end&quot;:79}},&quot;background_motion_fx_translateY_effect&quot;:&quot;yes&quot;,&quot;animation&quot;:&quot;fadeIn&quot;,&quot;background_motion_fx_translateY_speed&quot;:{&quot;unit&quot;:&quot;px&quot;,&quot;size&quot;:4,&quot;sizes&quot;:[]},&quot;background_motion_fx_translateY_affectedRange&quot;:{&quot;unit&quot;:&quot;%&quot;,&quot;size&quot;:&quot;&quot;,&quot;sizes&quot;:{&quot;start&quot;:0,&quot;end&quot;:100}},&quot;background_motion_fx_opacity_level&quot;:{&quot;unit&quot;:&quot;px&quot;,&quot;size&quot;:10,&quot;sizes&quot;:[]},&quot;background_motion_fx_devices&quot;:[&quot;desktop&quot;,&quot;tablet&quot;,&quot;mobile&quot;]}\">\n\t\t\t\t\t\t<div class=\"elementor-container elementor-column-gap-default\">\n\t\t\t\t\t\t\t<div class=\"elementor-row\">\n\t\t\t\t\t<div class=\"elementor-column elementor-col-50 elementor-top-column elementor-element elementor-element-b66bcfe\" data-id=\"b66bcfe\" data-element_type=\"column\" data-settings=\"{&quot;background_background&quot;:&quot;classic&quot;}\">\n\t\t\t<div class=\"elementor-column-wrap elementor-element-populated\">\n\t\t\t\t\t\t\t<div class=\"elementor-widget-wrap\">\n\t\t\t\t\t\t<div class=\"elementor-element elementor-element-0fe65a6 elementor-widget elementor-widget-text-editor\" data-id=\"0fe65a6\" data-element_type=\"widget\" data-widget_type=\"text-editor.default\">\n\t\t\t\t<div class=\"elementor-widget-container\">\n\t\t\t\t\t\t\t\t<div class=\"elementor-text-editor elementor-clearfix\">\n\t\t\t\t\t<p>B\u0105d\u017a zawsze dobrze poinformowany. Tutaj znajdziesz najwa\u017cniejsze informacje o \u017cyciu szko\u0142y &#8211; <strong>najlepszego technikum na Opolszczy\u017anie w Rankingu Perspektywy 2024&nbsp;<\/strong><\/p>\t\t\t\t\t<\/div>\n\t\t\t\t\t\t<\/div>\n\t\t\t\t<\/div>\n\t\t\t\t\t\t<\/div>\n\t\t\t\t\t<\/div>\n\t\t<\/div>\n\t\t\t\t<div class=\"elementor-column elementor-col-50 elementor-top-column elementor-element elementor-element-0ecc5b1 elementor-hidden-phone\" data-id=\"0ecc5b1\" data-element_type=\"column\">\n\t\t\t<div class=\"elementor-column-wrap\">\n\t\t\t\t\t\t\t<div class=\"elementor-widget-wrap\">\n\t\t\t\t\t\t\t\t<\/div>\n\t\t\t\t\t<\/div>\n\t\t<\/div>\n\t\t\t\t\t\t\t\t<\/div>\n\t\t\t\t\t<\/div>\n\t\t<\/section>\n\t\t\t\t<section class=\"elementor-section elementor-top-section elementor-element elementor-element-f4bfbe9 elementor-section-height-min-height elementor-section-boxed elementor-section-height-default elementor-section-items-middle\" data-id=\"f4bfbe9\" data-element_type=\"section\">\n\t\t\t\t\t\t<div class=\"elementor-container elementor-column-gap-default\">\n\t\t\t\t\t\t\t<div class=\"elementor-row\">\n\t\t\t\t\t<div class=\"elementor-column elementor-col-50 elementor-top-column elementor-element elementor-element-2f4478d\" data-id=\"2f4478d\" data-element_type=\"column\" data-settings=\"{&quot;background_background&quot;:&quot;classic&quot;}\">\n\t\t\t<div class=\"elementor-column-wrap elementor-element-populated\">\n\t\t\t\t\t\t\t<div class=\"elementor-widget-wrap\">\n\t\t\t\t\t\t<div class=\"elementor-element elementor-element-5b59570 elementor-widget elementor-widget-spacer\" data-id=\"5b59570\" data-element_type=\"widget\" data-widget_type=\"spacer.default\">\n\t\t\t\t<div class=\"elementor-widget-container\">\n\t\t\t\t\t<div class=\"elementor-spacer\">\n\t\t\t<div class=\"elementor-spacer-inner\"><\/div>\n\t\t<\/div>\n\t\t\t\t<\/div>\n\t\t\t\t<\/div>\n\t\t\t\t\t\t<\/div>\n\t\t\t\t\t<\/div>\n\t\t<\/div>\n\t\t\t\t<div class=\"elementor-column elementor-col-50 elementor-top-column elementor-element elementor-element-c5546f6 elementor-hidden-phone\" data-id=\"c5546f6\" data-element_type=\"column\">\n\t\t\t<div class=\"elementor-column-wrap\">\n\t\t\t\t\t\t\t<div class=\"elementor-widget-wrap\">\n\t\t\t\t\t\t\t\t<\/div>\n\t\t\t\t\t<\/div>\n\t\t<\/div>\n\t\t\t\t\t\t\t\t<\/div>\n\t\t\t\t\t<\/div>\n\t\t<\/section>\n\t\t\t\t<section class=\"elementor-section elementor-top-section elementor-element elementor-element-c317ba2 elementor-section-boxed elementor-section-height-default elementor-section-height-default\" data-id=\"c317ba2\" data-element_type=\"section\">\n\t\t\t\t\t\t<div class=\"elementor-container elementor-column-gap-default\">\n\t\t\t\t\t\t\t<div class=\"elementor-row\">\n\t\t\t\t\t<div class=\"elementor-column elementor-col-50 elementor-top-column elementor-element elementor-element-768b930\" data-id=\"768b930\" data-element_type=\"column\">\n\t\t\t<div class=\"elementor-column-wrap\">\n\t\t\t\t\t\t\t<div class=\"elementor-widget-wrap\">\n\t\t\t\t\t\t\t\t<\/div>\n\t\t\t\t\t<\/div>\n\t\t<\/div>\n\t\t\t\t<div class=\"elementor-column elementor-col-50 elementor-top-column elementor-element elementor-element-c278749\" data-id=\"c278749\" data-element_type=\"column\">\n\t\t\t<div class=\"elementor-column-wrap elementor-element-populated\">\n\t\t\t\t\t\t\t<div class=\"elementor-widget-wrap\">\n\t\t\t\t\t\t<div class=\"elementor-element elementor-element-34fc526 elementor-search-form--skin-classic elementor-search-form--button-type-icon elementor-search-form--icon-search elementor-widget elementor-widget-search-form\" data-id=\"34fc526\" data-element_type=\"widget\" data-settings=\"{&quot;skin&quot;:&quot;classic&quot;}\" data-widget_type=\"search-form.default\">\n\t\t\t\t<div class=\"elementor-widget-container\">\n\t\t\t\t\t<form class=\"elementor-search-form\" role=\"search\" action=\"http:\/\/ekonomik.opole.pl\/eko3\" method=\"get\">\n\t\t\t\t\t\t\t\t\t<div class=\"elementor-search-form__container\">\n\t\t\t\t\t\t\t\t<input placeholder=\"Szukaj...\" class=\"elementor-search-form__input\" type=\"search\" name=\"s\" title=\"Search\" value=\"\">\n\t\t\t\t\t\t\t\t\t\t\t\t\t<button class=\"elementor-search-form__submit\" type=\"submit\" title=\"Search\" aria-label=\"Search\">\n\t\t\t\t\t\t\t\t\t\t\t\t\t<i aria-hidden=\"true\" class=\"fas fa-search\"><\/i>\t\t\t\t\t\t\t<span class=\"elementor-screen-only\">Search<\/span>\n\t\t\t\t\t\t\t\t\t\t\t<\/button>\n\t\t\t\t\t\t\t\t\t\t\t<\/div>\n\t\t<\/form>\n\t\t\t\t<\/div>\n\t\t\t\t<\/div>\n\t\t\t\t\t\t<\/div>\n\t\t\t\t\t<\/div>\n\t\t<\/div>\n\t\t\t\t\t\t\t\t<\/div>\n\t\t\t\t\t<\/div>\n\t\t<\/section>\n\t\t\t\t<section class=\"elementor-section elementor-top-section elementor-element elementor-element-0b99b90 elementor-section-boxed elementor-section-height-default elementor-section-height-default\" data-id=\"0b99b90\" data-element_type=\"section\">\n\t\t\t\t\t\t<div class=\"elementor-container elementor-column-gap-default\">\n\t\t\t\t\t\t\t<div class=\"elementor-row\">\n\t\t\t\t\t<div class=\"elementor-column elementor-col-100 elementor-top-column elementor-element elementor-element-9af06fb\" data-id=\"9af06fb\" data-element_type=\"column\" data-settings=\"{&quot;background_background&quot;:&quot;classic&quot;}\">\n\t\t\t<div class=\"elementor-column-wrap elementor-element-populated\">\n\t\t\t\t\t\t\t<div class=\"elementor-widget-wrap\">\n\t\t\t\t\t\t<div class=\"elementor-element elementor-element-0a327f3 elementor-grid-2 elementor-posts--align-left elementor-grid-tablet-1 elementor-hidden-phone elementor-grid-mobile-1 elementor-posts--thumbnail-top elementor-widget elementor-widget-posts\" data-id=\"0a327f3\" data-element_type=\"widget\" data-settings=\"{&quot;classic_columns&quot;:&quot;2&quot;,&quot;classic_row_gap&quot;:{&quot;unit&quot;:&quot;px&quot;,&quot;size&quot;:&quot;&quot;,&quot;sizes&quot;:[]},&quot;classic_columns_tablet&quot;:&quot;1&quot;,&quot;classic_columns_mobile&quot;:&quot;1&quot;}\" data-widget_type=\"posts.classic\">\n\t\t\t\t<div class=\"elementor-widget-container\">\n\t\t\t\t\t<div class=\"elementor-posts-container elementor-posts elementor-posts--skin-classic elementor-grid\">\n\t\t\t\t<article class=\"elementor-post elementor-grid-item post-999392 post type-post status-publish format-standard has-post-thumbnail hentry category-stypendium\">\n\t\t\t\t<a class=\"elementor-post__thumbnail__link\" href=\"http:\/\/ekonomik.opole.pl\/eko3\/marszalkowski-program-stypendialny-dla-uczniow-szkol-i-placowek-ksztalcenia-zawodowego-wojewodztwa-opolskiego-etap-ii\/\" >\n\t\t\t<div class=\"elementor-post__thumbnail\"><img width=\"1086\" height=\"1536\" src=\"http:\/\/ekonomik.opole.pl\/eko3\/wp-content\/uploads\/2026\/08\/plakat.webp\" class=\"attachment-1536x1536 size-1536x1536\" alt=\"\" loading=\"lazy\" srcset=\"http:\/\/ekonomik.opole.pl\/eko3\/wp-content\/uploads\/2026\/08\/plakat.webp 1086w, http:\/\/ekonomik.opole.pl\/eko3\/wp-content\/uploads\/2026\/08\/plakat-212x300.webp 212w, http:\/\/ekonomik.opole.pl\/eko3\/wp-content\/uploads\/2026\/08\/plakat-724x1024.webp 724w, http:\/\/ekonomik.opole.pl\/eko3\/wp-content\/uploads\/2026\/08\/plakat-768x1086.webp 768w, http:\/\/ekonomik.opole.pl\/eko3\/wp-content\/uploads\/2026\/08\/plakat-680x962.webp 680w\" sizes=\"(max-width: 1086px) 100vw, 1086px\" \/><\/div>\n\t\t<\/a>\n\t\t\t\t<div class=\"elementor-post__text\">\n\t\t\t\t<h2 class=\"elementor-post__title\">\n\t\t\t<a href=\"http:\/\/ekonomik.opole.pl\/eko3\/marszalkowski-program-stypendialny-dla-uczniow-szkol-i-placowek-ksztalcenia-zawodowego-wojewodztwa-opolskiego-etap-ii\/\" >\n\t\t\t\tMarsza\u0142kowski Program Stypendialny dla uczni\u00f3w szk\u00f3\u0142 i plac\u00f3wek kszta\u0142cenia zawodowego wojew\u00f3dztwa opolskiego \u2013 etap II\t\t\t<\/a>\n\t\t<\/h2>\n\t\t\t\t<div class=\"elementor-post__meta-data\">\n\t\t\t\t\t<span class=\"elementor-post-date\">\n\t\t\t26 sierpnia, 2026\t\t<\/span>\n\t\t\t\t<\/div>\n\t\t\t\t<div class=\"elementor-post__excerpt\">\n\t\t\t<p>Zarz\u0105d Wojew\u00f3dztwa Opolskiego og\u0142asza nab\u00f3r wniosk\u00f3w o przyznanie stypendium w ramach projektu \u201eMarsza\u0142kowski Program Stypendialny dla uczni\u00f3w szk\u00f3\u0142 i plac\u00f3wek kszta\u0142cenia zawodowego wojew\u00f3dztwa opolskiego \u2013 etap II\u201d, w ramach Dzia\u0142ania 5.8 Programy pomocy stypendialnej, Programu Regionalnego Fundusze Europejskie dla Opolskiego<\/p>\n\t\t<\/div>\n\t\t\t\t\t<a class=\"elementor-post__read-more\" href=\"http:\/\/ekonomik.opole.pl\/eko3\/marszalkowski-program-stypendialny-dla-uczniow-szkol-i-placowek-ksztalcenia-zawodowego-wojewodztwa-opolskiego-etap-ii\/\" >\n\t\t\t\tCzytaj wi\u0119cej...\t\t\t<\/a>\n\t\t\t\t<\/div>\n\t\t\t\t<\/article>\n\t\t\t\t<article class=\"elementor-post elementor-grid-item post-999389 post type-post status-publish format-standard has-post-thumbnail hentry category-informacja\">\n\t\t\t\t<a class=\"elementor-post__thumbnail__link\" href=\"http:\/\/ekonomik.opole.pl\/eko3\/uroczyste-rozpoczecie-roku-szkolnego-2026-2027\/\" >\n\t\t\t<div class=\"elementor-post__thumbnail\"><img width=\"1200\" height=\"799\" src=\"http:\/\/ekonomik.opole.pl\/eko3\/wp-content\/uploads\/2026\/08\/rrk.webp\" class=\"attachment-1536x1536 size-1536x1536\" alt=\"\" loading=\"lazy\" srcset=\"http:\/\/ekonomik.opole.pl\/eko3\/wp-content\/uploads\/2026\/08\/rrk.webp 1200w, http:\/\/ekonomik.opole.pl\/eko3\/wp-content\/uploads\/2026\/08\/rrk-300x200.webp 300w, http:\/\/ekonomik.opole.pl\/eko3\/wp-content\/uploads\/2026\/08\/rrk-1024x682.webp 1024w, http:\/\/ekonomik.opole.pl\/eko3\/wp-content\/uploads\/2026\/08\/rrk-768x511.webp 768w, http:\/\/ekonomik.opole.pl\/eko3\/wp-content\/uploads\/2026\/08\/rrk-680x453.webp 680w\" sizes=\"(max-width: 1200px) 100vw, 1200px\" \/><\/div>\n\t\t<\/a>\n\t\t\t\t<div class=\"elementor-post__text\">\n\t\t\t\t<h2 class=\"elementor-post__title\">\n\t\t\t<a href=\"http:\/\/ekonomik.opole.pl\/eko3\/uroczyste-rozpoczecie-roku-szkolnego-2026-2027\/\" >\n\t\t\t\tUroczyste rozpocz\u0119cie roku szkolnego 2026\/2027\t\t\t<\/a>\n\t\t<\/h2>\n\t\t\t\t<div class=\"elementor-post__meta-data\">\n\t\t\t\t\t<span class=\"elementor-post-date\">\n\t\t\t26 sierpnia, 2026\t\t<\/span>\n\t\t\t\t<\/div>\n\t\t\t\t<div class=\"elementor-post__excerpt\">\n\t\t\t<p>Rozpocz\u0119cie odb\u0119dzie si\u0119 wed\u0142ug harmonogramu: godz. 8.00 \u2013 msza \u015bw. dla ch\u0119tnych uczni\u00f3w w ko\u015bciele \u015bw. Piotra i Paw\u0142a godz. 9.00 \u2013 rozpocz\u0119cie roku szkolnego \u2013 boisko szkolne, potem spotkania z wychowawcami w wyznaczonych salach lekcyjnych w tym dniu przychodzimy<\/p>\n\t\t<\/div>\n\t\t\t\t\t<a class=\"elementor-post__read-more\" href=\"http:\/\/ekonomik.opole.pl\/eko3\/uroczyste-rozpoczecie-roku-szkolnego-2026-2027\/\" >\n\t\t\t\tCzytaj wi\u0119cej...\t\t\t<\/a>\n\t\t\t\t<\/div>\n\t\t\t\t<\/article>\n\t\t\t\t<\/div>\n\t\t\t\t<\/div>\n\t\t\t\t<\/div>\n\t\t\t\t<div class=\"elementor-element elementor-element-0ba9113 elementor-grid-4 elementor-grid-tablet-2 elementor-grid-mobile-1 elementor-posts--thumbnail-top elementor-widget elementor-widget-posts\" data-id=\"0ba9113\" data-element_type=\"widget\" data-settings=\"{&quot;classic_columns&quot;:&quot;4&quot;,&quot;classic_columns_tablet&quot;:&quot;2&quot;,&quot;classic_columns_mobile&quot;:&quot;1&quot;,&quot;classic_row_gap&quot;:{&quot;unit&quot;:&quot;px&quot;,&quot;size&quot;:35,&quot;sizes&quot;:[]}}\" data-widget_type=\"posts.classic\">\n\t\t\t\t<div class=\"elementor-widget-container\">\n\t\t\t\t\t<div class=\"elementor-posts-container elementor-posts elementor-posts--skin-classic elementor-grid\">\n\t\t\t\t<article class=\"elementor-post elementor-grid-item post-998061 post type-post status-publish format-standard has-post-thumbnail hentry category-informacja\">\n\t\t\t\t<a class=\"elementor-post__thumbnail__link\" href=\"http:\/\/ekonomik.opole.pl\/eko3\/spotkanie-dyrekcji-oraz-wychowawcow-z-uczniami-i-rodzicami-klas-i\/\" >\n\t\t\t<div class=\"elementor-post__thumbnail\"><img src=\"http:\/\/ekonomik.opole.pl\/eko3\/wp-content\/uploads\/2025\/07\/spotkanie-kl-I.webp\" title=\"spotkanie-kl-I\" alt=\"spotkanie-kl-I\" \/><\/div>\n\t\t<\/a>\n\t\t\t\t<div class=\"elementor-post__text\">\n\t\t\t\t<h4 class=\"elementor-post__title\">\n\t\t\t<a href=\"http:\/\/ekonomik.opole.pl\/eko3\/spotkanie-dyrekcji-oraz-wychowawcow-z-uczniami-i-rodzicami-klas-i\/\" >\n\t\t\t\tSpotkanie Dyrekcji oraz wychowawc\u00f3w z Uczniami i Rodzicami klas I\t\t\t<\/a>\n\t\t<\/h4>\n\t\t\t\t<div class=\"elementor-post__meta-data\">\n\t\t\t\t\t<span class=\"elementor-post-date\">\n\t\t\t24 lipca, 2025\t\t<\/span>\n\t\t\t\t<\/div>\n\t\t\t\t<div class=\"elementor-post__excerpt\">\n\t\t\t<p>Serdecznie zapraszamy wszystkich Uczni\u00f3w klas I wraz z Rodzicami, na spotkanie z Dyrekcj\u0105 i Wychowawcami, kt\u00f3re odb\u0119dzie si\u0119 29.08.2025 o<\/p>\n\t\t<\/div>\n\t\t\t\t\t<a class=\"elementor-post__read-more\" href=\"http:\/\/ekonomik.opole.pl\/eko3\/spotkanie-dyrekcji-oraz-wychowawcow-z-uczniami-i-rodzicami-klas-i\/\" >\n\t\t\t\tCzytaj wi\u0119cej...\t\t\t<\/a>\n\t\t\t\t<\/div>\n\t\t\t\t<\/article>\n\t\t\t\t<article class=\"elementor-post elementor-grid-item post-999386 post type-post status-publish format-standard has-post-thumbnail hentry category-informacja\">\n\t\t\t\t<a class=\"elementor-post__thumbnail__link\" href=\"http:\/\/ekonomik.opole.pl\/eko3\/szkola-zamknieta-w-dniu-14-08\/\" >\n\t\t\t<div class=\"elementor-post__thumbnail\"><img src=\"http:\/\/ekonomik.opole.pl\/eko3\/wp-content\/uploads\/2025\/04\/pexels-photo-16213402.webp\" title=\"pexels-photo-16213402\" alt=\"pexels-photo-16213402\" \/><\/div>\n\t\t<\/a>\n\t\t\t\t<div class=\"elementor-post__text\">\n\t\t\t\t<h4 class=\"elementor-post__title\">\n\t\t\t<a href=\"http:\/\/ekonomik.opole.pl\/eko3\/szkola-zamknieta-w-dniu-14-08\/\" >\n\t\t\t\tSzko\u0142a zamkni\u0119ta w dniu 14.08\t\t\t<\/a>\n\t\t<\/h4>\n\t\t\t\t<div class=\"elementor-post__meta-data\">\n\t\t\t\t\t<span class=\"elementor-post-date\">\n\t\t\t13 sierpnia, 2026\t\t<\/span>\n\t\t\t\t<\/div>\n\t\t\t\t<div class=\"elementor-post__excerpt\">\n\t\t\t<p>Uprzejmie informujemy, \u017ce w dniu 14.08 (pi\u0105tek) budynek szko\u0142y b\u0119dzie zamkni\u0119ty. Zapraszamy ponownie w poniedzia\u0142ek.<\/p>\n\t\t<\/div>\n\t\t\t\t\t<a class=\"elementor-post__read-more\" href=\"http:\/\/ekonomik.opole.pl\/eko3\/szkola-zamknieta-w-dniu-14-08\/\" >\n\t\t\t\tCzytaj wi\u0119cej...\t\t\t<\/a>\n\t\t\t\t<\/div>\n\t\t\t\t<\/article>\n\t\t\t\t<article class=\"elementor-post elementor-grid-item post-999343 post type-post status-publish format-standard has-post-thumbnail hentry category-informacja\">\n\t\t\t\t<a class=\"elementor-post__thumbnail__link\" href=\"http:\/\/ekonomik.opole.pl\/eko3\/dostarczenie-fotografii-do-legitymacji-przez-uczniow-klas-pierwszych\/\" >\n\t\t\t<div class=\"elementor-post__thumbnail\"><img src=\"http:\/\/ekonomik.opole.pl\/eko3\/wp-content\/uploads\/2026\/08\/legitymacja_szkolna.webp\" title=\"legitymacja_szkolna\" alt=\"legitymacja_szkolna\" \/><\/div>\n\t\t<\/a>\n\t\t\t\t<div class=\"elementor-post__text\">\n\t\t\t\t<h4 class=\"elementor-post__title\">\n\t\t\t<a href=\"http:\/\/ekonomik.opole.pl\/eko3\/dostarczenie-fotografii-do-legitymacji-przez-uczniow-klas-pierwszych\/\" >\n\t\t\t\tDostarczenie fotografii do legitymacji przez uczni\u00f3w klas pierwszych\t\t\t<\/a>\n\t\t<\/h4>\n\t\t\t\t<div class=\"elementor-post__meta-data\">\n\t\t\t\t\t<span class=\"elementor-post-date\">\n\t\t\t6 sierpnia, 2026\t\t<\/span>\n\t\t\t\t<\/div>\n\t\t\t\t<div class=\"elementor-post__excerpt\">\n\t\t\t<p>PILNE! Uczniowie klas \u00a0pierwszych przypominamy o konieczno\u015bci dostarczenia aktualnych zdj\u0119\u0107 do legitymacji szkolnych. Fotografia jest niezb\u0119dna, aby\u015bmy mogli sprawnie i<\/p>\n\t\t<\/div>\n\t\t\t\t\t<a class=\"elementor-post__read-more\" href=\"http:\/\/ekonomik.opole.pl\/eko3\/dostarczenie-fotografii-do-legitymacji-przez-uczniow-klas-pierwszych\/\" >\n\t\t\t\tCzytaj wi\u0119cej...\t\t\t<\/a>\n\t\t\t\t<\/div>\n\t\t\t\t<\/article>\n\t\t\t\t<article class=\"elementor-post elementor-grid-item post-999330 post type-post status-publish format-standard has-post-thumbnail hentry category-informacja\">\n\t\t\t\t<a class=\"elementor-post__thumbnail__link\" href=\"http:\/\/ekonomik.opole.pl\/eko3\/zestaw-podrecznikow-na-rok-szkolny-2026-27\/\" >\n\t\t\t<div class=\"elementor-post__thumbnail\"><img src=\"http:\/\/ekonomik.opole.pl\/eko3\/wp-content\/uploads\/2026\/07\/zestaw_podr_26_27.png\" title=\"zestaw_podr_26_27\" alt=\"zestaw_podr_26_27\" \/><\/div>\n\t\t<\/a>\n\t\t\t\t<div class=\"elementor-post__text\">\n\t\t\t\t<h4 class=\"elementor-post__title\">\n\t\t\t<a href=\"http:\/\/ekonomik.opole.pl\/eko3\/zestaw-podrecznikow-na-rok-szkolny-2026-27\/\" >\n\t\t\t\tZestaw podr\u0119cznik\u00f3w na rok szkolny 2026\/27\t\t\t<\/a>\n\t\t<\/h4>\n\t\t\t\t<div class=\"elementor-post__meta-data\">\n\t\t\t\t\t<span class=\"elementor-post-date\">\n\t\t\t22 lipca, 2026\t\t<\/span>\n\t\t\t\t<\/div>\n\t\t\t\t<div class=\"elementor-post__excerpt\">\n\t\t\t<p>Zestaw podr\u0119cznik\u00f3w na rok szkolny 2026\/27 dost\u0119pny jest&nbsp;tutaj&nbsp;lub w menu &#8222;O szkole&#8221; &gt; &#8222;Dokumenty&#8221;<\/p>\n\t\t<\/div>\n\t\t\t\t\t<a class=\"elementor-post__read-more\" href=\"http:\/\/ekonomik.opole.pl\/eko3\/zestaw-podrecznikow-na-rok-szkolny-2026-27\/\" >\n\t\t\t\tCzytaj wi\u0119cej...\t\t\t<\/a>\n\t\t\t\t<\/div>\n\t\t\t\t<\/article>\n\t\t\t\t<article class=\"elementor-post elementor-grid-item post-999318 post type-post status-publish format-standard has-post-thumbnail hentry category-egzaminy category-informacja\">\n\t\t\t\t<a class=\"elementor-post__thumbnail__link\" href=\"http:\/\/ekonomik.opole.pl\/eko3\/egzamin-poprawkowy-2025-2026-harmonogram\/\" >\n\t\t\t<div class=\"elementor-post__thumbnail\"><img src=\"http:\/\/ekonomik.opole.pl\/eko3\/wp-content\/uploads\/2026\/06\/ep_post_2026.webp\" title=\"ep_post_2026\" alt=\"ep_post_2026\" \/><\/div>\n\t\t<\/a>\n\t\t\t\t<div class=\"elementor-post__text\">\n\t\t\t\t<h4 class=\"elementor-post__title\">\n\t\t\t<a href=\"http:\/\/ekonomik.opole.pl\/eko3\/egzamin-poprawkowy-2025-2026-harmonogram\/\" >\n\t\t\t\tEgzamin poprawkowy 2025\/2026 &#8211; harmonogram\t\t\t<\/a>\n\t\t<\/h4>\n\t\t\t\t<div class=\"elementor-post__meta-data\">\n\t\t\t\t\t<span class=\"elementor-post-date\">\n\t\t\t28 czerwca, 2026\t\t<\/span>\n\t\t\t\t<\/div>\n\t\t\t\t<div class=\"elementor-post__excerpt\">\n\t\t\t<p>25 sierpnia 2026 r. (wtorek) 1. Podstawy fotografii, godz. 8.30; sala nr 20 komisja: Remigiusz Janik, Marta Nagi, Piotr W\u00f3jcik<\/p>\n\t\t<\/div>\n\t\t\t\t\t<a class=\"elementor-post__read-more\" href=\"http:\/\/ekonomik.opole.pl\/eko3\/egzamin-poprawkowy-2025-2026-harmonogram\/\" >\n\t\t\t\tCzytaj wi\u0119cej...\t\t\t<\/a>\n\t\t\t\t<\/div>\n\t\t\t\t<\/article>\n\t\t\t\t<article class=\"elementor-post elementor-grid-item post-999315 post type-post status-publish format-standard has-post-thumbnail hentry category-informacja\">\n\t\t\t\t<a class=\"elementor-post__thumbnail__link\" href=\"http:\/\/ekonomik.opole.pl\/eko3\/uroczyste-zakonczenie-roku-szkolnego-2\/\" >\n\t\t\t<div class=\"elementor-post__thumbnail\"><img src=\"http:\/\/ekonomik.opole.pl\/eko3\/wp-content\/uploads\/2026\/06\/540672579_1472872187643295_4664965344860825746_n.jpg\" title=\"540672579_1472872187643295_4664965344860825746_n\" alt=\"540672579_1472872187643295_4664965344860825746_n\" \/><\/div>\n\t\t<\/a>\n\t\t\t\t<div class=\"elementor-post__text\">\n\t\t\t\t<h4 class=\"elementor-post__title\">\n\t\t\t<a href=\"http:\/\/ekonomik.opole.pl\/eko3\/uroczyste-zakonczenie-roku-szkolnego-2\/\" >\n\t\t\t\tUroczyste zako\u0144czenie roku szkolnego\t\t\t<\/a>\n\t\t<\/h4>\n\t\t\t\t<div class=\"elementor-post__meta-data\">\n\t\t\t\t\t<span class=\"elementor-post-date\">\n\t\t\t24 czerwca, 2026\t\t<\/span>\n\t\t\t\t<\/div>\n\t\t\t\t<div class=\"elementor-post__excerpt\">\n\t\t\t<p>Uroczyste zako\u0144czenie roku szkolnego 2025\/2026 odb\u0119dzie si\u0119 w dniu 26.06.2026 (pi\u0105tek) zgodnie z harmonogramem: 8.00 &#8211; Msza \u015awi\u0119ta w Ko\u015bciele<\/p>\n\t\t<\/div>\n\t\t\t\t\t<a class=\"elementor-post__read-more\" href=\"http:\/\/ekonomik.opole.pl\/eko3\/uroczyste-zakonczenie-roku-szkolnego-2\/\" >\n\t\t\t\tCzytaj wi\u0119cej...\t\t\t<\/a>\n\t\t\t\t<\/div>\n\t\t\t\t<\/article>\n\t\t\t\t<article class=\"elementor-post elementor-grid-item post-999298 post type-post status-publish format-standard has-post-thumbnail hentry category-inicjatywy category-wolontariat\">\n\t\t\t\t<a class=\"elementor-post__thumbnail__link\" href=\"http:\/\/ekonomik.opole.pl\/eko3\/kazdy-krok-ma-znaczenie-o-idei-iv-charytatywnego-biegu-z-zonkilem\/\" >\n\t\t\t<div class=\"elementor-post__thumbnail\"><img src=\"http:\/\/ekonomik.opole.pl\/eko3\/wp-content\/uploads\/2026\/05\/691803475_1700739618189883_1269401656542727771_n.jpg\" title=\"691803475_1700739618189883_1269401656542727771_n\" alt=\"691803475_1700739618189883_1269401656542727771_n\" \/><\/div>\n\t\t<\/a>\n\t\t\t\t<div class=\"elementor-post__text\">\n\t\t\t\t<h4 class=\"elementor-post__title\">\n\t\t\t<a href=\"http:\/\/ekonomik.opole.pl\/eko3\/kazdy-krok-ma-znaczenie-o-idei-iv-charytatywnego-biegu-z-zonkilem\/\" >\n\t\t\t\t\u201eKa\u017cdy krok ma znaczenie\u201d \u2013 o idei IV Charytatywnego Biegu z \u017bonkilem\t\t\t<\/a>\n\t\t<\/h4>\n\t\t\t\t<div class=\"elementor-post__meta-data\">\n\t\t\t\t\t<span class=\"elementor-post-date\">\n\t\t\t11 czerwca, 2026\t\t<\/span>\n\t\t\t\t<\/div>\n\t\t\t\t<div class=\"elementor-post__excerpt\">\n\t\t\t<p>Mi\u0142o nam poinformowa\u0107, \u017ce w najnowszym wydaniu magazynu Efektorium Biz ukaza\u0142 si\u0119 obszerny artyku\u0142 po\u015bwi\u0119cony idei IV Charytatywnego Biegu z<\/p>\n\t\t<\/div>\n\t\t\t\t\t<a class=\"elementor-post__read-more\" href=\"http:\/\/ekonomik.opole.pl\/eko3\/kazdy-krok-ma-znaczenie-o-idei-iv-charytatywnego-biegu-z-zonkilem\/\" >\n\t\t\t\tCzytaj wi\u0119cej...\t\t\t<\/a>\n\t\t\t\t<\/div>\n\t\t\t\t<\/article>\n\t\t\t\t<article class=\"elementor-post elementor-grid-item post-999297 post type-post status-publish format-standard has-post-thumbnail hentry category-informacja category-osiagniecia\">\n\t\t\t\t<a class=\"elementor-post__thumbnail__link\" href=\"http:\/\/ekonomik.opole.pl\/eko3\/nagroda-prymus-opolszczyzny-nabor-wnioskow\/\" >\n\t\t\t<div class=\"elementor-post__thumbnail\"><img src=\"http:\/\/ekonomik.opole.pl\/eko3\/wp-content\/uploads\/2021\/06\/wojewodztwo-opolskie-logo-680x523.jpg\" title=\"wojewodztwo-opolskie-logo\" alt=\"Herb wojew\u00f3dztwa opolskiego\" \/><\/div>\n\t\t<\/a>\n\t\t\t\t<div class=\"elementor-post__text\">\n\t\t\t\t<h4 class=\"elementor-post__title\">\n\t\t\t<a href=\"http:\/\/ekonomik.opole.pl\/eko3\/nagroda-prymus-opolszczyzny-nabor-wnioskow\/\" >\n\t\t\t\tNagroda Prymus Opolszczyzny &#8211; nab\u00f3r wniosk\u00f3w\t\t\t<\/a>\n\t\t<\/h4>\n\t\t\t\t<div class=\"elementor-post__meta-data\">\n\t\t\t\t\t<span class=\"elementor-post-date\">\n\t\t\t11 czerwca, 2026\t\t<\/span>\n\t\t\t\t<\/div>\n\t\t\t\t<div class=\"elementor-post__excerpt\">\n\t\t\t<p>Nagroda Prymus Opolszczyzny w kategorii WIEDZA przyznawana jest uczniom i uczennicom publicznych oraz niepublicznych szk\u00f3\u0142 ponadpodstawowych, kt\u00f3rzy spe\u0142niaj\u0105 \u0142\u0105cznie nast\u0119puj\u0105ce<\/p>\n\t\t<\/div>\n\t\t\t\t\t<a class=\"elementor-post__read-more\" href=\"http:\/\/ekonomik.opole.pl\/eko3\/nagroda-prymus-opolszczyzny-nabor-wnioskow\/\" >\n\t\t\t\tCzytaj wi\u0119cej...\t\t\t<\/a>\n\t\t\t\t<\/div>\n\t\t\t\t<\/article>\n\t\t\t\t<article class=\"elementor-post elementor-grid-item post-999302 post type-post status-publish format-standard has-post-thumbnail hentry category-konkurs category-osiagniecia category-programowanie\">\n\t\t\t\t<a class=\"elementor-post__thumbnail__link\" href=\"http:\/\/ekonomik.opole.pl\/eko3\/remigiusz-lukasik-finalista-konkursu-inzynierowie-przyszlosci\/\" >\n\t\t\t<div class=\"elementor-post__thumbnail\"><img src=\"http:\/\/ekonomik.opole.pl\/eko3\/wp-content\/uploads\/2026\/06\/inz-przysz-remigiusz-scaled.webp\" title=\"inz-przysz-remigiusz\" alt=\"inz-przysz-remigiusz\" \/><\/div>\n\t\t<\/a>\n\t\t\t\t<div class=\"elementor-post__text\">\n\t\t\t\t<h4 class=\"elementor-post__title\">\n\t\t\t<a href=\"http:\/\/ekonomik.opole.pl\/eko3\/remigiusz-lukasik-finalista-konkursu-inzynierowie-przyszlosci\/\" >\n\t\t\t\tRemigiusz \u0141ukasik finalist\u0105 konkursu \u201eIn\u017cynierowie Przysz\u0142o\u015bci\u201d\t\t\t<\/a>\n\t\t<\/h4>\n\t\t\t\t<div class=\"elementor-post__meta-data\">\n\t\t\t\t\t<span class=\"elementor-post-date\">\n\t\t\t10 czerwca, 2026\t\t<\/span>\n\t\t\t\t<\/div>\n\t\t\t\t<div class=\"elementor-post__excerpt\">\n\t\t\t<p>Mamy \u015bwietne wie\u015bci! Nasz ucze\u0144 Remigiusz \u0141ukasik zosta\u0142 finalist\u0105 konkursu \u201eIn\u017cynierowie Przysz\u0142o\u015bci\u201d (Fundacja ORLEN), a w nagrod\u0119 otrzyma\u0142 150 punkt\u00f3w<\/p>\n\t\t<\/div>\n\t\t\t\t\t<a class=\"elementor-post__read-more\" href=\"http:\/\/ekonomik.opole.pl\/eko3\/remigiusz-lukasik-finalista-konkursu-inzynierowie-przyszlosci\/\" >\n\t\t\t\tCzytaj wi\u0119cej...\t\t\t<\/a>\n\t\t\t\t<\/div>\n\t\t\t\t<\/article>\n\t\t\t\t<\/div>\n\t\t\t\t<nav class=\"elementor-pagination\" role=\"navigation\" aria-label=\"Pagination\">\n\t\t\t<span aria-current=\"page\" class=\"page-numbers current\"><span class=\"elementor-screen-only\">Page<\/span>1<\/span>\n<a class=\"page-numbers\" href=\"http:\/\/ekonomik.opole.pl\/eko3\/wp-json\/wp\/v2\/pages\/987904\/page\/2\/\"><span class=\"elementor-screen-only\">Page<\/span>2<\/a>\n<a class=\"page-numbers\" href=\"http:\/\/ekonomik.opole.pl\/eko3\/wp-json\/wp\/v2\/pages\/987904\/page\/3\/\"><span class=\"elementor-screen-only\">Page<\/span>3<\/a>\n<span class=\"page-numbers dots\">&hellip;<\/span>\n<a class=\"page-numbers\" href=\"http:\/\/ekonomik.opole.pl\/eko3\/wp-json\/wp\/v2\/pages\/987904\/page\/53\/\"><span class=\"elementor-screen-only\">Page<\/span>53<\/a>\t\t<\/nav>\n\t\t\t\t<\/div>\n\t\t\t\t<\/div>\n\t\t\t\t\t\t<\/div>\n\t\t\t\t\t<\/div>\n\t\t<\/div>\n\t\t\t\t\t\t\t\t<\/div>\n\t\t\t\t\t<\/div>\n\t\t<\/section>\n\t\t\t\t<section class=\"elementor-section elementor-top-section elementor-element elementor-element-2d2a313 elementor-section-boxed elementor-section-height-default elementor-section-height-default\" data-id=\"2d2a313\" data-element_type=\"section\">\n\t\t\t\t\t\t<div class=\"elementor-container elementor-column-gap-default\">\n\t\t\t\t\t\t\t<div class=\"elementor-row\">\n\t\t\t\t\t<div class=\"elementor-column elementor-col-100 elementor-top-column elementor-element elementor-element-139bd06\" data-id=\"139bd06\" data-element_type=\"column\">\n\t\t\t<div class=\"elementor-column-wrap elementor-element-populated\">\n\t\t\t\t\t\t\t<div class=\"elementor-widget-wrap\">\n\t\t\t\t\t\t<div class=\"elementor-element elementor-element-be84797 elementor-widget elementor-widget-wp-widget-tag_cloud\" data-id=\"be84797\" data-element_type=\"widget\" data-widget_type=\"wp-widget-tag_cloud.default\">\n\t\t\t\t<div class=\"elementor-widget-container\">\n\t\t\t<h5>Tagi<\/h5><div class=\"tagcloud\"><a href=\"http:\/\/ekonomik.opole.pl\/eko3\/tag\/dzien-edukacji-narodowej\/\" class=\"tag-cloud-link tag-link-211 tag-link-position-1\" style=\"font-size: 10.863636363636pt;\" aria-label=\"Dzie\u0144 Edukacji Narodowej (5 element\u00f3w)\">Dzie\u0144 Edukacji Narodowej<\/a>\n<a href=\"http:\/\/ekonomik.opole.pl\/eko3\/tag\/ekonomia\/\" class=\"tag-cloud-link tag-link-101 tag-link-position-2\" style=\"font-size: 19.772727272727pt;\" aria-label=\"Ekonomia (21 element\u00f3w)\">Ekonomia<\/a>\n<a href=\"http:\/\/ekonomik.opole.pl\/eko3\/tag\/ekonomia-i-rachunkowosc\/\" class=\"tag-cloud-link tag-link-111 tag-link-position-3\" style=\"font-size: 10.863636363636pt;\" aria-label=\"Ekonomia i rachunkowo\u015b\u0107 (5 element\u00f3w)\">Ekonomia i rachunkowo\u015b\u0107<\/a>\n<a href=\"http:\/\/ekonomik.opole.pl\/eko3\/tag\/ekonomik-opole\/\" class=\"tag-cloud-link tag-link-157 tag-link-position-4\" style=\"font-size: 22pt;\" aria-label=\"Ekonomik Opole (29 element\u00f3w)\">Ekonomik Opole<\/a>\n<a href=\"http:\/\/ekonomik.opole.pl\/eko3\/tag\/film\/\" class=\"tag-cloud-link tag-link-204 tag-link-position-5\" style=\"font-size: 8pt;\" aria-label=\"Film (3 elementy)\">Film<\/a>\n<a href=\"http:\/\/ekonomik.opole.pl\/eko3\/tag\/finalisci\/\" class=\"tag-cloud-link tag-link-94 tag-link-position-6\" style=\"font-size: 8pt;\" aria-label=\"Finali\u015bci (3 elementy)\">Finali\u015bci<\/a>\n<a href=\"http:\/\/ekonomik.opole.pl\/eko3\/tag\/final\/\" class=\"tag-cloud-link tag-link-93 tag-link-position-7\" style=\"font-size: 13.568181818182pt;\" aria-label=\"Fina\u0142 (8 element\u00f3w)\">Fina\u0142<\/a>\n<a href=\"http:\/\/ekonomik.opole.pl\/eko3\/tag\/fotografia\/\" class=\"tag-cloud-link tag-link-129 tag-link-position-8\" style=\"font-size: 9.5909090909091pt;\" aria-label=\"Fotografia (4 elementy)\">Fotografia<\/a>\n<a href=\"http:\/\/ekonomik.opole.pl\/eko3\/tag\/grafika\/\" class=\"tag-cloud-link tag-link-107 tag-link-position-9\" style=\"font-size: 8pt;\" aria-label=\"Grafika (3 elementy)\">Grafika<\/a>\n<a href=\"http:\/\/ekonomik.opole.pl\/eko3\/tag\/kampania-reklama-ekonomik-opole\/\" class=\"tag-cloud-link tag-link-224 tag-link-position-10\" style=\"font-size: 15.636363636364pt;\" aria-label=\"Kampania reklama Ekonomik Opole (11 element\u00f3w)\">Kampania reklama Ekonomik Opole<\/a>\n<a href=\"http:\/\/ekonomik.opole.pl\/eko3\/tag\/konkurs\/\" class=\"tag-cloud-link tag-link-92 tag-link-position-11\" style=\"font-size: 19.454545454545pt;\" aria-label=\"Konkurs (20 element\u00f3w)\">Konkurs<\/a>\n<a href=\"http:\/\/ekonomik.opole.pl\/eko3\/tag\/konkurs-wiedzy-o-podatkach\/\" class=\"tag-cloud-link tag-link-252 tag-link-position-12\" style=\"font-size: 9.5909090909091pt;\" aria-label=\"Konkurs Wiedzy o Podatkach (4 elementy)\">Konkurs Wiedzy o Podatkach<\/a>\n<a href=\"http:\/\/ekonomik.opole.pl\/eko3\/tag\/logistyka\/\" class=\"tag-cloud-link tag-link-108 tag-link-position-13\" style=\"font-size: 10.863636363636pt;\" aria-label=\"Logistyka (5 element\u00f3w)\">Logistyka<\/a>\n<a href=\"http:\/\/ekonomik.opole.pl\/eko3\/tag\/men\/\" class=\"tag-cloud-link tag-link-199 tag-link-position-14\" style=\"font-size: 10.863636363636pt;\" aria-label=\"MEN (5 element\u00f3w)\">MEN<\/a>\n<a href=\"http:\/\/ekonomik.opole.pl\/eko3\/tag\/mini-przedsiebiorstwo\/\" class=\"tag-cloud-link tag-link-117 tag-link-position-15\" style=\"font-size: 10.863636363636pt;\" aria-label=\"Mini-przedsi\u0119biorstwo (5 element\u00f3w)\">Mini-przedsi\u0119biorstwo<\/a>\n<a href=\"http:\/\/ekonomik.opole.pl\/eko3\/tag\/mistrz-zawodu\/\" class=\"tag-cloud-link tag-link-179 tag-link-position-16\" style=\"font-size: 8pt;\" aria-label=\"Mistrz zawodu (3 elementy)\">Mistrz zawodu<\/a>\n<a href=\"http:\/\/ekonomik.opole.pl\/eko3\/tag\/muzyka\/\" class=\"tag-cloud-link tag-link-125 tag-link-position-17\" style=\"font-size: 11.977272727273pt;\" aria-label=\"Muzyka (6 element\u00f3w)\">Muzyka<\/a>\n<a href=\"http:\/\/ekonomik.opole.pl\/eko3\/tag\/nagroda\/\" class=\"tag-cloud-link tag-link-205 tag-link-position-18\" style=\"font-size: 9.5909090909091pt;\" aria-label=\"Nagroda (4 elementy)\">Nagroda<\/a>\n<a href=\"http:\/\/ekonomik.opole.pl\/eko3\/tag\/nauczyciel\/\" class=\"tag-cloud-link tag-link-212 tag-link-position-19\" style=\"font-size: 8pt;\" aria-label=\"Nauczyciel (3 elementy)\">Nauczyciel<\/a>\n<a href=\"http:\/\/ekonomik.opole.pl\/eko3\/tag\/nbp\/\" class=\"tag-cloud-link tag-link-175 tag-link-position-20\" style=\"font-size: 10.863636363636pt;\" aria-label=\"NBP (5 element\u00f3w)\">NBP<\/a>\n<a href=\"http:\/\/ekonomik.opole.pl\/eko3\/tag\/olimpiada\/\" class=\"tag-cloud-link tag-link-240 tag-link-position-21\" style=\"font-size: 8pt;\" aria-label=\"Olimpiada (3 elementy)\">Olimpiada<\/a>\n<a href=\"http:\/\/ekonomik.opole.pl\/eko3\/tag\/opole\/\" class=\"tag-cloud-link tag-link-168 tag-link-position-22\" style=\"font-size: 12.772727272727pt;\" aria-label=\"Opole (7 element\u00f3w)\">Opole<\/a>\n<a href=\"http:\/\/ekonomik.opole.pl\/eko3\/tag\/opolskie-orly\/\" class=\"tag-cloud-link tag-link-165 tag-link-position-23\" style=\"font-size: 8pt;\" aria-label=\"Opolskie or\u0142y (3 elementy)\">Opolskie or\u0142y<\/a>\n<a href=\"http:\/\/ekonomik.opole.pl\/eko3\/tag\/osiagniecia\/\" class=\"tag-cloud-link tag-link-190 tag-link-position-24\" style=\"font-size: 8pt;\" aria-label=\"Osi\u0105gni\u0119cia (3 elementy)\">Osi\u0105gni\u0119cia<\/a>\n<a href=\"http:\/\/ekonomik.opole.pl\/eko3\/tag\/perspektywy\/\" class=\"tag-cloud-link tag-link-95 tag-link-position-25\" style=\"font-size: 8pt;\" aria-label=\"Perspektywy (3 elementy)\">Perspektywy<\/a>\n<a href=\"http:\/\/ekonomik.opole.pl\/eko3\/tag\/podatki\/\" class=\"tag-cloud-link tag-link-112 tag-link-position-26\" style=\"font-size: 10.863636363636pt;\" aria-label=\"Podatki (5 element\u00f3w)\">Podatki<\/a>\n<a href=\"http:\/\/ekonomik.opole.pl\/eko3\/tag\/poligrafia\/\" class=\"tag-cloud-link tag-link-145 tag-link-position-27\" style=\"font-size: 8pt;\" aria-label=\"Poligrafia (3 elementy)\">Poligrafia<\/a>\n<a href=\"http:\/\/ekonomik.opole.pl\/eko3\/tag\/pomoc\/\" class=\"tag-cloud-link tag-link-156 tag-link-position-28\" style=\"font-size: 11.977272727273pt;\" aria-label=\"Pomoc (6 element\u00f3w)\">Pomoc<\/a>\n<a href=\"http:\/\/ekonomik.opole.pl\/eko3\/tag\/praktyki-zawodowe\/\" class=\"tag-cloud-link tag-link-148 tag-link-position-29\" style=\"font-size: 9.5909090909091pt;\" aria-label=\"Praktyki zawodowe (4 elementy)\">Praktyki zawodowe<\/a>\n<a href=\"http:\/\/ekonomik.opole.pl\/eko3\/tag\/rachunkowosc\/\" class=\"tag-cloud-link tag-link-99 tag-link-position-30\" style=\"font-size: 14.363636363636pt;\" aria-label=\"Rachunkowo\u015b\u0107 (9 element\u00f3w)\">Rachunkowo\u015b\u0107<\/a>\n<a href=\"http:\/\/ekonomik.opole.pl\/eko3\/tag\/ranking-perspektywy\/\" class=\"tag-cloud-link tag-link-250 tag-link-position-31\" style=\"font-size: 10.863636363636pt;\" aria-label=\"Ranking Perspektywy (5 element\u00f3w)\">Ranking Perspektywy<\/a>\n<a href=\"http:\/\/ekonomik.opole.pl\/eko3\/tag\/rekrutacja-2021\/\" class=\"tag-cloud-link tag-link-106 tag-link-position-32\" style=\"font-size: 14.363636363636pt;\" aria-label=\"Rekrutacja 2021 (9 element\u00f3w)\">Rekrutacja 2021<\/a>\n<a href=\"http:\/\/ekonomik.opole.pl\/eko3\/tag\/rodzice\/\" class=\"tag-cloud-link tag-link-142 tag-link-position-33\" style=\"font-size: 10.863636363636pt;\" aria-label=\"Rodzice (5 element\u00f3w)\">Rodzice<\/a>\n<a href=\"http:\/\/ekonomik.opole.pl\/eko3\/tag\/rozpoczecie-roku-szkolnego\/\" class=\"tag-cloud-link tag-link-196 tag-link-position-34\" style=\"font-size: 9.5909090909091pt;\" aria-label=\"Rozpocz\u0119cie roku szkolnego (4 elementy)\">Rozpocz\u0119cie roku szkolnego<\/a>\n<a href=\"http:\/\/ekonomik.opole.pl\/eko3\/tag\/samorzad-uczniowski\/\" class=\"tag-cloud-link tag-link-130 tag-link-position-35\" style=\"font-size: 9.5909090909091pt;\" aria-label=\"Samorz\u0105d Uczniowski (4 elementy)\">Samorz\u0105d Uczniowski<\/a>\n<a href=\"http:\/\/ekonomik.opole.pl\/eko3\/tag\/sport\/\" class=\"tag-cloud-link tag-link-126 tag-link-position-36\" style=\"font-size: 16.75pt;\" aria-label=\"Sport (13 element\u00f3w)\">Sport<\/a>\n<a href=\"http:\/\/ekonomik.opole.pl\/eko3\/tag\/stypendium\/\" class=\"tag-cloud-link tag-link-159 tag-link-position-37\" style=\"font-size: 14.363636363636pt;\" aria-label=\"Stypendium (9 element\u00f3w)\">Stypendium<\/a>\n<a href=\"http:\/\/ekonomik.opole.pl\/eko3\/tag\/sukces\/\" class=\"tag-cloud-link tag-link-135 tag-link-position-38\" style=\"font-size: 13.568181818182pt;\" aria-label=\"Sukces (8 element\u00f3w)\">Sukces<\/a>\n<a href=\"http:\/\/ekonomik.opole.pl\/eko3\/tag\/sukcesy\/\" class=\"tag-cloud-link tag-link-177 tag-link-position-39\" style=\"font-size: 8pt;\" aria-label=\"Sukcesy (3 elementy)\">Sukcesy<\/a>\n<a href=\"http:\/\/ekonomik.opole.pl\/eko3\/tag\/szkolny-budzet-uczniowski\/\" class=\"tag-cloud-link tag-link-223 tag-link-position-40\" style=\"font-size: 10.863636363636pt;\" aria-label=\"Szkolny Bud\u017cet Uczniowski (5 element\u00f3w)\">Szkolny Bud\u017cet Uczniowski<\/a>\n<a href=\"http:\/\/ekonomik.opole.pl\/eko3\/tag\/sztuka\/\" class=\"tag-cloud-link tag-link-166 tag-link-position-41\" style=\"font-size: 8pt;\" aria-label=\"Sztuka (3 elementy)\">Sztuka<\/a>\n<a href=\"http:\/\/ekonomik.opole.pl\/eko3\/tag\/wesolych-swiat\/\" class=\"tag-cloud-link tag-link-244 tag-link-position-42\" style=\"font-size: 8pt;\" aria-label=\"Weso\u0142ych \u015awi\u0105t (3 elementy)\">Weso\u0142ych \u015awi\u0105t<\/a>\n<a href=\"http:\/\/ekonomik.opole.pl\/eko3\/tag\/wolontariat\/\" class=\"tag-cloud-link tag-link-127 tag-link-position-43\" style=\"font-size: 15.636363636364pt;\" aria-label=\"Wolontariat (11 element\u00f3w)\">Wolontariat<\/a>\n<a href=\"http:\/\/ekonomik.opole.pl\/eko3\/tag\/work-in-progress\/\" class=\"tag-cloud-link tag-link-139 tag-link-position-44\" style=\"font-size: 10.863636363636pt;\" aria-label=\"Work in Progress (5 element\u00f3w)\">Work in Progress<\/a>\n<a href=\"http:\/\/ekonomik.opole.pl\/eko3\/tag\/wsparcie\/\" class=\"tag-cloud-link tag-link-191 tag-link-position-45\" style=\"font-size: 9.5909090909091pt;\" aria-label=\"Wsparcie (4 elementy)\">Wsparcie<\/a><\/div>\n\t\t<\/div>\n\t\t\t\t<\/div>\n\t\t\t\t\t\t<\/div>\n\t\t\t\t\t<\/div>\n\t\t<\/div>\n\t\t\t\t\t\t\t\t<\/div>\n\t\t\t\t\t<\/div>\n\t\t<\/section>\n\t\t\t\t<section class=\"elementor-section elementor-top-section elementor-element elementor-element-74a2573 elementor-section-boxed elementor-section-height-default elementor-section-height-default\" data-id=\"74a2573\" data-element_type=\"section\">\n\t\t\t\t\t\t<div class=\"elementor-container elementor-column-gap-default\">\n\t\t\t\t\t\t\t<div class=\"elementor-row\">\n\t\t\t\t\t<div class=\"elementor-column elementor-col-50 elementor-top-column elementor-element elementor-element-196d0da\" data-id=\"196d0da\" data-element_type=\"column\">\n\t\t\t<div class=\"elementor-column-wrap\">\n\t\t\t\t\t\t\t<div class=\"elementor-widget-wrap\">\n\t\t\t\t\t\t\t\t<\/div>\n\t\t\t\t\t<\/div>\n\t\t<\/div>\n\t\t\t\t<div class=\"elementor-column elementor-col-50 elementor-top-column elementor-element elementor-element-0db400f\" data-id=\"0db400f\" data-element_type=\"column\">\n\t\t\t<div class=\"elementor-column-wrap\">\n\t\t\t\t\t\t\t<div class=\"elementor-widget-wrap\">\n\t\t\t\t\t\t\t\t<\/div>\n\t\t\t\t\t<\/div>\n\t\t<\/div>\n\t\t\t\t\t\t\t\t<\/div>\n\t\t\t\t\t<\/div>\n\t\t<\/section>\n\t\t\t\t<section class=\"elementor-section elementor-top-section elementor-element elementor-element-7a6253e elementor-section-boxed elementor-section-height-default elementor-section-height-default\" data-id=\"7a6253e\" data-element_type=\"section\">\n\t\t\t\t\t\t<div class=\"elementor-container elementor-column-gap-default\">\n\t\t\t\t\t\t\t<div class=\"elementor-row\">\n\t\t\t\t\t<div class=\"elementor-column elementor-col-100 elementor-top-column elementor-element elementor-element-5ee6bce\" data-id=\"5ee6bce\" data-element_type=\"column\">\n\t\t\t<div class=\"elementor-column-wrap\">\n\t\t\t\t\t\t\t<div class=\"elementor-widget-wrap\">\n\t\t\t\t\t\t\t\t<\/div>\n\t\t\t\t\t<\/div>\n\t\t<\/div>\n\t\t\t\t\t\t\t\t<\/div>\n\t\t\t\t\t<\/div>\n\t\t<\/section>\n\t\t\t\t\t\t<\/div>\n\t\t\t\t\t\t<\/div>\n\t\t\t\t\t<\/div>\n\t\t","protected":false},"excerpt":{"rendered":"<p>B\u0105d\u017a zawsze dobrze poinformowany. Tutaj znajdziesz najwa\u017cniejsze informacje o \u017cyciu szko\u0142y &#8211; najlepszego technikum na Opolszczy\u017anie w Rankingu Perspektywy 2024&nbsp;<\/p>\n","protected":false},"author":1,"featured_media":0,"parent":0,"menu_order":0,"comment_status":"closed","ping_status":"closed","template":"","meta":{"inline_featured_image":false},"_links":{"self":[{"href":"http:\/\/ekonomik.opole.pl\/eko3\/wp-json\/wp\/v2\/pages\/987904"}],"collection":[{"href":"http:\/\/ekonomik.opole.pl\/eko3\/wp-json\/wp\/v2\/pages"}],"about":[{"href":"http:\/\/ekonomik.opole.pl\/eko3\/wp-json\/wp\/v2\/types\/page"}],"author":[{"embeddable":true,"href":"http:\/\/ekonomik.opole.pl\/eko3\/wp-json\/wp\/v2\/users\/1"}],"replies":[{"embeddable":true,"href":"http:\/\/ekonomik.opole.pl\/eko3\/wp-json\/wp\/v2\/comments?post=987904"}],"version-history":[{"count":82,"href":"http:\/\/ekonomik.opole.pl\/eko3\/wp-json\/wp\/v2\/pages\/987904\/revisions"}],"predecessor-version":[{"id":999259,"href":"http:\/\/ekonomik.opole.pl\/eko3\/wp-json\/wp\/v2\/pages\/987904\/revisions\/999259"}],"wp:attachment":[{"href":"http:\/\/ekonomik.opole.pl\/eko3\/wp-json\/wp\/v2\/media?parent=987904"}],"curies":[{"name":"wp","href":"https:\/\/api.w.org\/{rel}","templated":true}]}}