{"id":987951,"date":"2021-04-02T08:19:52","date_gmt":"2021-04-02T08:19:52","guid":{"rendered":"http:\/\/zsek.webd.pl\/eko3\/?page_id=987951"},"modified":"2026-03-20T09:16:44","modified_gmt":"2026-03-20T08:16:44","slug":"technik-logistyk","status":"publish","type":"page","link":"http:\/\/ekonomik.opole.pl\/eko3\/kierunki\/technik-logistyk\/","title":{"rendered":"Technik logistyk"},"content":{"rendered":"\t\t<div data-elementor-type=\"wp-page\" data-elementor-id=\"987951\" class=\"elementor elementor-987951\" data-elementor-settings=\"[]\">\n\t\t\t\t\t\t<div class=\"elementor-inner\">\n\t\t\t\t\t\t\t<div class=\"elementor-section-wrap\">\n\t\t\t\t\t\t\t<section class=\"elementor-section elementor-top-section elementor-element elementor-element-1cabfc67 elementor-section-content-bottom elementor-section-boxed elementor-section-height-default elementor-section-height-default elementor-invisible\" data-id=\"1cabfc67\" data-element_type=\"section\" data-settings=\"{&quot;background_background&quot;:&quot;classic&quot;,&quot;background_motion_fx_motion_fx_scrolling&quot;:&quot;yes&quot;,&quot;background_motion_fx_range&quot;:&quot;viewport&quot;,&quot;background_motion_fx_opacity_effect&quot;:&quot;yes&quot;,&quot;background_motion_fx_opacity_direction&quot;:&quot;in-out&quot;,&quot;background_motion_fx_opacity_range&quot;:{&quot;unit&quot;:&quot;%&quot;,&quot;size&quot;:&quot;&quot;,&quot;sizes&quot;:{&quot;start&quot;:65,&quot;end&quot;:79}},&quot;background_motion_fx_translateY_effect&quot;:&quot;yes&quot;,&quot;animation&quot;:&quot;fadeIn&quot;,&quot;background_motion_fx_translateY_speed&quot;:{&quot;unit&quot;:&quot;px&quot;,&quot;size&quot;:4,&quot;sizes&quot;:[]},&quot;background_motion_fx_translateY_affectedRange&quot;:{&quot;unit&quot;:&quot;%&quot;,&quot;size&quot;:&quot;&quot;,&quot;sizes&quot;:{&quot;start&quot;:0,&quot;end&quot;:100}},&quot;background_motion_fx_opacity_level&quot;:{&quot;unit&quot;:&quot;px&quot;,&quot;size&quot;:10,&quot;sizes&quot;:[]},&quot;background_motion_fx_devices&quot;:[&quot;desktop&quot;,&quot;tablet&quot;,&quot;mobile&quot;]}\">\n\t\t\t\t\t\t<div class=\"elementor-container elementor-column-gap-default\">\n\t\t\t\t\t\t\t<div class=\"elementor-row\">\n\t\t\t\t\t<div class=\"elementor-column elementor-col-50 elementor-top-column elementor-element elementor-element-11737157\" data-id=\"11737157\" data-element_type=\"column\" data-settings=\"{&quot;background_background&quot;:&quot;classic&quot;}\">\n\t\t\t<div class=\"elementor-column-wrap elementor-element-populated\">\n\t\t\t\t\t\t\t<div class=\"elementor-widget-wrap\">\n\t\t\t\t\t\t<div class=\"elementor-element elementor-element-aa7f2c7 elementor-widget elementor-widget-text-editor\" data-id=\"aa7f2c7\" data-element_type=\"widget\" data-widget_type=\"text-editor.default\">\n\t\t\t\t<div class=\"elementor-widget-container\">\n\t\t\t\t\t\t\t\t<div class=\"elementor-text-editor elementor-clearfix\">\n\t\t\t\t\t<p>Logistyka wp\u0142ywa na wszystkie obszary rynku. Absolwenci Ekonomika podejmuj\u0105 studia na uczelniach wy\u017cszych i zajmuj\u0105 wysokie stanowiska w firmach transportowych.<\/p>\t\t\t\t\t<\/div>\n\t\t\t\t\t\t<\/div>\n\t\t\t\t<\/div>\n\t\t\t\t\t\t<\/div>\n\t\t\t\t\t<\/div>\n\t\t<\/div>\n\t\t\t\t<div class=\"elementor-column elementor-col-50 elementor-top-column elementor-element elementor-element-d7d3d97 elementor-hidden-phone\" data-id=\"d7d3d97\" data-element_type=\"column\">\n\t\t\t<div class=\"elementor-column-wrap\">\n\t\t\t\t\t\t\t<div class=\"elementor-widget-wrap\">\n\t\t\t\t\t\t\t\t<\/div>\n\t\t\t\t\t<\/div>\n\t\t<\/div>\n\t\t\t\t\t\t\t\t<\/div>\n\t\t\t\t\t<\/div>\n\t\t<\/section>\n\t\t\t\t<section class=\"elementor-section elementor-top-section elementor-element elementor-element-05955e1 elementor-section-height-min-height elementor-section-boxed elementor-section-height-default elementor-section-items-middle\" data-id=\"05955e1\" data-element_type=\"section\">\n\t\t\t\t\t\t<div class=\"elementor-container elementor-column-gap-default\">\n\t\t\t\t\t\t\t<div class=\"elementor-row\">\n\t\t\t\t\t<div class=\"elementor-column elementor-col-50 elementor-top-column elementor-element elementor-element-6e78861\" data-id=\"6e78861\" data-element_type=\"column\" data-settings=\"{&quot;background_background&quot;:&quot;classic&quot;}\">\n\t\t\t<div class=\"elementor-column-wrap elementor-element-populated\">\n\t\t\t\t\t\t\t<div class=\"elementor-widget-wrap\">\n\t\t\t\t\t\t<div class=\"elementor-element elementor-element-4d568b1 elementor-hidden-phone elementor-widget elementor-widget-spacer\" data-id=\"4d568b1\" data-element_type=\"widget\" data-widget_type=\"spacer.default\">\n\t\t\t\t<div class=\"elementor-widget-container\">\n\t\t\t\t\t<div class=\"elementor-spacer\">\n\t\t\t<div class=\"elementor-spacer-inner\"><\/div>\n\t\t<\/div>\n\t\t\t\t<\/div>\n\t\t\t\t<\/div>\n\t\t\t\t\t\t<\/div>\n\t\t\t\t\t<\/div>\n\t\t<\/div>\n\t\t\t\t<div class=\"elementor-column elementor-col-50 elementor-top-column elementor-element elementor-element-d6c3cb8 elementor-hidden-phone\" data-id=\"d6c3cb8\" data-element_type=\"column\">\n\t\t\t<div class=\"elementor-column-wrap\">\n\t\t\t\t\t\t\t<div class=\"elementor-widget-wrap\">\n\t\t\t\t\t\t\t\t<\/div>\n\t\t\t\t\t<\/div>\n\t\t<\/div>\n\t\t\t\t\t\t\t\t<\/div>\n\t\t\t\t\t<\/div>\n\t\t<\/section>\n\t\t\t\t<section class=\"elementor-section elementor-top-section elementor-element elementor-element-1853de7 elementor-section-boxed elementor-section-height-default elementor-section-height-default\" data-id=\"1853de7\" data-element_type=\"section\">\n\t\t\t\t\t\t<div class=\"elementor-container elementor-column-gap-default\">\n\t\t\t\t\t\t\t<div class=\"elementor-row\">\n\t\t\t\t\t<div class=\"elementor-column elementor-col-50 elementor-top-column elementor-element elementor-element-122e3e8\" data-id=\"122e3e8\" data-element_type=\"column\">\n\t\t\t<div class=\"elementor-column-wrap elementor-element-populated\">\n\t\t\t\t\t\t\t<div class=\"elementor-widget-wrap\">\n\t\t\t\t\t\t<div class=\"elementor-element elementor-element-31d909d elementor-widget elementor-widget-progress\" data-id=\"31d909d\" data-element_type=\"widget\" data-widget_type=\"progress.default\">\n\t\t\t\t<div class=\"elementor-widget-container\">\n\t\t\t\t\t\t<span class=\"elementor-title\">Zdawalno\u015b\u0107 na egzaminie zawodowym<\/span>\n\t\t\n\t\t<div class=\"elementor-progress-wrapper\" role=\"progressbar\" aria-valuemin=\"0\" aria-valuemax=\"100\" aria-valuenow=\"100\" aria-valuetext=\"SPL.01 Obs\u0142ug magazyn\u00f3w\">\n\t\t\t<div class=\"elementor-progress-bar\" data-max=\"100\">\n\t\t\t\t<span class=\"elementor-progress-text\">SPL.01 Obs\u0142ug magazyn\u00f3w<\/span>\n\t\t\t\t\t\t\t\t\t<span class=\"elementor-progress-percentage\">100%<\/span>\n\t\t\t\t\t\t\t<\/div>\n\t\t<\/div>\n\t\t\t\t<\/div>\n\t\t\t\t<\/div>\n\t\t\t\t\t\t<\/div>\n\t\t\t\t\t<\/div>\n\t\t<\/div>\n\t\t\t\t<div class=\"elementor-column elementor-col-50 elementor-top-column elementor-element elementor-element-9564d13\" data-id=\"9564d13\" data-element_type=\"column\">\n\t\t\t<div class=\"elementor-column-wrap elementor-element-populated\">\n\t\t\t\t\t\t\t<div class=\"elementor-widget-wrap\">\n\t\t\t\t\t\t<div class=\"elementor-element elementor-element-3bb363a elementor-widget elementor-widget-progress\" data-id=\"3bb363a\" data-element_type=\"widget\" data-widget_type=\"progress.default\">\n\t\t\t\t<div class=\"elementor-widget-container\">\n\t\t\t\t\t\t<span class=\"elementor-title\">Zdawalno\u015b\u0107 na egzaminie zawodowym<\/span>\n\t\t\n\t\t<div class=\"elementor-progress-wrapper\" role=\"progressbar\" aria-valuemin=\"0\" aria-valuemax=\"100\" aria-valuenow=\"93\" aria-valuetext=\"SPL.04 Obs\u0142uga transportu\">\n\t\t\t<div class=\"elementor-progress-bar\" data-max=\"93\">\n\t\t\t\t<span class=\"elementor-progress-text\">SPL.04 Obs\u0142uga transportu<\/span>\n\t\t\t\t\t\t\t\t\t<span class=\"elementor-progress-percentage\">93%<\/span>\n\t\t\t\t\t\t\t<\/div>\n\t\t<\/div>\n\t\t\t\t<\/div>\n\t\t\t\t<\/div>\n\t\t\t\t\t\t<\/div>\n\t\t\t\t\t<\/div>\n\t\t<\/div>\n\t\t\t\t\t\t\t\t<\/div>\n\t\t\t\t\t<\/div>\n\t\t<\/section>\n\t\t\t\t<section class=\"elementor-section elementor-top-section elementor-element elementor-element-95d2d74 elementor-section-boxed elementor-section-height-default elementor-section-height-default\" data-id=\"95d2d74\" data-element_type=\"section\">\n\t\t\t\t\t\t<div class=\"elementor-container elementor-column-gap-default\">\n\t\t\t\t\t\t\t<div class=\"elementor-row\">\n\t\t\t\t\t<div class=\"elementor-column elementor-col-66 elementor-top-column elementor-element elementor-element-109adac\" data-id=\"109adac\" data-element_type=\"column\">\n\t\t\t<div class=\"elementor-column-wrap elementor-element-populated\">\n\t\t\t\t\t\t\t<div class=\"elementor-widget-wrap\">\n\t\t\t\t\t\t<div class=\"elementor-element elementor-element-41216f8 animated-fast elementor-invisible elementor-widget elementor-widget-heading\" data-id=\"41216f8\" data-element_type=\"widget\" data-settings=\"{&quot;_animation&quot;:&quot;fadeIn&quot;,&quot;_animation_mobile&quot;:&quot;fadeIn&quot;,&quot;_animation_delay&quot;:200}\" data-widget_type=\"heading.default\">\n\t\t\t\t<div class=\"elementor-widget-container\">\n\t\t\t<h3 class=\"elementor-heading-title elementor-size-default\">Czym zajmuje si\u0119 logistyk? \n<\/h3>\t\t<\/div>\n\t\t\t\t<\/div>\n\t\t\t\t<div class=\"elementor-element elementor-element-43081a2 elementor-widget elementor-widget-text-editor\" data-id=\"43081a2\" data-element_type=\"widget\" data-widget_type=\"text-editor.default\">\n\t\t\t\t<div class=\"elementor-widget-container\">\n\t\t\t\t\t\t\t\t<div class=\"elementor-text-editor elementor-clearfix\">\n\t\t\t\t\t<p>Logistyk to przede wszystkim osoba, kt\u00f3ra odpowiada za planowanie, organizowanie i monitorowanie proces\u00f3w zwi\u0105zanych z transportem towar\u00f3w. Wa\u017cnym elementem pracy logistyka jest prowadzenie dokumentacji transportu oraz zarz\u0105dzanie zapasami w magazynach.\u00a0<\/p>\t\t\t\t\t<\/div>\n\t\t\t\t\t\t<\/div>\n\t\t\t\t<\/div>\n\t\t\t\t<div class=\"elementor-element elementor-element-4db07a9 animated-fast elementor-invisible elementor-widget elementor-widget-heading\" data-id=\"4db07a9\" data-element_type=\"widget\" data-settings=\"{&quot;_animation&quot;:&quot;fadeIn&quot;,&quot;_animation_delay&quot;:300}\" data-widget_type=\"heading.default\">\n\t\t\t\t<div class=\"elementor-widget-container\">\n\t\t\t<h3 class=\"elementor-heading-title elementor-size-default\">Czego si\u0119 nauczysz w technikum?\n<\/h3>\t\t<\/div>\n\t\t\t\t<\/div>\n\t\t\t\t<div class=\"elementor-element elementor-element-35559c7 elementor-widget elementor-widget-text-editor\" data-id=\"35559c7\" data-element_type=\"widget\" data-widget_type=\"text-editor.default\">\n\t\t\t\t<div class=\"elementor-widget-container\">\n\t\t\t\t\t\t\t\t<div class=\"elementor-text-editor elementor-clearfix\">\n\t\t\t\t\t<p>Nauczysz si\u0119 pos\u0142ugiwa\u0107 podstawowymi poj\u0119ciami z zakresu logistyki, transportu i magazyn\u00f3w. Poznasz programy komputerowe do obs\u0142ugi magazyn\u00f3w. Dowiesz si\u0119 o nowoczesnych technologiach<br \/>identyfikacji, znakowania zapas\u00f3w oraz nauczysz si\u0119 dokumentowania proces\u00f3w transportowych.\u00a0<\/p>\t\t\t\t\t<\/div>\n\t\t\t\t\t\t<\/div>\n\t\t\t\t<\/div>\n\t\t\t\t<div class=\"elementor-element elementor-element-3a96744 elementor-widget elementor-widget-spacer\" data-id=\"3a96744\" data-element_type=\"widget\" data-widget_type=\"spacer.default\">\n\t\t\t\t<div class=\"elementor-widget-container\">\n\t\t\t\t\t<div class=\"elementor-spacer\">\n\t\t\t<div class=\"elementor-spacer-inner\"><\/div>\n\t\t<\/div>\n\t\t\t\t<\/div>\n\t\t\t\t<\/div>\n\t\t\t\t<div class=\"elementor-element elementor-element-32780e5 elementor-position-left elementor-view-framed elementor-shape-square elementor-vertical-align-top elementor-widget elementor-widget-icon-box\" data-id=\"32780e5\" data-element_type=\"widget\" data-widget_type=\"icon-box.default\">\n\t\t\t\t<div class=\"elementor-widget-container\">\n\t\t\t\t\t<div class=\"elementor-icon-box-wrapper\">\n\t\t\t\t\t\t<div class=\"elementor-icon-box-icon\">\n\t\t\t\t<span class=\"elementor-icon elementor-animation-\" >\n\t\t\t\t<i aria-hidden=\"true\" class=\"fas fa-check-circle\"><\/i>\t\t\t\t<\/span>\n\t\t\t<\/div>\n\t\t\t\t\t\t<div class=\"elementor-icon-box-content\">\n\t\t\t\t<div class=\"elementor-icon-box-title\">\n\t\t\t\t\t<span >Plan lekcji LOGISTYKA - przedmioty zawodowe teoretyczne:  <\/span>\n\t\t\t\t<\/div>\n\t\t\t\t\t\t\t\t<p class=\"elementor-icon-box-description\">logistyka w produkcji, zapasy i magazynowanie, logistyka dystrybucji, procesy transportowe w logistyce, us\u0142ugi logistyczno-transportowe, j\u0119zyk angielski dla logistyk\u00f3w. <\/p>\n\t\t\t\t\t\t\t<\/div>\n\t\t<\/div>\n\t\t\t\t<\/div>\n\t\t\t\t<\/div>\n\t\t\t\t<div class=\"elementor-element elementor-element-5150a3d elementor-widget elementor-widget-spacer\" data-id=\"5150a3d\" data-element_type=\"widget\" data-widget_type=\"spacer.default\">\n\t\t\t\t<div class=\"elementor-widget-container\">\n\t\t\t\t\t<div class=\"elementor-spacer\">\n\t\t\t<div class=\"elementor-spacer-inner\"><\/div>\n\t\t<\/div>\n\t\t\t\t<\/div>\n\t\t\t\t<\/div>\n\t\t\t\t<div class=\"elementor-element elementor-element-6f34b25 elementor-position-left elementor-view-framed elementor-shape-square elementor-vertical-align-top elementor-widget elementor-widget-icon-box\" data-id=\"6f34b25\" data-element_type=\"widget\" data-widget_type=\"icon-box.default\">\n\t\t\t\t<div class=\"elementor-widget-container\">\n\t\t\t\t\t<div class=\"elementor-icon-box-wrapper\">\n\t\t\t\t\t\t<div class=\"elementor-icon-box-icon\">\n\t\t\t\t<span class=\"elementor-icon elementor-animation-\" >\n\t\t\t\t<i aria-hidden=\"true\" class=\"fas fa-check-circle\"><\/i>\t\t\t\t<\/span>\n\t\t\t<\/div>\n\t\t\t\t\t\t<div class=\"elementor-icon-box-content\">\n\t\t\t\t<div class=\"elementor-icon-box-title\">\n\t\t\t\t\t<span >Plan lekcji LOGISTYKA - przedmioty zawodowe praktyczne: <\/span>\n\t\t\t\t<\/div>\n\t\t\t\t\t\t\t\t<p class=\"elementor-icon-box-description\">pracowania magazynowa, planowanie produkcji i dystrybucji, pracownia transportowo-spedycyjna, planowanie przep\u0142yw\u00f3w w transporcie, praktyki zawodowe.<\/p>\n\t\t\t\t\t\t\t<\/div>\n\t\t<\/div>\n\t\t\t\t<\/div>\n\t\t\t\t<\/div>\n\t\t\t\t<div class=\"elementor-element elementor-element-1ced9d2 animated-fast elementor-invisible elementor-widget elementor-widget-heading\" data-id=\"1ced9d2\" data-element_type=\"widget\" data-settings=\"{&quot;_animation&quot;:&quot;fadeIn&quot;,&quot;_animation_delay&quot;:300}\" data-widget_type=\"heading.default\">\n\t\t\t\t<div class=\"elementor-widget-container\">\n\t\t\t<h3 class=\"elementor-heading-title elementor-size-default\">Kwalifikacje, kt\u00f3re zdob\u0119dziesz\n<\/h3>\t\t<\/div>\n\t\t\t\t<\/div>\n\t\t\t\t<div class=\"elementor-element elementor-element-6bb2d64 elementor-widget elementor-widget-text-editor\" data-id=\"6bb2d64\" data-element_type=\"widget\" data-widget_type=\"text-editor.default\">\n\t\t\t\t<div class=\"elementor-widget-container\">\n\t\t\t\t\t\t\t\t<div class=\"elementor-text-editor elementor-clearfix\">\n\t\t\t\t\t<p>Tytu\u0142 zawodowy &#8211; TECHNIK LOGISTYK uzyskasz po uko\u0144czeniu technikum i zdaniu zewn\u0119trznych egzamin\u00f3w zawodowych (teoria i praktyka) z nast\u0119puj\u0105cych kwalifikacji zawodowych:\u00a0<\/p>\t\t\t\t\t<\/div>\n\t\t\t\t\t\t<\/div>\n\t\t\t\t<\/div>\n\t\t\t\t<div class=\"elementor-element elementor-element-59790c0 elementor-widget elementor-widget-spacer\" data-id=\"59790c0\" data-element_type=\"widget\" data-widget_type=\"spacer.default\">\n\t\t\t\t<div class=\"elementor-widget-container\">\n\t\t\t\t\t<div class=\"elementor-spacer\">\n\t\t\t<div class=\"elementor-spacer-inner\"><\/div>\n\t\t<\/div>\n\t\t\t\t<\/div>\n\t\t\t\t<\/div>\n\t\t\t\t<div class=\"elementor-element elementor-element-200d56b elementor-position-left animated-fast elementor-view-framed elementor-shape-square elementor-vertical-align-top elementor-widget elementor-widget-icon-box\" data-id=\"200d56b\" data-element_type=\"widget\" data-settings=\"{&quot;_animation&quot;:&quot;none&quot;}\" data-widget_type=\"icon-box.default\">\n\t\t\t\t<div class=\"elementor-widget-container\">\n\t\t\t\t\t<div class=\"elementor-icon-box-wrapper\">\n\t\t\t\t\t\t<div class=\"elementor-icon-box-icon\">\n\t\t\t\t<span class=\"elementor-icon elementor-animation-\" >\n\t\t\t\t<i aria-hidden=\"true\" class=\"fas fa-warehouse\"><\/i>\t\t\t\t<\/span>\n\t\t\t<\/div>\n\t\t\t\t\t\t<div class=\"elementor-icon-box-content\">\n\t\t\t\t<div class=\"elementor-icon-box-title\">\n\t\t\t\t\t<span >SPL.01 Obs\u0142uga magazyn\u00f3w<\/span>\n\t\t\t\t<\/div>\n\t\t\t\t\t\t\t\t<p class=\"elementor-icon-box-description\">Egzamin zawodowy obejmuje nast\u0119puj\u0105ce tre\u015bci:\nprzyjmowanie, przechowywanie i wydawanie towar\u00f3w z magazynu, monitorowanie poziomu i stanu zapas\u00f3w, obs\u0142ugiwanie program\u00f3w magazynowych, prowadzenie dokumentacji magazynowej, monitorowanie proces\u00f3w produkcyjnych i dystrybucyjnych.<\/p>\n\t\t\t\t\t\t\t<\/div>\n\t\t<\/div>\n\t\t\t\t<\/div>\n\t\t\t\t<\/div>\n\t\t\t\t<div class=\"elementor-element elementor-element-60278d0 elementor-widget elementor-widget-spacer\" data-id=\"60278d0\" data-element_type=\"widget\" data-widget_type=\"spacer.default\">\n\t\t\t\t<div class=\"elementor-widget-container\">\n\t\t\t\t\t<div class=\"elementor-spacer\">\n\t\t\t<div class=\"elementor-spacer-inner\"><\/div>\n\t\t<\/div>\n\t\t\t\t<\/div>\n\t\t\t\t<\/div>\n\t\t\t\t<div class=\"elementor-element elementor-element-8ff9560 elementor-position-left elementor-view-framed elementor-shape-square elementor-vertical-align-top elementor-widget elementor-widget-icon-box\" data-id=\"8ff9560\" data-element_type=\"widget\" data-widget_type=\"icon-box.default\">\n\t\t\t\t<div class=\"elementor-widget-container\">\n\t\t\t\t\t<div class=\"elementor-icon-box-wrapper\">\n\t\t\t\t\t\t<div class=\"elementor-icon-box-icon\">\n\t\t\t\t<span class=\"elementor-icon elementor-animation-\" >\n\t\t\t\t<i aria-hidden=\"true\" class=\"fas fa-truck-moving\"><\/i>\t\t\t\t<\/span>\n\t\t\t<\/div>\n\t\t\t\t\t\t<div class=\"elementor-icon-box-content\">\n\t\t\t\t<div class=\"elementor-icon-box-title\">\n\t\t\t\t\t<span >SPL.04 Obs\u0142uga transportu<\/span>\n\t\t\t\t<\/div>\n\t\t\t\t\t\t\t\t<p class=\"elementor-icon-box-description\">Egzamin zawodowy obejmuje nast\u0119puj\u0105ce tre\u015bci: planowanie, organizowanie i dokumentowanie proces\u00f3w transportowych. <\/p>\n\t\t\t\t\t\t\t<\/div>\n\t\t<\/div>\n\t\t\t\t<\/div>\n\t\t\t\t<\/div>\n\t\t\t\t<div class=\"elementor-element elementor-element-c41f797 animated-fast elementor-invisible elementor-widget elementor-widget-heading\" data-id=\"c41f797\" data-element_type=\"widget\" data-settings=\"{&quot;_animation&quot;:&quot;fadeIn&quot;,&quot;_animation_mobile&quot;:&quot;fadeIn&quot;,&quot;_animation_delay&quot;:400}\" data-widget_type=\"heading.default\">\n\t\t\t\t<div class=\"elementor-widget-container\">\n\t\t\t<h3 class=\"elementor-heading-title elementor-size-default\">Praktyki zawodowe \/ Warianty przysz\u0142o\u015bci<\/h3>\t\t<\/div>\n\t\t\t\t<\/div>\n\t\t\t\t<div class=\"elementor-element elementor-element-d1288c4 elementor-widget elementor-widget-text-editor\" data-id=\"d1288c4\" data-element_type=\"widget\" data-widget_type=\"text-editor.default\">\n\t\t\t\t<div class=\"elementor-widget-container\">\n\t\t\t\t\t\t\t\t<div class=\"elementor-text-editor elementor-clearfix\">\n\t\t\t\t\t<p>Liczba tygodni przeznaczonych na realizacj\u0119 praktyk zawodowych: <strong>8 tygodni (280 godzin)<\/strong>.\u00a0Miejsce realizacji praktyk zawodowych: przedsi\u0119biorstwa logistyczne, magazyny, centra logistyczne, centra dystrybucyjne oraz inne podmioty stanowi\u0105ce potencjalne miejsce zatrudnienia dla absolwent\u00f3w technikum. Praktyki mo\u017cna organizowa\u0107 we w\u0142asnym zakresie lub skorzysta\u0107 z pomocy szko\u0142y &#8211; dysponujemy baz\u0105 pracodawc\u00f3w.\u00a0<\/p>\t\t\t\t\t<\/div>\n\t\t\t\t\t\t<\/div>\n\t\t\t\t<\/div>\n\t\t\t\t<div class=\"elementor-element elementor-element-369a817 elementor-align-left elementor-list-item-link-full_width elementor-widget elementor-widget-icon-list\" data-id=\"369a817\" data-element_type=\"widget\" data-widget_type=\"icon-list.default\">\n\t\t\t\t<div class=\"elementor-widget-container\">\n\t\t\t\t\t<ul class=\"elementor-icon-list-items\">\n\t\t\t\t\t\t\t<li class=\"elementor-icon-list-item\">\n\t\t\t\t\t\t\t\t\t\t\t<span class=\"elementor-icon-list-icon\">\n\t\t\t\t\t\t\t<i aria-hidden=\"true\" class=\"fas fa-square\"><\/i>\t\t\t\t\t\t<\/span>\n\t\t\t\t\t\t\t\t\t\t<span class=\"elementor-icon-list-text\">Specjalista ds. logistyki produkcji.<\/span>\n\t\t\t\t\t\t\t\t\t<\/li>\n\t\t\t\t\t\t\t\t<li class=\"elementor-icon-list-item\">\n\t\t\t\t\t\t\t\t\t\t\t<span class=\"elementor-icon-list-icon\">\n\t\t\t\t\t\t\t<i aria-hidden=\"true\" class=\"fas fa-square\"><\/i>\t\t\t\t\t\t<\/span>\n\t\t\t\t\t\t\t\t\t\t<span class=\"elementor-icon-list-text\">Pracownik dzia\u0142u logistyki.<\/span>\n\t\t\t\t\t\t\t\t\t<\/li>\n\t\t\t\t\t\t\t\t<li class=\"elementor-icon-list-item\">\n\t\t\t\t\t\t\t\t\t\t\t<span class=\"elementor-icon-list-icon\">\n\t\t\t\t\t\t\t<i aria-hidden=\"true\" class=\"fas fa-square\"><\/i>\t\t\t\t\t\t<\/span>\n\t\t\t\t\t\t\t\t\t\t<span class=\"elementor-icon-list-text\">Specjalista ds. organizacji transportu w firmach transportowo-spedycyjnych<\/span>\n\t\t\t\t\t\t\t\t\t<\/li>\n\t\t\t\t\t\t\t\t<li class=\"elementor-icon-list-item\">\n\t\t\t\t\t\t\t\t\t\t\t<span class=\"elementor-icon-list-icon\">\n\t\t\t\t\t\t\t<i aria-hidden=\"true\" class=\"fas fa-square\"><\/i>\t\t\t\t\t\t<\/span>\n\t\t\t\t\t\t\t\t\t\t<span class=\"elementor-icon-list-text\">Specjalista w dziale sprzeda\u017cy i logistyki.<\/span>\n\t\t\t\t\t\t\t\t\t<\/li>\n\t\t\t\t\t\t<\/ul>\n\t\t\t\t<\/div>\n\t\t\t\t<\/div>\n\t\t\t\t<div class=\"elementor-element elementor-element-6365cb4 elementor-widget elementor-widget-text-editor\" data-id=\"6365cb4\" data-element_type=\"widget\" data-widget_type=\"text-editor.default\">\n\t\t\t\t<div class=\"elementor-widget-container\">\n\t\t\t\t\t\t\t\t<div class=\"elementor-text-editor elementor-clearfix\">\n\t\t\t\t\t<p><b>Mo\u017cesz tak\u017ce kontynuowa\u0107 nauk\u0119 na uczelniach wy\u017cszych.\u00a0<\/b><\/p>\t\t\t\t\t<\/div>\n\t\t\t\t\t\t<\/div>\n\t\t\t\t<\/div>\n\t\t\t\t\t\t<\/div>\n\t\t\t\t\t<\/div>\n\t\t<\/div>\n\t\t\t\t<div class=\"elementor-column elementor-col-33 elementor-top-column elementor-element elementor-element-e06c043\" data-id=\"e06c043\" data-element_type=\"column\">\n\t\t\t<div class=\"elementor-column-wrap elementor-element-populated\">\n\t\t\t\t\t\t\t<div class=\"elementor-widget-wrap\">\n\t\t\t\t\t\t<div class=\"elementor-element elementor-element-6d009d4 elementor-cta--skin-cover elementor-cta--valign-middle elementor-bg-transform elementor-bg-transform-move-up elementor-widget elementor-widget-call-to-action\" data-id=\"6d009d4\" data-element_type=\"widget\" data-widget_type=\"call-to-action.default\">\n\t\t\t\t<div class=\"elementor-widget-container\">\n\t\t\t\t\t<a href=\"http:\/\/ekonomik.opole.pl\/eko3\/wp-content\/uploads\/2022\/03\/Technik-logistyk-2022-2023.jpg\" target=\"_blank\" class=\"elementor-cta\">\n\t\t\t\t\t<div class=\"elementor-cta__bg-wrapper\">\n\t\t\t\t<div class=\"elementor-cta__bg elementor-bg\" style=\"background-image: url(http:\/\/ekonomik.opole.pl\/eko3\/wp-content\/uploads\/2022\/03\/kierunki-nauczania_0002_programista-1024x1024.jpg);\"><\/div>\n\t\t\t\t<div class=\"elementor-cta__bg-overlay\"><\/div>\n\t\t\t<\/div>\n\t\t\t\t\t\t\t<div class=\"elementor-cta__content\">\n\t\t\t\t\t\t\t\t\t<div class=\"elementor-content-item elementor-cta__content-item elementor-icon-wrapper elementor-cta__icon elementor-view-default\">\n\t\t\t\t\t\t<div class=\"elementor-icon\">\n\t\t\t\t\t\t\t<i aria-hidden=\"true\" class=\"icon icon-documents\"><\/i>\t\t\t\t\t\t<\/div>\n\t\t\t\t\t<\/div>\n\t\t\t\t\n\t\t\t\t\t\t\t\t\t<h3 class=\"elementor-cta__title elementor-cta__content-item elementor-content-item\">\n\t\t\t\t\t\tTechnik logistyki\t\t\t\t\t<\/h3>\n\t\t\t\t\n\t\t\t\t\t\t\t\t\t<div class=\"elementor-cta__description elementor-cta__content-item elementor-content-item\">\n\t\t\t\t\t\tUlotka informacyjna\t\t\t\t\t<\/div>\n\t\t\t\t\n\t\t\t\t\t\t\t\t\t<div class=\"elementor-cta__button-wrapper elementor-cta__content-item elementor-content-item \">\n\t\t\t\t\t<span class=\"elementor-cta__button elementor-button elementor-size-md\">\n\t\t\t\t\t\tPOBIERZ\t\t\t\t\t<\/span>\n\t\t\t\t\t<\/div>\n\t\t\t\t\t\t\t<\/div>\n\t\t\t\t\t\t<\/a>\n\t\t\t\t<\/div>\n\t\t\t\t<\/div>\n\t\t\t\t<div class=\"elementor-element elementor-element-00b1c6c elementor-testimonial--layout-image_above elementor-testimonial--align-left elementor-testimonial--skin-default elementor-pagination-type-bullets elementor-widget elementor-widget-testimonial-carousel\" data-id=\"00b1c6c\" data-element_type=\"widget\" data-settings=\"{&quot;space_between&quot;:{&quot;unit&quot;:&quot;px&quot;,&quot;size&quot;:0,&quot;sizes&quot;:[]},&quot;slides_per_view_mobile&quot;:&quot;1&quot;,&quot;slides_per_view&quot;:&quot;1&quot;,&quot;space_between_tablet&quot;:{&quot;unit&quot;:&quot;px&quot;,&quot;size&quot;:12,&quot;sizes&quot;:[]},&quot;_animation&quot;:&quot;none&quot;,&quot;_animation_delay&quot;:3,&quot;pagination&quot;:&quot;bullets&quot;,&quot;speed&quot;:500,&quot;space_between_mobile&quot;:{&quot;unit&quot;:&quot;px&quot;,&quot;size&quot;:10,&quot;sizes&quot;:[]}}\" data-widget_type=\"testimonial-carousel.default\">\n\t\t\t\t<div class=\"elementor-widget-container\">\n\t\t\t\t\t<div class=\"elementor-swiper\">\n\t\t\t<div class=\"elementor-main-swiper swiper-container\">\n\t\t\t\t<div class=\"swiper-wrapper\">\n\t\t\t\t\t\t\t\t\t\t\t<div class=\"swiper-slide\">\n\t\t\t\t\t\t\t\t\t<div class=\"elementor-testimonial\">\n\t\t\t\t\t\t\t<div class=\"elementor-testimonial__content\">\n\t\t\t\t\t<div class=\"elementor-testimonial__text\">\n\t\t\t\t\t\t<em> Nauk\u0119 w Zespole Szk\u00f3\u0142 Ekonomicznych w Opolu wspominam bardzo pozytywnie. Wiedza zdobyta na kierunku da\u0142a mi gruntowne podstawy i przygotowa\u0142a do przysz\u0142ego zawodu. \n<br>\n<br>\nNajcenniejsza rzecz to mo\u017cliwo\u015b\u0107 uczenia si\u0119 od kompetentnej i zr\u00f3\u017cnicowanej kadry pedagogicznej. \nEkonomik da\u0142 mi mo\u017cliwo\u015b\u0107 podj\u0119cia praktyk w mi\u0119dzynarodowej korporacji, w kt\u00f3rej pracuj\u0119 ju\u017c od 6 lat. Z czystym sumieniem i dum\u0105 mog\u0119 poleci\u0107 moj\u0105 szko\u0142\u0119.  <\/em>\t\t\t\t\t<\/div>\n\t\t\t\t\t<cite class=\"elementor-testimonial__cite\"><span class=\"elementor-testimonial__name\">Pawe\u0142 Fornol<\/span><span class=\"elementor-testimonial__title\">absolwent<\/span><\/cite>\t\t\t\t<\/div>\n\t\t\t\t\t\t<div class=\"elementor-testimonial__footer\">\n\t\t\t\t\t\t\t\t\t<div class=\"elementor-testimonial__image\">\n\t\t\t\t\t\t<img src=\"http:\/\/ekonomik.opole.pl\/eko3\/wp-content\/uploads\/2021\/05\/Pawel-Fornol-scaled-e1620483629782-150x150.jpeg\" alt=\"Pawe\u0142 Fornol\">\n\t\t\t\t\t<\/div>\n\t\t\t\t\t\t\t\t\t\t\t<\/div>\n\t\t<\/div>\n\t\t\t\t\t\t\t\t<\/div>\n\t\t\t\t\t\t\t\t\t\t\t<div class=\"swiper-slide\">\n\t\t\t\t\t\t\t\t\t<div class=\"elementor-testimonial\">\n\t\t\t\t\t\t\t<div class=\"elementor-testimonial__content\">\n\t\t\t\t\t<div class=\"elementor-testimonial__text\">\n\t\t\t\t\t\t<em>Wybra\u0142em logistyk\u0119, poniewa\u017c na w\u0142asnej sk\u00f3rze chcia\u0142em si\u0119 przekona\u0107 czy zarz\u0105dzanie wieloma procesami mam we krwi. <br>\n<br>\nW Ekonomiku \u015bwietnie mog\u0142em zweryfikowa\u0107 sw\u00f3j potencja\u0142 dzi\u0119ki do\u015bwiadczonym nauczycielom, a tak\u017ce sprawdzi\u0107 si\u0119 w r\u00f3\u017cnych konkursach i wyst\u0105pieniach publicznych! <\/em>\t\t\t\t\t<\/div>\n\t\t\t\t\t<cite class=\"elementor-testimonial__cite\"><span class=\"elementor-testimonial__name\">\u0141ukasz Szczerba <\/span><span class=\"elementor-testimonial__title\">absolwent<\/span><\/cite>\t\t\t\t<\/div>\n\t\t\t\t\t\t<div class=\"elementor-testimonial__footer\">\n\t\t\t\t\t\t\t\t\t<div class=\"elementor-testimonial__image\">\n\t\t\t\t\t\t<img src=\"http:\/\/ekonomik.opole.pl\/eko3\/wp-content\/uploads\/2021\/05\/Lukasz-Szczerba-scaled-e1620483816902-150x150.jpg\" alt=\"\u0141ukasz Szczerba \">\n\t\t\t\t\t<\/div>\n\t\t\t\t\t\t\t\t\t\t\t<\/div>\n\t\t<\/div>\n\t\t\t\t\t\t\t\t<\/div>\n\t\t\t\t\t\t\t\t\t\t\t<div class=\"swiper-slide\">\n\t\t\t\t\t\t\t\t\t<div class=\"elementor-testimonial\">\n\t\t\t\t\t\t\t<div class=\"elementor-testimonial__content\">\n\t\t\t\t\t<div class=\"elementor-testimonial__text\">\n\t\t\t\t\t\t<em>Jestem szcz\u0119\u015bliwa, poniewa\u017c czuj\u0119 si\u0119 dobrze przygotowana do pracy w zawodzie. Na praktykach zawodowych powiedziano mi, \u017ce posiadam wiedz\u0119 wi\u0119ksz\u0105 od kierowcy z 20-letnim sta\u017cem, co zawdzi\u0119czam moim do\u015bwiadczonym nauczycielom, kt\u00f3rzy z zaanga\u017cowaniem dziel\u0105 si\u0119 ze swoimi kompetencjami <\/em>\t\t\t\t\t<\/div>\n\t\t\t\t\t<cite class=\"elementor-testimonial__cite\"><span class=\"elementor-testimonial__name\">Vanessa Korgiel<\/span><span class=\"elementor-testimonial__title\">klasa 3G<\/span><\/cite>\t\t\t\t<\/div>\n\t\t\t\t\t\t<div class=\"elementor-testimonial__footer\">\n\t\t\t\t\t\t\t\t\t<div class=\"elementor-testimonial__image\">\n\t\t\t\t\t\t<img src=\"http:\/\/ekonomik.opole.pl\/eko3\/wp-content\/uploads\/2021\/05\/Vanessa-Korgiel-e1620484001105-150x150.jpg\" alt=\"Vanessa Korgiel\">\n\t\t\t\t\t<\/div>\n\t\t\t\t\t\t\t\t\t\t\t<\/div>\n\t\t<\/div>\n\t\t\t\t\t\t\t\t<\/div>\n\t\t\t\t\t\t\t\t\t\t\t<div class=\"swiper-slide\">\n\t\t\t\t\t\t\t\t\t<div class=\"elementor-testimonial\">\n\t\t\t\t\t\t\t<div class=\"elementor-testimonial__content\">\n\t\t\t\t\t<div class=\"elementor-testimonial__text\">\n\t\t\t\t\t\tWybra\u0142em Ekonomik, poniewa\u017c dowiedzia\u0142em si\u0119, \u017ce jest gwarancj\u0105 dobrego przygotowania do matury, egzamin\u00f3w zawodowych i wielu konkurs\u00f3w bran\u017cowych. Potwierdzi\u0142o si\u0119!\n<br> Do egzamin\u00f3w zawodowych b\u0119d\u0119 podchodzi\u0142 ze spokojem, poniewa\u017c czuj\u0119 si\u0119 \u015bwietnie przygotowany przez wykwalifikowanych nauczycieli przedmiot\u00f3w zawodowych. Pozna\u0142em wielu \u015bwietnych ludzi. \n\t\t\t\t\t<\/div>\n\t\t\t\t\t<cite class=\"elementor-testimonial__cite\"><span class=\"elementor-testimonial__name\">Mateusz Korzeniec<\/span><span class=\"elementor-testimonial__title\">klasa 2H<\/span><\/cite>\t\t\t\t<\/div>\n\t\t\t\t\t\t<div class=\"elementor-testimonial__footer\">\n\t\t\t\t\t\t\t\t\t<div class=\"elementor-testimonial__image\">\n\t\t\t\t\t\t<img src=\"http:\/\/ekonomik.opole.pl\/eko3\/wp-content\/uploads\/2021\/05\/Mateusz-Korzeniec-scaled-e1620484177626-150x150.jpg\" alt=\"Mateusz Korzeniec\">\n\t\t\t\t\t<\/div>\n\t\t\t\t\t\t\t\t\t\t\t<\/div>\n\t\t<\/div>\n\t\t\t\t\t\t\t\t<\/div>\n\t\t\t\t\t\t\t\t\t<\/div>\n\t\t\t\t\t\t\t\t\t\t\t\t\t\t\t<div class=\"swiper-pagination\"><\/div>\n\t\t\t\t\t\t\t\t\t\t\t\t\t\t\t\t\t<\/div>\n\t\t<\/div>\n\t\t\t\t<\/div>\n\t\t\t\t<\/div>\n\t\t\t\t\t\t<\/div>\n\t\t\t\t\t<\/div>\n\t\t<\/div>\n\t\t\t\t\t\t\t\t<\/div>\n\t\t\t\t\t<\/div>\n\t\t<\/section>\n\t\t\t\t<section class=\"elementor-section elementor-top-section elementor-element elementor-element-e22a3c7 elementor-section-boxed elementor-section-height-default elementor-section-height-default\" data-id=\"e22a3c7\" data-element_type=\"section\">\n\t\t\t\t\t\t<div class=\"elementor-container elementor-column-gap-default\">\n\t\t\t\t\t\t\t<div class=\"elementor-row\">\n\t\t\t\t\t<div class=\"elementor-column elementor-col-100 elementor-top-column elementor-element elementor-element-e142cad\" data-id=\"e142cad\" data-element_type=\"column\">\n\t\t\t<div class=\"elementor-column-wrap elementor-element-populated\">\n\t\t\t\t\t\t\t<div class=\"elementor-widget-wrap\">\n\t\t\t\t\t\t<div class=\"elementor-element elementor-element-5a553eb animated-fast elementor-invisible elementor-widget elementor-widget-heading\" data-id=\"5a553eb\" data-element_type=\"widget\" data-settings=\"{&quot;_animation&quot;:&quot;fadeIn&quot;,&quot;_animation_delay&quot;:300}\" data-widget_type=\"heading.default\">\n\t\t\t\t<div class=\"elementor-widget-container\">\n\t\t\t<h2 class=\"elementor-heading-title elementor-size-default\">Chcesz wiedzie\u0107 wi\u0119cej?<\/h2>\t\t<\/div>\n\t\t\t\t<\/div>\n\t\t\t\t\t\t<\/div>\n\t\t\t\t\t<\/div>\n\t\t<\/div>\n\t\t\t\t\t\t\t\t<\/div>\n\t\t\t\t\t<\/div>\n\t\t<\/section>\n\t\t\t\t<section class=\"elementor-section elementor-top-section elementor-element elementor-element-9733bdf elementor-section-full_width elementor-section-height-default elementor-section-height-default\" data-id=\"9733bdf\" data-element_type=\"section\">\n\t\t\t\t\t\t<div class=\"elementor-container elementor-column-gap-default\">\n\t\t\t\t\t\t\t<div class=\"elementor-row\">\n\t\t\t\t\t<div class=\"elementor-column elementor-col-25 elementor-top-column elementor-element elementor-element-4491f8f\" data-id=\"4491f8f\" data-element_type=\"column\">\n\t\t\t<div class=\"elementor-column-wrap elementor-element-populated\">\n\t\t\t\t\t\t\t<div class=\"elementor-widget-wrap\">\n\t\t\t\t\t\t<div class=\"elementor-element elementor-element-7b62728 elementor-position-top elementor-vertical-align-top elementor-widget elementor-widget-image-box\" data-id=\"7b62728\" data-element_type=\"widget\" data-widget_type=\"image-box.default\">\n\t\t\t\t<div class=\"elementor-widget-container\">\n\t\t\t<div class=\"elementor-image-box-wrapper\"><figure class=\"elementor-image-box-img\"><a href=\"http:\/\/zsek.webd.pl\/eko3\/tag\/logistyka\"><img width=\"550\" height=\"367\" src=\"http:\/\/ekonomik.opole.pl\/eko3\/wp-content\/uploads\/2021\/05\/log.jpg\" class=\"attachment-full size-full\" alt=\"\" loading=\"lazy\" srcset=\"http:\/\/ekonomik.opole.pl\/eko3\/wp-content\/uploads\/2021\/05\/log.jpg 550w, http:\/\/ekonomik.opole.pl\/eko3\/wp-content\/uploads\/2021\/05\/log-450x300.jpg 450w, http:\/\/ekonomik.opole.pl\/eko3\/wp-content\/uploads\/2021\/05\/log-300x200.jpg 300w, http:\/\/ekonomik.opole.pl\/eko3\/wp-content\/uploads\/2021\/05\/log-453x302.jpg 453w, http:\/\/ekonomik.opole.pl\/eko3\/wp-content\/uploads\/2021\/05\/log-340x227.jpg 340w\" sizes=\"(max-width: 550px) 100vw, 550px\" \/><\/a><\/figure><div class=\"elementor-image-box-content\"><h3 class=\"elementor-image-box-title\"><a href=\"http:\/\/zsek.webd.pl\/eko3\/tag\/logistyka\">Osi\u0105gni\u0119cia logistyk\u00f3w<\/a><\/h3><p class=\"elementor-image-box-description\">W olimpiadach i konkursach logistycznych nasi uczniowie zdobywaj\u0105 najwy\u017csze miejsca.<\/p><\/div><\/div>\t\t<\/div>\n\t\t\t\t<\/div>\n\t\t\t\t<div class=\"elementor-element elementor-element-bb886b0 elementor-position-left elementor-vertical-align-middle elementor-view-stacked vamtam-el-widget-icon-box-flex elementor-shape-circle elementor-invisible elementor-widget elementor-widget-icon-box\" data-id=\"bb886b0\" data-element_type=\"widget\" data-settings=\"{&quot;_animation&quot;:&quot;fadeInUp&quot;,&quot;_animation_delay&quot;:400}\" data-widget_type=\"icon-box.default\">\n\t\t\t\t<div class=\"elementor-widget-container\">\n\t\t\t\t\t<div class=\"elementor-icon-box-wrapper\">\n\t\t\t\t\t\t<div class=\"elementor-icon-box-icon\">\n\t\t\t\t<a class=\"elementor-icon elementor-animation-pulse\" href=\"http:\/\/zsek.webd.pl\/eko3\/tag\/logistyka\">\n\t\t\t\t<i aria-hidden=\"true\" class=\"icon icon-plus\"><\/i>\t\t\t\t<\/a>\n\t\t\t<\/div>\n\t\t\t\t\t\t<div class=\"elementor-icon-box-content\">\n\t\t\t\t<div class=\"elementor-icon-box-title\">\n\t\t\t\t\t<a href=\"http:\/\/zsek.webd.pl\/eko3\/tag\/logistyka\">Czytaj dalej<\/a>\n\t\t\t\t<\/div>\n\t\t\t\t\t\t\t<\/div>\n\t\t<\/div>\n\t\t\t\t<\/div>\n\t\t\t\t<\/div>\n\t\t\t\t\t\t<\/div>\n\t\t\t\t\t<\/div>\n\t\t<\/div>\n\t\t\t\t<div class=\"elementor-column elementor-col-25 elementor-top-column elementor-element elementor-element-2f8ede1\" data-id=\"2f8ede1\" data-element_type=\"column\">\n\t\t\t<div class=\"elementor-column-wrap elementor-element-populated\">\n\t\t\t\t\t\t\t<div class=\"elementor-widget-wrap\">\n\t\t\t\t\t\t<div class=\"elementor-element elementor-element-3f65c50 elementor-position-top elementor-vertical-align-top elementor-widget elementor-widget-image-box\" data-id=\"3f65c50\" data-element_type=\"widget\" data-widget_type=\"image-box.default\">\n\t\t\t\t<div class=\"elementor-widget-container\">\n\t\t\t<div class=\"elementor-image-box-wrapper\"><figure class=\"elementor-image-box-img\"><a href=\"http:\/\/zsek.webd.pl\/eko3\/?page_id=987904\"><img width=\"960\" height=\"643\" src=\"http:\/\/ekonomik.opole.pl\/eko3\/wp-content\/uploads\/2021\/05\/87033790_2792266437555424_6656584050439880704_n-e1620985940205.jpg\" class=\"attachment-full size-full\" alt=\"\" loading=\"lazy\" srcset=\"http:\/\/ekonomik.opole.pl\/eko3\/wp-content\/uploads\/2021\/05\/87033790_2792266437555424_6656584050439880704_n-e1620985940205.jpg 960w, http:\/\/ekonomik.opole.pl\/eko3\/wp-content\/uploads\/2021\/05\/87033790_2792266437555424_6656584050439880704_n-e1620985940205-680x455.jpg 680w, http:\/\/ekonomik.opole.pl\/eko3\/wp-content\/uploads\/2021\/05\/87033790_2792266437555424_6656584050439880704_n-e1620985940205-300x201.jpg 300w, http:\/\/ekonomik.opole.pl\/eko3\/wp-content\/uploads\/2021\/05\/87033790_2792266437555424_6656584050439880704_n-e1620985940205-768x514.jpg 768w, http:\/\/ekonomik.opole.pl\/eko3\/wp-content\/uploads\/2021\/05\/87033790_2792266437555424_6656584050439880704_n-e1620985940205-453x303.jpg 453w, http:\/\/ekonomik.opole.pl\/eko3\/wp-content\/uploads\/2021\/05\/87033790_2792266437555424_6656584050439880704_n-e1620985940205-906x607.jpg 906w, http:\/\/ekonomik.opole.pl\/eko3\/wp-content\/uploads\/2021\/05\/87033790_2792266437555424_6656584050439880704_n-e1620985940205-340x228.jpg 340w\" sizes=\"(max-width: 960px) 100vw, 960px\" \/><\/a><\/figure><div class=\"elementor-image-box-content\"><h3 class=\"elementor-image-box-title\"><a href=\"http:\/\/zsek.webd.pl\/eko3\/?page_id=987904\">Zobacz aktualno\u015bci<\/a><\/h3><p class=\"elementor-image-box-description\">Wa\u017cne komunikaty, sprawy bie\u017c\u0105ce, troch\u0119 zabawy... B\u0105d\u017a na bie\u017c\u0105co z tym co dzieje si\u0119 w Ekonomiku.<\/p><\/div><\/div>\t\t<\/div>\n\t\t\t\t<\/div>\n\t\t\t\t<div class=\"elementor-element elementor-element-1bb3c81 elementor-position-left elementor-vertical-align-middle elementor-view-stacked animated-fast vamtam-el-widget-icon-box-flex elementor-shape-circle elementor-invisible elementor-widget elementor-widget-icon-box\" data-id=\"1bb3c81\" data-element_type=\"widget\" data-settings=\"{&quot;_animation&quot;:&quot;fadeInUp&quot;}\" data-widget_type=\"icon-box.default\">\n\t\t\t\t<div class=\"elementor-widget-container\">\n\t\t\t\t\t<div class=\"elementor-icon-box-wrapper\">\n\t\t\t\t\t\t<div class=\"elementor-icon-box-icon\">\n\t\t\t\t<a class=\"elementor-icon elementor-animation-pulse\" href=\"http:\/\/zsek.webd.pl\/eko3\/?page_id=987904\">\n\t\t\t\t<i aria-hidden=\"true\" class=\"icon icon-plus\"><\/i>\t\t\t\t<\/a>\n\t\t\t<\/div>\n\t\t\t\t\t\t<div class=\"elementor-icon-box-content\">\n\t\t\t\t<div class=\"elementor-icon-box-title\">\n\t\t\t\t\t<a href=\"http:\/\/zsek.webd.pl\/eko3\/?page_id=987904\">Sprawy bie\u017c\u0105ce<\/a>\n\t\t\t\t<\/div>\n\t\t\t\t\t\t\t<\/div>\n\t\t<\/div>\n\t\t\t\t<\/div>\n\t\t\t\t<\/div>\n\t\t\t\t\t\t<\/div>\n\t\t\t\t\t<\/div>\n\t\t<\/div>\n\t\t\t\t<div class=\"elementor-column elementor-col-25 elementor-top-column elementor-element elementor-element-2b3091d\" data-id=\"2b3091d\" data-element_type=\"column\">\n\t\t\t<div class=\"elementor-column-wrap elementor-element-populated\">\n\t\t\t\t\t\t\t<div class=\"elementor-widget-wrap\">\n\t\t\t\t\t\t<div class=\"elementor-element elementor-element-fd942ca elementor-position-top elementor-vertical-align-top elementor-widget elementor-widget-image-box\" data-id=\"fd942ca\" data-element_type=\"widget\" data-widget_type=\"image-box.default\">\n\t\t\t\t<div class=\"elementor-widget-container\">\n\t\t\t<div class=\"elementor-image-box-wrapper\"><figure class=\"elementor-image-box-img\"><a href=\"http:\/\/ekonomik.opole.pl\/eko3\/rekrutacja-2022-2023\/\" target=\"_blank\"><img width=\"2560\" height=\"1704\" src=\"http:\/\/ekonomik.opole.pl\/eko3\/wp-content\/uploads\/2022\/03\/PPW3540-scaled.jpg\" class=\"attachment-full size-full\" alt=\"Rekrutacja 2022-2023\" loading=\"lazy\" srcset=\"http:\/\/ekonomik.opole.pl\/eko3\/wp-content\/uploads\/2022\/03\/PPW3540-scaled.jpg 2560w, http:\/\/ekonomik.opole.pl\/eko3\/wp-content\/uploads\/2022\/03\/PPW3540-300x200.jpg 300w, http:\/\/ekonomik.opole.pl\/eko3\/wp-content\/uploads\/2022\/03\/PPW3540-1024x682.jpg 1024w, http:\/\/ekonomik.opole.pl\/eko3\/wp-content\/uploads\/2022\/03\/PPW3540-768x511.jpg 768w, http:\/\/ekonomik.opole.pl\/eko3\/wp-content\/uploads\/2022\/03\/PPW3540-1536x1022.jpg 1536w, http:\/\/ekonomik.opole.pl\/eko3\/wp-content\/uploads\/2022\/03\/PPW3540-2048x1363.jpg 2048w, http:\/\/ekonomik.opole.pl\/eko3\/wp-content\/uploads\/2022\/03\/PPW3540-1360x905.jpg 1360w, http:\/\/ekonomik.opole.pl\/eko3\/wp-content\/uploads\/2022\/03\/PPW3540-680x453.jpg 680w\" sizes=\"(max-width: 2560px) 100vw, 2560px\" \/><\/a><\/figure><div class=\"elementor-image-box-content\"><h3 class=\"elementor-image-box-title\"><a href=\"http:\/\/ekonomik.opole.pl\/eko3\/rekrutacja-2022-2023\/\" target=\"_blank\">Kierunki nauczania 2022-2023<\/a><\/h3><p class=\"elementor-image-box-description\">Sprawd\u017a jakie kierunki otwieramy na rok szkolny 2022-2023<\/p><\/div><\/div>\t\t<\/div>\n\t\t\t\t<\/div>\n\t\t\t\t<div class=\"elementor-element elementor-element-8eabc8b elementor-position-left elementor-vertical-align-middle elementor-view-stacked animated-fast vamtam-el-widget-icon-box-flex elementor-shape-circle elementor-invisible elementor-widget elementor-widget-icon-box\" data-id=\"8eabc8b\" data-element_type=\"widget\" data-settings=\"{&quot;_animation&quot;:&quot;fadeInUp&quot;,&quot;_animation_delay&quot;:200}\" data-widget_type=\"icon-box.default\">\n\t\t\t\t<div class=\"elementor-widget-container\">\n\t\t\t\t\t<div class=\"elementor-icon-box-wrapper\">\n\t\t\t\t\t\t<div class=\"elementor-icon-box-icon\">\n\t\t\t\t<a class=\"elementor-icon elementor-animation-pulse\" href=\"http:\/\/ekonomik.opole.pl\/eko3\/rekrutacja-2022-2023\/\" target=\"_blank\">\n\t\t\t\t<i aria-hidden=\"true\" class=\"icon icon-plus\"><\/i>\t\t\t\t<\/a>\n\t\t\t<\/div>\n\t\t\t\t\t\t<div class=\"elementor-icon-box-content\">\n\t\t\t\t<div class=\"elementor-icon-box-title\">\n\t\t\t\t\t<a href=\"http:\/\/ekonomik.opole.pl\/eko3\/rekrutacja-2022-2023\/\" target=\"_blank\">Sprawd\u017a<\/a>\n\t\t\t\t<\/div>\n\t\t\t\t\t\t\t<\/div>\n\t\t<\/div>\n\t\t\t\t<\/div>\n\t\t\t\t<\/div>\n\t\t\t\t\t\t<\/div>\n\t\t\t\t\t<\/div>\n\t\t<\/div>\n\t\t\t\t<div class=\"elementor-column elementor-col-25 elementor-top-column elementor-element elementor-element-03314b8\" data-id=\"03314b8\" data-element_type=\"column\">\n\t\t\t<div class=\"elementor-column-wrap elementor-element-populated\">\n\t\t\t\t\t\t\t<div class=\"elementor-widget-wrap\">\n\t\t\t\t\t\t<div class=\"elementor-element elementor-element-68f96da elementor-flip-box--effect-push elementor-flip-box--direction-up elementor-widget elementor-widget-flip-box\" data-id=\"68f96da\" data-element_type=\"widget\" data-widget_type=\"flip-box.default\">\n\t\t\t\t<div class=\"elementor-widget-container\">\n\t\t\t\t\t<div class=\"elementor-flip-box\">\n\t\t\t<div class=\"elementor-flip-box__layer elementor-flip-box__front\">\n\t\t\t\t<div class=\"elementor-flip-box__layer__overlay\">\n\t\t\t\t\t<div class=\"elementor-flip-box__layer__inner\">\n\t\t\t\t\t\t\t\t\t\t\t\t\t<div class=\"elementor-icon-wrapper elementor-view-default\">\n\t\t\t\t\t\t\t\t<div class=\"elementor-icon\">\n\t\t\t\t\t\t\t\t\t<i class=\"icon icon-help\"><\/i>\t\t\t\t\t\t\t\t<\/div>\n\t\t\t\t\t\t\t<\/div>\n\t\t\t\t\t\t\n\t\t\t\t\t\t\t\t\t\t\t\t\t<h3 class=\"elementor-flip-box__layer__title\">\n\t\t\t\t\t\t\t\tMasz pytania?\t\t\t\t\t\t\t<\/h3>\n\t\t\t\t\t\t\n\t\t\t\t\t\t\t\t\t\t\t\t\t<div class=\"elementor-flip-box__layer__description\">\n\t\t\t\t\t\t\t\tNasi specjali\u015bci s\u0105 do Twojej dyspozycji. Skontaktuj si\u0119 z doradc\u0105 zawodowym, pedagogiem szkolnym, psychologiem.\t\t\t\t\t\t\t<\/div>\n\t\t\t\t\t\t\t\t\t\t\t<\/div>\n\t\t\t\t<\/div>\n\t\t\t<\/div>\n\t\t\t<a class=\"elementor-flip-box__layer elementor-flip-box__back\" href=\"http:\/\/zsek.webd.pl\/eko3\/?page_id=987906\">\n\t\t\t<div class=\"elementor-flip-box__layer__overlay\">\n\t\t\t\t<div class=\"elementor-flip-box__layer__inner\">\n\t\t\t\t\t\t\t\t\t\t\t<h3 class=\"elementor-flip-box__layer__title\">\n\t\t\t\t\t\t\tUm\u00f3w si\u0119 na spotkanie\t\t\t\t\t\t<\/h3>\n\t\t\t\t\t\n\t\t\t\t\t\n\t\t\t\t\t\t\t\t\t\t\t<span class=\"elementor-flip-box__button elementor-button elementor-size-lg\">\n\t\t\t\t\t\tKontakt\t\t\t\t\t\t<\/span>\n\t\t\t\t\t\t\t\t<\/div>\n\t\t<\/div>\n\t\t<\/a>\n\t\t<\/div>\n\t\t\t\t<\/div>\n\t\t\t\t<\/div>\n\t\t\t\t\t\t<\/div>\n\t\t\t\t\t<\/div>\n\t\t<\/div>\n\t\t\t\t\t\t\t\t<\/div>\n\t\t\t\t\t<\/div>\n\t\t<\/section>\n\t\t\t\t\t\t<\/div>\n\t\t\t\t\t\t<\/div>\n\t\t\t\t\t<\/div>\n\t\t","protected":false},"excerpt":{"rendered":"<p>Logistyka wp\u0142ywa na wszystkie obszary rynku. Absolwenci Ekonomika podejmuj\u0105 studia na uczelniach wy\u017cszych i zajmuj\u0105 wysokie stanowiska w firmach transportowych. Zdawalno\u015b\u0107 na egzaminie zawodowym SPL.01 Obs\u0142ug magazyn\u00f3w 100% Zdawalno\u015b\u0107 na egzaminie zawodowym SPL.04 Obs\u0142uga transportu 93% Czym zajmuje si\u0119 logistyk? Logistyk to przede wszystkim osoba, kt\u00f3ra odpowiada za planowanie, organizowanie i monitorowanie proces\u00f3w zwi\u0105zanych z&#8230;<\/p>\n","protected":false},"author":1,"featured_media":0,"parent":115,"menu_order":0,"comment_status":"closed","ping_status":"closed","template":"","meta":{"inline_featured_image":false},"_links":{"self":[{"href":"http:\/\/ekonomik.opole.pl\/eko3\/wp-json\/wp\/v2\/pages\/987951"}],"collection":[{"href":"http:\/\/ekonomik.opole.pl\/eko3\/wp-json\/wp\/v2\/pages"}],"about":[{"href":"http:\/\/ekonomik.opole.pl\/eko3\/wp-json\/wp\/v2\/types\/page"}],"author":[{"embeddable":true,"href":"http:\/\/ekonomik.opole.pl\/eko3\/wp-json\/wp\/v2\/users\/1"}],"replies":[{"embeddable":true,"href":"http:\/\/ekonomik.opole.pl\/eko3\/wp-json\/wp\/v2\/comments?post=987951"}],"version-history":[{"count":212,"href":"http:\/\/ekonomik.opole.pl\/eko3\/wp-json\/wp\/v2\/pages\/987951\/revisions"}],"predecessor-version":[{"id":998904,"href":"http:\/\/ekonomik.opole.pl\/eko3\/wp-json\/wp\/v2\/pages\/987951\/revisions\/998904"}],"up":[{"embeddable":true,"href":"http:\/\/ekonomik.opole.pl\/eko3\/wp-json\/wp\/v2\/pages\/115"}],"wp:attachment":[{"href":"http:\/\/ekonomik.opole.pl\/eko3\/wp-json\/wp\/v2\/media?parent=987951"}],"curies":[{"name":"wp","href":"https:\/\/api.w.org\/{rel}","templated":true}]}}