{"id":989361,"date":"2021-04-25T20:30:52","date_gmt":"2021-04-25T20:30:52","guid":{"rendered":"http:\/\/zsek.webd.pl\/eko3\/?page_id=989361"},"modified":"2026-09-01T20:18:36","modified_gmt":"2026-09-01T18:18:36","slug":"dokumenty","status":"publish","type":"page","link":"http:\/\/ekonomik.opole.pl\/eko3\/dokumenty\/","title":{"rendered":"Dokumenty"},"content":{"rendered":"\t\t<div data-elementor-type=\"wp-page\" data-elementor-id=\"989361\" class=\"elementor elementor-989361\" data-elementor-settings=\"[]\">\n\t\t\t\t\t\t<div class=\"elementor-inner\">\n\t\t\t\t\t\t\t<div class=\"elementor-section-wrap\">\n\t\t\t\t\t\t\t<section class=\"elementor-section elementor-top-section elementor-element elementor-element-8ab55fe elementor-section-content-bottom elementor-section-boxed elementor-section-height-default elementor-section-height-default elementor-invisible\" data-id=\"8ab55fe\" data-element_type=\"section\" data-settings=\"{&quot;background_background&quot;:&quot;classic&quot;,&quot;background_motion_fx_motion_fx_scrolling&quot;:&quot;yes&quot;,&quot;background_motion_fx_range&quot;:&quot;viewport&quot;,&quot;background_motion_fx_opacity_effect&quot;:&quot;yes&quot;,&quot;background_motion_fx_opacity_direction&quot;:&quot;in-out&quot;,&quot;background_motion_fx_opacity_range&quot;:{&quot;unit&quot;:&quot;%&quot;,&quot;size&quot;:&quot;&quot;,&quot;sizes&quot;:{&quot;start&quot;:65,&quot;end&quot;:79}},&quot;background_motion_fx_translateY_effect&quot;:&quot;yes&quot;,&quot;animation&quot;:&quot;fadeIn&quot;,&quot;background_motion_fx_translateY_speed&quot;:{&quot;unit&quot;:&quot;px&quot;,&quot;size&quot;:4,&quot;sizes&quot;:[]},&quot;background_motion_fx_translateY_affectedRange&quot;:{&quot;unit&quot;:&quot;%&quot;,&quot;size&quot;:&quot;&quot;,&quot;sizes&quot;:{&quot;start&quot;:0,&quot;end&quot;:100}},&quot;background_motion_fx_opacity_level&quot;:{&quot;unit&quot;:&quot;px&quot;,&quot;size&quot;:10,&quot;sizes&quot;:[]},&quot;background_motion_fx_devices&quot;:[&quot;desktop&quot;,&quot;tablet&quot;,&quot;mobile&quot;]}\">\n\t\t\t\t\t\t<div class=\"elementor-container elementor-column-gap-default\">\n\t\t\t\t\t\t\t<div class=\"elementor-row\">\n\t\t\t\t\t<div class=\"elementor-column elementor-col-50 elementor-top-column elementor-element elementor-element-6206996\" data-id=\"6206996\" data-element_type=\"column\" data-settings=\"{&quot;background_background&quot;:&quot;classic&quot;}\">\n\t\t\t<div class=\"elementor-column-wrap elementor-element-populated\">\n\t\t\t\t\t\t\t<div class=\"elementor-widget-wrap\">\n\t\t\t\t\t\t<div class=\"elementor-element elementor-element-3f9b6bd elementor-widget elementor-widget-text-editor\" data-id=\"3f9b6bd\" data-element_type=\"widget\" data-widget_type=\"text-editor.default\">\n\t\t\t\t<div class=\"elementor-widget-container\">\n\t\t\t\t\t\t\t\t<div class=\"elementor-text-editor elementor-clearfix\">\n\t\t\t\t\t<p>Dokumenty reguluj\u0105ce prac\u0119 szko\u0142y<\/p>\t\t\t\t\t<\/div>\n\t\t\t\t\t\t<\/div>\n\t\t\t\t<\/div>\n\t\t\t\t\t\t<\/div>\n\t\t\t\t\t<\/div>\n\t\t<\/div>\n\t\t\t\t<div class=\"elementor-column elementor-col-50 elementor-top-column elementor-element elementor-element-0b5ea30 elementor-hidden-phone\" data-id=\"0b5ea30\" data-element_type=\"column\">\n\t\t\t<div class=\"elementor-column-wrap\">\n\t\t\t\t\t\t\t<div class=\"elementor-widget-wrap\">\n\t\t\t\t\t\t\t\t<\/div>\n\t\t\t\t\t<\/div>\n\t\t<\/div>\n\t\t\t\t\t\t\t\t<\/div>\n\t\t\t\t\t<\/div>\n\t\t<\/section>\n\t\t\t\t<section class=\"elementor-section elementor-top-section elementor-element elementor-element-4a2b201 elementor-section-height-min-height elementor-section-boxed elementor-section-height-default elementor-section-items-middle\" data-id=\"4a2b201\" data-element_type=\"section\">\n\t\t\t\t\t\t<div class=\"elementor-container elementor-column-gap-default\">\n\t\t\t\t\t\t\t<div class=\"elementor-row\">\n\t\t\t\t\t<div class=\"elementor-column elementor-col-50 elementor-top-column elementor-element elementor-element-f94873f\" data-id=\"f94873f\" data-element_type=\"column\" data-settings=\"{&quot;background_background&quot;:&quot;classic&quot;}\">\n\t\t\t<div class=\"elementor-column-wrap elementor-element-populated\">\n\t\t\t\t\t\t\t<div class=\"elementor-widget-wrap\">\n\t\t\t\t\t\t<div class=\"elementor-element elementor-element-e0b4aea elementor-widget elementor-widget-spacer\" data-id=\"e0b4aea\" data-element_type=\"widget\" data-widget_type=\"spacer.default\">\n\t\t\t\t<div class=\"elementor-widget-container\">\n\t\t\t\t\t<div class=\"elementor-spacer\">\n\t\t\t<div class=\"elementor-spacer-inner\"><\/div>\n\t\t<\/div>\n\t\t\t\t<\/div>\n\t\t\t\t<\/div>\n\t\t\t\t\t\t<\/div>\n\t\t\t\t\t<\/div>\n\t\t<\/div>\n\t\t\t\t<div class=\"elementor-column elementor-col-50 elementor-top-column elementor-element elementor-element-b6e5295 elementor-hidden-phone\" data-id=\"b6e5295\" data-element_type=\"column\">\n\t\t\t<div class=\"elementor-column-wrap\">\n\t\t\t\t\t\t\t<div class=\"elementor-widget-wrap\">\n\t\t\t\t\t\t\t\t<\/div>\n\t\t\t\t\t<\/div>\n\t\t<\/div>\n\t\t\t\t\t\t\t\t<\/div>\n\t\t\t\t\t<\/div>\n\t\t<\/section>\n\t\t\t\t<section class=\"elementor-section elementor-top-section elementor-element elementor-element-4e520ad elementor-section-boxed elementor-section-height-default elementor-section-height-default\" data-id=\"4e520ad\" data-element_type=\"section\">\n\t\t\t\t\t\t<div class=\"elementor-container elementor-column-gap-default\">\n\t\t\t\t\t\t\t<div class=\"elementor-row\">\n\t\t\t\t\t<div class=\"elementor-column elementor-col-100 elementor-top-column elementor-element elementor-element-83be584\" data-id=\"83be584\" data-element_type=\"column\">\n\t\t\t<div class=\"elementor-column-wrap elementor-element-populated\">\n\t\t\t\t\t\t\t<div class=\"elementor-widget-wrap\">\n\t\t\t\t\t\t<div class=\"elementor-element elementor-element-a74aa83 elementor-widget elementor-widget-spacer\" data-id=\"a74aa83\" data-element_type=\"widget\" data-widget_type=\"spacer.default\">\n\t\t\t\t<div class=\"elementor-widget-container\">\n\t\t\t\t\t<div class=\"elementor-spacer\">\n\t\t\t<div class=\"elementor-spacer-inner\"><\/div>\n\t\t<\/div>\n\t\t\t\t<\/div>\n\t\t\t\t<\/div>\n\t\t\t\t<div class=\"elementor-element elementor-element-3b14e3e elementor-widget elementor-widget-heading\" data-id=\"3b14e3e\" data-element_type=\"widget\" data-widget_type=\"heading.default\">\n\t\t\t\t<div class=\"elementor-widget-container\">\n\t\t\t<h2 class=\"elementor-heading-title elementor-size-default\">Wa\u017cne dokumenty szkolne<\/h2>\t\t<\/div>\n\t\t\t\t<\/div>\n\t\t\t\t<div class=\"elementor-element elementor-element-5deafd8 elementor-widget elementor-widget-spacer\" data-id=\"5deafd8\" data-element_type=\"widget\" data-widget_type=\"spacer.default\">\n\t\t\t\t<div class=\"elementor-widget-container\">\n\t\t\t\t\t<div class=\"elementor-spacer\">\n\t\t\t<div class=\"elementor-spacer-inner\"><\/div>\n\t\t<\/div>\n\t\t\t\t<\/div>\n\t\t\t\t<\/div>\n\t\t\t\t\t\t<\/div>\n\t\t\t\t\t<\/div>\n\t\t<\/div>\n\t\t\t\t\t\t\t\t<\/div>\n\t\t\t\t\t<\/div>\n\t\t<\/section>\n\t\t\t\t<section class=\"elementor-section elementor-top-section elementor-element elementor-element-197df4f elementor-section-boxed elementor-section-height-default elementor-section-height-default\" data-id=\"197df4f\" data-element_type=\"section\">\n\t\t\t\t\t\t<div class=\"elementor-container elementor-column-gap-default\">\n\t\t\t\t\t\t\t<div class=\"elementor-row\">\n\t\t\t\t\t<div class=\"elementor-column elementor-col-100 elementor-top-column elementor-element elementor-element-65a9521\" data-id=\"65a9521\" data-element_type=\"column\">\n\t\t\t<div class=\"elementor-column-wrap elementor-element-populated\">\n\t\t\t\t\t\t\t<div class=\"elementor-widget-wrap\">\n\t\t\t\t\t\t<div class=\"elementor-element elementor-element-e80bbb6 elementor-widget elementor-widget-accordion\" data-id=\"e80bbb6\" data-element_type=\"widget\" data-widget_type=\"accordion.default\">\n\t\t\t\t<div class=\"elementor-widget-container\">\n\t\t\t\t\t<div class=\"elementor-accordion\" role=\"tablist\">\n\t\t\t\t\t\t\t<div class=\"elementor-accordion-item\">\n\t\t\t\t\t<div id=\"elementor-tab-title-2431\" class=\"elementor-tab-title\" data-tab=\"1\" role=\"tab\" aria-controls=\"elementor-tab-content-2431\" aria-expanded=\"false\">\n\t\t\t\t\t\t\t\t\t\t\t\t\t<span class=\"elementor-accordion-icon elementor-accordion-icon-left\" aria-hidden=\"true\">\n\t\t\t\t\t\t\t\t\t\t\t\t\t\t\t<span class=\"elementor-accordion-icon-closed\"><i class=\"fas fa-plus\"><\/i><\/span>\n\t\t\t\t\t\t\t\t<span class=\"elementor-accordion-icon-opened\"><i class=\"fas fa-minus\"><\/i><\/span>\n\t\t\t\t\t\t\t\t\t\t\t\t\t\t<\/span>\n\t\t\t\t\t\t\t\t\t\t\t\t<a class=\"elementor-accordion-title\" href=\"\">Statut Zespo\u0142u Szk\u00f3\u0142 Ekonomicznych im. Gen. Stefana Roweckiego \"Grota\" w Opolu<\/a>\n\t\t\t\t\t<\/div>\n\t\t\t\t\t<div id=\"elementor-tab-content-2431\" class=\"elementor-tab-content elementor-clearfix\" data-tab=\"1\" role=\"tabpanel\" aria-labelledby=\"elementor-tab-title-2431\"><p>Tekst obowi\u0105zuj\u0105cy od dnia 2 wrze\u015bnia 2024 r. <span style=\"background-color: var(--vamtam-accent-color-5); letter-spacing: 0.2px;\">&#8211; <\/span>zobacz\/<a href=\"http:\/\/ekonomik.opole.pl\/eko3\/wp-content\/uploads\/2024\/09\/statut-Zespolu-Szkol-Ekonomicznych-2024.pdf\">pobierz dokument<\/a><\/p><\/div>\n\t\t\t\t<\/div>\n\t\t\t\t\t\t\t<div class=\"elementor-accordion-item\">\n\t\t\t\t\t<div id=\"elementor-tab-title-2432\" class=\"elementor-tab-title\" data-tab=\"2\" role=\"tab\" aria-controls=\"elementor-tab-content-2432\" aria-expanded=\"false\">\n\t\t\t\t\t\t\t\t\t\t\t\t\t<span class=\"elementor-accordion-icon elementor-accordion-icon-left\" aria-hidden=\"true\">\n\t\t\t\t\t\t\t\t\t\t\t\t\t\t\t<span class=\"elementor-accordion-icon-closed\"><i class=\"fas fa-plus\"><\/i><\/span>\n\t\t\t\t\t\t\t\t<span class=\"elementor-accordion-icon-opened\"><i class=\"fas fa-minus\"><\/i><\/span>\n\t\t\t\t\t\t\t\t\t\t\t\t\t\t<\/span>\n\t\t\t\t\t\t\t\t\t\t\t\t<a class=\"elementor-accordion-title\" href=\"\">Statut\u00a0Publicznego Technikum nr 3<\/a>\n\t\t\t\t\t<\/div>\n\t\t\t\t\t<div id=\"elementor-tab-content-2432\" class=\"elementor-tab-content elementor-clearfix\" data-tab=\"2\" role=\"tabpanel\" aria-labelledby=\"elementor-tab-title-2432\"><p>Tekst z dnia 14 wrze\u015bnia 2020 r. &#8211; <a href=\"http:\/\/ekonomik.opole.pl\/eko3\/wp-content\/uploads\/2021\/10\/statut_zsek-z-14-09-2020.pdf\" target=\"_blank\" rel=\"noopener\">zobacz\/pobierz dokument<\/a><\/p><\/div>\n\t\t\t\t<\/div>\n\t\t\t\t\t\t\t<div class=\"elementor-accordion-item\">\n\t\t\t\t\t<div id=\"elementor-tab-title-2433\" class=\"elementor-tab-title\" data-tab=\"3\" role=\"tab\" aria-controls=\"elementor-tab-content-2433\" aria-expanded=\"false\">\n\t\t\t\t\t\t\t\t\t\t\t\t\t<span class=\"elementor-accordion-icon elementor-accordion-icon-left\" aria-hidden=\"true\">\n\t\t\t\t\t\t\t\t\t\t\t\t\t\t\t<span class=\"elementor-accordion-icon-closed\"><i class=\"fas fa-plus\"><\/i><\/span>\n\t\t\t\t\t\t\t\t<span class=\"elementor-accordion-icon-opened\"><i class=\"fas fa-minus\"><\/i><\/span>\n\t\t\t\t\t\t\t\t\t\t\t\t\t\t<\/span>\n\t\t\t\t\t\t\t\t\t\t\t\t<a class=\"elementor-accordion-title\" href=\"\">Statut\u00a0Liceum Og\u00f3lnokszta\u0142c\u0105cego dla Doros\u0142ych\u00a0nr VI<\/a>\n\t\t\t\t\t<\/div>\n\t\t\t\t\t<div id=\"elementor-tab-content-2433\" class=\"elementor-tab-content elementor-clearfix\" data-tab=\"3\" role=\"tabpanel\" aria-labelledby=\"elementor-tab-title-2433\"><p>Tekst z dnia 26 listopada 2019 r. &#8211; <a href=\"http:\/\/ekonomik.opole.pl\/dokumenty\/statut_loVI.pdf\" target=\"_blank\" rel=\"noopener\">zobacz\/pobierz dokument <\/a><\/p><\/div>\n\t\t\t\t<\/div>\n\t\t\t\t\t\t\t<div class=\"elementor-accordion-item\">\n\t\t\t\t\t<div id=\"elementor-tab-title-2434\" class=\"elementor-tab-title\" data-tab=\"4\" role=\"tab\" aria-controls=\"elementor-tab-content-2434\" aria-expanded=\"false\">\n\t\t\t\t\t\t\t\t\t\t\t\t\t<span class=\"elementor-accordion-icon elementor-accordion-icon-left\" aria-hidden=\"true\">\n\t\t\t\t\t\t\t\t\t\t\t\t\t\t\t<span class=\"elementor-accordion-icon-closed\"><i class=\"fas fa-plus\"><\/i><\/span>\n\t\t\t\t\t\t\t\t<span class=\"elementor-accordion-icon-opened\"><i class=\"fas fa-minus\"><\/i><\/span>\n\t\t\t\t\t\t\t\t\t\t\t\t\t\t<\/span>\n\t\t\t\t\t\t\t\t\t\t\t\t<a class=\"elementor-accordion-title\" href=\"\">Statut\u00a0Szko\u0142y Policealnej nr III<\/a>\n\t\t\t\t\t<\/div>\n\t\t\t\t\t<div id=\"elementor-tab-content-2434\" class=\"elementor-tab-content elementor-clearfix\" data-tab=\"4\" role=\"tabpanel\" aria-labelledby=\"elementor-tab-title-2434\"><p>Tekst z dnia 26 listopada 2019 r. &#8211; <a href=\"http:\/\/ekonomik.opole.pl\/dokumenty\/statut_spIII_opole.pdf\" target=\"_blank\" rel=\"noopener\">zobacz\/pobierz dokument <\/a><\/p><\/div>\n\t\t\t\t<\/div>\n\t\t\t\t\t\t\t<div class=\"elementor-accordion-item\">\n\t\t\t\t\t<div id=\"elementor-tab-title-2435\" class=\"elementor-tab-title\" data-tab=\"5\" role=\"tab\" aria-controls=\"elementor-tab-content-2435\" aria-expanded=\"false\">\n\t\t\t\t\t\t\t\t\t\t\t\t\t<span class=\"elementor-accordion-icon elementor-accordion-icon-left\" aria-hidden=\"true\">\n\t\t\t\t\t\t\t\t\t\t\t\t\t\t\t<span class=\"elementor-accordion-icon-closed\"><i class=\"fas fa-plus\"><\/i><\/span>\n\t\t\t\t\t\t\t\t<span class=\"elementor-accordion-icon-opened\"><i class=\"fas fa-minus\"><\/i><\/span>\n\t\t\t\t\t\t\t\t\t\t\t\t\t\t<\/span>\n\t\t\t\t\t\t\t\t\t\t\t\t<a class=\"elementor-accordion-title\" href=\"\">Regulamin korzystania z dziennika elektronicznego<\/a>\n\t\t\t\t\t<\/div>\n\t\t\t\t\t<div id=\"elementor-tab-content-2435\" class=\"elementor-tab-content elementor-clearfix\" data-tab=\"5\" role=\"tabpanel\" aria-labelledby=\"elementor-tab-title-2435\"><p><a href=\"http:\/\/ekonomik.opole.pl\/dokumenty\/regulamin_korzystania_z_dziennika_elektronicznego.pdf\" target=\"_blank\" rel=\"noopener\">Zobacz\/pobierz dokument<\/a><\/p><\/div>\n\t\t\t\t<\/div>\n\t\t\t\t\t\t\t<div class=\"elementor-accordion-item\">\n\t\t\t\t\t<div id=\"elementor-tab-title-2436\" class=\"elementor-tab-title\" data-tab=\"6\" role=\"tab\" aria-controls=\"elementor-tab-content-2436\" aria-expanded=\"false\">\n\t\t\t\t\t\t\t\t\t\t\t\t\t<span class=\"elementor-accordion-icon elementor-accordion-icon-left\" aria-hidden=\"true\">\n\t\t\t\t\t\t\t\t\t\t\t\t\t\t\t<span class=\"elementor-accordion-icon-closed\"><i class=\"fas fa-plus\"><\/i><\/span>\n\t\t\t\t\t\t\t\t<span class=\"elementor-accordion-icon-opened\"><i class=\"fas fa-minus\"><\/i><\/span>\n\t\t\t\t\t\t\t\t\t\t\t\t\t\t<\/span>\n\t\t\t\t\t\t\t\t\t\t\t\t<a class=\"elementor-accordion-title\" href=\"\">Strategia przeciwdzia\u0142ania przemocy \u2013 \u201eBEZPIECZNA SZKO\u0141A\u201d<\/a>\n\t\t\t\t\t<\/div>\n\t\t\t\t\t<div id=\"elementor-tab-content-2436\" class=\"elementor-tab-content elementor-clearfix\" data-tab=\"6\" role=\"tabpanel\" aria-labelledby=\"elementor-tab-title-2436\"><p><a href=\"http:\/\/ekonomik.opole.pl\/dokumenty\/bezpieczna_szkola.doc\" target=\"_blank\" rel=\"noopener\">Zobacz\/pobierz dokument<\/a><\/p><\/div>\n\t\t\t\t<\/div>\n\t\t\t\t\t\t\t<div class=\"elementor-accordion-item\">\n\t\t\t\t\t<div id=\"elementor-tab-title-2437\" class=\"elementor-tab-title\" data-tab=\"7\" role=\"tab\" aria-controls=\"elementor-tab-content-2437\" aria-expanded=\"false\">\n\t\t\t\t\t\t\t\t\t\t\t\t\t<span class=\"elementor-accordion-icon elementor-accordion-icon-left\" aria-hidden=\"true\">\n\t\t\t\t\t\t\t\t\t\t\t\t\t\t\t<span class=\"elementor-accordion-icon-closed\"><i class=\"fas fa-plus\"><\/i><\/span>\n\t\t\t\t\t\t\t\t<span class=\"elementor-accordion-icon-opened\"><i class=\"fas fa-minus\"><\/i><\/span>\n\t\t\t\t\t\t\t\t\t\t\t\t\t\t<\/span>\n\t\t\t\t\t\t\t\t\t\t\t\t<a class=\"elementor-accordion-title\" href=\"\">Regulamin Szko\u0142y<\/a>\n\t\t\t\t\t<\/div>\n\t\t\t\t\t<div id=\"elementor-tab-content-2437\" class=\"elementor-tab-content elementor-clearfix\" data-tab=\"7\" role=\"tabpanel\" aria-labelledby=\"elementor-tab-title-2437\"><p><a href=\"http:\/\/ekonomik.opole.pl\/dokumenty\/regulamin_szkoly.doc\" target=\"_blank\" rel=\"noopener\">Zobacz\/pobierz regulamin<\/a><\/p><\/div>\n\t\t\t\t<\/div>\n\t\t\t\t\t\t\t<div class=\"elementor-accordion-item\">\n\t\t\t\t\t<div id=\"elementor-tab-title-2438\" class=\"elementor-tab-title\" data-tab=\"8\" role=\"tab\" aria-controls=\"elementor-tab-content-2438\" aria-expanded=\"false\">\n\t\t\t\t\t\t\t\t\t\t\t\t\t<span class=\"elementor-accordion-icon elementor-accordion-icon-left\" aria-hidden=\"true\">\n\t\t\t\t\t\t\t\t\t\t\t\t\t\t\t<span class=\"elementor-accordion-icon-closed\"><i class=\"fas fa-plus\"><\/i><\/span>\n\t\t\t\t\t\t\t\t<span class=\"elementor-accordion-icon-opened\"><i class=\"fas fa-minus\"><\/i><\/span>\n\t\t\t\t\t\t\t\t\t\t\t\t\t\t<\/span>\n\t\t\t\t\t\t\t\t\t\t\t\t<a class=\"elementor-accordion-title\" href=\"\">Szkolny program wychowawczo-profilaktyczny<\/a>\n\t\t\t\t\t<\/div>\n\t\t\t\t\t<div id=\"elementor-tab-content-2438\" class=\"elementor-tab-content elementor-clearfix\" data-tab=\"8\" role=\"tabpanel\" aria-labelledby=\"elementor-tab-title-2438\"><p><a href=\"http:\/\/ekonomik.opole.pl\/dokumenty\/SPWP_24-25.pdf\" target=\"_blank\" rel=\"noopener\">Zobacz\/pobierz program<\/a><\/p><\/div>\n\t\t\t\t<\/div>\n\t\t\t\t\t\t\t<div class=\"elementor-accordion-item\">\n\t\t\t\t\t<div id=\"elementor-tab-title-2439\" class=\"elementor-tab-title\" data-tab=\"9\" role=\"tab\" aria-controls=\"elementor-tab-content-2439\" aria-expanded=\"false\">\n\t\t\t\t\t\t\t\t\t\t\t\t\t<span class=\"elementor-accordion-icon elementor-accordion-icon-left\" aria-hidden=\"true\">\n\t\t\t\t\t\t\t\t\t\t\t\t\t\t\t<span class=\"elementor-accordion-icon-closed\"><i class=\"fas fa-plus\"><\/i><\/span>\n\t\t\t\t\t\t\t\t<span class=\"elementor-accordion-icon-opened\"><i class=\"fas fa-minus\"><\/i><\/span>\n\t\t\t\t\t\t\t\t\t\t\t\t\t\t<\/span>\n\t\t\t\t\t\t\t\t\t\t\t\t<a class=\"elementor-accordion-title\" href=\"\">Plan imprez i uroczysto\u015bci 2024\/2025<\/a>\n\t\t\t\t\t<\/div>\n\t\t\t\t\t<div id=\"elementor-tab-content-2439\" class=\"elementor-tab-content elementor-clearfix\" data-tab=\"9\" role=\"tabpanel\" aria-labelledby=\"elementor-tab-title-2439\"><p><a href=\"http:\/\/ekonomik.opole.pl\/dokumenty\/plan_imprez_i_uroczystosci_2024-2025.pdf\">PLAN IMPREZ I UROCZYSTO\u015aCI<\/a><\/p><\/div>\n\t\t\t\t<\/div>\n\t\t\t\t\t\t\t<div class=\"elementor-accordion-item\">\n\t\t\t\t\t<div id=\"elementor-tab-title-24310\" class=\"elementor-tab-title\" data-tab=\"10\" role=\"tab\" aria-controls=\"elementor-tab-content-24310\" aria-expanded=\"false\">\n\t\t\t\t\t\t\t\t\t\t\t\t\t<span class=\"elementor-accordion-icon elementor-accordion-icon-left\" aria-hidden=\"true\">\n\t\t\t\t\t\t\t\t\t\t\t\t\t\t\t<span class=\"elementor-accordion-icon-closed\"><i class=\"fas fa-plus\"><\/i><\/span>\n\t\t\t\t\t\t\t\t<span class=\"elementor-accordion-icon-opened\"><i class=\"fas fa-minus\"><\/i><\/span>\n\t\t\t\t\t\t\t\t\t\t\t\t\t\t<\/span>\n\t\t\t\t\t\t\t\t\t\t\t\t<a class=\"elementor-accordion-title\" href=\"\">Wykaz wychowawstw w roku szkolnym 2026\/2027<\/a>\n\t\t\t\t\t<\/div>\n\t\t\t\t\t<div id=\"elementor-tab-content-24310\" class=\"elementor-tab-content elementor-clearfix\" data-tab=\"10\" role=\"tabpanel\" aria-labelledby=\"elementor-tab-title-24310\"><table width=\"699\"><tbody><tr><td width=\"57\"><p>klasa<\/p><\/td><td width=\"378\"><p>zaw\u00f3d<\/p><\/td><td width=\"265\"><p>Wychowawca<\/p><\/td><\/tr><tr><td width=\"57\"><p>1a<\/p><\/td><td width=\"378\"><p>\u00a0\u00a0\u00a0\u00a0\u00a0\u00a0\u00a0\u00a0\u00a0\u00a0 technik fotografii i multimedi\u00f3w<\/p><\/td><td width=\"265\"><p>Adam Skwira<\/p><\/td><\/tr><tr><td width=\"57\"><p>1b<\/p><\/td><td width=\"378\"><p>\u00a0\u00a0\u00a0\u00a0\u00a0\u00a0\u00a0\u00a0\u00a0\u00a0 technik programista<\/p><\/td><td width=\"265\"><p>Patrycja Borczy\u0144ska<\/p><\/td><\/tr><tr><td width=\"57\"><p>1c<\/p><\/td><td width=\"378\"><p>\u00a0\u00a0\u00a0\u00a0\u00a0\u00a0\u00a0\u00a0\u00a0\u00a0 technik rachunkowo\u015bci<\/p><\/td><td width=\"265\"><p>Anna Suchi\u0144ska<\/p><\/td><\/tr><tr><td width=\"57\"><p>1d<\/p><\/td><td width=\"378\"><p>\u00a0\u00a0\u00a0\u00a0\u00a0\u00a0\u00a0\u00a0\u00a0\u00a0 technik ekonomista<\/p><\/td><td width=\"265\"><p>Izabela Go\u0142og\u00f3rska<\/p><\/td><\/tr><tr><td width=\"57\"><p>1e<\/p><\/td><td width=\"378\"><p>\u00a0\u00a0\u00a0\u00a0\u00a0\u00a0\u00a0\u00a0\u00a0\u00a0 technik reklamy<\/p><\/td><td width=\"265\"><p>Alicja Buczkowska<\/p><\/td><\/tr><tr><td width=\"57\"><p>1f<\/p><\/td><td width=\"378\"><p>\u00a0\u00a0\u00a0\u00a0\u00a0\u00a0\u00a0\u00a0\u00a0\u00a0 technik logistyk<\/p><\/td><td width=\"265\"><p>Stanis\u0142aw Hadyna<\/p><\/td><\/tr><tr><td width=\"57\"><p>1g<\/p><\/td><td width=\"378\"><p>1 g1 \u2013 technik grafiki i poligrafii cyfrowej<\/p><p>1 g2 &#8211;\u00a0 technik logistyk<\/p><\/td><td width=\"265\"><p>Renata Peszko<\/p><\/td><\/tr><tr><td width=\"57\"><p>2a<\/p><\/td><td width=\"378\"><p>\u00a0\u00a0\u00a0\u00a0\u00a0\u00a0\u00a0\u00a0\u00a0\u00a0 technik fotografii i multimedi\u00f3w<\/p><\/td><td width=\"265\"><p>Marta Nagi<\/p><\/td><\/tr><tr><td width=\"57\"><p>2b<\/p><\/td><td width=\"378\"><p>2 b1 &#8211;\u00a0 technik programista<\/p><p>2 b2 &#8211;\u00a0 technik rachunkowo\u015bci<\/p><\/td><td width=\"265\"><p>Marta Polok<\/p><\/td><\/tr><tr><td width=\"57\"><p>2c<\/p><\/td><td width=\"378\"><p>\u00a0\u00a0\u00a0\u00a0\u00a0\u00a0\u00a0\u00a0\u00a0\u00a0 technik grafiki i poligrafii cyfrowej<\/p><\/td><td width=\"265\"><p>Izabela Tkocz<\/p><\/td><\/tr><tr><td width=\"57\"><p>2d<\/p><\/td><td width=\"378\"><p>\u00a0\u00a0\u00a0\u00a0\u00a0\u00a0\u00a0\u00a0\u00a0\u00a0 technik ekonomista<\/p><\/td><td width=\"265\"><p>Anna Podleska<\/p><\/td><\/tr><tr><td width=\"57\"><p>2e<\/p><\/td><td width=\"378\"><p>\u00a0\u00a0\u00a0\u00a0\u00a0\u00a0\u00a0\u00a0\u00a0\u00a0 technik reklamy<\/p><\/td><td width=\"265\"><p>Monika Ku\u017anik<\/p><\/td><\/tr><tr><td width=\"57\"><p>2f<\/p><\/td><td width=\"378\"><p>\u00a0\u00a0\u00a0\u00a0\u00a0\u00a0\u00a0\u00a0\u00a0\u00a0 technik logistyk<\/p><\/td><td width=\"265\"><p>Janina Ficek<\/p><\/td><\/tr><tr><td width=\"57\"><p>3a<\/p><\/td><td width=\"378\"><p>3 a1 \u2013 technik fotografii i multimedi\u00f3w<\/p><p>3 a2 \u2013 technik grafiki i poligrafii cyfrowej<\/p><p>3 a3 &#8211; technik reklamy<\/p><\/td><td width=\"265\"><p>Magdalena Brosz<\/p><\/td><\/tr><tr><td width=\"57\"><p>3b<\/p><\/td><td width=\"378\"><p>\u00a0\u00a0\u00a0\u00a0\u00a0\u00a0\u00a0\u00a0\u00a0\u00a0 technik programista<\/p><\/td><td width=\"265\"><p>Mariusz Wojas\u00a0<\/p><\/td><\/tr><tr><td width=\"57\"><p>3c<\/p><\/td><td width=\"378\"><p>3 c1 \u2013 technik ekonomista<\/p><p>3 c2 \u2013 technik rachunkowo\u015bci<\/p><\/td><td width=\"265\"><p>Anna Kornek\u00a0<\/p><\/td><\/tr><tr><td width=\"57\"><p>3d<\/p><\/td><td width=\"378\"><p>\u00a0\u00a0\u00a0\u00a0\u00a0\u00a0\u00a0\u00a0\u00a0\u00a0 technik logistyk\u00a0<\/p><\/td><td width=\"265\"><p>Ma\u0142gorzata Kochanowska<\/p><\/td><\/tr><tr><td width=\"57\"><p>4a<\/p><\/td><td width=\"378\"><p>4 a1 \u2013 technik fotografii i multimedi\u00f3w<\/p><p>4 a2 \u2013 technik ekonomista<\/p><\/td><td width=\"265\"><p>Edyta Ko\u015bcielak<\/p><\/td><\/tr><tr><td width=\"57\"><p>4b<\/p><\/td><td width=\"378\"><p>4 b1 \u2013 technik programista<\/p><p>4 b2 \u2013 technik grafiki i poligrafii cyfrowej<\/p><\/td><td width=\"265\"><p>Beata Krywalska &#8211; Wlaz\u0142o<\/p><\/td><\/tr><tr><td width=\"57\"><p>4c<\/p><\/td><td width=\"378\"><p>\u00a0\u00a0\u00a0\u00a0\u00a0\u00a0\u00a0\u00a0\u00a0\u00a0 technik ekonomista<\/p><\/td><td width=\"265\"><p>Katarzyna \u017bukowska<\/p><\/td><\/tr><tr><td width=\"57\"><p>4d<\/p><\/td><td width=\"378\"><p>\u00a0\u00a0\u00a0\u00a0\u00a0\u00a0\u00a0\u00a0\u00a0\u00a0 technik rachunkowo\u015bci<\/p><\/td><td width=\"265\"><p>Anna Matyaszczuk<\/p><\/td><\/tr><tr><td width=\"57\"><p>4e<\/p><\/td><td width=\"378\"><p>\u00a0\u00a0\u00a0\u00a0\u00a0\u00a0\u00a0\u00a0\u00a0\u00a0 technik reklamy<\/p><\/td><td width=\"265\"><p>Olga Wilkowska<\/p><\/td><\/tr><tr><td width=\"57\"><p>4f<\/p><\/td><td width=\"378\"><p>\u00a0\u00a0\u00a0\u00a0\u00a0\u00a0\u00a0\u00a0\u00a0\u00a0 technik logistyk<\/p><\/td><td width=\"265\"><p>Iwona Krakowiak &#8211; Bzymek<\/p><\/td><\/tr><tr><td width=\"57\"><p>\u00a0\u00a0 5a<\/p><\/td><td width=\"378\"><p>5 a1 \u2013 technik fotografii i multimedi\u00f3w\u00a0<\/p><p>5 a2 \u2013 technik programista<\/p><\/td><td width=\"265\"><p>Sebastian Tabo\u0142<\/p><\/td><\/tr><tr><td width=\"57\"><p>5b<\/p><\/td><td width=\"378\"><p>\u00a0\u00a0\u00a0\u00a0\u00a0\u00a0\u00a0\u00a0\u00a0\u00a0 technik rachunkowo\u015bci<\/p><\/td><td width=\"265\"><p>Ma\u0142gorzata Rapacz<\/p><\/td><\/tr><tr><td width=\"57\"><p>5c<\/p><\/td><td width=\"378\"><p>\u00a0\u00a0\u00a0\u00a0\u00a0\u00a0\u00a0\u00a0\u00a0\u00a0 technik ekonomista<\/p><\/td><td width=\"265\"><p>Katarzyna Romanowska<\/p><\/td><\/tr><tr><td width=\"57\"><p>5d<\/p><\/td><td width=\"378\"><p>5 d1 \u2013 technik ekonomista<\/p><p>5 d2 \u2013 technik logistyk<\/p><\/td><td width=\"265\"><p>Aneta Teper &#8211; \u0106wirko<\/p><\/td><\/tr><tr><td width=\"57\"><p>5e<\/p><\/td><td width=\"378\"><p>\u00a0\u00a0\u00a0\u00a0\u00a0\u00a0\u00a0\u00a0\u00a0\u00a0 technik reklamy<\/p><\/td><td width=\"265\"><p>Urszula Izdebska<\/p><\/td><\/tr><tr><td width=\"57\"><p>5f<\/p><\/td><td width=\"378\"><p>\u00a0\u00a0\u00a0\u00a0\u00a0\u00a0\u00a0\u00a0\u00a0\u00a0 technik logistyk<\/p><\/td><td width=\"265\"><p>Ma\u0142gorzata Ja\u015bkiewicz<\/p><\/td><\/tr><tr><td width=\"57\"><p>5g<\/p><\/td><td width=\"378\"><p>\u00a0\u00a0\u00a0\u00a0\u00a0\u00a0\u00a0\u00a0\u00a0\u00a0 technik grafiki i poligrafii cyfrowej<\/p><\/td><td width=\"265\"><p>Rafa\u0142 Krzyszta\u0142owicz<\/p><\/td><\/tr><\/tbody><\/table><\/div>\n\t\t\t\t<\/div>\n\t\t\t\t\t\t\t<div class=\"elementor-accordion-item\">\n\t\t\t\t\t<div id=\"elementor-tab-title-24311\" class=\"elementor-tab-title\" data-tab=\"11\" role=\"tab\" aria-controls=\"elementor-tab-content-24311\" aria-expanded=\"false\">\n\t\t\t\t\t\t\t\t\t\t\t\t\t<span class=\"elementor-accordion-icon elementor-accordion-icon-left\" aria-hidden=\"true\">\n\t\t\t\t\t\t\t\t\t\t\t\t\t\t\t<span class=\"elementor-accordion-icon-closed\"><i class=\"fas fa-plus\"><\/i><\/span>\n\t\t\t\t\t\t\t\t<span class=\"elementor-accordion-icon-opened\"><i class=\"fas fa-minus\"><\/i><\/span>\n\t\t\t\t\t\t\t\t\t\t\t\t\t\t<\/span>\n\t\t\t\t\t\t\t\t\t\t\t\t<a class=\"elementor-accordion-title\" href=\"\">Terminy praktyk zawodowych w\u00a0roku szkolnym 2026\/2027<\/a>\n\t\t\t\t\t<\/div>\n\t\t\t\t\t<div id=\"elementor-tab-content-24311\" class=\"elementor-tab-content elementor-clearfix\" data-tab=\"11\" role=\"tabpanel\" aria-labelledby=\"elementor-tab-title-24311\"><table width=\"917\"><tbody><tr><td width=\"47\"><p>L.p.<\/p><\/td><td width=\"359\"><p>Zaw\u00f3d<\/p><\/td><td width=\"142\"><p>Liczba tygodni<\/p><\/td><td width=\"104\"><p>Klasa<\/p><\/td><td width=\"265\"><p>Termin praktyki<\/p><\/td><\/tr><tr><td width=\"47\"><p>1. \u00a0<\/p><\/td><td width=\"359\"><p>Technik fotografii i multimedi\u00f3w\u00a0<\/p><\/td><td width=\"142\"><p>4<\/p><\/td><td width=\"104\"><p>3a1<\/p><\/td><td width=\"265\"><p>II sem. (05.04 \u2013 30.04.2027 r.)<\/p><\/td><\/tr><tr><td width=\"47\"><p>2. \u00a0<\/p><\/td><td width=\"359\"><p>Technik grafiki i poligrafii cyfrowej<\/p><\/td><td width=\"142\"><p>4<\/p><\/td><td width=\"104\"><p>3 a2<\/p><\/td><td width=\"265\"><p>II sem. (05.04 \u2013 30.04.2027 r.)<\/p><\/td><\/tr><tr><td width=\"47\"><p>3. \u00a0<\/p><\/td><td width=\"359\"><p>Technik reklamy<\/p><\/td><td width=\"142\"><p>4<\/p><\/td><td width=\"104\"><p>3 a3<\/p><\/td><td width=\"265\"><p>II sem. (05.04 \u2013 30.04.2027 r.)<\/p><\/td><\/tr><tr><td width=\"47\"><p>4. \u00a0<\/p><\/td><td width=\"359\"><p>Technik programista\u00a0<\/p><\/td><td width=\"142\"><p>4<\/p><\/td><td width=\"104\"><p>3 b<\/p><\/td><td width=\"265\"><p>II sem. (05.04 \u2013 30.04.2027 r.)<\/p><\/td><\/tr><tr><td width=\"47\"><p>5. \u00a0<\/p><\/td><td width=\"359\"><p>Technik ekonomista<\/p><\/td><td width=\"142\"><p>4<\/p><\/td><td width=\"104\"><p>3 c1<\/p><\/td><td width=\"265\"><p>II sem. (05.04 \u2013 30.04.2027 r.)<\/p><\/td><\/tr><tr><td width=\"47\"><p>6. \u00a0<\/p><\/td><td width=\"359\"><p>Technik rachunkowo\u015bci<\/p><\/td><td width=\"142\"><p>4<\/p><\/td><td width=\"104\"><p>3 c2<\/p><\/td><td width=\"265\"><p>II sem. (05.04 \u2013 30.04.2027 r.)<\/p><\/td><\/tr><tr><td width=\"47\"><p>7. \u00a0<\/p><\/td><td width=\"359\"><p>Technik logistyk<\/p><\/td><td width=\"142\"><p>4<\/p><\/td><td width=\"104\"><p>3 d<\/p><\/td><td width=\"265\"><p>II sem. (05.04 \u2013 30.04.2027 r.)<\/p><\/td><\/tr><tr><td width=\"47\"><p>8. \u00a0<\/p><\/td><td width=\"359\"><p>Technik fotografii i multimedi\u00f3w<\/p><\/td><td width=\"142\"><p>4<\/p><\/td><td width=\"104\"><p>4 a1<\/p><\/td><td width=\"265\"><p>II sem. (03.05 \u2013 31.05.2027 r.)<\/p><\/td><\/tr><tr><td width=\"47\"><p>9. \u00a0<\/p><\/td><td width=\"359\"><p>Technik ekonomista<\/p><\/td><td width=\"142\"><p>4<\/p><\/td><td width=\"104\"><p>4 a2<\/p><\/td><td width=\"265\"><p>II sem. (03.05 \u2013 31.05.2027 r.)<\/p><\/td><\/tr><tr><td width=\"47\"><p>10.<\/p><\/td><td width=\"359\"><p>Technik programista<\/p><\/td><td width=\"142\"><p>4<\/p><\/td><td width=\"104\"><p>4 b1<\/p><\/td><td width=\"265\"><p>II sem. (03.05 \u2013 31.05.2027 r.)<\/p><\/td><\/tr><tr><td width=\"47\"><p>11.<\/p><\/td><td width=\"359\"><p>Technik grafiki i poligrafii cyfrowej<\/p><\/td><td width=\"142\"><p>4<\/p><\/td><td width=\"104\"><p>4 b2<\/p><\/td><td width=\"265\"><p>II sem. (03.05 \u2013 31.05.2027 r.)<\/p><\/td><\/tr><tr><td width=\"47\"><p>12.<\/p><\/td><td width=\"359\"><p>Technik ekonomista<\/p><\/td><td width=\"142\"><p>4<\/p><\/td><td width=\"104\"><p>4 c<\/p><\/td><td width=\"265\"><p>II sem. (03.05 \u2013 31.05.2027 r.)<\/p><\/td><\/tr><tr><td width=\"47\"><p>13.<\/p><\/td><td width=\"359\"><p>Technik rachunkowo\u015bci\u00a0<\/p><\/td><td width=\"142\"><p>4<\/p><\/td><td width=\"104\"><p>4 d<\/p><\/td><td width=\"265\"><p>II sem. (03.05 \u2013 31.05.2027 r.)<\/p><\/td><\/tr><tr><td width=\"47\"><p>14.<\/p><\/td><td width=\"359\"><p>Technik reklamy<\/p><\/td><td width=\"142\"><p>4<\/p><\/td><td width=\"104\"><p>4 e<\/p><\/td><td width=\"265\"><p>II sem. (03.05 \u2013 31.05.2027 r.)<\/p><\/td><\/tr><tr><td width=\"47\"><p>15.<\/p><\/td><td width=\"359\"><p>Technik logistyk<\/p><\/td><td width=\"142\"><p>4<\/p><\/td><td width=\"104\"><p>4 f<\/p><\/td><td width=\"265\"><p>II sem. (03.05 \u2013 31.05.2027 r.)<\/p><\/td><\/tr><\/tbody><\/table><\/div>\n\t\t\t\t<\/div>\n\t\t\t\t\t\t\t<div class=\"elementor-accordion-item\">\n\t\t\t\t\t<div id=\"elementor-tab-title-24312\" class=\"elementor-tab-title\" data-tab=\"12\" role=\"tab\" aria-controls=\"elementor-tab-content-24312\" aria-expanded=\"false\">\n\t\t\t\t\t\t\t\t\t\t\t\t\t<span class=\"elementor-accordion-icon elementor-accordion-icon-left\" aria-hidden=\"true\">\n\t\t\t\t\t\t\t\t\t\t\t\t\t\t\t<span class=\"elementor-accordion-icon-closed\"><i class=\"fas fa-plus\"><\/i><\/span>\n\t\t\t\t\t\t\t\t<span class=\"elementor-accordion-icon-opened\"><i class=\"fas fa-minus\"><\/i><\/span>\n\t\t\t\t\t\t\t\t\t\t\t\t\t\t<\/span>\n\t\t\t\t\t\t\t\t\t\t\t\t<a class=\"elementor-accordion-title\" href=\"\">Wykaz podr\u0119cznik\u00f3w na rok szkolny 2026\/2027 - NOWY!<\/a>\n\t\t\t\t\t<\/div>\n\t\t\t\t\t<div id=\"elementor-tab-content-24312\" class=\"elementor-tab-content elementor-clearfix\" data-tab=\"12\" role=\"tabpanel\" aria-labelledby=\"elementor-tab-title-24312\"><p><a href=\"http:\/\/ekonomik.opole.pl\/dokumenty\/zestaw_podrecznikow_2026_27.pdf\" target=\"_blank\" rel=\"noopener\">Pobierz<\/a><\/p><\/div>\n\t\t\t\t<\/div>\n\t\t\t\t\t\t\t<div class=\"elementor-accordion-item\">\n\t\t\t\t\t<div id=\"elementor-tab-title-24313\" class=\"elementor-tab-title\" data-tab=\"13\" role=\"tab\" aria-controls=\"elementor-tab-content-24313\" aria-expanded=\"false\">\n\t\t\t\t\t\t\t\t\t\t\t\t\t<span class=\"elementor-accordion-icon elementor-accordion-icon-left\" aria-hidden=\"true\">\n\t\t\t\t\t\t\t\t\t\t\t\t\t\t\t<span class=\"elementor-accordion-icon-closed\"><i class=\"fas fa-plus\"><\/i><\/span>\n\t\t\t\t\t\t\t\t<span class=\"elementor-accordion-icon-opened\"><i class=\"fas fa-minus\"><\/i><\/span>\n\t\t\t\t\t\t\t\t\t\t\t\t\t\t<\/span>\n\t\t\t\t\t\t\t\t\t\t\t\t<a class=\"elementor-accordion-title\" href=\"\">Wa\u017cne terminy w roku szkolnym 2026\/2027<\/a>\n\t\t\t\t\t<\/div>\n\t\t\t\t\t<div id=\"elementor-tab-content-24313\" class=\"elementor-tab-content elementor-clearfix\" data-tab=\"13\" role=\"tabpanel\" aria-labelledby=\"elementor-tab-title-24313\"><ol><li>Rozpocz\u0119cie roku szkolnego \u2013 <strong>09.2026r<\/strong>.<\/li><li>Zebrania z rodzicami:<\/li><\/ol><ul><li><strong>09.2026 &#8211; <\/strong>spotkania z rodzicami uczni\u00f3w wszystkich klas (godz. <strong>17.00<\/strong>)<\/li><li><strong>11.2026 \u2013 <\/strong>spotkania\/konsultacje z rodzicami uczni\u00f3w wszystkich klas (godz.<strong>17.00<\/strong>)<\/li><li><strong>12.2026 &#8211; <\/strong>zebranie informuj\u0105ce o ocenach za I p\u00f3\u0142rocze uczni\u00f3w klas I \u2013 V (godz. <strong>18.00<\/strong>)<\/li><li><strong>04.2027 \u2013<\/strong> zebranie z rodzicami klas V informuj\u0105ce o proponowanych ocenach rocznych oraz spotkania\/konsultacje z rodzicami uczni\u00f3w pozosta\u0142ych klas (godz. <strong>17.00<\/strong>)<\/li><li><strong>06.2027 &#8211;<\/strong> zebranie informuj\u0105ce o proponowanych ocenach rocznych (godz. <strong>17.00<\/strong>)<\/li><\/ul><p><strong>\u00a0<\/strong><\/p><p><strong><u>Klasy V:<\/u> <\/strong><\/p><ol><li>Zako\u0144czenie I p\u00f3\u0142rocza \u2013 11 grudnia 2026r. (jest to ostatni dzie\u0144 wystawiania ocen za I p\u00f3\u0142rocze)\u00a0<\/li><li>16 grudnia 2026r.(\u015broda) \u2013 klasyfikacyjna rada pedagogiczna po I p\u00f3\u0142roczu<\/li><li>Rozpocz\u0119cie drugiego p\u00f3\u0142rocza \u2013 14 grudnia 2026r.<\/li><li>Wystawienie <u>prognoz ocen<\/u> ze wszystkich przedmiot\u00f3w &#8211; do 13 kwietnia 2027r. w\u0142\u0105cznie<\/li><li>Wystawienie <u>rocznych ocen<\/u> ze wszystkich przedmiot\u00f3w &#8211; do 23 kwietnia 2027r. w\u0142\u0105cznie<\/li><li>Roczna klasyfikacyjna rada pedagogiczna \u2013 26 kwietnia 2027r. (poniedzia\u0142ek)<\/li><li>Zako\u0144czenie roku szkolnego \u2013 30 kwietnia 2027r.<\/li><\/ol><p><strong>\u00a0<\/strong><\/p><p><strong><u>Klasy I \u2013 IV<\/u>\u00a0 <\/strong><\/p><ol><li>Zako\u0144czenie I p\u00f3\u0142rocza \u2013 11 grudnia 2026r. (jest to ostatni dzie\u0144 wystawiania ocen za I p\u00f3\u0142rocze)\u00a0\u00a0<\/li><li>16 grudnia 2026r.(\u015broda) \u2013 klasyfikacyjna rada pedagogiczna po I p\u00f3\u0142roczu<\/li><li>Wystawienie <u>prognoz ocen<\/u> ze wszystkich przedmiot\u00f3w &#8211; do 08 czerwca 2027r. w\u0142\u0105cznie<\/li><li>Wystawienie <u>rocznych ocen<\/u> ze wszystkich przedmiot\u00f3w &#8211; do 18 czerwca 2027r. w\u0142\u0105cznie<\/li><li>Roczna klasyfikacyjna rada pedagogiczna \u2013 21 czerwca 2027r. (poniedzia\u0142ek)<\/li><li>Zako\u0144czenie roku szkolnego &#8211; 25 czerwca 2027r.<\/li><\/ol><\/div>\n\t\t\t\t<\/div>\n\t\t\t\t\t\t\t<div class=\"elementor-accordion-item\">\n\t\t\t\t\t<div id=\"elementor-tab-title-24314\" class=\"elementor-tab-title\" data-tab=\"14\" role=\"tab\" aria-controls=\"elementor-tab-content-24314\" aria-expanded=\"false\">\n\t\t\t\t\t\t\t\t\t\t\t\t\t<span class=\"elementor-accordion-icon elementor-accordion-icon-left\" aria-hidden=\"true\">\n\t\t\t\t\t\t\t\t\t\t\t\t\t\t\t<span class=\"elementor-accordion-icon-closed\"><i class=\"fas fa-plus\"><\/i><\/span>\n\t\t\t\t\t\t\t\t<span class=\"elementor-accordion-icon-opened\"><i class=\"fas fa-minus\"><\/i><\/span>\n\t\t\t\t\t\t\t\t\t\t\t\t\t\t<\/span>\n\t\t\t\t\t\t\t\t\t\t\t\t<a class=\"elementor-accordion-title\" href=\"\">Wykaz zaj\u0119\u0107 pozalekcyjnych\u00a0w roku szkolnym 2024\/2025<\/a>\n\t\t\t\t\t<\/div>\n\t\t\t\t\t<div id=\"elementor-tab-content-24314\" class=\"elementor-tab-content elementor-clearfix\" data-tab=\"14\" role=\"tabpanel\" aria-labelledby=\"elementor-tab-title-24314\"><p><a href=\"http:\/\/ekonomik.opole.pl\/eko3\/wp-content\/uploads\/2023\/10\/ZAJECIA-DODATKOW-EKONOMIK-.pdf\">ZAJ\u0118CIA DODATKOW EKONOMIK<\/a><\/p><div id=\"gtx-trans\" style=\"position: absolute; left: -39px; top: 33px;\"><div class=\"gtx-trans-icon\">\u00a0<\/div><\/div><\/div>\n\t\t\t\t<\/div>\n\t\t\t\t\t\t\t<div class=\"elementor-accordion-item\">\n\t\t\t\t\t<div id=\"elementor-tab-title-24315\" class=\"elementor-tab-title\" data-tab=\"15\" role=\"tab\" aria-controls=\"elementor-tab-content-24315\" aria-expanded=\"false\">\n\t\t\t\t\t\t\t\t\t\t\t\t\t<span class=\"elementor-accordion-icon elementor-accordion-icon-left\" aria-hidden=\"true\">\n\t\t\t\t\t\t\t\t\t\t\t\t\t\t\t<span class=\"elementor-accordion-icon-closed\"><i class=\"fas fa-plus\"><\/i><\/span>\n\t\t\t\t\t\t\t\t<span class=\"elementor-accordion-icon-opened\"><i class=\"fas fa-minus\"><\/i><\/span>\n\t\t\t\t\t\t\t\t\t\t\t\t\t\t<\/span>\n\t\t\t\t\t\t\t\t\t\t\t\t<a class=\"elementor-accordion-title\" href=\"\">Organizacja roku szkolnego 2026\/2027<\/a>\n\t\t\t\t\t<\/div>\n\t\t\t\t\t<div id=\"elementor-tab-content-24315\" class=\"elementor-tab-content elementor-clearfix\" data-tab=\"15\" role=\"tabpanel\" aria-labelledby=\"elementor-tab-title-24315\"><p>1.09.2026r. \u2013 uroczyste rozpocz\u0119cie roku szkolnego<\/p><p>14.10.2026r. \u2013 dzie\u0144 wolny od zaj\u0119\u0107 dydaktyczno \u2013 wychowawczych (\u015broda)\u00a0<\/p><p>30.10.2026r. &#8211; dzie\u0144 wolny od zaj\u0119\u0107 dydaktyczno \u2013 wychowawczych (pi\u0105tek)<\/p><p>02.11.2026r. \u2013 dzie\u0144 wolny od zaj\u0119\u0107 dydaktyczno \u2013 wychowawczych (poniedzia\u0142ek)<\/p><p>11.12.2026r. &#8211;\u00a0 zako\u0144czenie I p\u00f3\u0142rocza dla wszystkich klas<\/p><p>14.12.2026r. &#8211;\u00a0 rozpocz\u0119cie II p\u00f3\u0142rocza dla wszystkich klas<\/p><p>21<strong>&#8211;<\/strong>22.12.2026r. &#8211; dzie\u0144 wolny od zaj\u0119\u0107 dydaktyczno \u2013 wychowawczych (poniedzia\u0142ek, wtorek)<\/p><p>23.12. \u2013 31.12.2026r. \u2013 zimowa przerwa \u015bwi\u0105teczna<\/p><p>07.01.2027r. \u2013 dzie\u0144\u00a0 wolny od zaj\u0119\u0107 dydaktyczno \u2013 wychowawczych\u00a0 &#8211; egzamin zawodowy (czwartek) 18.01. \u2013 30.01.2027r. \u2013 ferie zimowe<\/p><p>25.03. \u2013 30.03.2027r. \u2013 wiosenna przerwa \u015bwi\u0105teczna<\/p><p>05.04. \u2013 30.04.2027r. \u2013 praktyka zawodowa dla uczni\u00f3w klas III<\/p><p>30.04.2027r. \u2013 zako\u0144czenie zaj\u0119\u0107 w klasach programowo najwy\u017cszych<\/p><p>04.05. \u2013 31.05.2027r. \u2013 praktyka zawodowa dla uczni\u00f3w klas IV<\/p><ul><li>2027r. &#8211; dzie\u0144 wolny od zaj\u0119\u0107 dydaktyczno \u2013 wychowawczych (wtorek) &#8211;\u00a0 matura\u00a0<\/li><li>2027r. &#8211; dzie\u0144 wolny od zaj\u0119\u0107 dydaktyczno \u2013 wychowawczych (\u015broda) &#8211;\u00a0 matura<\/li><li>2027r. &#8211; dzie\u0144 wolny od zaj\u0119\u0107 dydaktyczno \u2013 wychowawczych (czwartek) &#8211;\u00a0 matura\u00a0<\/li><li>2027r. &#8211; dzie\u0144 wolny od zaj\u0119\u0107 dydaktyczno \u2013 wychowawczych (pi\u0105tek) &#8211;\u00a0 matura\u00a0<\/li><\/ul><p>28.05.2027r. &#8211; dzie\u0144\u00a0 wolny od zaj\u0119\u0107 dydaktyczno \u2013 wychowawczych (pi\u0105tek)<\/p><p>25.06.2027r. \u2013 zako\u0144czenie roku szkolnego dla uczni\u00f3w klas I \u2013 IV\u00a0<\/p><\/div>\n\t\t\t\t<\/div>\n\t\t\t\t\t\t\t<div class=\"elementor-accordion-item\">\n\t\t\t\t\t<div id=\"elementor-tab-title-24316\" class=\"elementor-tab-title\" data-tab=\"16\" role=\"tab\" aria-controls=\"elementor-tab-content-24316\" aria-expanded=\"false\">\n\t\t\t\t\t\t\t\t\t\t\t\t\t<span class=\"elementor-accordion-icon elementor-accordion-icon-left\" aria-hidden=\"true\">\n\t\t\t\t\t\t\t\t\t\t\t\t\t\t\t<span class=\"elementor-accordion-icon-closed\"><i class=\"fas fa-plus\"><\/i><\/span>\n\t\t\t\t\t\t\t\t<span class=\"elementor-accordion-icon-opened\"><i class=\"fas fa-minus\"><\/i><\/span>\n\t\t\t\t\t\t\t\t\t\t\t\t\t\t<\/span>\n\t\t\t\t\t\t\t\t\t\t\t\t<a class=\"elementor-accordion-title\" href=\"\">Standardy ochrony ma\u0142oletnich w Zespole Szk\u00f3\u0142 Ekonomicznych w Opolu<\/a>\n\t\t\t\t\t<\/div>\n\t\t\t\t\t<div id=\"elementor-tab-content-24316\" class=\"elementor-tab-content elementor-clearfix\" data-tab=\"16\" role=\"tabpanel\" aria-labelledby=\"elementor-tab-title-24316\"><p><a href=\"http:\/\/ekonomik.opole.pl\/eko3\/wp-content\/uploads\/2024\/08\/STANDARDY-OCHRONY-MALOLETNICH-ZSEk.pdf\">STANDARDY OCHRONY MA\u0141OLETNICH ZSEk<\/a><\/p><\/div>\n\t\t\t\t<\/div>\n\t\t\t\t\t\t\t<div class=\"elementor-accordion-item\">\n\t\t\t\t\t<div id=\"elementor-tab-title-24317\" class=\"elementor-tab-title\" data-tab=\"17\" role=\"tab\" aria-controls=\"elementor-tab-content-24317\" aria-expanded=\"false\">\n\t\t\t\t\t\t\t\t\t\t\t\t\t<span class=\"elementor-accordion-icon elementor-accordion-icon-left\" aria-hidden=\"true\">\n\t\t\t\t\t\t\t\t\t\t\t\t\t\t\t<span class=\"elementor-accordion-icon-closed\"><i class=\"fas fa-plus\"><\/i><\/span>\n\t\t\t\t\t\t\t\t<span class=\"elementor-accordion-icon-opened\"><i class=\"fas fa-minus\"><\/i><\/span>\n\t\t\t\t\t\t\t\t\t\t\t\t\t\t<\/span>\n\t\t\t\t\t\t\t\t\t\t\t\t<a class=\"elementor-accordion-title\" href=\"\">PROCEDURA ZG\u0141ASZANIA NARUSZE\u0143 PRAWA, OCHRONY SYGNALIST\u00d3W ORAZ PODEJMOWANIA DZIA\u0141A\u0143 NAST\u0118PCZYCH<\/a>\n\t\t\t\t\t<\/div>\n\t\t\t\t\t<div id=\"elementor-tab-content-24317\" class=\"elementor-tab-content elementor-clearfix\" data-tab=\"17\" role=\"tabpanel\" aria-labelledby=\"elementor-tab-title-24317\"><p><a href=\"https:\/\/ekonomik.opole.pl\/z\/procedura.pdf\">PROCEDURA ZG\u0141ASZANIA NARUSZE\u0143 PRAWA, OCHRONY SYGNALIST\u00d3W ORAZ PODEJMOWANIA DZIA\u0141A\u0143 NAST\u0118PCZYCH<\/a><\/p><p>\u00a0<\/p><p><a href=\"https:\/\/ekonomik.opole.pl\/z\/zalacznik_nr_1_formularz_zgloszenia.pdf\">FORMULARZ ZG\u0141OSZENIA WEWN\u0118TRZNEGO NIEPRAWID\u0141OWO\u015aCI\/NARUSZE\u0143<\/a><\/p><\/div>\n\t\t\t\t<\/div>\n\t\t\t\t\t\t\t<div class=\"elementor-accordion-item\">\n\t\t\t\t\t<div id=\"elementor-tab-title-24318\" class=\"elementor-tab-title\" data-tab=\"18\" role=\"tab\" aria-controls=\"elementor-tab-content-24318\" aria-expanded=\"false\">\n\t\t\t\t\t\t\t\t\t\t\t\t\t<span class=\"elementor-accordion-icon elementor-accordion-icon-left\" aria-hidden=\"true\">\n\t\t\t\t\t\t\t\t\t\t\t\t\t\t\t<span class=\"elementor-accordion-icon-closed\"><i class=\"fas fa-plus\"><\/i><\/span>\n\t\t\t\t\t\t\t\t<span class=\"elementor-accordion-icon-opened\"><i class=\"fas fa-minus\"><\/i><\/span>\n\t\t\t\t\t\t\t\t\t\t\t\t\t\t<\/span>\n\t\t\t\t\t\t\t\t\t\t\t\t<a class=\"elementor-accordion-title\" href=\"\">Tydzie\u0144 dla bezpiecze\u0144stwa<\/a>\n\t\t\t\t\t<\/div>\n\t\t\t\t\t<div id=\"elementor-tab-content-24318\" class=\"elementor-tab-content elementor-clearfix\" data-tab=\"18\" role=\"tabpanel\" aria-labelledby=\"elementor-tab-title-24318\"><p><a href=\"http:\/\/ekonomik.opole.pl\/eko3\/wp-content\/uploads\/2026\/06\/Podpisany-przez-Pania-Minister-Edukacji-List-do-Dyrektorow-Nauczycieli-Rodzicow-i-Uczniow.pdf\">List od Pani Minister Edukacji Narodowej do Uczni\u00f3w, Rodzic\u00f3w, Dyrektor\u00f3w i Nauczycieli<\/a><\/p><p><a href=\"https:\/\/www.kuratorium.opole.pl\/wp-content\/uploads\/2026\/06\/lista-materialow-na-tydzien-dla-bezpieczenstwa.pdf\">Materia\u0142y, bank dobrych praktyk<\/a><\/p><table class=\"gwp1c60edad_MsoNormalTable\" border=\"0\" cellspacing=\"0\" cellpadding=\"0\"><tbody><tr><td valign=\"top\" width=\"20\"><p class=\"gwp1c60edad_MsoNormal\" align=\"center\">\u2022<\/p><\/td><td valign=\"top\"><p class=\"gwp1c60edad_MsoNormal\"><a href=\"https:\/\/dokumenty.men.gov.pl\/Zalacznik-nr-1-ulotka-cyberbezpieczenstwo-Jak-sie-chronic-6a198a7b28737.pdf\" target=\"_blank\" rel=\"noopener noreferrer\" data-saferedirecturl=\"https:\/\/zasobygwp.pl\/redirect?sig=72977b6296fa9caded4dcfb75fbdca5f7df7fecd7db4f4497006a6bf14f323b9&amp;url=aHR0cHM6Ly9kb2t1bWVudHkubWVuLmdvdi5wbC9aYWxhY3puaWstbnItMS11bG90a2EtY3liZXJiZXpwaWVjemVuc3R3by1KYWstc2llLWNocm9uaWMtNmExOThhN2IyODczNy5wZGY=&amp;platform=desktop&amp;brand=o2\">Za\u0142\u0105cznik nr 1 ulotka cyberbezpiecze\u0144stwo- Jak si\u0119 chroni\u0107<\/a><\/p><\/td><\/tr><tr><td valign=\"top\" width=\"20\"><p class=\"gwp1c60edad_MsoNormal\" align=\"center\">\u2022<\/p><\/td><td valign=\"top\"><p class=\"gwp1c60edad_MsoNormal\"><a href=\"https:\/\/dokumenty.men.gov.pl\/Zalacznik-nr-2-ulotka-cyberbezpieczenstwo-6a198a7b34d07.pdf\" target=\"_blank\" rel=\"noopener noreferrer\" data-saferedirecturl=\"https:\/\/zasobygwp.pl\/redirect?sig=2ff10eb6e17d0ae8006ee6da14f0aff0f8aa48bb367a9d53381554613dbee3b6&amp;url=aHR0cHM6Ly9kb2t1bWVudHkubWVuLmdvdi5wbC9aYWxhY3puaWstbnItMi11bG90a2EtY3liZXJiZXpwaWVjemVuc3R3by02YTE5OGE3YjM0ZDA3LnBkZg==&amp;platform=desktop&amp;brand=o2\">Za\u0142\u0105cznik nr 2 ulotka cyberbezpiecze\u0144stwo<\/a><\/p><\/td><\/tr><tr><td valign=\"top\" width=\"20\"><p class=\"gwp1c60edad_MsoNormal\" align=\"center\">\u2022<\/p><\/td><td valign=\"top\"><p class=\"gwp1c60edad_MsoNormal\"><a href=\"https:\/\/dokumenty.men.gov.pl\/Zalacznik-nr-3-ulotka-rowerowa-10-kluczowych-zasad-6a198a7b3ca81.pdf\" target=\"_blank\" rel=\"noopener noreferrer\" data-saferedirecturl=\"https:\/\/zasobygwp.pl\/redirect?sig=795362bd4301433dfbd9b635a1b41490c394882d4105a75c9bd097c5fbb96175&amp;url=aHR0cHM6Ly9kb2t1bWVudHkubWVuLmdvdi5wbC9aYWxhY3puaWstbnItMy11bG90a2Etcm93ZXJvd2EtMTAta2x1Y3pvd3ljaC16YXNhZC02YTE5OGE3YjNjYTgxLnBkZg==&amp;platform=desktop&amp;brand=o2\">Za\u0142\u0105cznik nr 3 ulotka rowerowa 10 kluczowych zasad<\/a><\/p><\/td><\/tr><tr><td valign=\"top\" width=\"20\"><p class=\"gwp1c60edad_MsoNormal\" align=\"center\">\u2022<\/p><\/td><td valign=\"top\"><p class=\"gwp1c60edad_MsoNormal\"><a href=\"https:\/\/dokumenty.men.gov.pl\/Zalacznik-nr-4-ulotka-rowerowa-obowiazkowe-wyposazenie-6a198ad589da7.pdf\" target=\"_blank\" rel=\"noopener noreferrer\" data-saferedirecturl=\"https:\/\/zasobygwp.pl\/redirect?sig=5bf98e23ce22859f1ca7c50b1a4fa340be57fa91d0415a8df8e45ab323c71900&amp;url=aHR0cHM6Ly9kb2t1bWVudHkubWVuLmdvdi5wbC9aYWxhY3puaWstbnItNC11bG90a2Etcm93ZXJvd2Etb2Jvd2lhemtvd2Utd3lwb3NhemVuaWUtNmExOThhZDU4OWRhNy5wZGY=&amp;platform=desktop&amp;brand=o2\">Za\u0142\u0105cznik nr 4 ulotka rowerowa &#8211; obowi\u0105zkowe wyposa\u017cenie<\/a><\/p><\/td><\/tr><tr><td valign=\"top\" width=\"20\"><p class=\"gwp1c60edad_MsoNormal\" align=\"center\">\u2022<\/p><\/td><td valign=\"top\"><p class=\"gwp1c60edad_MsoNormal\"><a href=\"https:\/\/dokumenty.men.gov.pl\/Zalacznik-nr-5-ulotka-woda-lato-2026-z-logotypami-6a198ad58ecea.png\" target=\"_blank\" rel=\"noopener noreferrer\" data-saferedirecturl=\"https:\/\/zasobygwp.pl\/redirect?sig=8e1a3f8ac8f9d7b5acdacd01dde835706986857b828a861dc5151991234fe2d1&amp;url=aHR0cHM6Ly9kb2t1bWVudHkubWVuLmdvdi5wbC9aYWxhY3puaWstbnItNS11bG90a2Etd29kYS1sYXRvLTIwMjYtei1sb2dvdHlwYW1pLTZhMTk4YWQ1OGVjZWEucG5n&amp;platform=desktop&amp;brand=o2\">Za\u0142\u0105cznik nr 5 ulotka woda lato 2026 z logotypami<\/a><\/p><\/td><\/tr><tr><td valign=\"top\" width=\"20\"><p class=\"gwp1c60edad_MsoNormal\" align=\"center\">\u2022<\/p><\/td><td valign=\"top\"><p class=\"gwp1c60edad_MsoNormal\"><a href=\"https:\/\/dokumenty.men.gov.pl\/Zalacznik-nr-6-ulotka-gory-lato-2026-6a198b4d562fd.png\" target=\"_blank\" rel=\"noopener noreferrer\" data-saferedirecturl=\"https:\/\/zasobygwp.pl\/redirect?sig=4effa5e9139c6882e678095bdfeb85aaa8bc79832bc87e14620b281d5e759987&amp;url=aHR0cHM6Ly9kb2t1bWVudHkubWVuLmdvdi5wbC9aYWxhY3puaWstbnItNi11bG90a2EtZ29yeS1sYXRvLTIwMjYtNmExOThiNGQ1NjJmZC5wbmc=&amp;platform=desktop&amp;brand=o2\">Za\u0142\u0105cznik nr 6 ulotka g\u00f3ry lato 2026.png<\/a><\/p><\/td><\/tr><tr><td valign=\"top\" width=\"20\"><p class=\"gwp1c60edad_MsoNormal\" align=\"center\">\u2022<\/p><\/td><td valign=\"top\"><p class=\"gwp1c60edad_MsoNormal\"><a href=\"https:\/\/dokumenty.men.gov.pl\/Zalacznik-nr-7-plakat-lato-2026-6a198b4d63ba8.png\" target=\"_blank\" rel=\"noopener noreferrer\" data-saferedirecturl=\"https:\/\/zasobygwp.pl\/redirect?sig=5896f5c3969d8b3834b83cf3a70f750c5edd36ddb3823c666c5ce3210c01e450&amp;url=aHR0cHM6Ly9kb2t1bWVudHkubWVuLmdvdi5wbC9aYWxhY3puaWstbnItNy1wbGFrYXQtbGF0by0yMDI2LTZhMTk4YjRkNjNiYTgucG5n&amp;platform=desktop&amp;brand=o2\">Za\u0142\u0105cznik nr 7 plakat lato 2026<\/a><\/p><\/td><\/tr><tr><td valign=\"top\" width=\"20\"><p class=\"gwp1c60edad_MsoNormal\" align=\"center\">\u2022<\/p><\/td><td valign=\"top\"><p class=\"gwp1c60edad_MsoNormal\"><a href=\"https:\/\/dokumenty.men.gov.pl\/Zalacznik-nr-8-Broszura-edukacyjno-informacyjna-Szkola-wolna-od-nikotyny-6a198b4d86b75.pdf\" target=\"_blank\" rel=\"noopener noreferrer\" data-saferedirecturl=\"https:\/\/zasobygwp.pl\/redirect?sig=b844dca20809719f5587d7cd1a5f30a4a51976fdf7aafd9e9bf467493c90836b&amp;url=aHR0cHM6Ly9kb2t1bWVudHkubWVuLmdvdi5wbC9aYWxhY3puaWstbnItOC1Ccm9zenVyYS1lZHVrYWN5am5vLWluZm9ybWFjeWpuYS1TemtvbGEtd29sbmEtb2Qtbmlrb3R5bnktNmExOThiNGQ4NmI3NS5wZGY=&amp;platform=desktop&amp;brand=o2\">Za\u0142\u0105cznik nr 8 &#8211; Broszura edukacyjno-informacyjna Szko\u0142a wolna od nikotyny<\/a><\/p><\/td><\/tr><tr><td valign=\"top\" width=\"20\"><p class=\"gwp1c60edad_MsoNormal\" align=\"center\">\u2022<\/p><\/td><td valign=\"top\"><p class=\"gwp1c60edad_MsoNormal\"><a href=\"https:\/\/dokumenty.men.gov.pl\/Zalacznik-nr-9-Porada-Asystent-AI-to-nie-pamietnik-decyduj-co-mowisz-Czym-jest-i-jak-bezpiecznie-z-niego-korzystac-6a198b4e10a21.pdf\" target=\"_blank\" rel=\"noopener noreferrer\" data-saferedirecturl=\"https:\/\/zasobygwp.pl\/redirect?sig=acf325b0f004fa3a804cc70938b480cbe6b14d4012739b7ed1889caa7d068c1d&amp;url=aHR0cHM6Ly9kb2t1bWVudHkubWVuLmdvdi5wbC9aYWxhY3puaWstbnItOS1Qb3JhZGEtQXN5c3RlbnQtQUktdG8tbmllLXBhbWlldG5pay1kZWN5ZHVqLWNvLW1vd2lzei1DenltLWplc3QtaS1qYWstYmV6cGllY3puaWUtei1uaWVnby1rb3J6eXN0YWMtNmExOThiNGUxMGEyMS5wZGY=&amp;platform=desktop&amp;brand=o2\">Za\u0142\u0105cznik nr 9 Porada &#8211; Asystent AI to nie pami\u0119tnik &#8211; decyduj, co m\u00f3wisz. Czym jest i jak bezpiecznie z niego korzysta\u0107<\/a><\/p><\/td><\/tr><tr><td valign=\"top\" width=\"20\"><p class=\"gwp1c60edad_MsoNormal\" align=\"center\">\u2022<\/p><\/td><td valign=\"top\"><p class=\"gwp1c60edad_MsoNormal\"><a href=\"https:\/\/dokumenty.men.gov.pl\/Zalacznik-nr-10-Porada-Bezpieczenstwo-w-cyfrowym-swiecie-Jak-dbac-o-prywatnosc-w-internecie-6a198b9515c14.pdf\" target=\"_blank\" rel=\"noopener noreferrer\" data-saferedirecturl=\"https:\/\/zasobygwp.pl\/redirect?sig=88e17d97f77d5e200f7e8d3e9dd700960a276841ec6d59be165a8bbf50276069&amp;url=aHR0cHM6Ly9kb2t1bWVudHkubWVuLmdvdi5wbC9aYWxhY3puaWstbnItMTAtUG9yYWRhLUJlenBpZWN6ZW5zdHdvLXctY3lmcm93eW0tc3dpZWNpZS1KYWstZGJhYy1vLXByeXdhdG5vc2Mtdy1pbnRlcm5lY2llLTZhMTk4Yjk1MTVjMTQucGRm&amp;platform=desktop&amp;brand=o2\">Za\u0142\u0105cznik nr 10 Porada &#8211; Bezpiecze\u0144stwo w cyfrowym \u015bwiecie. Jak dba\u0107 o prywatno\u015b\u0107 w internecie.<\/a><\/p><\/td><\/tr><tr><td valign=\"top\" width=\"20\"><p class=\"gwp1c60edad_MsoNormal\" align=\"center\">\u2022<\/p><\/td><td valign=\"top\"><p class=\"gwp1c60edad_MsoNormal\"><a href=\"https:\/\/dokumenty.men.gov.pl\/Zalacznik-nr-11-Porada-Juice-jacking-czyli-wyciskanie-danych-z-urzadzen-Uwazaj-na-publiczne-porty-USB-6a198b951d5b4.pdf\" target=\"_blank\" rel=\"noopener noreferrer\" data-saferedirecturl=\"https:\/\/zasobygwp.pl\/redirect?sig=5e84ed3b30080e6a1095c1576fd6f9580af4009810fa1f5fce256abc4878e584&amp;url=aHR0cHM6Ly9kb2t1bWVudHkubWVuLmdvdi5wbC9aYWxhY3puaWstbnItMTEtUG9yYWRhLUp1aWNlLWphY2tpbmctY3p5bGktd3ljaXNrYW5pZS1kYW55Y2gtei11cnphZHplbi1Vd2F6YWotbmEtcHVibGljem5lLXBvcnR5LVVTQi02YTE5OGI5NTFkNWI0LnBkZg==&amp;platform=desktop&amp;brand=o2\">Za\u0142\u0105cznik nr 11 Porada &#8211; Juice jacking, czyli wyciskanie danych z urz\u0105dze\u0144. Uwa\u017caj na publiczne porty USB!<\/a><\/p><\/td><\/tr><tr><td valign=\"top\" width=\"20\"><p class=\"gwp1c60edad_MsoNormal\" align=\"center\">\u2022<\/p><\/td><td valign=\"top\"><p class=\"gwp1c60edad_MsoNormal\"><a href=\"https:\/\/dokumenty.men.gov.pl\/Zalacznik-nr-12-Porada-Korzystanie-z-AI-w-sposob-bezpieczny-i-odpowiedzialny-6a198bdb71b9c.pdf\" target=\"_blank\" rel=\"noopener noreferrer\" data-saferedirecturl=\"https:\/\/zasobygwp.pl\/redirect?sig=e640686cb48360b101bcb63f1f9cb84419a55f8768b9c8c0a2cc9dd2cce7a5a2&amp;url=aHR0cHM6Ly9kb2t1bWVudHkubWVuLmdvdi5wbC9aYWxhY3puaWstbnItMTItUG9yYWRhLUtvcnp5c3RhbmllLXotQUktdy1zcG9zb2ItYmV6cGllY3pueS1pLW9kcG93aWVkemlhbG55LTZhMTk4YmRiNzFiOWMucGRm&amp;platform=desktop&amp;brand=o2\">Za\u0142\u0105cznik nr 12 Porada &#8211; Korzystanie z AI w spos\u00f3b bezpieczny i odpowiedzialny.<\/a><\/p><\/td><\/tr><tr><td valign=\"top\" width=\"20\"><p class=\"gwp1c60edad_MsoNormal\" align=\"center\">\u2022<\/p><\/td><td valign=\"top\"><p class=\"gwp1c60edad_MsoNormal\"><a href=\"https:\/\/dokumenty.men.gov.pl\/Zalacznik-nr-13-Porada-Ochrona-prywatnosci-i-mediacja-w-konfliktach-6a198cfaeead2.pdf\" target=\"_blank\" rel=\"noopener noreferrer\" data-saferedirecturl=\"https:\/\/zasobygwp.pl\/redirect?sig=c072eaf1fd82475626650d15d63ec11ab46b4e189872016a2269c5214b11d7db&amp;url=aHR0cHM6Ly9kb2t1bWVudHkubWVuLmdvdi5wbC9aYWxhY3puaWstbnItMTMtUG9yYWRhLU9jaHJvbmEtcHJ5d2F0bm9zY2ktaS1tZWRpYWNqYS13LWtvbmZsaWt0YWNoLTZhMTk4Y2ZhZWVhZDIucGRm&amp;platform=desktop&amp;brand=o2\">Za\u0142\u0105cznik nr 13 Porada &#8211; Ochrona prywatno\u015bci i mediacja w konfliktach.<\/a><\/p><\/td><\/tr><tr><td valign=\"top\" width=\"20\"><p class=\"gwp1c60edad_MsoNormal\" align=\"center\">\u2022<\/p><\/td><td valign=\"top\"><p class=\"gwp1c60edad_MsoNormal\"><a href=\"https:\/\/dokumenty.men.gov.pl\/Zalacznik-nr-14-Porada-Ochrona-prywatnosci-i-mediacja-w-konfliktach-6a198d2cddcd5.pdf\" target=\"_blank\" rel=\"noopener noreferrer\" data-saferedirecturl=\"https:\/\/zasobygwp.pl\/redirect?sig=15695c62dace8f97ba1d7fe082ff83114c531220503ad8e9c94688523e9651a9&amp;url=aHR0cHM6Ly9kb2t1bWVudHkubWVuLmdvdi5wbC9aYWxhY3puaWstbnItMTQtUG9yYWRhLU9jaHJvbmEtcHJ5d2F0bm9zY2ktaS1tZWRpYWNqYS13LWtvbmZsaWt0YWNoLTZhMTk4ZDJjZGRjZDUucGRm&amp;platform=desktop&amp;brand=o2\">Za\u0142\u0105cznik nr 14 Porada &#8211; Ochrona prywatno\u015bci i mediacja w konfliktach.<\/a><\/p><\/td><\/tr><tr><td valign=\"top\" width=\"20\"><p class=\"gwp1c60edad_MsoNormal\" align=\"center\">\u2022<\/p><\/td><td valign=\"top\"><p class=\"gwp1c60edad_MsoNormal\"><a href=\"https:\/\/dokumenty.men.gov.pl\/Zalacznik-nr-15-Porada-Ryzyko-udostepniania-wizerunku-dzieci-w-sieci-6a198d2ce5344.pdf\" target=\"_blank\" rel=\"noopener noreferrer\" data-saferedirecturl=\"https:\/\/zasobygwp.pl\/redirect?sig=41f52814571848888f19a2e21e2c136ba4e9ce75ec93a93b55cb1cc6105de2fa&amp;url=aHR0cHM6Ly9kb2t1bWVudHkubWVuLmdvdi5wbC9aYWxhY3puaWstbnItMTUtUG9yYWRhLVJ5enlrby11ZG9zdGVwbmlhbmlhLXdpemVydW5rdS1kemllY2ktdy1zaWVjaS02YTE5OGQyY2U1MzQ0LnBkZg==&amp;platform=desktop&amp;brand=o2\">Za\u0142\u0105cznik nr 15 Porada &#8211; Ryzyko udost\u0119pniania wizerunku dzieci w sieci.pdf<\/a><\/p><\/td><\/tr><tr><td valign=\"top\" width=\"20\"><p class=\"gwp1c60edad_MsoNormal\" align=\"center\">\u2022<\/p><\/td><td valign=\"top\"><p class=\"gwp1c60edad_MsoNormal\"><a href=\"https:\/\/dokumenty.men.gov.pl\/Zalacznik-nr-16-Porada-Sharenting-1-6a198d8d727ad.pdf\" target=\"_blank\" rel=\"noopener noreferrer\" data-saferedirecturl=\"https:\/\/zasobygwp.pl\/redirect?sig=5edf65f78486821871c818edac5a76c05740f0eebd69185afd1230dce4228156&amp;url=aHR0cHM6Ly9kb2t1bWVudHkubWVuLmdvdi5wbC9aYWxhY3puaWstbnItMTYtUG9yYWRhLVNoYXJlbnRpbmctMS02YTE5OGQ4ZDcyN2FkLnBkZg==&amp;platform=desktop&amp;brand=o2\">Za\u0142\u0105cznik nr 16 Porada &#8211; Sharenting (1).<\/a><\/p><\/td><\/tr><tr><td valign=\"top\" width=\"20\"><p class=\"gwp1c60edad_MsoNormal\" align=\"center\">\u2022<\/p><\/td><td valign=\"top\"><p class=\"gwp1c60edad_MsoNormal\"><a href=\"https:\/\/dokumenty.men.gov.pl\/Zalacznik-nr-17-Porada-Swiadomosc-rodzica-to-dobre-wsparcie-dla-dziecka-Jak-wspierac-dzieci-w-ochronie-prywatnosci-6a198d8d77a76.pdf\" target=\"_blank\" rel=\"noopener noreferrer\" data-saferedirecturl=\"https:\/\/zasobygwp.pl\/redirect?sig=5af03ba818dbfc05c5a3ed4c2a44d7048bebfd65459400ecc34c0656a0b57dc7&amp;url=aHR0cHM6Ly9kb2t1bWVudHkubWVuLmdvdi5wbC9aYWxhY3puaWstbnItMTctUG9yYWRhLVN3aWFkb21vc2Mtcm9kemljYS10by1kb2JyZS13c3BhcmNpZS1kbGEtZHppZWNrYS1KYWstd3NwaWVyYWMtZHppZWNpLXctb2Nocm9uaWUtcHJ5d2F0bm9zY2ktNmExOThkOGQ3N2E3Ni5wZGY=&amp;platform=desktop&amp;brand=o2\">Za\u0142\u0105cznik nr 17 Porada &#8211; \u015awiadomo\u015b\u0107 rodzica to dobre wsparcie dla dziecka. Jak wspiera\u0107 dzieci w ochronie prywatno\u015bci..<\/a><\/p><\/td><\/tr><tr><td valign=\"top\" width=\"20\"><p class=\"gwp1c60edad_MsoNormal\" align=\"center\">\u2022<\/p><\/td><td valign=\"top\"><p class=\"gwp1c60edad_MsoNormal\"><a href=\"https:\/\/dokumenty.men.gov.pl\/Zalacznik-nr-18-Ulotka-Deepfake-6a198d8d7b15a.pdf\" target=\"_blank\" rel=\"noopener noreferrer\" data-saferedirecturl=\"https:\/\/zasobygwp.pl\/redirect?sig=54c8f1fac66fdb64fe6e930cf07219b8820ec527aaec36550ae5b2badb133f9d&amp;url=aHR0cHM6Ly9kb2t1bWVudHkubWVuLmdvdi5wbC9aYWxhY3puaWstbnItMTgtVWxvdGthLURlZXBmYWtlLTZhMTk4ZDhkN2IxNWEucGRm&amp;platform=desktop&amp;brand=o2\">Za\u0142\u0105cznik nr 18 Ulotka &#8211; Deepfake.<\/a><\/p><\/td><\/tr><tr><td valign=\"top\" width=\"20\"><p class=\"gwp1c60edad_MsoNormal\" align=\"center\">\u2022<\/p><\/td><td valign=\"top\"><p class=\"gwp1c60edad_MsoNormal\"><a href=\"https:\/\/dokumenty.men.gov.pl\/Zalacznik-nr-19-Ulotka-Jak-madrze-promowac-szkole-6a198e11b2130.pdf\" target=\"_blank\" rel=\"noopener noreferrer\" data-saferedirecturl=\"https:\/\/zasobygwp.pl\/redirect?sig=8fbbc818f1f0e6a12e6a8f3cd42e9a59296e90ffa8972b17d5ea8e0e55f63665&amp;url=aHR0cHM6Ly9kb2t1bWVudHkubWVuLmdvdi5wbC9aYWxhY3puaWstbnItMTktVWxvdGthLUphay1tYWRyemUtcHJvbW93YWMtc3prb2xlLTZhMTk4ZTExYjIxMzAucGRm&amp;platform=desktop&amp;brand=o2\">Za\u0142\u0105cznik nr 19 Ulotka &#8211; Jak m\u0105drze promowa\u0107 szko\u0142\u0119.<\/a><\/p><\/td><\/tr><tr><td valign=\"top\" width=\"20\"><p class=\"gwp1c60edad_MsoNormal\" align=\"center\">\u2022<\/p><\/td><td valign=\"top\"><p class=\"gwp1c60edad_MsoNormal\"><a href=\"https:\/\/dokumenty.men.gov.pl\/Zalacznik-nr-20-Ulotka-Prawa-osob-ktorych-dane-dotycza-6a198e11b8cf0.pdf\" target=\"_blank\" rel=\"noopener noreferrer\" data-saferedirecturl=\"https:\/\/zasobygwp.pl\/redirect?sig=ed68684579b93a035c84b53c713e42766594a4115d505ae0fa1c3217d5130f5e&amp;url=aHR0cHM6Ly9kb2t1bWVudHkubWVuLmdvdi5wbC9aYWxhY3puaWstbnItMjAtVWxvdGthLVByYXdhLW9zb2Ita3RvcnljaC1kYW5lLWRvdHljemEtNmExOThlMTFiOGNmMC5wZGY=&amp;platform=desktop&amp;brand=o2\">Za\u0142\u0105cznik nr 20 Ulotka &#8211; Prawa os\u00f3b, kt\u00f3rych dane dotycz\u0105.<\/a><\/p><\/td><\/tr><tr><td valign=\"top\" width=\"20\"><p class=\"gwp1c60edad_MsoNormal\" align=\"center\">\u2022<\/p><\/td><td valign=\"top\"><p class=\"gwp1c60edad_MsoNormal\"><a href=\"https:\/\/dokumenty.men.gov.pl\/Zalacznik-21-Ulotka-Twoje-dane-Twoja-sprawa-6a198e11cb323.pdf\" target=\"_blank\" rel=\"noopener noreferrer\" data-saferedirecturl=\"https:\/\/zasobygwp.pl\/redirect?sig=1c50d5ab617228506534b3ab611824a0aa3b736e7da2789a3ea50da1ff02d9b3&amp;url=aHR0cHM6Ly9kb2t1bWVudHkubWVuLmdvdi5wbC9aYWxhY3puaWstMjEtVWxvdGthLVR3b2plLWRhbmUtVHdvamEtc3ByYXdhLTZhMTk4ZTExY2IzMjMucGRm&amp;platform=desktop&amp;brand=o2\">Za\u0142\u0105cznik 21 Ulotka &#8211; Twoje dane &#8211; Twoja sprawa.<\/a><\/p><\/td><\/tr><tr><td valign=\"top\" width=\"20\"><p class=\"gwp1c60edad_MsoNormal\" align=\"center\">\u2022<\/p><\/td><td valign=\"top\"><p class=\"gwp1c60edad_MsoNormal\"><a href=\"https:\/\/dokumenty.men.gov.pl\/Zalacznik-nr-22Wizerunek-dziecka-w-internecie-Publikowac-czy-nie-6a198e11e32f8.pdf\" target=\"_blank\" rel=\"noopener noreferrer\" data-saferedirecturl=\"https:\/\/zasobygwp.pl\/redirect?sig=b834d0f8556e865386ef61a2120e8a8bd5b149cc5e92eed4d0f1541b40c0a755&amp;url=aHR0cHM6Ly9kb2t1bWVudHkubWVuLmdvdi5wbC9aYWxhY3puaWstbnItMjJXaXplcnVuZWstZHppZWNrYS13LWludGVybmVjaWUtUHVibGlrb3dhYy1jenktbmllLTZhMTk4ZTExZTMyZjgucGRm&amp;platform=desktop&amp;brand=o2\">Za\u0142\u0105cznik nr 22 Wizerunek dziecka w internecie. Publikowa\u0107 czy nie..<\/a><\/p><\/td><\/tr><tr><td valign=\"top\" width=\"20\"><p class=\"gwp1c60edad_MsoNormal\" align=\"center\">\u2022<\/p><\/td><td valign=\"top\"><p class=\"gwp1c60edad_MsoNormal\"><a href=\"https:\/\/dokumenty.men.gov.pl\/Zalacznik-nr-23-materialy-NASK-6a198e521aaf2.docx\" target=\"_blank\" rel=\"noopener noreferrer\" data-saferedirecturl=\"https:\/\/zasobygwp.pl\/redirect?sig=9d0dfb7c76a26f8c3f92c316eb3b1cb67df12e91762769639d2ff130a6ade184&amp;url=aHR0cHM6Ly9kb2t1bWVudHkubWVuLmdvdi5wbC9aYWxhY3puaWstbnItMjMtbWF0ZXJpYWx5LU5BU0stNmExOThlNTIxYWFmMi5kb2N4&amp;platform=desktop&amp;brand=o2\">Za\u0142\u0105cznik nr 23 materia\u0142y NASK.<\/a><\/p><\/td><\/tr><tr><td valign=\"top\" width=\"20\"><p class=\"gwp1c60edad_MsoNormal\" align=\"center\">\u2022<\/p><\/td><td valign=\"top\"><p class=\"gwp1c60edad_MsoNormal\"><a href=\"https:\/\/dokumenty.men.gov.pl\/Zalacznik-nr-24-ramka-pomocowa-6a198e5226a6c.png\" target=\"_blank\" rel=\"noopener noreferrer\" data-saferedirecturl=\"https:\/\/zasobygwp.pl\/redirect?sig=d9de6e14ab4dc5de6f2282a75c36f4d1f5c5aa8720c748b3718468c4eec3b5cd&amp;url=aHR0cHM6Ly9kb2t1bWVudHkubWVuLmdvdi5wbC9aYWxhY3puaWstbnItMjQtcmFta2EtcG9tb2Nvd2EtNmExOThlNTIyNmE2Yy5wbmc=&amp;platform=desktop&amp;brand=o2\">Za\u0142\u0105cznik nr 24 ramka pomocowa.<\/a><\/p><\/td><\/tr><tr><td valign=\"top\" width=\"20\"><p class=\"gwp1c60edad_MsoNormal\" align=\"center\">\u2022<\/p><\/td><td valign=\"top\"><p class=\"gwp1c60edad_MsoNormal\"><a href=\"https:\/\/dokumenty.men.gov.pl\/Zalacznik-nr-25-rekomendacje-dotyczace-informowania-o-zachowaniach-samobojczych-6a198e850c9c3.jpg\" target=\"_blank\" rel=\"noopener noreferrer\" data-saferedirecturl=\"https:\/\/zasobygwp.pl\/redirect?sig=09e0b148a4bbf567f972b0c7c21871971b2050ce7795a58be67ff93d5b1982fe&amp;url=aHR0cHM6Ly9kb2t1bWVudHkubWVuLmdvdi5wbC9aYWxhY3puaWstbnItMjUtcmVrb21lbmRhY2plLWRvdHljemFjZS1pbmZvcm1vd2FuaWEtby16YWNob3dhbmlhY2gtc2Ftb2JvamN6eWNoLTZhMTk4ZTg1MGM5YzMuanBn&amp;platform=desktop&amp;brand=o2\">Za\u0142\u0105cznik nr 25 rekomendacje dotycz\u0105ce informowania o zachowaniach samob\u00f3jczych.<\/a><\/p><\/td><\/tr><tr><td valign=\"top\" width=\"20\"><p class=\"gwp1c60edad_MsoNormal\" align=\"center\">\u2022<\/p><\/td><td valign=\"top\"><p class=\"gwp1c60edad_MsoNormal\"><a href=\"https:\/\/dokumenty.men.gov.pl\/Zalacznik-nr-26-rekomendacje-wersja-rozszerzona-6a198ea9e8f74.pdf\" target=\"_blank\" rel=\"noopener noreferrer\" data-saferedirecturl=\"https:\/\/zasobygwp.pl\/redirect?sig=fdb5e06b48a6182d89bf8ce9c957955e31fe779c8cb9ab8bbe0da1434e7d691f&amp;url=aHR0cHM6Ly9kb2t1bWVudHkubWVuLmdvdi5wbC9aYWxhY3puaWstbnItMjYtcmVrb21lbmRhY2plLXdlcnNqYS1yb3pzemVyem9uYS02YTE5OGVhOWU4Zjc0LnBkZg==&amp;platform=desktop&amp;brand=o2\">Za\u0142\u0105cznik nr 26 rekomendacje wersja rozszerzona.pdf<\/a><\/p><\/td><\/tr><\/tbody><\/table><\/div>\n\t\t\t\t<\/div>\n\t\t\t\t\t\t\t\t<\/div>\n\t\t\t\t<\/div>\n\t\t\t\t<\/div>\n\t\t\t\t<div class=\"elementor-element elementor-element-3f16503 elementor-widget elementor-widget-text-editor\" data-id=\"3f16503\" data-element_type=\"widget\" data-widget_type=\"text-editor.default\">\n\t\t\t\t<div class=\"elementor-widget-container\">\n\t\t\t\t\t\t\t\t<div class=\"elementor-text-editor elementor-clearfix\">\n\t\t\t\t\t<pre>\ud835\udc4a\ud835\udc60\ud835\udc5d\ud835\udc5c\u0301\u0142\ud835\udc50\ud835\udc67\ud835\udc52\ud835\udc60\ud835\udc5b\ud835\udc5c\ud835\udc60\u0301\ud835\udc50\u0301 \ud835\udc64\ud835\udc66\ud835\udc5a\ud835\udc4e\ud835\udc54\ud835\udc4e \ud835\udc58\ud835\udc5c\ud835\udc5b\ud835\udc56\ud835\udc52\ud835\udc50\ud835\udc67\ud835\udc5b\ud835\udc5c\ud835\udc60\u0301\ud835\udc50\ud835\udc56 \ud835\udc51\ud835\udc5c\ud835\udc58\ud835\udc5c\ud835\udc5b\ud835\udc4e\ud835\udc5b\ud835\udc56\ud835\udc4e \ud835\udc54\u0142\ud835\udc52\u0328\ud835\udc4f\ud835\udc5c\ud835\udc58\ud835\udc56\ud835\udc52\ud835\udc54\ud835\udc5c \ud835\udc5b\ud835\udc4e\ud835\udc5a\ud835\udc66\ud835\udc60\u0142\ud835\udc62 \ud835\udc5b\ud835\udc4e\ud835\udc51 \ud835\udc52\ud835\udc51\ud835\udc62\ud835\udc58\ud835\udc4e\ud835\udc50\ud835\udc57\ud835\udc4e\u0328, \ud835\udc58\ud835\udc61\ud835\udc5c\u0301\ud835\udc5f\ud835\udc4e \ud835\udc5d\ud835\udc5f\ud835\udc67\ud835\udc66\ud835\udc54\ud835\udc5c\ud835\udc61\ud835\udc5c\ud835\udc64\ud835\udc66\ud835\udc64\ud835\udc4e\u0142\ud835\udc4e\ud835\udc4f\ud835\udc66 \ud835\udc51\ud835\udc67\ud835\udc56\ud835\udc52\ud835\udc50\ud835\udc56 \ud835\udc56 \ud835\udc5a\u0142\ud835\udc5c\ud835\udc51\ud835\udc67\ud835\udc56\ud835\udc52\ud835\udc67\u0307 \ud835\udc51\ud835\udc5c \ud835\udc5f\ud835\udc5c\ud835\udc67\ud835\udc64\ud835\udc56\ud835\udc4e\u0328\ud835\udc67\ud835\udc66\ud835\udc64\ud835\udc4e\ud835\udc5b\ud835\udc56\ud835\udc4e \ud835\udc5b\ud835\udc5c\ud835\udc64\ud835\udc66\ud835\udc50\u210e \ud835\udc56 \ud835\udc61\ud835\udc5f\ud835\udc62\ud835\udc51\ud835\udc5b\ud835\udc66\ud835\udc50\u210e \ud835\udc67\ud835\udc4e\ud835\udc51\ud835\udc4e\ud835\udc5b\u0301, \ud835\udc51\ud835\udc5c \ud835\udc5f\ud835\udc5c\ud835\udc67\ud835\udc64\ud835\udc5c\ud835\udc57\ud835\udc62 \ud835\udc58\ud835\udc5f\ud835\udc66\ud835\udc61\ud835\udc66\ud835\udc50\ud835\udc67\ud835\udc5b\ud835\udc52\ud835\udc54\ud835\udc5c \ud835\udc56 \ud835\udc5f\ud835\udc52\ud835\udc53\ud835\udc59\ud835\udc52\ud835\udc58\ud835\udc60\ud835\udc66\ud835\udc57\ud835\udc5b\ud835\udc52\ud835\udc54\ud835\udc5c \ud835\udc5a\ud835\udc66\ud835\udc60\u0301\ud835\udc59\ud835\udc52\ud835\udc5b\ud835\udc56\ud835\udc4e, \ud835\udc4e \ud835\udc5d\ud835\udc5f\ud835\udc67\ud835\udc52\ud835\udc51\ud835\udc52 \ud835\udc64\ud835\udc60\ud835\udc67\ud835\udc66\ud835\udc60\ud835\udc61\ud835\udc58\ud835\udc56\ud835\udc5a \ud835\udc51\ud835\udc5c \ud835\udc60\ud835\udc4e\ud835\udc5a\ud835\udc5c\ud835\udc51\ud835\udc67\ud835\udc56\ud835\udc52\ud835\udc59\ud835\udc5b\ud835\udc5c\ud835\udc60\u0301\ud835\udc50\ud835\udc56 \ud835\udc56 \ud835\udc5c\ud835\udc51\ud835\udc5d\ud835\udc5c\ud835\udc64\ud835\udc56\ud835\udc52\ud835\udc51\ud835\udc67\ud835\udc56\ud835\udc4e\ud835\udc59\ud835\udc5b\ud835\udc5c\ud835\udc60\u0301\ud835\udc50\ud835\udc56 (...)<\/pre>\t\t\t\t\t<\/div>\n\t\t\t\t\t\t<\/div>\n\t\t\t\t<\/div>\n\t\t\t\t\t\t<\/div>\n\t\t\t\t\t<\/div>\n\t\t<\/div>\n\t\t\t\t\t\t\t\t<\/div>\n\t\t\t\t\t<\/div>\n\t\t<\/section>\n\t\t\t\t\t\t<\/div>\n\t\t\t\t\t\t<\/div>\n\t\t\t\t\t<\/div>\n\t\t","protected":false},"excerpt":{"rendered":"<p>Dokumenty reguluj\u0105ce prac\u0119 szko\u0142y Wa\u017cne dokumenty szkolne Statut Zespo\u0142u Szk\u00f3\u0142 Ekonomicznych im. Gen. Stefana Roweckiego &#8222;Grota&#8221; w Opolu Tekst obowi\u0105zuj\u0105cy od dnia 2 wrze\u015bnia 2024 r. &#8211; zobacz\/pobierz dokument Statut\u00a0Publicznego Technikum nr 3 Tekst z dnia 14 wrze\u015bnia 2020 r. &#8211; zobacz\/pobierz dokument Statut\u00a0Liceum Og\u00f3lnokszta\u0142c\u0105cego dla Doros\u0142ych\u00a0nr VI Tekst z dnia 26 listopada 2019 r&#8230;.<\/p>\n","protected":false},"author":1,"featured_media":0,"parent":0,"menu_order":0,"comment_status":"closed","ping_status":"closed","template":"","meta":{"inline_featured_image":false},"_links":{"self":[{"href":"http:\/\/ekonomik.opole.pl\/eko3\/wp-json\/wp\/v2\/pages\/989361"}],"collection":[{"href":"http:\/\/ekonomik.opole.pl\/eko3\/wp-json\/wp\/v2\/pages"}],"about":[{"href":"http:\/\/ekonomik.opole.pl\/eko3\/wp-json\/wp\/v2\/types\/page"}],"author":[{"embeddable":true,"href":"http:\/\/ekonomik.opole.pl\/eko3\/wp-json\/wp\/v2\/users\/1"}],"replies":[{"embeddable":true,"href":"http:\/\/ekonomik.opole.pl\/eko3\/wp-json\/wp\/v2\/comments?post=989361"}],"version-history":[{"count":281,"href":"http:\/\/ekonomik.opole.pl\/eko3\/wp-json\/wp\/v2\/pages\/989361\/revisions"}],"predecessor-version":[{"id":999423,"href":"http:\/\/ekonomik.opole.pl\/eko3\/wp-json\/wp\/v2\/pages\/989361\/revisions\/999423"}],"wp:attachment":[{"href":"http:\/\/ekonomik.opole.pl\/eko3\/wp-json\/wp\/v2\/media?parent=989361"}],"curies":[{"name":"wp","href":"https:\/\/api.w.org\/{rel}","templated":true}]}}