{"id":989854,"date":"2021-05-07T17:46:53","date_gmt":"2021-05-07T17:46:53","guid":{"rendered":"http:\/\/zsek.webd.pl\/eko3\/?page_id=989854"},"modified":"2024-12-15T22:35:12","modified_gmt":"2024-12-15T21:35:12","slug":"historia","status":"publish","type":"page","link":"http:\/\/ekonomik.opole.pl\/eko3\/historia\/","title":{"rendered":"Historia"},"content":{"rendered":"\t\t<div data-elementor-type=\"wp-page\" data-elementor-id=\"989854\" class=\"elementor elementor-989854\" data-elementor-settings=\"[]\">\n\t\t\t\t\t\t<div class=\"elementor-inner\">\n\t\t\t\t\t\t\t<div class=\"elementor-section-wrap\">\n\t\t\t\t\t\t\t<section class=\"elementor-section elementor-top-section elementor-element elementor-element-08230d9 elementor-section-content-bottom elementor-section-boxed elementor-section-height-default elementor-section-height-default elementor-invisible\" data-id=\"08230d9\" data-element_type=\"section\" data-settings=\"{&quot;background_background&quot;:&quot;classic&quot;,&quot;background_motion_fx_motion_fx_scrolling&quot;:&quot;yes&quot;,&quot;background_motion_fx_range&quot;:&quot;viewport&quot;,&quot;background_motion_fx_opacity_effect&quot;:&quot;yes&quot;,&quot;background_motion_fx_opacity_direction&quot;:&quot;in-out&quot;,&quot;background_motion_fx_opacity_range&quot;:{&quot;unit&quot;:&quot;%&quot;,&quot;size&quot;:&quot;&quot;,&quot;sizes&quot;:{&quot;start&quot;:65,&quot;end&quot;:79}},&quot;background_motion_fx_translateY_effect&quot;:&quot;yes&quot;,&quot;animation&quot;:&quot;fadeIn&quot;,&quot;background_motion_fx_translateY_speed&quot;:{&quot;unit&quot;:&quot;px&quot;,&quot;size&quot;:4,&quot;sizes&quot;:[]},&quot;background_motion_fx_translateY_affectedRange&quot;:{&quot;unit&quot;:&quot;%&quot;,&quot;size&quot;:&quot;&quot;,&quot;sizes&quot;:{&quot;start&quot;:0,&quot;end&quot;:100}},&quot;background_motion_fx_opacity_level&quot;:{&quot;unit&quot;:&quot;px&quot;,&quot;size&quot;:10,&quot;sizes&quot;:[]},&quot;background_motion_fx_devices&quot;:[&quot;desktop&quot;,&quot;tablet&quot;,&quot;mobile&quot;]}\">\n\t\t\t\t\t\t<div class=\"elementor-container elementor-column-gap-default\">\n\t\t\t\t\t\t\t<div class=\"elementor-row\">\n\t\t\t\t\t<div class=\"elementor-column elementor-col-50 elementor-top-column elementor-element elementor-element-cfc7cd0\" data-id=\"cfc7cd0\" data-element_type=\"column\" data-settings=\"{&quot;background_background&quot;:&quot;classic&quot;}\">\n\t\t\t<div class=\"elementor-column-wrap elementor-element-populated\">\n\t\t\t\t\t\t\t<div class=\"elementor-widget-wrap\">\n\t\t\t\t\t\t<div class=\"elementor-element elementor-element-f031994 elementor-widget elementor-widget-text-editor\" data-id=\"f031994\" data-element_type=\"widget\" data-widget_type=\"text-editor.default\">\n\t\t\t\t<div class=\"elementor-widget-container\">\n\t\t\t\t\t\t\t\t<div class=\"elementor-text-editor elementor-clearfix\">\n\t\t\t\t\t<p>Uczymy m\u0142odzie\u017c i doros\u0142ych ju\u017c od 1945 roku,\u00a0 jako Zesp\u00f3\u0142 Szk\u00f3\u0142 Ekonomicznych od roku 1976.<\/p>\t\t\t\t\t<\/div>\n\t\t\t\t\t\t<\/div>\n\t\t\t\t<\/div>\n\t\t\t\t\t\t<\/div>\n\t\t\t\t\t<\/div>\n\t\t<\/div>\n\t\t\t\t<div class=\"elementor-column elementor-col-50 elementor-top-column elementor-element elementor-element-01c42ed elementor-hidden-phone\" data-id=\"01c42ed\" data-element_type=\"column\">\n\t\t\t<div class=\"elementor-column-wrap\">\n\t\t\t\t\t\t\t<div class=\"elementor-widget-wrap\">\n\t\t\t\t\t\t\t\t<\/div>\n\t\t\t\t\t<\/div>\n\t\t<\/div>\n\t\t\t\t\t\t\t\t<\/div>\n\t\t\t\t\t<\/div>\n\t\t<\/section>\n\t\t\t\t<section class=\"elementor-section elementor-top-section elementor-element elementor-element-69d3824 elementor-section-height-min-height elementor-section-boxed elementor-section-height-default elementor-section-items-middle\" data-id=\"69d3824\" data-element_type=\"section\">\n\t\t\t\t\t\t<div class=\"elementor-container elementor-column-gap-default\">\n\t\t\t\t\t\t\t<div class=\"elementor-row\">\n\t\t\t\t\t<div class=\"elementor-column elementor-col-50 elementor-top-column elementor-element elementor-element-7b37f7bc\" data-id=\"7b37f7bc\" data-element_type=\"column\" data-settings=\"{&quot;background_background&quot;:&quot;classic&quot;}\">\n\t\t\t<div class=\"elementor-column-wrap elementor-element-populated\">\n\t\t\t\t\t\t\t<div class=\"elementor-widget-wrap\">\n\t\t\t\t\t\t<div class=\"elementor-element elementor-element-3e0a937f elementor-widget elementor-widget-spacer\" data-id=\"3e0a937f\" data-element_type=\"widget\" data-widget_type=\"spacer.default\">\n\t\t\t\t<div class=\"elementor-widget-container\">\n\t\t\t\t\t<div class=\"elementor-spacer\">\n\t\t\t<div class=\"elementor-spacer-inner\"><\/div>\n\t\t<\/div>\n\t\t\t\t<\/div>\n\t\t\t\t<\/div>\n\t\t\t\t\t\t<\/div>\n\t\t\t\t\t<\/div>\n\t\t<\/div>\n\t\t\t\t<div class=\"elementor-column elementor-col-50 elementor-top-column elementor-element elementor-element-727ac598 elementor-hidden-phone\" data-id=\"727ac598\" data-element_type=\"column\">\n\t\t\t<div class=\"elementor-column-wrap\">\n\t\t\t\t\t\t\t<div class=\"elementor-widget-wrap\">\n\t\t\t\t\t\t\t\t<\/div>\n\t\t\t\t\t<\/div>\n\t\t<\/div>\n\t\t\t\t\t\t\t\t<\/div>\n\t\t\t\t\t<\/div>\n\t\t<\/section>\n\t\t\t\t<section class=\"elementor-section elementor-top-section elementor-element elementor-element-691e318 elementor-section-height-min-height elementor-section-items-stretch elementor-section-boxed elementor-section-height-default\" data-id=\"691e318\" data-element_type=\"section\" data-settings=\"{&quot;background_background&quot;:&quot;classic&quot;}\">\n\t\t\t\t\t\t<div class=\"elementor-container elementor-column-gap-default\">\n\t\t\t\t\t\t\t<div class=\"elementor-row\">\n\t\t\t\t\t<div class=\"elementor-column elementor-col-50 elementor-top-column elementor-element elementor-element-dcd6aae\" data-id=\"dcd6aae\" data-element_type=\"column\" data-settings=\"{&quot;background_background&quot;:&quot;classic&quot;,&quot;animation&quot;:&quot;none&quot;,&quot;motion_fx_motion_fx_scrolling&quot;:&quot;yes&quot;,&quot;motion_fx_translateY_effect&quot;:&quot;yes&quot;,&quot;motion_fx_translateY_speed&quot;:{&quot;unit&quot;:&quot;px&quot;,&quot;size&quot;:2,&quot;sizes&quot;:[]},&quot;motion_fx_devices&quot;:[&quot;desktop&quot;],&quot;motion_fx_translateY_affectedRange&quot;:{&quot;unit&quot;:&quot;%&quot;,&quot;size&quot;:&quot;&quot;,&quot;sizes&quot;:{&quot;start&quot;:0,&quot;end&quot;:100}}}\">\n\t\t\t<div class=\"elementor-column-wrap elementor-element-populated\">\n\t\t\t\t\t<div class=\"elementor-background-overlay\"><\/div>\n\t\t\t\t\t\t\t<div class=\"elementor-widget-wrap\">\n\t\t\t\t\t\t<div class=\"elementor-element elementor-element-9f74fc4 elementor-widget elementor-widget-heading\" data-id=\"9f74fc4\" data-element_type=\"widget\" data-widget_type=\"heading.default\">\n\t\t\t\t<div class=\"elementor-widget-container\">\n\t\t\t<p class=\"elementor-heading-title elementor-size-default\"> <\/p>\t\t<\/div>\n\t\t\t\t<\/div>\n\t\t\t\t\t\t<\/div>\n\t\t\t\t\t<\/div>\n\t\t<\/div>\n\t\t\t\t<div class=\"elementor-column elementor-col-50 elementor-top-column elementor-element elementor-element-1005ebd elementor-hidden-tablet elementor-hidden-phone\" data-id=\"1005ebd\" data-element_type=\"column\">\n\t\t\t<div class=\"elementor-column-wrap\">\n\t\t\t\t\t\t\t<div class=\"elementor-widget-wrap\">\n\t\t\t\t\t\t\t\t<\/div>\n\t\t\t\t\t<\/div>\n\t\t<\/div>\n\t\t\t\t\t\t\t\t<\/div>\n\t\t\t\t\t<\/div>\n\t\t<\/section>\n\t\t\t\t<section class=\"elementor-section elementor-top-section elementor-element elementor-element-a74c52b elementor-section-boxed elementor-section-height-default elementor-section-height-default\" data-id=\"a74c52b\" data-element_type=\"section\">\n\t\t\t\t\t\t<div class=\"elementor-container elementor-column-gap-default\">\n\t\t\t\t\t\t\t<div class=\"elementor-row\">\n\t\t\t\t\t<div class=\"elementor-column elementor-col-50 elementor-top-column elementor-element elementor-element-d7dced3 elementor-hidden-tablet elementor-hidden-phone\" data-id=\"d7dced3\" data-element_type=\"column\">\n\t\t\t<div class=\"elementor-column-wrap\">\n\t\t\t\t\t\t\t<div class=\"elementor-widget-wrap\">\n\t\t\t\t\t\t\t\t<\/div>\n\t\t\t\t\t<\/div>\n\t\t<\/div>\n\t\t\t\t<div class=\"elementor-column elementor-col-50 elementor-top-column elementor-element elementor-element-b4d6bb8\" data-id=\"b4d6bb8\" data-element_type=\"column\" data-settings=\"{&quot;background_background&quot;:&quot;classic&quot;}\">\n\t\t\t<div class=\"elementor-column-wrap elementor-element-populated\">\n\t\t\t\t\t\t\t<div class=\"elementor-widget-wrap\">\n\t\t\t\t\t\t<div class=\"elementor-element elementor-element-3c23d4b elementor-widget elementor-widget-heading\" data-id=\"3c23d4b\" data-element_type=\"widget\" data-widget_type=\"heading.default\">\n\t\t\t\t<div class=\"elementor-widget-container\">\n\t\t\t<h2 class=\"elementor-heading-title elementor-size-default\">Stefan Rowecki \"Grot\"\n<\/h2>\t\t<\/div>\n\t\t\t\t<\/div>\n\t\t\t\t<div class=\"elementor-element elementor-element-e7a10ed elementor-widget elementor-widget-text-editor\" data-id=\"e7a10ed\" data-element_type=\"widget\" data-widget_type=\"text-editor.default\">\n\t\t\t\t<div class=\"elementor-widget-container\">\n\t\t\t\t\t\t\t\t<div class=\"elementor-text-editor elementor-clearfix\">\n\t\t\t\t\t<p>patronem Zespo\u0142u Szk\u00f3\u0142 Ekonomicznych<br \/>od 27 wrze\u015bnia 2004 roku<\/p>\t\t\t\t\t<\/div>\n\t\t\t\t\t\t<\/div>\n\t\t\t\t<\/div>\n\t\t\t\t<div class=\"elementor-element elementor-element-edb1666 elementor-widget elementor-widget-text-editor\" data-id=\"edb1666\" data-element_type=\"widget\" data-widget_type=\"text-editor.default\">\n\t\t\t\t<div class=\"elementor-widget-container\">\n\t\t\t\t\t\t\t\t<div class=\"elementor-text-editor elementor-clearfix\">\n\t\t\t\t\t<p>Urodzony 25 grudnia 1895 roku w Piotrkowie Trybunalskim. Ju\u017c od czas\u00f3w szkolnych przejawia\u0142 zainteresowanie wojskiem. W 1911 roku nale\u017ca\u0142 do tajnego zast\u0119pu skaut\u00f3w w Piotrkowie Trybunalskim. Od 1913 roku zacz\u0105\u0142 dzia\u0142a\u0107 w Polskich Dru\u017cynach Strzeleckich. W 1914 roku uko\u0144czy\u0142 kurs podoficerski, nast\u0119pnie stan\u0105\u0142 na czele warszawskiego zast\u0119pu Polskich Dru\u017cyn Strzeleckich.<\/p><p><strong>I WOJNA \u015aWIATOWA<\/strong> W 1914 roku wst\u0105pi\u0142 do Legion\u00f3w Polskich. W 1917 roku zosta\u0142 internowany, po zwolnieniu, w 1918 roku do\u0142\u0105czy\u0142 do Polskiej Si\u0142y Zbrojnej, gdzie zosta\u0142 wyk\u0142adowc\u0105 w Szkole Podchor\u0105\u017cych Piechoty.<\/p><p><strong>WOJNA POLSKA-BOLSZEWICKA<\/strong> W 1919 roku znalaz\u0142 si\u0119 w sk\u0142adzie 34 pu\u0142ku piechoty, wraz z kt\u00f3rym walczy\u0142 przeciwko wojskom bolszewickim.<br \/>W tym samym roku uko\u0144czy\u0142 pierwszy z kurs\u00f3w Wojennej Szko\u0142y Sztabu Generalnego. Pod koniec roku zosta\u0142 szefem sekcji wyszkolenia Oddz. I Naczelnego Dow\u00f3dztwa.<br \/>W 1920 roku zosta\u0142 szefem Oddz. II kolejno Frontu Po\u0142udniowo-Wschodniego, Frontu \u015arodkowego i Grupy Uderzeniowej gen. Edwarda \u015amig\u0142ego-Rydza w czasie bitwy pod Warszaw\u0105 oraz Dow\u00f3dztwa 2. Armii.<br \/>Nast\u0119pnie zosta\u0142 szefem Oddz. III Naczelnego Dow\u00f3dztwa, potem szefem sekcji plan\u00f3w w Oddz. IIIa Biura \u015acis\u0142ej Rady Wojennej.<\/p><p><strong>XX-LECIE MI\u0118DZYWOJENNE<\/strong> Po zako\u0144czeniu dzia\u0142a\u0144 wojennych uko\u0144czy\u0142 kurs doszkolenia oficer\u00f3w Sztabu Generalnego. Nast\u0119pnie od 1923 by\u0142 kierownikiem Wydzia\u0142u Naukowo-Wydawniczego i zast\u0119pc\u0105 szefa Wojskowego Instytutu Naukowo-Wydawniczego. Przeniesiony do Generalnego Inspektoratu Si\u0142 Zbrojnych we wrze\u015bniu 1926, zosta\u0142 I oficerem w sztabie Inspektora gen. J\u00f3zefa Rybaka. Od lutego 1930 dow\u00f3dca 55 pu\u0142ku piechoty, od listopada 1935 dow\u00f3dca brygady Korpusu Ochrony Pogranicza &#8222;Podole&#8221; w Czortkowie, od lipca 1938 dow\u00f3dca piechoty dywizyjnej 2 Dywizji Piechoty<\/p><p><strong>II WOJNA \u015aWIATOWA<\/strong> W 1939 roku dowodzi\u0142 Warszawsk\u0105 Brygad\u0105 Pancerno-Motorow\u0105. Po kl\u0119sce wrze\u015bniowej pozosta\u0142 w kraju, pomimo wcze\u015bniejszego zamiaru ucieczki do Francji lub Wielkiej Brytanii. Wkr\u00f3tce wraz z innymi oficerami zacz\u0105\u0142 tworzy\u0107 zacz\u0105tki organizacji podziemnej. W 1940 roku zosta\u0142 komendantem warszawskiego Zwi\u0105zku Walki Zbrojnej , a nast\u0119pnie komendantem ca\u0142ego ZWZ. W tym samym roku zosta\u0142 awansowany do rangi genera\u0142a brygady. Od 1942 roku by\u0142 komendantem Armii Krajowej oraz Delegatem Ministra Obrony Narodowej w Kraju. W 1943 roku wyda\u0142 rozkaz powo\u0142uj\u0105cy do \u017cycia Kierownictwo Dywersji, a przez to rozpocz\u0105\u0142 uporz\u0105dkowan\u0105 walk\u0119 z okupantem. 30 czerwca 1943 zosta\u0142 aresztowany w wyniku zdrady, nast\u0119pnie przewieziony do Berlina, gdzie by\u0142 przes\u0142uchiwany. Wielokrotnie namawiano go, aby Armia Krajowa do\u0142\u0105czy\u0142a do Rzeszy w walce z Sowietami, jednak Rowecki zdecydowanie odm\u00f3wi\u0142. Na pocz\u0105tku 1944 roku zosta\u0142 awansowany do rangi genera\u0142a dywizji. Prawdopodobnie w sierpniu 1944 roku zosta\u0142 stracony na rozkaz Heinricha Himmlera.<\/p><p>Po\u015bmiertnie, w 1967 roku zosta\u0142 odznaczony Krzy\u017cem Armii Krajowej.<\/p>\t\t\t\t\t<\/div>\n\t\t\t\t\t\t<\/div>\n\t\t\t\t<\/div>\n\t\t\t\t\t\t<\/div>\n\t\t\t\t\t<\/div>\n\t\t<\/div>\n\t\t\t\t\t\t\t\t<\/div>\n\t\t\t\t\t<\/div>\n\t\t<\/section>\n\t\t\t\t\t\t<\/div>\n\t\t\t\t\t\t<\/div>\n\t\t\t\t\t<\/div>\n\t\t","protected":false},"excerpt":{"rendered":"<p>Uczymy m\u0142odzie\u017c i doros\u0142ych ju\u017c od 1945 roku,\u00a0 jako Zesp\u00f3\u0142 Szk\u00f3\u0142 Ekonomicznych od roku 1976. Stefan Rowecki &#8222;Grot&#8221; patronem Zespo\u0142u Szk\u00f3\u0142 Ekonomicznychod 27 wrze\u015bnia 2004 roku Urodzony 25 grudnia 1895 roku w Piotrkowie Trybunalskim. Ju\u017c od czas\u00f3w szkolnych przejawia\u0142 zainteresowanie wojskiem. W 1911 roku nale\u017ca\u0142 do tajnego zast\u0119pu skaut\u00f3w w Piotrkowie Trybunalskim. Od 1913 roku&#8230;<\/p>\n","protected":false},"author":1,"featured_media":0,"parent":0,"menu_order":0,"comment_status":"closed","ping_status":"closed","template":"","meta":{"inline_featured_image":false},"_links":{"self":[{"href":"http:\/\/ekonomik.opole.pl\/eko3\/wp-json\/wp\/v2\/pages\/989854"}],"collection":[{"href":"http:\/\/ekonomik.opole.pl\/eko3\/wp-json\/wp\/v2\/pages"}],"about":[{"href":"http:\/\/ekonomik.opole.pl\/eko3\/wp-json\/wp\/v2\/types\/page"}],"author":[{"embeddable":true,"href":"http:\/\/ekonomik.opole.pl\/eko3\/wp-json\/wp\/v2\/users\/1"}],"replies":[{"embeddable":true,"href":"http:\/\/ekonomik.opole.pl\/eko3\/wp-json\/wp\/v2\/comments?post=989854"}],"version-history":[{"count":37,"href":"http:\/\/ekonomik.opole.pl\/eko3\/wp-json\/wp\/v2\/pages\/989854\/revisions"}],"predecessor-version":[{"id":997544,"href":"http:\/\/ekonomik.opole.pl\/eko3\/wp-json\/wp\/v2\/pages\/989854\/revisions\/997544"}],"wp:attachment":[{"href":"http:\/\/ekonomik.opole.pl\/eko3\/wp-json\/wp\/v2\/media?parent=989854"}],"curies":[{"name":"wp","href":"https:\/\/api.w.org\/{rel}","templated":true}]}}