{"id":990147,"date":"2021-05-09T08:09:31","date_gmt":"2021-05-09T08:09:31","guid":{"rendered":"http:\/\/zsek.webd.pl\/eko3\/?page_id=990147"},"modified":"2026-08-12T00:20:54","modified_gmt":"2026-08-11T22:20:54","slug":"rok-szkolny-2024-25-fers-2023","status":"publish","type":"page","link":"http:\/\/ekonomik.opole.pl\/eko3\/strefa-ucznia\/praktyki-zagraniczne\/rok-szkolny-2024-25-fers-2023\/","title":{"rendered":"Rok szkolny 2024\/25 (FERS 2023)"},"content":{"rendered":"\t\t<div data-elementor-type=\"wp-page\" data-elementor-id=\"990147\" class=\"elementor elementor-990147\" data-elementor-settings=\"[]\">\n\t\t\t\t\t\t<div class=\"elementor-inner\">\n\t\t\t\t\t\t\t<div class=\"elementor-section-wrap\">\n\t\t\t\t\t\t\t<section class=\"elementor-section elementor-top-section elementor-element elementor-element-66081969 elementor-section-content-bottom elementor-section-boxed elementor-section-height-default elementor-section-height-default elementor-invisible\" data-id=\"66081969\" data-element_type=\"section\" data-settings=\"{&quot;background_background&quot;:&quot;classic&quot;,&quot;background_motion_fx_motion_fx_scrolling&quot;:&quot;yes&quot;,&quot;background_motion_fx_range&quot;:&quot;viewport&quot;,&quot;background_motion_fx_opacity_effect&quot;:&quot;yes&quot;,&quot;background_motion_fx_opacity_direction&quot;:&quot;in-out&quot;,&quot;background_motion_fx_opacity_range&quot;:{&quot;unit&quot;:&quot;%&quot;,&quot;size&quot;:&quot;&quot;,&quot;sizes&quot;:{&quot;start&quot;:65,&quot;end&quot;:79}},&quot;background_motion_fx_translateY_effect&quot;:&quot;yes&quot;,&quot;animation&quot;:&quot;fadeIn&quot;,&quot;background_motion_fx_translateY_speed&quot;:{&quot;unit&quot;:&quot;px&quot;,&quot;size&quot;:4,&quot;sizes&quot;:[]},&quot;background_motion_fx_translateY_affectedRange&quot;:{&quot;unit&quot;:&quot;%&quot;,&quot;size&quot;:&quot;&quot;,&quot;sizes&quot;:{&quot;start&quot;:0,&quot;end&quot;:100}},&quot;background_motion_fx_opacity_level&quot;:{&quot;unit&quot;:&quot;px&quot;,&quot;size&quot;:10,&quot;sizes&quot;:[]},&quot;background_motion_fx_devices&quot;:[&quot;desktop&quot;,&quot;tablet&quot;,&quot;mobile&quot;]}\">\n\t\t\t\t\t\t<div class=\"elementor-container elementor-column-gap-default\">\n\t\t\t\t\t\t\t<div class=\"elementor-row\">\n\t\t\t\t\t<div class=\"elementor-column elementor-col-50 elementor-top-column elementor-element elementor-element-6170b89c\" data-id=\"6170b89c\" data-element_type=\"column\" data-settings=\"{&quot;background_background&quot;:&quot;classic&quot;}\">\n\t\t\t<div class=\"elementor-column-wrap elementor-element-populated\">\n\t\t\t\t\t\t\t<div class=\"elementor-widget-wrap\">\n\t\t\t\t\t\t<div class=\"elementor-element elementor-element-3cee0ccd elementor-widget elementor-widget-text-editor\" data-id=\"3cee0ccd\" data-element_type=\"widget\" data-widget_type=\"text-editor.default\">\n\t\t\t\t<div class=\"elementor-widget-container\">\n\t\t\t\t\t\t\t\t<div class=\"elementor-text-editor elementor-clearfix\">\n\t\t\t\t\t<p>Zagraniczne praktyki zawodowe szans\u0105 dla uczni\u00f3w Zespo\u0142u Szk\u00f3\u0142 Ekonomicznych\u00a0<\/p>\t\t\t\t\t<\/div>\n\t\t\t\t\t\t<\/div>\n\t\t\t\t<\/div>\n\t\t\t\t\t\t<\/div>\n\t\t\t\t\t<\/div>\n\t\t<\/div>\n\t\t\t\t<div class=\"elementor-column elementor-col-50 elementor-top-column elementor-element elementor-element-36df5d92 elementor-hidden-phone\" data-id=\"36df5d92\" data-element_type=\"column\">\n\t\t\t<div class=\"elementor-column-wrap\">\n\t\t\t\t\t\t\t<div class=\"elementor-widget-wrap\">\n\t\t\t\t\t\t\t\t<\/div>\n\t\t\t\t\t<\/div>\n\t\t<\/div>\n\t\t\t\t\t\t\t\t<\/div>\n\t\t\t\t\t<\/div>\n\t\t<\/section>\n\t\t\t\t<section class=\"elementor-section elementor-top-section elementor-element elementor-element-1ee5622b elementor-section-height-min-height elementor-section-boxed elementor-section-height-default elementor-section-items-middle\" data-id=\"1ee5622b\" data-element_type=\"section\">\n\t\t\t\t\t\t<div class=\"elementor-container elementor-column-gap-default\">\n\t\t\t\t\t\t\t<div class=\"elementor-row\">\n\t\t\t\t\t<div class=\"elementor-column elementor-col-50 elementor-top-column elementor-element elementor-element-7d93ba23\" data-id=\"7d93ba23\" data-element_type=\"column\" data-settings=\"{&quot;background_background&quot;:&quot;classic&quot;}\">\n\t\t\t<div class=\"elementor-column-wrap elementor-element-populated\">\n\t\t\t\t\t\t\t<div class=\"elementor-widget-wrap\">\n\t\t\t\t\t\t<div class=\"elementor-element elementor-element-5db5d7e6 elementor-widget elementor-widget-spacer\" data-id=\"5db5d7e6\" data-element_type=\"widget\" data-widget_type=\"spacer.default\">\n\t\t\t\t<div class=\"elementor-widget-container\">\n\t\t\t\t\t<div class=\"elementor-spacer\">\n\t\t\t<div class=\"elementor-spacer-inner\"><\/div>\n\t\t<\/div>\n\t\t\t\t<\/div>\n\t\t\t\t<\/div>\n\t\t\t\t\t\t<\/div>\n\t\t\t\t\t<\/div>\n\t\t<\/div>\n\t\t\t\t<div class=\"elementor-column elementor-col-50 elementor-top-column elementor-element elementor-element-7a649e19 elementor-hidden-phone\" data-id=\"7a649e19\" data-element_type=\"column\">\n\t\t\t<div class=\"elementor-column-wrap\">\n\t\t\t\t\t\t\t<div class=\"elementor-widget-wrap\">\n\t\t\t\t\t\t\t\t<\/div>\n\t\t\t\t\t<\/div>\n\t\t<\/div>\n\t\t\t\t\t\t\t\t<\/div>\n\t\t\t\t\t<\/div>\n\t\t<\/section>\n\t\t\t\t<section class=\"elementor-section elementor-top-section elementor-element elementor-element-f51c604 elementor-section-boxed elementor-section-height-default elementor-section-height-default\" data-id=\"f51c604\" data-element_type=\"section\">\n\t\t\t\t\t\t<div class=\"elementor-container elementor-column-gap-default\">\n\t\t\t\t\t\t\t<div class=\"elementor-row\">\n\t\t\t\t\t<div class=\"elementor-column elementor-col-100 elementor-top-column elementor-element elementor-element-3f75a24\" data-id=\"3f75a24\" data-element_type=\"column\">\n\t\t\t<div class=\"elementor-column-wrap elementor-element-populated\">\n\t\t\t\t\t\t\t<div class=\"elementor-widget-wrap\">\n\t\t\t\t\t\t<div class=\"elementor-element elementor-element-8296a5a elementor-invisible elementor-widget elementor-widget-heading\" data-id=\"8296a5a\" data-element_type=\"widget\" data-settings=\"{&quot;_animation&quot;:&quot;fadeIn&quot;,&quot;_animation_delay&quot;:500}\" data-widget_type=\"heading.default\">\n\t\t\t\t<div class=\"elementor-widget-container\">\n\t\t\t<h2 class=\"elementor-heading-title elementor-size-default\">Praktyki zagraniczne w Saragossie<\/h2>\t\t<\/div>\n\t\t\t\t<\/div>\n\t\t\t\t<div class=\"elementor-element elementor-element-e1c157d elementor-widget elementor-widget-image\" data-id=\"e1c157d\" data-element_type=\"widget\" data-widget_type=\"image.default\">\n\t\t\t\t<div class=\"elementor-widget-container\">\n\t\t\t\t\t\t\t\t<div class=\"elementor-image\">\n\t\t\t\t\t\t\t\t\t\t\t\t<img width=\"1024\" height=\"768\" src=\"http:\/\/ekonomik.opole.pl\/eko3\/wp-content\/uploads\/2025\/08\/IMG_20250106_122948-1024x768.jpg\" class=\"attachment-large size-large\" alt=\"\" loading=\"lazy\" srcset=\"http:\/\/ekonomik.opole.pl\/eko3\/wp-content\/uploads\/2025\/08\/IMG_20250106_122948-1024x768.jpg 1024w, http:\/\/ekonomik.opole.pl\/eko3\/wp-content\/uploads\/2025\/08\/IMG_20250106_122948-300x225.jpg 300w, http:\/\/ekonomik.opole.pl\/eko3\/wp-content\/uploads\/2025\/08\/IMG_20250106_122948-768x576.jpg 768w, http:\/\/ekonomik.opole.pl\/eko3\/wp-content\/uploads\/2025\/08\/IMG_20250106_122948-1536x1152.jpg 1536w, http:\/\/ekonomik.opole.pl\/eko3\/wp-content\/uploads\/2025\/08\/IMG_20250106_122948-2048x1536.jpg 2048w, http:\/\/ekonomik.opole.pl\/eko3\/wp-content\/uploads\/2025\/08\/IMG_20250106_122948-1360x1020.jpg 1360w, http:\/\/ekonomik.opole.pl\/eko3\/wp-content\/uploads\/2025\/08\/IMG_20250106_122948-680x510.jpg 680w\" sizes=\"(max-width: 1024px) 100vw, 1024px\" \/>\t\t\t\t\t\t\t\t\t\t\t\t\t\t<\/div>\n\t\t\t\t\t\t<\/div>\n\t\t\t\t<\/div>\n\t\t\t\t<div class=\"elementor-element elementor-element-d10e3a6 elementor-widget elementor-widget-image\" data-id=\"d10e3a6\" data-element_type=\"widget\" data-widget_type=\"image.default\">\n\t\t\t\t<div class=\"elementor-widget-container\">\n\t\t\t\t\t\t\t\t<div class=\"elementor-image\">\n\t\t\t\t\t\t\t\t\t\t\t\t<img width=\"1024\" height=\"141\" src=\"http:\/\/ekonomik.opole.pl\/eko3\/wp-content\/uploads\/2025\/08\/FERS_RP_UE_RGB-1-2-1024x141.jpg\" class=\"attachment-large size-large\" alt=\"\" loading=\"lazy\" srcset=\"http:\/\/ekonomik.opole.pl\/eko3\/wp-content\/uploads\/2025\/08\/FERS_RP_UE_RGB-1-2-1024x141.jpg 1024w, http:\/\/ekonomik.opole.pl\/eko3\/wp-content\/uploads\/2025\/08\/FERS_RP_UE_RGB-1-2-300x41.jpg 300w, http:\/\/ekonomik.opole.pl\/eko3\/wp-content\/uploads\/2025\/08\/FERS_RP_UE_RGB-1-2-768x106.jpg 768w, http:\/\/ekonomik.opole.pl\/eko3\/wp-content\/uploads\/2025\/08\/FERS_RP_UE_RGB-1-2-1536x212.jpg 1536w, http:\/\/ekonomik.opole.pl\/eko3\/wp-content\/uploads\/2025\/08\/FERS_RP_UE_RGB-1-2-2048x282.jpg 2048w, http:\/\/ekonomik.opole.pl\/eko3\/wp-content\/uploads\/2025\/08\/FERS_RP_UE_RGB-1-2-1360x188.jpg 1360w, http:\/\/ekonomik.opole.pl\/eko3\/wp-content\/uploads\/2025\/08\/FERS_RP_UE_RGB-1-2-680x94.jpg 680w\" sizes=\"(max-width: 1024px) 100vw, 1024px\" \/>\t\t\t\t\t\t\t\t\t\t\t\t\t\t<\/div>\n\t\t\t\t\t\t<\/div>\n\t\t\t\t<\/div>\n\t\t\t\t<section class=\"elementor-section elementor-inner-section elementor-element elementor-element-e7fa417 elementor-section-boxed elementor-section-height-default elementor-section-height-default\" data-id=\"e7fa417\" data-element_type=\"section\">\n\t\t\t\t\t\t<div class=\"elementor-container elementor-column-gap-default\">\n\t\t\t\t\t\t\t<div class=\"elementor-row\">\n\t\t\t\t\t<div class=\"elementor-column elementor-col-50 elementor-inner-column elementor-element elementor-element-b672b1f\" data-id=\"b672b1f\" data-element_type=\"column\">\n\t\t\t<div class=\"elementor-column-wrap elementor-element-populated\">\n\t\t\t\t\t\t\t<div class=\"elementor-widget-wrap\">\n\t\t\t\t\t\t<div class=\"elementor-element elementor-element-3749da2 elementor-widget elementor-widget-text-editor\" data-id=\"3749da2\" data-element_type=\"widget\" data-widget_type=\"text-editor.default\">\n\t\t\t\t<div class=\"elementor-widget-container\">\n\t\t\t\t\t\t\t\t<div class=\"elementor-text-editor elementor-clearfix\">\n\t\t\t\t\t<div class=\"x11i5rnm xat24cr x1mh8g0r x1vvkbs xtlvy1s x126k92a\">\n<div dir=\"auto\">\n<p>W dniach <strong>6 stycznia \u2013 31 stycznia 2025 r.<\/strong> trzydziestu uczni\u00f3w Zespo\u0142u Szk\u00f3\u0142 Ekonomicznych w Opolu odby\u0142o czterotygodniowe praktyki zawodowe w <strong>Saragossie<\/strong> oraz na wyspie <strong>Fuerteventura<\/strong>. Wyjazd, <strong>sfinansowany z Funduszy Europejskich w ramach programu \u201eFundusze Europejskie dla Rozwoju Spo\u0142ecznego\u201d<\/strong>, by\u0142 cz\u0119\u015bci\u0105 programu mobilno\u015bci, kt\u00f3rego celem jest rozwijanie kompetencji zawodowych i j\u0119zykowych m\u0142odzie\u017cy, a tak\u017ce zdobywanie do\u015bwiadczenia w mi\u0119dzynarodowym \u015brodowisku pracy.<\/p>\n<p>W projekcie wzi\u0119li udzia\u0142 uczniowie kszta\u0142c\u0105cy si\u0119 we wszystkich zawodach nauczanych w naszej szkole. Program praktyk obejmowa\u0142 szereg dzia\u0142a\u0144 zwi\u0105zanych z programem nauczania dla danego zawodu, m.in.: przygotowywanie materia\u0142\u00f3w promocyjnych na media spo\u0142eczno\u015bciowe firm, realizowanie sesji fotograficznych, praca w magazynie, sprzeda\u017c us\u0142ug oraz obs\u0142ug\u0119 klienta, prace nad stron\u0105 internetow\u0105 pracodawcy oraz prace biurowo-administracyjne.<\/p>\n<p>Udzia\u0142 w projekcie pozwoli\u0142 uczniom nie tylko zdoby\u0107 do\u015bwiadczenie zawodowe w zagranicznej firmie, ale tak\u017ce uzyska\u0107 <strong>certyfikat uczestnictwa oraz dokument Europass<\/strong> potwierdzaj\u0105cy zdobyte umiej\u0119tno\u015bci. Dzi\u0119ki wysokim kompetencjom i zaanga\u017cowaniu dwoje uczni\u00f3w, opr\u00f3cz otrzymania wy\u017cej wymienionych dokument\u00f3w, otrzyma\u0142o r\u00f3wnie\u017c <strong>propozycje dalszej wsp\u00f3\u0142pracy<\/strong> po zako\u0144czeniu praktyk.<\/p>\n<p>Opr\u00f3cz obowi\u0105zk\u00f3w zawodowych uczniowie mieli okazj\u0119 poznawa\u0107 kultur\u0119 i histori\u0119 Hiszpanii. Program kulturalny obejmowa\u0142 m. in. zwiedzanie zabytk\u00f3w Saragossy, poznawanie lokalnej kuchni oraz wycieczki krajoznawcze. <strong>Grupa odbywaj\u0105ca praktyki na Fuerteventurze mia\u0142a okazj\u0119 zwiedzi\u0107 urocz\u0105 wysp\u0119 Lobos oraz spr\u00f3bowa\u0107 tradycyjnej hiszpa\u0144skiej paelli, natomiast grupa odbywaj\u0105ca praktyki w Saragossie odwiedzi\u0142a lokalne akwarium oraz pozna\u0142a miasto i jego najbardziej znane zabytki.<\/strong><\/p>\n<p>Wyjazd ten by\u0142 dla nie tylko cennym elementem kszta\u0142cenia zawodowego, ale tak\u017ce wyj\u0105tkowym do\u015bwiadczeniem \u017cyciowym, kt\u00f3re rozwin\u0119\u0142o samodzielno\u015b\u0107, kreatywno\u015b\u0107, umiej\u0119tno\u015b\u0107 pracy w zespole oraz komunikacj\u0119 w j\u0119zyku obcym. <strong>Nie jest to ostatni taki wyjazd \u2013 w kolejnym roku szkolnym uczniowie klas IV b\u0119d\u0105 mieli mo\u017cliwo\u015b\u0107 wzi\u0119cia udzia\u0142u w kolejnej edycji projektu.<\/strong><\/p>\n<p>Praktyki by\u0142y cz\u0119\u015bci\u0105 projektu &#8222;Zagraniczna mobilno\u015b\u0107 edukacyjna uczni\u00f3w i absolwent\u00f3w oraz kadry kszta\u0142cenia zawodowego&#8221;, wsp\u00f3\u0142finansowanego przez Uni\u0119 Europejsk\u0105 ze \u015brodk\u00f3w Europejskiego Funduszu Spo\u0142ecznego+ w ramach Programu Fundusze Europejskie dla Rozwoju Spo\u0142ecznego 2021-2027, realizowanego na zasadach Programu Erasmus+.<\/p>\n<p>Podczas sta\u017cu uczniowie mieli okazj\u0119 zdoby\u0107 cenne do\u015bwiadczenie zawodowe, rozwija\u0107 swoje umiej\u0119tno\u015bci praktyczne i j\u0119zykowe oraz zapozna\u0107 si\u0119 z mi\u0119dzynarodowymi standardami pracy w swoich bran\u017cach. Praca w firmach i instytucjach zagranicznych pozwoli\u0142a im na poszerzenie horyzont\u00f3w oraz zdobycie kompetencji przydatnych na rynku pracy.<\/p>\n<p>Opr\u00f3cz aspekt\u00f3w zawodowych, uczestnicy programu mieli mo\u017cliwo\u015b\u0107 poznania kultury i atrakcji turystycznych Hiszpanii. W Saragossie zwiedzili m.in. imponuj\u0105c\u0105 Bazylik\u0119 Nuestra Se\u00f1ora del Pilar oraz liczne muzea i zabytki miasta. W Las Palmas na Gran Canarii uczniowie podziwiali urokliwe pla\u017ce, star\u00f3wk\u0119 Vegueta, audytorium Alfredo Krausa oraz malownicze krajobrazy p\u00f3\u0142nocy wyspy. Program kulturowy i turystyczny wzbogaci\u0142 ich do\u015bwiadczenie, pozwalaj\u0105c na pe\u0142niejsze zrozumienie hiszpa\u0144skiej historii, tradycji i codziennego \u017cycia.<\/p>\n<p>Dzi\u0119ki udzia\u0142owi w projekcie uczniowie nie tylko podnie\u015bli swoje kwalifikacje zawodowe, ale tak\u017ce zdobyli cenne do\u015bwiadczenia kulturowe i spo\u0142eczne, kt\u00f3re z pewno\u015bci\u0105 zaprocentuj\u0105 w ich przysz\u0142ej karierze. Wyjazd zako\u0144czy\u0142 si\u0119 otrzymaniem przez uczestnik\u00f3w certyfikat\u00f3w odbycia praktyki zawodowej oraz dokument\u00f3w Europass, potwierdzaj\u0105cych zdobyte umiej\u0119tno\u015bci i do\u015bwiadczenie, a niekt\u00f3rzy z uczni\u00f3w otrzymali listy polecaj\u0105ce od swoich pracodawc\u00f3w, kt\u00f3re r\u00f3wnie\u017c b\u0119d\u0105 przydatne w poszukiwaniu pracy w przysz\u0142o\u015bci.<\/p>\n<p>Praktyki stanowi\u0142y r\u00f3wnie\u017c doskona\u0142\u0105 okazj\u0119 do integracji uczni\u00f3w jako grupy. Wsp\u00f3lne wyjazdy, zadania zawodowe oraz aktywno\u015bci kulturalne sprzyja\u0142y budowaniu relacji, rozwijaniu umiej\u0119tno\u015bci pracy zespo\u0142owej i wzajemnemu wsparciu. Dzi\u0119ki temu uczestnicy mogli nie tylko zdobywa\u0107 nowe kompetencje, ale tak\u017ce nawi\u0105zywa\u0107 trwa\u0142e przyja\u017anie.<\/p>\n<p>Jest to kolejny z wyjazd\u00f3w na praktyki zagraniczne, a nast\u0119pne planujemy w kolejnych latach. Do udzia\u0142u w projekcie zapraszamy co roku uczni\u00f3w klas IV, a informacji o projekcie udziela Pan Sylwester Strzelec, koordynator szkolny projektu.<\/p>\n<\/div>\n<\/div>\t\t\t\t\t<\/div>\n\t\t\t\t\t\t<\/div>\n\t\t\t\t<\/div>\n\t\t\t\t\t\t<\/div>\n\t\t\t\t\t<\/div>\n\t\t<\/div>\n\t\t\t\t<div class=\"elementor-column elementor-col-50 elementor-inner-column elementor-element elementor-element-aa625bf\" data-id=\"aa625bf\" data-element_type=\"column\">\n\t\t\t<div class=\"elementor-column-wrap elementor-element-populated\">\n\t\t\t\t\t\t\t<div class=\"elementor-widget-wrap\">\n\t\t\t\t\t\t<div class=\"elementor-element elementor-element-6258a25 elementor-widget elementor-widget-gallery\" data-id=\"6258a25\" data-element_type=\"widget\" data-settings=\"{&quot;columns&quot;:1,&quot;columns_tablet&quot;:1,&quot;lazyload&quot;:&quot;yes&quot;,&quot;gallery_layout&quot;:&quot;grid&quot;,&quot;columns_mobile&quot;:1,&quot;gap&quot;:{&quot;unit&quot;:&quot;px&quot;,&quot;size&quot;:10,&quot;sizes&quot;:[]},&quot;gap_tablet&quot;:{&quot;unit&quot;:&quot;px&quot;,&quot;size&quot;:10,&quot;sizes&quot;:[]},&quot;gap_mobile&quot;:{&quot;unit&quot;:&quot;px&quot;,&quot;size&quot;:10,&quot;sizes&quot;:[]},&quot;link_to&quot;:&quot;file&quot;,&quot;aspect_ratio&quot;:&quot;3:2&quot;,&quot;overlay_background&quot;:&quot;yes&quot;,&quot;content_hover_animation&quot;:&quot;fade-in&quot;}\" data-widget_type=\"gallery.default\">\n\t\t\t\t<div class=\"elementor-widget-container\">\n\t\t\t\t\t<div class=\"elementor-gallery__container\">\n\t\t\t\t\t\t\t<a class=\"e-gallery-item elementor-gallery-item elementor-animated-content\" href=\"http:\/\/ekonomik.opole.pl\/eko3\/wp-content\/uploads\/2025\/08\/FERS_2025-2026.jpg\" data-elementor-open-lightbox=\"yes\" data-elementor-lightbox-slideshow=\"all-6258a25\" data-elementor-lightbox-title=\"FERS_2025-2026\">\n\t\t\t\t\t<div class=\"e-gallery-image elementor-gallery-item__image\" data-thumbnail=\"http:\/\/ekonomik.opole.pl\/eko3\/wp-content\/uploads\/2025\/08\/FERS_2025-2026.jpg\" data-width=\"1200\" data-height=\"849\" alt=\"\" ><\/div>\n\t\t\t\t\t\t\t\t\t\t<div class=\"elementor-gallery-item__overlay\"><\/div>\n\t\t\t\t\t\t\t\t\t\t\t\t\t\t<\/a>\n\t\t\t\t\t<\/div>\n\t\t\t<\/div>\n\t\t\t\t<\/div>\n\t\t\t\t<div class=\"elementor-element elementor-element-9caf57f elementor-widget elementor-widget-text-editor\" data-id=\"9caf57f\" data-element_type=\"widget\" data-widget_type=\"text-editor.default\">\n\t\t\t\t<div class=\"elementor-widget-container\">\n\t\t\t\t\t\t\t\t<div class=\"elementor-text-editor elementor-clearfix\">\n\t\t\t\t\t<div class=\"x11i5rnm xat24cr x1mh8g0r x1vvkbs xtlvy1s x126k92a\">\n<div dir=\"auto\">\n<p><span style=\"color: var(--vamtam-primary-font-color); letter-spacing: var(--vamtam-primary-font-letter-spacing-desktop,normal); text-transform: var(--vamtam-primary-font-transform,none);\">Przygoda nie by\u0142aby mo\u017cliwa bez funduszy uzyskanych z Unii Europejskiej. <\/span><span style=\"color: var(--vamtam-primary-font-color); letter-spacing: var(--vamtam-primary-font-letter-spacing-desktop,normal); text-transform: var(--vamtam-primary-font-transform,none);\">Pobyt naszych uczni\u00f3w w Saragossie jest dowodem na to jak\u0105 warto\u015bci\u0105 jest uczestnictwo Polski w Unii Europejskiej<\/span><\/p>\n<p>\u00a0<\/p>\n<\/div>\n<\/div>\t\t\t\t\t<\/div>\n\t\t\t\t\t\t<\/div>\n\t\t\t\t<\/div>\n\t\t\t\t<div class=\"elementor-element elementor-element-93b214c elementor-widget elementor-widget-gallery\" data-id=\"93b214c\" data-element_type=\"widget\" data-settings=\"{&quot;columns&quot;:3,&quot;gap&quot;:{&quot;unit&quot;:&quot;px&quot;,&quot;size&quot;:6,&quot;sizes&quot;:[]},&quot;lazyload&quot;:&quot;yes&quot;,&quot;gallery_layout&quot;:&quot;grid&quot;,&quot;columns_tablet&quot;:2,&quot;columns_mobile&quot;:1,&quot;gap_tablet&quot;:{&quot;unit&quot;:&quot;px&quot;,&quot;size&quot;:10,&quot;sizes&quot;:[]},&quot;gap_mobile&quot;:{&quot;unit&quot;:&quot;px&quot;,&quot;size&quot;:10,&quot;sizes&quot;:[]},&quot;link_to&quot;:&quot;file&quot;,&quot;aspect_ratio&quot;:&quot;3:2&quot;,&quot;overlay_background&quot;:&quot;yes&quot;,&quot;content_hover_animation&quot;:&quot;fade-in&quot;}\" data-widget_type=\"gallery.default\">\n\t\t\t\t<div class=\"elementor-widget-container\">\n\t\t\t\t\t<div class=\"elementor-gallery__container\">\n\t\t\t\t\t\t\t<a class=\"e-gallery-item elementor-gallery-item elementor-animated-content\" href=\"http:\/\/ekonomik.opole.pl\/eko3\/wp-content\/uploads\/2025\/08\/IMG_3006-scaled.jpg\" data-elementor-open-lightbox=\"yes\" data-elementor-lightbox-slideshow=\"all-93b214c\" data-elementor-lightbox-title=\"IMG_3006\">\n\t\t\t\t\t<div class=\"e-gallery-image elementor-gallery-item__image\" data-thumbnail=\"http:\/\/ekonomik.opole.pl\/eko3\/wp-content\/uploads\/2025\/08\/IMG_3006-scaled.jpg\" data-width=\"2560\" data-height=\"1725\" alt=\"\" ><\/div>\n\t\t\t\t\t\t\t\t\t\t<div class=\"elementor-gallery-item__overlay\"><\/div>\n\t\t\t\t\t\t\t\t\t\t\t\t\t\t<\/a>\n\t\t\t\t\t\t\t<a class=\"e-gallery-item elementor-gallery-item elementor-animated-content\" href=\"http:\/\/ekonomik.opole.pl\/eko3\/wp-content\/uploads\/2025\/08\/472772441_939025724871133_5618603548091018393_n.jpg\" data-elementor-open-lightbox=\"yes\" data-elementor-lightbox-slideshow=\"all-93b214c\" data-elementor-lightbox-title=\"472772441_939025724871133_5618603548091018393_n\">\n\t\t\t\t\t<div class=\"e-gallery-image elementor-gallery-item__image\" data-thumbnail=\"http:\/\/ekonomik.opole.pl\/eko3\/wp-content\/uploads\/2025\/08\/472772441_939025724871133_5618603548091018393_n.jpg\" data-width=\"2040\" data-height=\"1148\" alt=\"\" ><\/div>\n\t\t\t\t\t\t\t\t\t\t<div class=\"elementor-gallery-item__overlay\"><\/div>\n\t\t\t\t\t\t\t\t\t\t\t\t\t\t<\/a>\n\t\t\t\t\t\t\t<a class=\"e-gallery-item elementor-gallery-item elementor-animated-content\" href=\"http:\/\/ekonomik.opole.pl\/eko3\/wp-content\/uploads\/2025\/08\/IMG-20250216-WA0006.jpg\" data-elementor-open-lightbox=\"yes\" data-elementor-lightbox-slideshow=\"all-93b214c\" data-elementor-lightbox-title=\"IMG-20250216-WA0006\">\n\t\t\t\t\t<div class=\"e-gallery-image elementor-gallery-item__image\" data-thumbnail=\"http:\/\/ekonomik.opole.pl\/eko3\/wp-content\/uploads\/2025\/08\/IMG-20250216-WA0006.jpg\" data-width=\"1600\" data-height=\"1200\" alt=\"\" ><\/div>\n\t\t\t\t\t\t\t\t\t\t<div class=\"elementor-gallery-item__overlay\"><\/div>\n\t\t\t\t\t\t\t\t\t\t\t\t\t\t<\/a>\n\t\t\t\t\t\t\t<a class=\"e-gallery-item elementor-gallery-item elementor-animated-content\" href=\"http:\/\/ekonomik.opole.pl\/eko3\/wp-content\/uploads\/2025\/08\/472792519_501761699094485_322866574840458345_n.jpg\" data-elementor-open-lightbox=\"yes\" data-elementor-lightbox-slideshow=\"all-93b214c\" data-elementor-lightbox-title=\"472792519_501761699094485_322866574840458345_n\">\n\t\t\t\t\t<div class=\"e-gallery-image elementor-gallery-item__image\" data-thumbnail=\"http:\/\/ekonomik.opole.pl\/eko3\/wp-content\/uploads\/2025\/08\/472792519_501761699094485_322866574840458345_n.jpg\" data-width=\"1500\" data-height=\"2000\" alt=\"\" ><\/div>\n\t\t\t\t\t\t\t\t\t\t<div class=\"elementor-gallery-item__overlay\"><\/div>\n\t\t\t\t\t\t\t\t\t\t\t\t\t\t<\/a>\n\t\t\t\t\t\t\t<a class=\"e-gallery-item elementor-gallery-item elementor-animated-content\" href=\"http:\/\/ekonomik.opole.pl\/eko3\/wp-content\/uploads\/2025\/08\/IMG_20250106_122948-1-scaled.jpg\" data-elementor-open-lightbox=\"yes\" data-elementor-lightbox-slideshow=\"all-93b214c\" data-elementor-lightbox-title=\"IMG_20250106_122948\">\n\t\t\t\t\t<div class=\"e-gallery-image elementor-gallery-item__image\" data-thumbnail=\"http:\/\/ekonomik.opole.pl\/eko3\/wp-content\/uploads\/2025\/08\/IMG_20250106_122948-1-scaled.jpg\" data-width=\"2560\" data-height=\"1920\" alt=\"\" ><\/div>\n\t\t\t\t\t\t\t\t\t\t<div class=\"elementor-gallery-item__overlay\"><\/div>\n\t\t\t\t\t\t\t\t\t\t\t\t\t\t<\/a>\n\t\t\t\t\t\t\t<a class=\"e-gallery-item elementor-gallery-item elementor-animated-content\" href=\"http:\/\/ekonomik.opole.pl\/eko3\/wp-content\/uploads\/2025\/08\/1736772077113.jpg\" data-elementor-open-lightbox=\"yes\" data-elementor-lightbox-slideshow=\"all-93b214c\" data-elementor-lightbox-title=\"1736772077113\">\n\t\t\t\t\t<div class=\"e-gallery-image elementor-gallery-item__image\" data-thumbnail=\"http:\/\/ekonomik.opole.pl\/eko3\/wp-content\/uploads\/2025\/08\/1736772077113.jpg\" data-width=\"2040\" data-height=\"1530\" alt=\"\" ><\/div>\n\t\t\t\t\t\t\t\t\t\t<div class=\"elementor-gallery-item__overlay\"><\/div>\n\t\t\t\t\t\t\t\t\t\t\t\t\t\t<\/a>\n\t\t\t\t\t\t\t<a class=\"e-gallery-item elementor-gallery-item elementor-animated-content\" href=\"http:\/\/ekonomik.opole.pl\/eko3\/wp-content\/uploads\/2025\/08\/IMG-20250118-WA0013.jpg\" data-elementor-open-lightbox=\"yes\" data-elementor-lightbox-slideshow=\"all-93b214c\" data-elementor-lightbox-title=\"IMG-20250118-WA0013\">\n\t\t\t\t\t<div class=\"e-gallery-image elementor-gallery-item__image\" data-thumbnail=\"http:\/\/ekonomik.opole.pl\/eko3\/wp-content\/uploads\/2025\/08\/IMG-20250118-WA0013.jpg\" data-width=\"2048\" data-height=\"1536\" alt=\"\" ><\/div>\n\t\t\t\t\t\t\t\t\t\t<div class=\"elementor-gallery-item__overlay\"><\/div>\n\t\t\t\t\t\t\t\t\t\t\t\t\t\t<\/a>\n\t\t\t\t\t\t\t<a class=\"e-gallery-item elementor-gallery-item elementor-animated-content\" href=\"http:\/\/ekonomik.opole.pl\/eko3\/wp-content\/uploads\/2025\/08\/1737463424911-scaled.jpg\" data-elementor-open-lightbox=\"yes\" data-elementor-lightbox-slideshow=\"all-93b214c\" data-elementor-lightbox-title=\"1737463424911\">\n\t\t\t\t\t<div class=\"e-gallery-image elementor-gallery-item__image\" data-thumbnail=\"http:\/\/ekonomik.opole.pl\/eko3\/wp-content\/uploads\/2025\/08\/1737463424911-scaled.jpg\" data-width=\"2560\" data-height=\"1920\" alt=\"\" ><\/div>\n\t\t\t\t\t\t\t\t\t\t<div class=\"elementor-gallery-item__overlay\"><\/div>\n\t\t\t\t\t\t\t\t\t\t\t\t\t\t<\/a>\n\t\t\t\t\t\t\t<a class=\"e-gallery-item elementor-gallery-item elementor-animated-content\" href=\"http:\/\/ekonomik.opole.pl\/eko3\/wp-content\/uploads\/2025\/08\/IMG-20250131-WA0004.jpg\" data-elementor-open-lightbox=\"yes\" data-elementor-lightbox-slideshow=\"all-93b214c\" data-elementor-lightbox-title=\"IMG-20250131-WA0004\">\n\t\t\t\t\t<div class=\"e-gallery-image elementor-gallery-item__image\" data-thumbnail=\"http:\/\/ekonomik.opole.pl\/eko3\/wp-content\/uploads\/2025\/08\/IMG-20250131-WA0004.jpg\" data-width=\"1200\" data-height=\"1600\" alt=\"\" ><\/div>\n\t\t\t\t\t\t\t\t\t\t<div class=\"elementor-gallery-item__overlay\"><\/div>\n\t\t\t\t\t\t\t\t\t\t\t\t\t\t<\/a>\n\t\t\t\t\t\t\t<a class=\"e-gallery-item elementor-gallery-item elementor-animated-content\" href=\"http:\/\/ekonomik.opole.pl\/eko3\/wp-content\/uploads\/2025\/08\/IMG_20250122_100937-scaled.jpg\" data-elementor-open-lightbox=\"yes\" data-elementor-lightbox-slideshow=\"all-93b214c\" data-elementor-lightbox-title=\"IMG_20250122_100937\">\n\t\t\t\t\t<div class=\"e-gallery-image elementor-gallery-item__image\" data-thumbnail=\"http:\/\/ekonomik.opole.pl\/eko3\/wp-content\/uploads\/2025\/08\/IMG_20250122_100937-scaled.jpg\" data-width=\"1920\" data-height=\"2560\" alt=\"\" ><\/div>\n\t\t\t\t\t\t\t\t\t\t<div class=\"elementor-gallery-item__overlay\"><\/div>\n\t\t\t\t\t\t\t\t\t\t\t\t\t\t<\/a>\n\t\t\t\t\t\t\t<a class=\"e-gallery-item elementor-gallery-item elementor-animated-content\" href=\"http:\/\/ekonomik.opole.pl\/eko3\/wp-content\/uploads\/2025\/08\/IMG-20250131-WA0007.jpg\" data-elementor-open-lightbox=\"yes\" data-elementor-lightbox-slideshow=\"all-93b214c\" data-elementor-lightbox-title=\"IMG-20250131-WA0007\">\n\t\t\t\t\t<div class=\"e-gallery-image elementor-gallery-item__image\" data-thumbnail=\"http:\/\/ekonomik.opole.pl\/eko3\/wp-content\/uploads\/2025\/08\/IMG-20250131-WA0007.jpg\" data-width=\"2040\" data-height=\"1530\" alt=\"\" ><\/div>\n\t\t\t\t\t\t\t\t\t\t<div class=\"elementor-gallery-item__overlay\"><\/div>\n\t\t\t\t\t\t\t\t\t\t\t\t\t\t<\/a>\n\t\t\t\t\t<\/div>\n\t\t\t<\/div>\n\t\t\t\t<\/div>\n\t\t\t\t\t\t<\/div>\n\t\t\t\t\t<\/div>\n\t\t<\/div>\n\t\t\t\t\t\t\t\t<\/div>\n\t\t\t\t\t<\/div>\n\t\t<\/section>\n\t\t\t\t\t\t<\/div>\n\t\t\t\t\t<\/div>\n\t\t<\/div>\n\t\t\t\t\t\t\t\t<\/div>\n\t\t\t\t\t<\/div>\n\t\t<\/section>\n\t\t\t\t<section class=\"elementor-section elementor-top-section elementor-element elementor-element-51b1593d elementor-section-content-middle elementor-section-boxed elementor-section-height-default elementor-section-height-default\" data-id=\"51b1593d\" data-element_type=\"section\">\n\t\t\t\t\t\t<div class=\"elementor-container elementor-column-gap-default\">\n\t\t\t\t\t\t\t<div class=\"elementor-row\">\n\t\t\t\t\t<div class=\"elementor-column elementor-col-50 elementor-top-column elementor-element elementor-element-7cd3d9d\" data-id=\"7cd3d9d\" data-element_type=\"column\">\n\t\t\t<div class=\"elementor-column-wrap elementor-element-populated\">\n\t\t\t\t\t\t\t<div class=\"elementor-widget-wrap\">\n\t\t\t\t\t\t<div class=\"elementor-element elementor-element-49446a elementor-widget elementor-widget-heading\" data-id=\"49446a\" data-element_type=\"widget\" data-widget_type=\"heading.default\">\n\t\t\t\t<div class=\"elementor-widget-container\">\n\t\t\t<h2 class=\"elementor-heading-title elementor-size-default\">Erasmus+<\/h2>\t\t<\/div>\n\t\t\t\t<\/div>\n\t\t\t\t<div class=\"elementor-element elementor-element-75a03054 elementor-widget elementor-widget-text-editor\" data-id=\"75a03054\" data-element_type=\"widget\" data-widget_type=\"text-editor.default\">\n\t\t\t\t<div class=\"elementor-widget-container\">\n\t\t\t\t\t\t\t\t<div class=\"elementor-text-editor elementor-clearfix\">\n\t\t\t\t\t<p>Ju\u017c od kilku lat organizujemy wyjazdy dla uczni\u00f3w Zespo\u0142u Szk\u00f3\u0142 Ekonomicznych na zagraniczne praktyki zawodowe w ramach programu Erasmus+.\u00a0<\/p>\t\t\t\t\t<\/div>\n\t\t\t\t\t\t<\/div>\n\t\t\t\t<\/div>\n\t\t\t\t\t\t<\/div>\n\t\t\t\t\t<\/div>\n\t\t<\/div>\n\t\t\t\t<div class=\"elementor-column elementor-col-50 elementor-top-column elementor-element elementor-element-4eaa3bd7\" data-id=\"4eaa3bd7\" data-element_type=\"column\" data-settings=\"{&quot;background_background&quot;:&quot;classic&quot;}\">\n\t\t\t<div class=\"elementor-column-wrap elementor-element-populated\">\n\t\t\t\t\t<div class=\"elementor-background-overlay\"><\/div>\n\t\t\t\t\t\t\t<div class=\"elementor-widget-wrap\">\n\t\t\t\t\t\t<div class=\"elementor-element elementor-element-0a70bc8 elementor-aspect-ratio-169 elementor-widget elementor-widget-video\" data-id=\"0a70bc8\" data-element_type=\"widget\" data-settings=\"{&quot;youtube_url&quot;:&quot;https:\\\/\\\/www.youtube.com\\\/watch?v=ykwdEaRQXW4&quot;,&quot;video_type&quot;:&quot;youtube&quot;,&quot;controls&quot;:&quot;yes&quot;,&quot;aspect_ratio&quot;:&quot;169&quot;}\" data-widget_type=\"video.default\">\n\t\t\t\t<div class=\"elementor-widget-container\">\n\t\t\t\t\t<div class=\"elementor-wrapper elementor-fit-aspect-ratio elementor-open-inline\">\n\t\t\t<div class=\"elementor-video\"><\/div>\t\t<\/div>\n\t\t\t\t<\/div>\n\t\t\t\t<\/div>\n\t\t\t\t\t\t<\/div>\n\t\t\t\t\t<\/div>\n\t\t<\/div>\n\t\t\t\t\t\t\t\t<\/div>\n\t\t\t\t\t<\/div>\n\t\t<\/section>\n\t\t\t\t<section class=\"elementor-section elementor-top-section elementor-element elementor-element-7b340fe4 elementor-section-boxed elementor-section-height-default elementor-section-height-default\" data-id=\"7b340fe4\" data-element_type=\"section\">\n\t\t\t\t\t\t<div class=\"elementor-container elementor-column-gap-default\">\n\t\t\t\t\t\t\t<div class=\"elementor-row\">\n\t\t\t\t\t<div class=\"elementor-column elementor-col-33 elementor-top-column elementor-element elementor-element-693c97b7\" data-id=\"693c97b7\" data-element_type=\"column\">\n\t\t\t<div class=\"elementor-column-wrap elementor-element-populated\">\n\t\t\t\t\t\t\t<div class=\"elementor-widget-wrap\">\n\t\t\t\t\t\t<div class=\"elementor-element elementor-element-7fbc09a4 elementor-widget elementor-widget-text-editor\" data-id=\"7fbc09a4\" data-element_type=\"widget\" data-widget_type=\"text-editor.default\">\n\t\t\t\t<div class=\"elementor-widget-container\">\n\t\t\t\t\t\t\t\t<div class=\"elementor-text-editor elementor-clearfix\">\n\t\t\t\t\t<p>Udzia\u0142 w projekcie umo\u017cliwia uczniom Zespo\u0142u Szk\u00f3\u0142 Ekonomicznych odbycie praktyki zawodowej w firmie zagranicznej dzi\u0119ki czemu mog\u0105 oni w atrakcyjny spos\u00f3b podnie\u015b\u0107 swoje kompetencje zawodowe.<\/p>\t\t\t\t\t<\/div>\n\t\t\t\t\t\t<\/div>\n\t\t\t\t<\/div>\n\t\t\t\t\t\t<\/div>\n\t\t\t\t\t<\/div>\n\t\t<\/div>\n\t\t\t\t<div class=\"elementor-column elementor-col-66 elementor-top-column elementor-element elementor-element-375e615a\" data-id=\"375e615a\" data-element_type=\"column\">\n\t\t\t<div class=\"elementor-column-wrap elementor-element-populated\">\n\t\t\t\t\t\t\t<div class=\"elementor-widget-wrap\">\n\t\t\t\t\t\t<div class=\"elementor-element elementor-element-7471a92 elementor-widget elementor-widget-text-editor\" data-id=\"7471a92\" data-element_type=\"widget\" data-widget_type=\"text-editor.default\">\n\t\t\t\t<div class=\"elementor-widget-container\">\n\t\t\t\t\t\t\t\t<div class=\"elementor-text-editor elementor-clearfix\">\n\t\t\t\t\t<p>Uczestnictwo w projekcie nie sprowadza si\u0119 jednak tylko do odbycia praktyki zawodowej. Wyjazd umo\u017cliwia uczestnikom na rozwijanie swoich umiej\u0119tno\u015bci j\u0119zykowych, samodzielno\u015bci oraz pracy w zespole, ale przede wszystkim daje unikaln\u0105 szans\u0119 na poznanie ciekawych miejsc oraz zawarcie nowych znajomo\u015bci.<\/p>\t\t\t\t\t<\/div>\n\t\t\t\t\t\t<\/div>\n\t\t\t\t<\/div>\n\t\t\t\t\t\t<\/div>\n\t\t\t\t\t<\/div>\n\t\t<\/div>\n\t\t\t\t\t\t\t\t<\/div>\n\t\t\t\t\t<\/div>\n\t\t<\/section>\n\t\t\t\t<section class=\"elementor-section elementor-top-section elementor-element elementor-element-38bfcc81 elementor-section-boxed elementor-section-height-default elementor-section-height-default\" data-id=\"38bfcc81\" data-element_type=\"section\">\n\t\t\t\t\t\t<div class=\"elementor-container elementor-column-gap-default\">\n\t\t\t\t\t\t\t<div class=\"elementor-row\">\n\t\t\t\t\t<div class=\"elementor-column elementor-col-100 elementor-top-column elementor-element elementor-element-20673658\" data-id=\"20673658\" data-element_type=\"column\">\n\t\t\t<div class=\"elementor-column-wrap elementor-element-populated\">\n\t\t\t\t\t\t\t<div class=\"elementor-widget-wrap\">\n\t\t\t\t\t\t<div class=\"elementor-element elementor-element-76f55fa1 elementor-invisible elementor-widget elementor-widget-heading\" data-id=\"76f55fa1\" data-element_type=\"widget\" data-settings=\"{&quot;_animation&quot;:&quot;fadeIn&quot;,&quot;_animation_delay&quot;:500}\" data-widget_type=\"heading.default\">\n\t\t\t\t<div class=\"elementor-widget-container\">\n\t\t\t<h2 class=\"elementor-heading-title elementor-size-default\">Wspania\u0142e miejsca w Europie\n<\/h2>\t\t<\/div>\n\t\t\t\t<\/div>\n\t\t\t\t<div class=\"elementor-element elementor-element-3cb1654c elementor-widget elementor-widget-text-editor\" data-id=\"3cb1654c\" data-element_type=\"widget\" data-widget_type=\"text-editor.default\">\n\t\t\t\t<div class=\"elementor-widget-container\">\n\t\t\t\t\t\t\t\t<div class=\"elementor-text-editor elementor-clearfix\">\n\t\t\t\t\t<p>Do tej pory uczniowie naszej szko\u0142y mieli okazj\u0119 odby\u0107 praktyki zawodowe w <strong>Bolonii<\/strong>, <strong>Wiedniu<\/strong> oraz <strong>Belfa\u015bcie<\/strong>, a w kolejnych edycjach projektu uczniowie b\u0119d\u0105 r\u00f3wnie\u017c odbywali praktyki zawodowe w <strong>Saragossie<\/strong>.\u00a0<\/p>\t\t\t\t\t<\/div>\n\t\t\t\t\t\t<\/div>\n\t\t\t\t<\/div>\n\t\t\t\t<div class=\"elementor-element elementor-element-6707e5c8 elementor-widget elementor-widget-text-editor\" data-id=\"6707e5c8\" data-element_type=\"widget\" data-widget_type=\"text-editor.default\">\n\t\t\t\t<div class=\"elementor-widget-container\">\n\t\t\t\t\t\t\t\t<div class=\"elementor-text-editor elementor-clearfix\">\n\t\t\t\t\t<p><strong>Wyjazdy na praktyki zagraniczne w ca\u0142o\u015bci finansowane s\u0105 w ramach funduszy Unii Europejskiej (bez wk\u0142adu finansowego uczni\u00f3w) i organizowane przy udziale partner\u00f3w zagranicznych.\u00a0<\/strong><\/p>\t\t\t\t\t<\/div>\n\t\t\t\t\t\t<\/div>\n\t\t\t\t<\/div>\n\t\t\t\t\t\t<\/div>\n\t\t\t\t\t<\/div>\n\t\t<\/div>\n\t\t\t\t\t\t\t\t<\/div>\n\t\t\t\t\t<\/div>\n\t\t<\/section>\n\t\t\t\t<section class=\"elementor-section elementor-top-section elementor-element elementor-element-6fadbcbd elementor-section-boxed elementor-section-height-default elementor-section-height-default\" data-id=\"6fadbcbd\" data-element_type=\"section\" data-settings=\"{&quot;background_background&quot;:&quot;classic&quot;}\">\n\t\t\t\t\t\t<div class=\"elementor-container elementor-column-gap-default\">\n\t\t\t\t\t\t\t<div class=\"elementor-row\">\n\t\t\t\t\t<div class=\"elementor-column elementor-col-100 elementor-top-column elementor-element elementor-element-7dba5190\" data-id=\"7dba5190\" data-element_type=\"column\" data-settings=\"{&quot;background_background&quot;:&quot;classic&quot;}\">\n\t\t\t<div class=\"elementor-column-wrap elementor-element-populated\">\n\t\t\t\t\t\t\t<div class=\"elementor-widget-wrap\">\n\t\t\t\t\t\t<div class=\"elementor-element elementor-element-1d2f970c elementor-invisible elementor-widget elementor-widget-heading\" data-id=\"1d2f970c\" data-element_type=\"widget\" data-settings=\"{&quot;_animation&quot;:&quot;fadeIn&quot;,&quot;_animation_delay&quot;:500}\" data-widget_type=\"heading.default\">\n\t\t\t\t<div class=\"elementor-widget-container\">\n\t\t\t<h2 class=\"elementor-heading-title elementor-size-default\">Koordynator szkolny programu Erasmus+<\/h2>\t\t<\/div>\n\t\t\t\t<\/div>\n\t\t\t\t<div class=\"elementor-element elementor-element-5544d4df elementor-testimonial--align-left elementor-testimonial--skin-default elementor-testimonial--layout-image_inline elementor-pagination-type-bullets elementor-widget elementor-widget-testimonial-carousel\" data-id=\"5544d4df\" data-element_type=\"widget\" data-settings=\"{&quot;space_between&quot;:{&quot;unit&quot;:&quot;px&quot;,&quot;size&quot;:0,&quot;sizes&quot;:[]},&quot;slides_per_view_mobile&quot;:&quot;1&quot;,&quot;slides_per_view&quot;:&quot;1&quot;,&quot;pagination&quot;:&quot;bullets&quot;,&quot;speed&quot;:500,&quot;space_between_tablet&quot;:{&quot;unit&quot;:&quot;px&quot;,&quot;size&quot;:10,&quot;sizes&quot;:[]},&quot;space_between_mobile&quot;:{&quot;unit&quot;:&quot;px&quot;,&quot;size&quot;:10,&quot;sizes&quot;:[]}}\" data-widget_type=\"testimonial-carousel.default\">\n\t\t\t\t<div class=\"elementor-widget-container\">\n\t\t\t\t\t<div class=\"elementor-swiper\">\n\t\t\t<div class=\"elementor-main-swiper swiper-container\">\n\t\t\t\t<div class=\"swiper-wrapper\">\n\t\t\t\t\t\t\t\t\t\t\t<div class=\"swiper-slide\">\n\t\t\t\t\t\t\t\t\t<div class=\"elementor-testimonial\">\n\t\t\t\t\t\t\t<div class=\"elementor-testimonial__content\">\n\t\t\t\t\t<div class=\"elementor-testimonial__text\">\n\t\t\t\t\t\t<em>Sta\u017ce zawodowe w krajach UE to mi\u0119dzynarodowe do\u015bwiadczenie, rozwijanie j\u0119zyka obcego, satysfakcja ze swoich dokona\u0107, nowe znajomo\u015bci i kontakty. Korzy\u015bci\u0105 jest nauka zawodu w zagranicznym \u015brodowisku pracy, na wysokim poziomie, w oparciu o uzgodniony program i ustalone z instytucj\u0105 partnersk\u0105 osi\u0105gni\u0119cia edukacyjne. <\/em>\t\t\t\t\t<\/div>\n\t\t\t\t\t\t\t\t\t<\/div>\n\t\t\t\t\t\t<div class=\"elementor-testimonial__footer\">\n\t\t\t\t\t\t\t\t\t<div class=\"elementor-testimonial__image\">\n\t\t\t\t\t\t<img src=\"http:\/\/ekonomik.opole.pl\/eko3\/wp-content\/uploads\/2021\/05\/18920746_10207671144731304_8609456405048197219_o-150x150.jpg\" alt=\"Prof Sylwester Strzelec\">\n\t\t\t\t\t<\/div>\n\t\t\t\t\t\t\t\t<cite class=\"elementor-testimonial__cite\"><span class=\"elementor-testimonial__name\">Prof Sylwester Strzelec<\/span><span class=\"elementor-testimonial__title\">Koordynator szkolny programu Erasmus+<\/span><\/cite>\t\t\t<\/div>\n\t\t<\/div>\n\t\t\t\t\t\t\t\t<\/div>\n\t\t\t\t\t\t\t\t\t<\/div>\n\t\t\t\t\t\t\t<\/div>\n\t\t<\/div>\n\t\t\t\t<\/div>\n\t\t\t\t<\/div>\n\t\t\t\t\t\t<\/div>\n\t\t\t\t\t<\/div>\n\t\t<\/div>\n\t\t\t\t\t\t\t\t<\/div>\n\t\t\t\t\t<\/div>\n\t\t<\/section>\n\t\t\t\t<section class=\"elementor-section elementor-top-section elementor-element elementor-element-18dc82ec elementor-section-boxed elementor-section-height-default elementor-section-height-default\" data-id=\"18dc82ec\" data-element_type=\"section\">\n\t\t\t\t\t\t<div class=\"elementor-container elementor-column-gap-default\">\n\t\t\t\t\t\t\t<div class=\"elementor-row\">\n\t\t\t\t\t<div class=\"elementor-column elementor-col-100 elementor-top-column elementor-element elementor-element-3e256609\" data-id=\"3e256609\" data-element_type=\"column\">\n\t\t\t<div class=\"elementor-column-wrap elementor-element-populated\">\n\t\t\t\t\t\t\t<div class=\"elementor-widget-wrap\">\n\t\t\t\t\t\t<div class=\"elementor-element elementor-element-3a7be447 elementor-widget elementor-widget-spacer\" data-id=\"3a7be447\" data-element_type=\"widget\" data-widget_type=\"spacer.default\">\n\t\t\t\t<div class=\"elementor-widget-container\">\n\t\t\t\t\t<div class=\"elementor-spacer\">\n\t\t\t<div class=\"elementor-spacer-inner\"><\/div>\n\t\t<\/div>\n\t\t\t\t<\/div>\n\t\t\t\t<\/div>\n\t\t\t\t\t\t<\/div>\n\t\t\t\t\t<\/div>\n\t\t<\/div>\n\t\t\t\t\t\t\t\t<\/div>\n\t\t\t\t\t<\/div>\n\t\t<\/section>\n\t\t\t\t\t\t<\/div>\n\t\t\t\t\t\t<\/div>\n\t\t\t\t\t<\/div>\n\t\t","protected":false},"excerpt":{"rendered":"<p>Zagraniczne praktyki zawodowe szans\u0105 dla uczni\u00f3w Zespo\u0142u Szk\u00f3\u0142 Ekonomicznych\u00a0 Praktyki zagraniczne w Saragossie W dniach 6 stycznia \u2013 31 stycznia 2025 r. trzydziestu uczni\u00f3w Zespo\u0142u Szk\u00f3\u0142 Ekonomicznych w Opolu odby\u0142o czterotygodniowe praktyki zawodowe w Saragossie oraz na wyspie Fuerteventura. Wyjazd, sfinansowany z Funduszy Europejskich w ramach programu \u201eFundusze Europejskie dla Rozwoju Spo\u0142ecznego\u201d, by\u0142 cz\u0119\u015bci\u0105 programu&#8230;<\/p>\n","protected":false},"author":1,"featured_media":0,"parent":998068,"menu_order":0,"comment_status":"closed","ping_status":"closed","template":"elementor_header_footer","meta":{"inline_featured_image":false},"_links":{"self":[{"href":"http:\/\/ekonomik.opole.pl\/eko3\/wp-json\/wp\/v2\/pages\/990147"}],"collection":[{"href":"http:\/\/ekonomik.opole.pl\/eko3\/wp-json\/wp\/v2\/pages"}],"about":[{"href":"http:\/\/ekonomik.opole.pl\/eko3\/wp-json\/wp\/v2\/types\/page"}],"author":[{"embeddable":true,"href":"http:\/\/ekonomik.opole.pl\/eko3\/wp-json\/wp\/v2\/users\/1"}],"replies":[{"embeddable":true,"href":"http:\/\/ekonomik.opole.pl\/eko3\/wp-json\/wp\/v2\/comments?post=990147"}],"version-history":[{"count":40,"href":"http:\/\/ekonomik.opole.pl\/eko3\/wp-json\/wp\/v2\/pages\/990147\/revisions"}],"predecessor-version":[{"id":999376,"href":"http:\/\/ekonomik.opole.pl\/eko3\/wp-json\/wp\/v2\/pages\/990147\/revisions\/999376"}],"up":[{"embeddable":true,"href":"http:\/\/ekonomik.opole.pl\/eko3\/wp-json\/wp\/v2\/pages\/998068"}],"wp:attachment":[{"href":"http:\/\/ekonomik.opole.pl\/eko3\/wp-json\/wp\/v2\/media?parent=990147"}],"curies":[{"name":"wp","href":"https:\/\/api.w.org\/{rel}","templated":true}]}}