{"id":997787,"date":"2025-03-12T20:31:09","date_gmt":"2025-03-12T19:31:09","guid":{"rendered":"https:\/\/ekonomik.opole.pl\/eko3\/?page_id=997787"},"modified":"2026-03-28T17:27:46","modified_gmt":"2026-03-28T16:27:46","slug":"deklaracja-dostepnosci","status":"publish","type":"page","link":"http:\/\/ekonomik.opole.pl\/eko3\/deklaracja-dostepnosci\/","title":{"rendered":"Deklaracja dost\u0119pno\u015bci"},"content":{"rendered":"\t\t<div data-elementor-type=\"wp-page\" data-elementor-id=\"997787\" class=\"elementor elementor-997787\" data-elementor-settings=\"[]\">\n\t\t\t\t\t\t<div class=\"elementor-inner\">\n\t\t\t\t\t\t\t<div class=\"elementor-section-wrap\">\n\t\t\t\t\t\t\t<section class=\"elementor-section elementor-top-section elementor-element elementor-element-fd90e8f elementor-section-content-bottom elementor-section-boxed elementor-section-height-default elementor-section-height-default elementor-invisible\" data-id=\"fd90e8f\" data-element_type=\"section\" data-settings=\"{&quot;background_background&quot;:&quot;classic&quot;,&quot;background_motion_fx_motion_fx_scrolling&quot;:&quot;yes&quot;,&quot;background_motion_fx_range&quot;:&quot;viewport&quot;,&quot;background_motion_fx_opacity_effect&quot;:&quot;yes&quot;,&quot;background_motion_fx_opacity_direction&quot;:&quot;in-out&quot;,&quot;background_motion_fx_opacity_range&quot;:{&quot;unit&quot;:&quot;%&quot;,&quot;size&quot;:&quot;&quot;,&quot;sizes&quot;:{&quot;start&quot;:65,&quot;end&quot;:79}},&quot;background_motion_fx_translateY_effect&quot;:&quot;yes&quot;,&quot;animation&quot;:&quot;fadeIn&quot;,&quot;background_motion_fx_translateY_speed&quot;:{&quot;unit&quot;:&quot;px&quot;,&quot;size&quot;:4,&quot;sizes&quot;:[]},&quot;background_motion_fx_translateY_affectedRange&quot;:{&quot;unit&quot;:&quot;%&quot;,&quot;size&quot;:&quot;&quot;,&quot;sizes&quot;:{&quot;start&quot;:0,&quot;end&quot;:100}},&quot;background_motion_fx_opacity_level&quot;:{&quot;unit&quot;:&quot;px&quot;,&quot;size&quot;:10,&quot;sizes&quot;:[]},&quot;background_motion_fx_devices&quot;:[&quot;desktop&quot;,&quot;tablet&quot;,&quot;mobile&quot;]}\">\n\t\t\t\t\t\t<div class=\"elementor-container elementor-column-gap-default\">\n\t\t\t\t\t\t\t<div class=\"elementor-row\">\n\t\t\t\t\t<div class=\"elementor-column elementor-col-50 elementor-top-column elementor-element elementor-element-f81c752\" data-id=\"f81c752\" data-element_type=\"column\" data-settings=\"{&quot;background_background&quot;:&quot;classic&quot;}\">\n\t\t\t<div class=\"elementor-column-wrap elementor-element-populated\">\n\t\t\t\t\t\t\t<div class=\"elementor-widget-wrap\">\n\t\t\t\t\t\t\t\t<\/div>\n\t\t\t\t\t<\/div>\n\t\t<\/div>\n\t\t\t\t<div class=\"elementor-column elementor-col-50 elementor-top-column elementor-element elementor-element-c36fc2e elementor-hidden-phone\" data-id=\"c36fc2e\" data-element_type=\"column\">\n\t\t\t<div class=\"elementor-column-wrap\">\n\t\t\t\t\t\t\t<div class=\"elementor-widget-wrap\">\n\t\t\t\t\t\t\t\t<\/div>\n\t\t\t\t\t<\/div>\n\t\t<\/div>\n\t\t\t\t\t\t\t\t<\/div>\n\t\t\t\t\t<\/div>\n\t\t<\/section>\n\t\t\t\t<section class=\"elementor-section elementor-top-section elementor-element elementor-element-67763cd elementor-section-boxed elementor-section-height-default elementor-section-height-default\" data-id=\"67763cd\" data-element_type=\"section\">\n\t\t\t\t\t\t<div class=\"elementor-container elementor-column-gap-default\">\n\t\t\t\t\t\t\t<div class=\"elementor-row\">\n\t\t\t\t\t<div class=\"elementor-column elementor-col-100 elementor-top-column elementor-element elementor-element-5a9c092\" data-id=\"5a9c092\" data-element_type=\"column\" data-settings=\"{&quot;background_background&quot;:&quot;classic&quot;}\">\n\t\t\t<div class=\"elementor-column-wrap elementor-element-populated\">\n\t\t\t\t\t\t\t<div class=\"elementor-widget-wrap\">\n\t\t\t\t\t\t<div class=\"elementor-element elementor-element-5014d18 elementor-widget elementor-widget-text-editor\" data-id=\"5014d18\" data-element_type=\"widget\" data-widget_type=\"text-editor.default\">\n\t\t\t\t<div class=\"elementor-widget-container\">\n\t\t\t\t\t\t\t\t<div class=\"elementor-text-editor elementor-clearfix\">\n\t\t\t\t\t<h1 style=\"font-family: 'Montserrat';\">Deklaracja dost\u0119pno\u015bci<\/h1><section id=\"a11y-wstep\"><span id=\"a11y-podmiot\">Zesp\u00f3\u0142 Szk\u00f3\u0142 Ekonomicznych im. Gen. Stefana Roweckiego &#8222;Grota&#8221; w Opolu<\/span> zobowi\u0105zuje si\u0119 zapewni\u0107 dost\u0119pno\u015b\u0107 swojej <span id=\"a11y-zakres\">strony internetowej<\/span> zgodnie z ustaw\u0105 z dnia 4 kwietnia 2019 r. o dost\u0119pno\u015bci cyfrowej stron internetowych i aplikacji mobilnych podmiot\u00f3w publicznych.<p>Deklaracja dost\u0119pno\u015bci dotyczy strony <a id=\"a11y-url\" href=\"http:\/\/ekonomik.opole.pl\" target=\"_blank\" rel=\"noopener\">http:\/\/ekonomik.opole.pl<\/a>.<\/p><\/section><section><ul><li>Data publikacji strony internetowej: <time id=\"a11y-data-publikacja\" datetime=\"2021-01-30\">30 stycznia 2021 r.<\/time><\/li><li>Data ostatniej istotnej aktualizacji: <time id=\"a11y-data-aktualizacja\" datetime=\"2021-01-30\">30 stycznia 2021 r.<\/time><\/li><\/ul><\/section><section><h2>Stan dost\u0119pno\u015bci cyfrowej<\/h2><p id=\"a11y-status\">Ta strona internetowa jest cz\u0119\u015bciowo zgodna z za\u0142\u0105cznikiem do ustawy o dost\u0119pno\u015bci cyfrowej z dnia 4 kwietnia 2019 r. o dost\u0119pno\u015bci cyfrowej stron internetowych i aplikacji mobilnych podmiot\u00f3w publicznych z powodu [niezgodno\u015bci i wy\u0142\u0105cze\u0144] wymienionych poni\u017cej.<\/p><\/section><section><h2>Niedost\u0119pne tre\u015bci<\/h2><section><h3>Niezgodno\u015b\u0107 z za\u0142\u0105cznikiem<\/h3><ul><li>Brak informacji o tym, \u017ce niekt\u00f3re tre\u015bci zostan\u0105 wy\u015bwietlone w nowym oknie\/zak\u0142adce przegl\u0105darki.<\/li><li>Przy tek\u015bcie powi\u0119kszonym do 200% nie wszystkie tre\u015bci s\u0105 widoczne i dost\u0119pne.<\/li><li>Nie wszystkie elementy filmowe, animowane i d\u017awi\u0119kowe opublikowane na stronie posiadaj\u0105 opisy tekstowe.<\/li><li>Filmy zawieraj\u0105ce \u015bcie\u017ck\u0119 d\u017awi\u0119kow\u0105 nie posiadaj\u0105 napis\u00f3w dla os\u00f3b nies\u0142ysz\u0105cych.<\/li><li>Linki do dokument\u00f3w do pobrania mog\u0105 nie zapewniaj\u0105 informacji o jego formacie, rozmiarze i j\u0119zyku.<\/li><li>Nie wszystkie elementy graficzne posiadaj\u0105 teksty alternatywne.<\/li><\/ul><\/section><\/section><section><h2>Przygotowanie deklaracji dost\u0119pno\u015bci<\/h2><ul><li>Data sporz\u0105dzenia deklaracji: <time id=\"a11y-data-sporzadzenie\" datetime=\"2026-03-24\">24 marca 2026 r.<\/time><\/li><li>Data ostatniego przegl\u0105du deklaracji: <time id=\"a11y-data-przeglad\" datetime=\"2026-03-24\">24 marca 2026 r.<\/time><\/li><\/ul><p>Deklaracj\u0119 sporz\u0105dzili\u015bmy na podstawie samooceny w oparciu o <a href=\"https:\/\/www.gov.pl\/attachment\/1a3e2bb5-6d60-4897-ac2f-07a8e91e70ed\">List\u0119 kontroln\u0105 do badania dost\u0119pno\u015bci cyfrowej strony internetowej v. 2.2 (docx, 0,12MB)<\/a>.<\/p><\/section><section><h2>Informacje zwrotne i dane kontaktowe<\/h2><p>Wszystkie problemy z dost\u0119pno\u015bci\u0105 cyfrow\u0105 tej strony internetowej mo\u017cesz zg\u0142osi\u0107 do <span id=\"a11y-kontakt\">Remigiusza Janika<\/span> &#8211; mejlowo <a id=\"a11y-email\" href=\"mailto:szkola@zse.opole.pl\">szkola@zse.opole.pl<\/a> lub telefonicznie <a id=\"a11y-telefon\" href=\"tel:+48774536641\">+48 77 453 66 41<\/a>.<\/p><p>Ka\u017cdy ma prawo wyst\u0105pi\u0107 z \u017c\u0105daniem zapewnienia dost\u0119pno\u015bci cyfrowej tej strony internetowej lub jej element\u00f3w.<\/p><p>Zg\u0142aszaj\u0105c takie \u017c\u0105danie podaj:<\/p><ul><li>swoje imi\u0119 i nazwisko,<\/li><li>swoje dane kontaktowe (np. numer telefonu, e-mail),<\/li><li>dok\u0142adny adres strony internetowej, na kt\u00f3rej jest niedost\u0119pny cyfrowo element lub tre\u015b\u0107,<\/li><li>opis na czym polega problem i jaki spos\u00f3b jego rozwi\u0105zania by\u0142by dla Ciebie najwygodniejszy.<\/li><\/ul><p>Na Twoje zg\u0142oszenie odpowiemy najszybciej jak to mo\u017cliwe, nie p\u00f3\u017aniej ni\u017c w ci\u0105gu 7 dni od jego otrzymania.<\/p><p>Je\u017celi ten termin b\u0119dzie dla nas zbyt kr\u00f3tki poinformujemy Ci\u0119 o tym. W tej informacji podamy nowy termin, do kt\u00f3rego poprawimy zg\u0142oszone przez Ciebie b\u0142\u0119dy lub przygotujemy informacje w alternatywny spos\u00f3b. Ten nowy termin nie b\u0119dzie d\u0142u\u017cszy ni\u017c 2 miesi\u0105ce.<\/p><p>Je\u017celi nie b\u0119dziemy w stanie zapewni\u0107 dost\u0119pno\u015bci cyfrowej strony internetowej lub tre\u015bci, wskazanej w Twoim \u017c\u0105daniu, zaproponujemy Ci dost\u0119p do nich w alternatywny spos\u00f3b.<\/p><\/section><section id=\"a11y-procedura\"><h2>Obs\u0142uga wniosk\u00f3w i skarg zwi\u0105zanych z dost\u0119pno\u015bci\u0105<\/h2><p>Je\u017celi w odpowiedzi na Tw\u00f3j wniosek o zapewnienie dost\u0119pno\u015bci cyfrowej, odm\u00f3wimy zapewnienia \u017c\u0105danej przez Ciebie dost\u0119pno\u015bci cyfrowej, a Ty nie zgadzasz si\u0119 z t\u0105 odmow\u0105, masz prawo z\u0142o\u017cy\u0107 skarg\u0119.<\/p><p>Skarg\u0119 masz prawo z\u0142o\u017cy\u0107 tak\u017ce, je\u015bli nie zgadzasz si\u0119 na skorzystanie z alternatywnego sposobu dost\u0119pu, kt\u00f3ry zaproponowali\u015bmy Ci w odpowiedzi na Tw\u00f3j wniosek o zapewnienie dost\u0119pno\u015bci cyfrowej.<\/p><p>Ewentualn\u0105 skarg\u0119 z\u0142\u00f3\u017c listownie lub mailem do kierownictwa naszego urz\u0119du:<\/p><ul><li><span id=\"a11y-procedura-kierownik\">Remigiusz Janik &#8211; Wicedyrektor Zespo\u0142u Szk\u00f3\u0142 Ekonomicznych im. Stefana Roweckiego Grota<\/span>,<\/li><li>Adres: <span id=\"a11y-procedura-adres\">ul. Tadeusza Ko\u015bciuszki 43, 45-062 Opole<\/span>,<\/li><li>mejl: <a id=\"a11y-procedura-email\" href=\"mailto:szkola@zse.opole.pl\">szkola@zse.opole.pl<\/a>.<\/li><\/ul><p><a href=\"https:\/\/www.gov.pl\/web\/gov\/zloz-wniosek-o-zapewnienie-dostepnosci-cyfrowej-strony-internetowej-lub-aplikacji-mobilnej\">Pomocne mog\u0105 by\u0107 informacje, kt\u00f3re mo\u017cna znale\u017a\u0107 na rz\u0105dowym portalu gov.pl<\/a>.<\/p><p>Mo\u017cesz tak\u017ce poinformowa\u0107 o tej sytuacji <a href=\"https:\/\/bip.brpo.gov.pl\/\">Rzecznika Praw Obywatelskich<\/a> i poprosi\u0107 o interwencj\u0119 w Twojej sprawie.<\/p><\/section><section><h2>Pozosta\u0142e informacje<\/h2><section id=\"a11y-architektura\"><h3>Dost\u0119pno\u015b\u0107 architektoniczna<\/h3><section><h4>Budynek Zespo\u0142u Szk\u00f3\u0142 Ekonomicznych im. Stefana Roweckiego &#8222;Grota&#8221;<\/h4><address><div>ul. Tadeusza Ko\u015bciuszki 43<\/div><div>45-062 Opole<\/div><\/address><p>1. Dost\u0119pno\u015b\u0107 wej\u015bcia do budynku Zespo\u0142u Szk\u00f3\u0142 Ekonomicznych im. Gen. Stefana Roweckiego &#8222;Grota&#8221; w Opolu i przechodzenia przez obszary kontroli. Dla os\u00f3b przychodz\u0105cych dost\u0119pne s\u0105 :<\/p><p>2. wej\u015bcia g\u0142\u00f3wne:<br \/>&#8211; od ulicy Ko\u015bciuszki &#8211; wej\u015bcie schodami przez taras, drzwi dwuskrzyd\u0142owe otwierane samodzielnie.<br \/>&#8211; od ulicy Orzeszkowej &#8211; wej\u015bcie przez bram\u0119 prowadz\u0105c\u0105 na boisko szkolne, drzwi dwuskrzyd\u0142owe otwierane Wej\u015bcie\/wjazd na boisko jest na poziomie &#8222;zero&#8221; pozwala na wjazd osobom na w\u00f3zkach inwalidzkich. Po przej\u015bciu do budynku przez drzwi istnieje bariera w postaci schod\u00f3w.<\/p><p>3. wej\u015bcia boczne\/dodatkowe:<br \/>&#8211; od ulicy Ko\u015bciuszki &#8211; wej\u015bcie od strony Wojew\u00f3dzkiego Sztabu Wojskowego jest nieczynne, wykorzystane jako wyj\u015bcie ewakuacyjne z budynku, drzwi dwuskrzyd\u0142owe otwierane samodzielnie.<\/p><p>4. W budynku nie funkcjonuj\u0105 obszary kontroli, jedynie okresowo na portierni, przy wej\u015bciu g\u0142\u00f3wnym od strony ul Ko\u015bciuszki dy\u017curuj\u0105 sprz\u0105taczki.<\/p><p>5. Dost\u0119pno\u015b\u0107 korytarzy, schod\u00f3w i wind<\/p><p>6. Dla os\u00f3b na w\u00f3zkach brak dost\u0119pno\u015bci , brak windy w budynku. Na korytarzach budynku szko\u0142y brak barier dost\u0119pno\u015bci.<\/p><p>7. Toaleta dla os\u00f3b niepe\u0142nosprawnych znajduje si\u0119 na parterze.<\/p><p>8. Opis dostosowa\u0144, na przyk\u0142ad pochylni, platform, informacji g\u0142osowych, p\u0119tli Brak pochylni\/podjazdu dla os\u00f3b na w\u00f3zkach.<\/p><p>9. W budynku nie zastosowano urz\u0105dze\u0144 i innych \u015brodk\u00f3w technicznych dla os\u00f3b s\u0142abo s\u0142ysz\u0105cych.<\/p><p>10. Dost\u0119pno\u015b\u0107 zapewniona jest poprzez wsparcie pracownika portierni usytuowanej przy wej\u015bciach g\u0142\u00f3wnych.<\/p><p>11. Na korytarzach budynku szko\u0142y jest dost\u0119pna informacja na temat rozk\u0142adu pomieszcze\u0144 wraz z drogami ewakuacyjnymi.<\/p><p>12. Informacje o miejscu i sposobie korzystania z miejsc parkingowych wyznaczonych dla os\u00f3b niepe\u0142nosprawnych.<\/p><p>13. Wzd\u0142u\u017c ulic Ko\u015bciuszki i Orzeszkowej wyznaczone s\u0105 miejsca do parkowania samochod\u00f3w; Na ulicy Ko\u015bciuszki jest wyznaczone miejsce do parkowania dla os\u00f3b niepe\u0142nosprawnych.<\/p><p>14. Na ko\u0144cu ul. Orzeszkowej, naprzeciw wej\u015bcia do szko\u0142y, r\u00f3wnie\u017c jest wyznaczone miejsce do parkowania dla os\u00f3b niepe\u0142nosprawnych.<\/p><p>15. Informacja o prawie do wst\u0119pu z psem asystuj\u0105cym<\/p><p>16. Wst\u0119p do budynku szko\u0142y osobie korzystaj\u0105cej z psa asystuj\u0105cego jest zapewniony, instrukcja dost\u0119pu jest do wgl\u0105du na portierni.<\/p><p>17. Do szko\u0142y mo\u017cna dojecha\u0107 transportem publicznym MZK, przystanek jest usytuowany na ul. Ozimskiej, przy wlocie do ul. Orzeszkowej, oddalony od szko\u0142y kilkadziesi\u0105t metr\u00f3w.<\/p><\/section><section><h4>Hala sportowa Zespo\u0142u Szk\u00f3\u0142 Ekonomicznych z zapleczem hotelowym<\/h4><address><div>ul. Dubois 39B<\/div><div>45-070 Opole<\/div><\/address><p>1. Do budynku hali sportowej z zapleczem hotelowym przy ul. Dubois 39B istnieje dost\u0119p przez bram\u0119 i parking od strony ul. Dubois.<\/p><p>2. Do budynku mo\u017cna wej\u015b\u0107 po schodach prowadz\u0105cych do wej\u015bcia do sali gimnastycznej oraz w drugiej cz\u0119\u015bci, do internatu.<\/p><p>3. Przy wej\u015bciu do sali gimnastycznej jest zainstalowane urz\u0105dzenie d\u017awigowe &#8211; winda dla os\u00f3b niepe\u0142nosprawnych.<\/p><p>4. Po wej\u015bciu, przy portierni znajduje si\u0119 toaleta dla os\u00f3b niepe\u0142nosprawnych.<\/p><p>5. Osoba niepe\u0142nosprawna mo\u017ce przemieszcza\u0107 si\u0119 na poziomie sali gimnastycznej bez barier a\u017c do wjazdu do drugiej cz\u0119\u015bci budynku &#8211; do portierni przy internacie. Przy tej portierni znajduje si\u0119 d\u017awig osobowy, kt\u00f3rym mo\u017cna podjecha\u0107 do ka\u017cdej kondygnacji opr\u00f3cz piwnicy.<\/p><p>6. W przej\u015bciu do piwnic, w kt\u00f3rych s\u0105 usytuowane szatnie, sanitariaty i si\u0142ownia istnieje bariera w postaci braku windy &#8211; przej\u015bcie tylko schodami.<\/p><p>7. Instrukcja dost\u0119pu do budynku osoby z psem asystuj\u0105cym znajduje si\u0119 na portierni. Procedury<\/p><p>8. Ewakuacji Os\u00f3b Niepe\u0142nosprawnych s\u0105 pod\u0142\u0105czone do Instrukcji Bezpiecze\u0144stwa Po\u017carowego, kt\u00f3ra znajduje si\u0119 na portierni.<\/p><\/section><\/section><section id=\"a11y-komunikacja\"><h3>Dost\u0119pno\u015b\u0107 komunikacyjno-informacyjna<\/h3><ul><li>Jak wnioskowa\u0107 o t\u0142umacza polskiego j\u0119zyka migowego: https:\/\/ekonomik.opole.pl\/eko3\/wniosek-o-zapewnienie-tlumacza-jm\/<\/li><li>Informacja o naszej dzia\u0142alno\u015bci w tek\u015bcie \u0142atwym do czytania (ETR): https:\/\/ekonomik.opole.pl\/eko3\/informacja-o-dzialalnosci-zespolu-szkol-ekonomicznych-w-opolu\/<\/li><li>Informacja o naszej dzia\u0142alno\u015bci w j\u0119zyku migowym (PJM): https:\/\/ekonomik.opole.pl\/eko3\/informacja-o-dzialalnosci-zespolu-szkol-ekonomicznych-w-opolu\/<\/li><li>Deklaracja dost\u0119pno\u015bci zosta\u0142a przygotowana w <a href=\"https:\/\/deklaracja-dostepnosci.info\/generator\">Generatorze Deklaracji Dost\u0119pno\u015bci<\/a>.<\/li><\/ul><\/section><\/section>\t\t\t\t\t<\/div>\n\t\t\t\t\t\t<\/div>\n\t\t\t\t<\/div>\n\t\t\t\t\t\t<\/div>\n\t\t\t\t\t<\/div>\n\t\t<\/div>\n\t\t\t\t\t\t\t\t<\/div>\n\t\t\t\t\t<\/div>\n\t\t<\/section>\n\t\t\t\t<section class=\"elementor-section elementor-top-section elementor-element elementor-element-4394603 elementor-section-boxed elementor-section-height-default elementor-section-height-default\" data-id=\"4394603\" data-element_type=\"section\">\n\t\t\t\t\t\t<div class=\"elementor-container elementor-column-gap-default\">\n\t\t\t\t\t\t\t<div class=\"elementor-row\">\n\t\t\t\t\t<div class=\"elementor-column elementor-col-100 elementor-top-column elementor-element elementor-element-040550f\" data-id=\"040550f\" data-element_type=\"column\">\n\t\t\t<div class=\"elementor-column-wrap\">\n\t\t\t\t\t\t\t<div class=\"elementor-widget-wrap\">\n\t\t\t\t\t\t\t\t<\/div>\n\t\t\t\t\t<\/div>\n\t\t<\/div>\n\t\t\t\t\t\t\t\t<\/div>\n\t\t\t\t\t<\/div>\n\t\t<\/section>\n\t\t\t\t\t\t<\/div>\n\t\t\t\t\t\t<\/div>\n\t\t\t\t\t<\/div>\n\t\t","protected":false},"excerpt":{"rendered":"<p>Deklaracja dost\u0119pno\u015bci Zesp\u00f3\u0142 Szk\u00f3\u0142 Ekonomicznych im. Gen. Stefana Roweckiego &#8222;Grota&#8221; w Opolu zobowi\u0105zuje si\u0119 zapewni\u0107 dost\u0119pno\u015b\u0107 swojej strony internetowej zgodnie z ustaw\u0105 z dnia 4 kwietnia 2019 r. o dost\u0119pno\u015bci cyfrowej stron internetowych i aplikacji mobilnych podmiot\u00f3w publicznych. Deklaracja dost\u0119pno\u015bci dotyczy strony http:\/\/ekonomik.opole.pl. Data publikacji strony internetowej: 30 stycznia 2021 r. Data ostatniej istotnej aktualizacji:&#8230;<\/p>\n","protected":false},"author":6,"featured_media":0,"parent":0,"menu_order":0,"comment_status":"closed","ping_status":"closed","template":"","meta":{"inline_featured_image":false},"_links":{"self":[{"href":"http:\/\/ekonomik.opole.pl\/eko3\/wp-json\/wp\/v2\/pages\/997787"}],"collection":[{"href":"http:\/\/ekonomik.opole.pl\/eko3\/wp-json\/wp\/v2\/pages"}],"about":[{"href":"http:\/\/ekonomik.opole.pl\/eko3\/wp-json\/wp\/v2\/types\/page"}],"author":[{"embeddable":true,"href":"http:\/\/ekonomik.opole.pl\/eko3\/wp-json\/wp\/v2\/users\/6"}],"replies":[{"embeddable":true,"href":"http:\/\/ekonomik.opole.pl\/eko3\/wp-json\/wp\/v2\/comments?post=997787"}],"version-history":[{"count":19,"href":"http:\/\/ekonomik.opole.pl\/eko3\/wp-json\/wp\/v2\/pages\/997787\/revisions"}],"predecessor-version":[{"id":998953,"href":"http:\/\/ekonomik.opole.pl\/eko3\/wp-json\/wp\/v2\/pages\/997787\/revisions\/998953"}],"wp:attachment":[{"href":"http:\/\/ekonomik.opole.pl\/eko3\/wp-json\/wp\/v2\/media?parent=997787"}],"curies":[{"name":"wp","href":"https:\/\/api.w.org\/{rel}","templated":true}]}}