{"id":998101,"date":"2025-08-26T17:23:38","date_gmt":"2025-08-26T15:23:38","guid":{"rendered":"https:\/\/ekonomik.opole.pl\/eko3\/?page_id=998101"},"modified":"2025-08-26T17:44:29","modified_gmt":"2025-08-26T15:44:29","slug":"rok-szkolny-2023-24-fers-2022","status":"publish","type":"page","link":"http:\/\/ekonomik.opole.pl\/eko3\/strefa-ucznia\/praktyki-zagraniczne\/rok-szkolny-2023-24-fers-2022\/","title":{"rendered":"Rok szkolny 2023\/24 (FERS 2022)"},"content":{"rendered":"\t\t<div data-elementor-type=\"wp-page\" data-elementor-id=\"998101\" class=\"elementor elementor-998101\" data-elementor-settings=\"[]\">\n\t\t\t\t\t\t<div class=\"elementor-inner\">\n\t\t\t\t\t\t\t<div class=\"elementor-section-wrap\">\n\t\t\t\t\t\t\t<section class=\"elementor-section elementor-top-section elementor-element elementor-element-0625c4d elementor-section-content-bottom elementor-section-boxed elementor-section-height-default elementor-section-height-default elementor-invisible\" data-id=\"0625c4d\" data-element_type=\"section\" data-settings=\"{&quot;background_background&quot;:&quot;classic&quot;,&quot;background_motion_fx_motion_fx_scrolling&quot;:&quot;yes&quot;,&quot;background_motion_fx_range&quot;:&quot;viewport&quot;,&quot;background_motion_fx_opacity_effect&quot;:&quot;yes&quot;,&quot;background_motion_fx_opacity_direction&quot;:&quot;in-out&quot;,&quot;background_motion_fx_opacity_range&quot;:{&quot;unit&quot;:&quot;%&quot;,&quot;size&quot;:&quot;&quot;,&quot;sizes&quot;:{&quot;start&quot;:65,&quot;end&quot;:79}},&quot;background_motion_fx_translateY_effect&quot;:&quot;yes&quot;,&quot;animation&quot;:&quot;fadeIn&quot;,&quot;background_motion_fx_translateY_speed&quot;:{&quot;unit&quot;:&quot;px&quot;,&quot;size&quot;:4,&quot;sizes&quot;:[]},&quot;background_motion_fx_translateY_affectedRange&quot;:{&quot;unit&quot;:&quot;%&quot;,&quot;size&quot;:&quot;&quot;,&quot;sizes&quot;:{&quot;start&quot;:0,&quot;end&quot;:100}},&quot;background_motion_fx_opacity_level&quot;:{&quot;unit&quot;:&quot;px&quot;,&quot;size&quot;:10,&quot;sizes&quot;:[]},&quot;background_motion_fx_devices&quot;:[&quot;desktop&quot;,&quot;tablet&quot;,&quot;mobile&quot;]}\">\n\t\t\t\t\t\t<div class=\"elementor-container elementor-column-gap-default\">\n\t\t\t\t\t\t\t<div class=\"elementor-row\">\n\t\t\t\t\t<div class=\"elementor-column elementor-col-50 elementor-top-column elementor-element elementor-element-f4b5339\" data-id=\"f4b5339\" data-element_type=\"column\" data-settings=\"{&quot;background_background&quot;:&quot;classic&quot;}\">\n\t\t\t<div class=\"elementor-column-wrap elementor-element-populated\">\n\t\t\t\t\t\t\t<div class=\"elementor-widget-wrap\">\n\t\t\t\t\t\t<div class=\"elementor-element elementor-element-f245564 elementor-widget elementor-widget-text-editor\" data-id=\"f245564\" data-element_type=\"widget\" data-widget_type=\"text-editor.default\">\n\t\t\t\t<div class=\"elementor-widget-container\">\n\t\t\t\t\t\t\t\t<div class=\"elementor-text-editor elementor-clearfix\">\n\t\t\t\t\t<p>Zagraniczne praktyki zawodowe szans\u0105 dla uczni\u00f3w Zespo\u0142u Szk\u00f3\u0142 Ekonomicznych\u00a0<\/p>\t\t\t\t\t<\/div>\n\t\t\t\t\t\t<\/div>\n\t\t\t\t<\/div>\n\t\t\t\t\t\t<\/div>\n\t\t\t\t\t<\/div>\n\t\t<\/div>\n\t\t\t\t<div class=\"elementor-column elementor-col-50 elementor-top-column elementor-element elementor-element-357687c elementor-hidden-phone\" data-id=\"357687c\" data-element_type=\"column\">\n\t\t\t<div class=\"elementor-column-wrap\">\n\t\t\t\t\t\t\t<div class=\"elementor-widget-wrap\">\n\t\t\t\t\t\t\t\t<\/div>\n\t\t\t\t\t<\/div>\n\t\t<\/div>\n\t\t\t\t\t\t\t\t<\/div>\n\t\t\t\t\t<\/div>\n\t\t<\/section>\n\t\t\t\t<section class=\"elementor-section elementor-top-section elementor-element elementor-element-d811103 elementor-section-boxed elementor-section-height-default elementor-section-height-default\" data-id=\"d811103\" data-element_type=\"section\">\n\t\t\t\t\t\t<div class=\"elementor-container elementor-column-gap-default\">\n\t\t\t\t\t\t\t<div class=\"elementor-row\">\n\t\t\t\t\t<div class=\"elementor-column elementor-col-100 elementor-top-column elementor-element elementor-element-8af91c6\" data-id=\"8af91c6\" data-element_type=\"column\" data-settings=\"{&quot;background_background&quot;:&quot;classic&quot;}\">\n\t\t\t<div class=\"elementor-column-wrap elementor-element-populated\">\n\t\t\t\t\t\t\t<div class=\"elementor-widget-wrap\">\n\t\t\t\t\t\t<div class=\"elementor-element elementor-element-ea77ce0 elementor-widget elementor-widget-spacer\" data-id=\"ea77ce0\" data-element_type=\"widget\" data-widget_type=\"spacer.default\">\n\t\t\t\t<div class=\"elementor-widget-container\">\n\t\t\t\t\t<div class=\"elementor-spacer\">\n\t\t\t<div class=\"elementor-spacer-inner\"><\/div>\n\t\t<\/div>\n\t\t\t\t<\/div>\n\t\t\t\t<\/div>\n\t\t\t\t\t\t<\/div>\n\t\t\t\t\t<\/div>\n\t\t<\/div>\n\t\t\t\t\t\t\t\t<\/div>\n\t\t\t\t\t<\/div>\n\t\t<\/section>\n\t\t\t\t<section class=\"elementor-section elementor-top-section elementor-element elementor-element-08320be elementor-section-boxed elementor-section-height-default elementor-section-height-default\" data-id=\"08320be\" data-element_type=\"section\">\n\t\t\t\t\t\t<div class=\"elementor-container elementor-column-gap-default\">\n\t\t\t\t\t\t\t<div class=\"elementor-row\">\n\t\t\t\t\t<div class=\"elementor-column elementor-col-100 elementor-top-column elementor-element elementor-element-8b64e32\" data-id=\"8b64e32\" data-element_type=\"column\">\n\t\t\t<div class=\"elementor-column-wrap elementor-element-populated\">\n\t\t\t\t\t\t\t<div class=\"elementor-widget-wrap\">\n\t\t\t\t\t\t<div class=\"elementor-element elementor-element-60e9bbc elementor-invisible elementor-widget elementor-widget-heading\" data-id=\"60e9bbc\" data-element_type=\"widget\" data-settings=\"{&quot;_animation&quot;:&quot;fadeIn&quot;,&quot;_animation_delay&quot;:500}\" data-widget_type=\"heading.default\">\n\t\t\t\t<div class=\"elementor-widget-container\">\n\t\t\t<h2 class=\"elementor-heading-title elementor-size-default\">Praktyki zagraniczne na Gran Canarii i w Saragossie<\/h2>\t\t<\/div>\n\t\t\t\t<\/div>\n\t\t\t\t<div class=\"elementor-element elementor-element-7dd6892 elementor-widget elementor-widget-image\" data-id=\"7dd6892\" data-element_type=\"widget\" data-widget_type=\"image.default\">\n\t\t\t\t<div class=\"elementor-widget-container\">\n\t\t\t\t\t\t\t\t<div class=\"elementor-image\">\n\t\t\t\t\t\t\t\t\t\t\t\t<img width=\"1024\" height=\"768\" src=\"http:\/\/ekonomik.opole.pl\/eko3\/wp-content\/uploads\/2024\/05\/praktyki-zagraniczne-2024-1024x768.webp\" class=\"attachment-large size-large\" alt=\"\" loading=\"lazy\" srcset=\"http:\/\/ekonomik.opole.pl\/eko3\/wp-content\/uploads\/2024\/05\/praktyki-zagraniczne-2024-1024x768.webp 1024w, http:\/\/ekonomik.opole.pl\/eko3\/wp-content\/uploads\/2024\/05\/praktyki-zagraniczne-2024-300x225.webp 300w, http:\/\/ekonomik.opole.pl\/eko3\/wp-content\/uploads\/2024\/05\/praktyki-zagraniczne-2024-768x576.webp 768w, http:\/\/ekonomik.opole.pl\/eko3\/wp-content\/uploads\/2024\/05\/praktyki-zagraniczne-2024-680x510.webp 680w, http:\/\/ekonomik.opole.pl\/eko3\/wp-content\/uploads\/2024\/05\/praktyki-zagraniczne-2024.webp 1200w\" sizes=\"(max-width: 1024px) 100vw, 1024px\" \/>\t\t\t\t\t\t\t\t\t\t\t\t\t\t<\/div>\n\t\t\t\t\t\t<\/div>\n\t\t\t\t<\/div>\n\t\t\t\t<section class=\"elementor-section elementor-inner-section elementor-element elementor-element-9725811 elementor-section-boxed elementor-section-height-default elementor-section-height-default\" data-id=\"9725811\" data-element_type=\"section\">\n\t\t\t\t\t\t<div class=\"elementor-container elementor-column-gap-default\">\n\t\t\t\t\t\t\t<div class=\"elementor-row\">\n\t\t\t\t\t<div class=\"elementor-column elementor-col-50 elementor-inner-column elementor-element elementor-element-67884d1\" data-id=\"67884d1\" data-element_type=\"column\">\n\t\t\t<div class=\"elementor-column-wrap elementor-element-populated\">\n\t\t\t\t\t\t\t<div class=\"elementor-widget-wrap\">\n\t\t\t\t\t\t<div class=\"elementor-element elementor-element-be10609 elementor-aspect-ratio-169 elementor-widget elementor-widget-video\" data-id=\"be10609\" data-element_type=\"widget\" data-settings=\"{&quot;video_type&quot;:&quot;hosted&quot;,&quot;controls&quot;:&quot;yes&quot;,&quot;aspect_ratio&quot;:&quot;169&quot;}\" data-widget_type=\"video.default\">\n\t\t\t\t<div class=\"elementor-widget-container\">\n\t\t\t\t\t<div class=\"e-hosted-video elementor-wrapper elementor-fit-aspect-ratio elementor-open-inline\">\n\t\t\t\t\t<video class=\"elementor-video\" src=\"https:\/\/ekonomik.opole.pl\/praktyki_zagraniczne\/Erasmus_logo.mp4\" controls=\"\" controlsList=\"nodownload\"><\/video>\n\t\t\t\t<\/div>\n\t\t\t\t<\/div>\n\t\t\t\t<\/div>\n\t\t\t\t<div class=\"elementor-element elementor-element-b636b0d elementor-widget elementor-widget-text-editor\" data-id=\"b636b0d\" data-element_type=\"widget\" data-widget_type=\"text-editor.default\">\n\t\t\t\t<div class=\"elementor-widget-container\">\n\t\t\t\t\t\t\t\t<div class=\"elementor-text-editor elementor-clearfix\">\n\t\t\t\t\t<div class=\"x11i5rnm xat24cr x1mh8g0r x1vvkbs xtlvy1s x126k92a\"><div dir=\"auto\"><p>30 uczni\u00f3w Zespo\u0142u Szk\u00f3\u0142 Ekonomicznych w Opolu, kszta\u0142c\u0105cych si\u0119 w zawodach technik fotografii i multimedi\u00f3w, technik grafiki i poligrafii cyfrowej, technik programista, technik ekonomista, technik rachunkowo\u015bci, technik reklamy oraz technik logistyk, wzi\u0119\u0142o udzia\u0142 w zagranicznych praktykach zawodowych. Sta\u017ce odby\u0142y si\u0119 w Saragossie (Hiszpania) oraz w Las Palmas na Gran Canarii.<\/p><p>Praktyki by\u0142y cz\u0119\u015bci\u0105 projektu &#8222;Zagraniczna mobilno\u015b\u0107 edukacyjna uczni\u00f3w i absolwent\u00f3w oraz kadry kszta\u0142cenia zawodowego&#8221;, wsp\u00f3\u0142finansowanego przez Uni\u0119 Europejsk\u0105 ze \u015brodk\u00f3w Europejskiego Funduszu Spo\u0142ecznego+ w ramach Programu Fundusze Europejskie dla Rozwoju Spo\u0142ecznego 2021-2027, realizowanego na zasadach Programu Erasmus+.<\/p><p>Podczas sta\u017cu uczniowie mieli okazj\u0119 zdoby\u0107 cenne do\u015bwiadczenie zawodowe, rozwija\u0107 swoje umiej\u0119tno\u015bci praktyczne i j\u0119zykowe oraz zapozna\u0107 si\u0119 z mi\u0119dzynarodowymi standardami pracy w swoich bran\u017cach. Praca w firmach i instytucjach zagranicznych pozwoli\u0142a im na poszerzenie horyzont\u00f3w oraz zdobycie kompetencji przydatnych na rynku pracy.<\/p><p>Opr\u00f3cz aspekt\u00f3w zawodowych, uczestnicy programu mieli mo\u017cliwo\u015b\u0107 poznania kultury i atrakcji turystycznych Hiszpanii. W Saragossie zwiedzili m.in. imponuj\u0105c\u0105 Bazylik\u0119 Nuestra Se\u00f1ora del Pilar oraz liczne muzea i zabytki miasta. W Las Palmas na Gran Canarii uczniowie podziwiali urokliwe pla\u017ce, star\u00f3wk\u0119 Vegueta, audytorium Alfredo Krausa oraz malownicze krajobrazy p\u00f3\u0142nocy wyspy. Program kulturowy i turystyczny wzbogaci\u0142 ich do\u015bwiadczenie, pozwalaj\u0105c na pe\u0142niejsze zrozumienie hiszpa\u0144skiej historii, tradycji i codziennego \u017cycia.<\/p><p>Dzi\u0119ki udzia\u0142owi w projekcie uczniowie nie tylko podnie\u015bli swoje kwalifikacje zawodowe, ale tak\u017ce zdobyli cenne do\u015bwiadczenia kulturowe i spo\u0142eczne, kt\u00f3re z pewno\u015bci\u0105 zaprocentuj\u0105 w ich przysz\u0142ej karierze. Wyjazd zako\u0144czy\u0142 si\u0119 otrzymaniem przez uczestnik\u00f3w certyfikat\u00f3w odbycia praktyki zawodowej oraz dokument\u00f3w Europass, potwierdzaj\u0105cych zdobyte umiej\u0119tno\u015bci i do\u015bwiadczenie, a niekt\u00f3rzy z uczni\u00f3w otrzymali listy polecaj\u0105ce od swoich pracodawc\u00f3w, kt\u00f3re r\u00f3wnie\u017c b\u0119d\u0105 przydatne w poszukiwaniu pracy w przysz\u0142o\u015bci.<\/p><p>Praktyki stanowi\u0142y r\u00f3wnie\u017c doskona\u0142\u0105 okazj\u0119 do integracji uczni\u00f3w jako grupy. Wsp\u00f3lne wyjazdy, zadania zawodowe oraz aktywno\u015bci kulturalne sprzyja\u0142y budowaniu relacji, rozwijaniu umiej\u0119tno\u015bci pracy zespo\u0142owej i wzajemnemu wsparciu. Dzi\u0119ki temu uczestnicy mogli nie tylko zdobywa\u0107 nowe kompetencje, ale tak\u017ce nawi\u0105zywa\u0107 trwa\u0142e przyja\u017anie.<\/p><p>Jest to kolejny z wyjazd\u00f3w na praktyki zagraniczne, a nast\u0119pne planujemy w kolejnych latach. Do udzia\u0142u w projekcie zapraszamy co roku uczni\u00f3w klas IV, a informacji o projekcie udziela Pan Sylwester Strzelec, koordynator szkolny projektu.<\/p><\/div><\/div>\t\t\t\t\t<\/div>\n\t\t\t\t\t\t<\/div>\n\t\t\t\t<\/div>\n\t\t\t\t\t\t<\/div>\n\t\t\t\t\t<\/div>\n\t\t<\/div>\n\t\t\t\t<div class=\"elementor-column elementor-col-50 elementor-inner-column elementor-element elementor-element-1072f83\" data-id=\"1072f83\" data-element_type=\"column\">\n\t\t\t<div class=\"elementor-column-wrap elementor-element-populated\">\n\t\t\t\t\t\t\t<div class=\"elementor-widget-wrap\">\n\t\t\t\t\t\t<div class=\"elementor-element elementor-element-06ae6b4 elementor-invisible elementor-widget elementor-widget-heading\" data-id=\"06ae6b4\" data-element_type=\"widget\" data-settings=\"{&quot;_animation&quot;:&quot;fadeIn&quot;,&quot;_animation_delay&quot;:500}\" data-widget_type=\"heading.default\">\n\t\t\t\t<div class=\"elementor-widget-container\">\n\t\t\t<h2 class=\"elementor-heading-title elementor-size-default\">1 maja obchodzili\u015bmy 20-lecie obecno\u015bci Polski w Unii Europejskiej<\/h2>\t\t<\/div>\n\t\t\t\t<\/div>\n\t\t\t\t<div class=\"elementor-element elementor-element-1cc50e1 elementor-widget elementor-widget-gallery\" data-id=\"1cc50e1\" data-element_type=\"widget\" data-settings=\"{&quot;columns&quot;:1,&quot;columns_tablet&quot;:1,&quot;lazyload&quot;:&quot;yes&quot;,&quot;gallery_layout&quot;:&quot;grid&quot;,&quot;columns_mobile&quot;:1,&quot;gap&quot;:{&quot;unit&quot;:&quot;px&quot;,&quot;size&quot;:10,&quot;sizes&quot;:[]},&quot;gap_tablet&quot;:{&quot;unit&quot;:&quot;px&quot;,&quot;size&quot;:10,&quot;sizes&quot;:[]},&quot;gap_mobile&quot;:{&quot;unit&quot;:&quot;px&quot;,&quot;size&quot;:10,&quot;sizes&quot;:[]},&quot;link_to&quot;:&quot;file&quot;,&quot;aspect_ratio&quot;:&quot;3:2&quot;,&quot;overlay_background&quot;:&quot;yes&quot;,&quot;content_hover_animation&quot;:&quot;fade-in&quot;}\" data-widget_type=\"gallery.default\">\n\t\t\t\t<div class=\"elementor-widget-container\">\n\t\t\t\t\t<div class=\"elementor-gallery__container\">\n\t\t\t\t\t\t\t<a class=\"e-gallery-item elementor-gallery-item elementor-animated-content\" href=\"http:\/\/ekonomik.opole.pl\/eko3\/wp-content\/uploads\/2024\/05\/plakat-FERS-Opole.webp\" data-elementor-open-lightbox=\"yes\" data-elementor-lightbox-slideshow=\"all-1cc50e1\" data-elementor-lightbox-title=\"plakat FERS- Opole\">\n\t\t\t\t\t<div class=\"e-gallery-image elementor-gallery-item__image\" data-thumbnail=\"http:\/\/ekonomik.opole.pl\/eko3\/wp-content\/uploads\/2024\/05\/plakat-FERS-Opole.webp\" data-width=\"1200\" data-height=\"849\" alt=\"\" ><\/div>\n\t\t\t\t\t\t\t\t\t\t<div class=\"elementor-gallery-item__overlay\"><\/div>\n\t\t\t\t\t\t\t\t\t\t\t\t\t\t<\/a>\n\t\t\t\t\t<\/div>\n\t\t\t<\/div>\n\t\t\t\t<\/div>\n\t\t\t\t<div class=\"elementor-element elementor-element-6582b6f elementor-widget elementor-widget-text-editor\" data-id=\"6582b6f\" data-element_type=\"widget\" data-widget_type=\"text-editor.default\">\n\t\t\t\t<div class=\"elementor-widget-container\">\n\t\t\t\t\t\t\t\t<div class=\"elementor-text-editor elementor-clearfix\">\n\t\t\t\t\t<div class=\"x11i5rnm xat24cr x1mh8g0r x1vvkbs xtlvy1s x126k92a\"><div dir=\"auto\"><p><span style=\"color: var(--vamtam-primary-font-color); letter-spacing: var(--vamtam-primary-font-letter-spacing-desktop,normal); text-transform: var(--vamtam-primary-font-transform,none);\">Przygoda nie by\u0142aby mo\u017cliwa bez funduszy uzyskanych z Unii Europejskiej. <\/span><span style=\"color: var(--vamtam-primary-font-color); letter-spacing: var(--vamtam-primary-font-letter-spacing-desktop,normal); text-transform: var(--vamtam-primary-font-transform,none);\">Pobyt naszych uczni\u00f3w w Saragossie i na Gran Canarii jest dowodem na to jak\u0105 warto\u015bci\u0105 jest uczestnictwo Polski w Unii Europejskiej<\/span><\/p><p>\u00a0<\/p><\/div><\/div>\t\t\t\t\t<\/div>\n\t\t\t\t\t\t<\/div>\n\t\t\t\t<\/div>\n\t\t\t\t<div class=\"elementor-element elementor-element-5f558e4 elementor-widget elementor-widget-gallery\" data-id=\"5f558e4\" data-element_type=\"widget\" data-settings=\"{&quot;columns&quot;:3,&quot;gap&quot;:{&quot;unit&quot;:&quot;px&quot;,&quot;size&quot;:6,&quot;sizes&quot;:[]},&quot;lazyload&quot;:&quot;yes&quot;,&quot;gallery_layout&quot;:&quot;grid&quot;,&quot;columns_tablet&quot;:2,&quot;columns_mobile&quot;:1,&quot;gap_tablet&quot;:{&quot;unit&quot;:&quot;px&quot;,&quot;size&quot;:10,&quot;sizes&quot;:[]},&quot;gap_mobile&quot;:{&quot;unit&quot;:&quot;px&quot;,&quot;size&quot;:10,&quot;sizes&quot;:[]},&quot;link_to&quot;:&quot;file&quot;,&quot;aspect_ratio&quot;:&quot;3:2&quot;,&quot;overlay_background&quot;:&quot;yes&quot;,&quot;content_hover_animation&quot;:&quot;fade-in&quot;}\" data-widget_type=\"gallery.default\">\n\t\t\t\t<div class=\"elementor-widget-container\">\n\t\t\t\t\t<div class=\"elementor-gallery__container\">\n\t\t\t\t\t\t\t<a class=\"e-gallery-item elementor-gallery-item elementor-animated-content\" href=\"http:\/\/ekonomik.opole.pl\/eko3\/wp-content\/uploads\/2025\/03\/1715083467327.jpg\" data-elementor-open-lightbox=\"yes\" data-elementor-lightbox-slideshow=\"all-5f558e4\" data-elementor-lightbox-title=\"1715083467327\">\n\t\t\t\t\t<div class=\"e-gallery-image elementor-gallery-item__image\" data-thumbnail=\"http:\/\/ekonomik.opole.pl\/eko3\/wp-content\/uploads\/2025\/03\/1715083467327.jpg\" data-width=\"2048\" data-height=\"1536\" alt=\"\" ><\/div>\n\t\t\t\t\t\t\t\t\t\t<div class=\"elementor-gallery-item__overlay\"><\/div>\n\t\t\t\t\t\t\t\t\t\t\t\t\t\t<\/a>\n\t\t\t\t\t\t\t<a class=\"e-gallery-item elementor-gallery-item elementor-animated-content\" href=\"http:\/\/ekonomik.opole.pl\/eko3\/wp-content\/uploads\/2025\/03\/1715083467307.jpg\" data-elementor-open-lightbox=\"yes\" data-elementor-lightbox-slideshow=\"all-5f558e4\" data-elementor-lightbox-title=\"1715083467307\">\n\t\t\t\t\t<div class=\"e-gallery-image elementor-gallery-item__image\" data-thumbnail=\"http:\/\/ekonomik.opole.pl\/eko3\/wp-content\/uploads\/2025\/03\/1715083467307.jpg\" data-width=\"2048\" data-height=\"1536\" alt=\"\" ><\/div>\n\t\t\t\t\t\t\t\t\t\t<div class=\"elementor-gallery-item__overlay\"><\/div>\n\t\t\t\t\t\t\t\t\t\t\t\t\t\t<\/a>\n\t\t\t\t\t\t\t<a class=\"e-gallery-item elementor-gallery-item elementor-animated-content\" href=\"http:\/\/ekonomik.opole.pl\/eko3\/wp-content\/uploads\/2025\/03\/1715083467273.jpg\" data-elementor-open-lightbox=\"yes\" data-elementor-lightbox-slideshow=\"all-5f558e4\" data-elementor-lightbox-title=\"1715083467273\">\n\t\t\t\t\t<div class=\"e-gallery-image elementor-gallery-item__image\" data-thumbnail=\"http:\/\/ekonomik.opole.pl\/eko3\/wp-content\/uploads\/2025\/03\/1715083467273.jpg\" data-width=\"1600\" data-height=\"1200\" alt=\"\" ><\/div>\n\t\t\t\t\t\t\t\t\t\t<div class=\"elementor-gallery-item__overlay\"><\/div>\n\t\t\t\t\t\t\t\t\t\t\t\t\t\t<\/a>\n\t\t\t\t\t\t\t<a class=\"e-gallery-item elementor-gallery-item elementor-animated-content\" href=\"http:\/\/ekonomik.opole.pl\/eko3\/wp-content\/uploads\/2025\/03\/1715083467257.jpg\" data-elementor-open-lightbox=\"yes\" data-elementor-lightbox-slideshow=\"all-5f558e4\" data-elementor-lightbox-title=\"1715083467257\">\n\t\t\t\t\t<div class=\"e-gallery-image elementor-gallery-item__image\" data-thumbnail=\"http:\/\/ekonomik.opole.pl\/eko3\/wp-content\/uploads\/2025\/03\/1715083467257.jpg\" data-width=\"2000\" data-height=\"1500\" alt=\"\" ><\/div>\n\t\t\t\t\t\t\t\t\t\t<div class=\"elementor-gallery-item__overlay\"><\/div>\n\t\t\t\t\t\t\t\t\t\t\t\t\t\t<\/a>\n\t\t\t\t\t\t\t<a class=\"e-gallery-item elementor-gallery-item elementor-animated-content\" href=\"http:\/\/ekonomik.opole.pl\/eko3\/wp-content\/uploads\/2025\/03\/1715083467227.jpg\" data-elementor-open-lightbox=\"yes\" data-elementor-lightbox-slideshow=\"all-5f558e4\" data-elementor-lightbox-title=\"1715083467227\">\n\t\t\t\t\t<div class=\"e-gallery-image elementor-gallery-item__image\" data-thumbnail=\"http:\/\/ekonomik.opole.pl\/eko3\/wp-content\/uploads\/2025\/03\/1715083467227.jpg\" data-width=\"1599\" data-height=\"1200\" alt=\"\" ><\/div>\n\t\t\t\t\t\t\t\t\t\t<div class=\"elementor-gallery-item__overlay\"><\/div>\n\t\t\t\t\t\t\t\t\t\t\t\t\t\t<\/a>\n\t\t\t\t\t\t\t<a class=\"e-gallery-item elementor-gallery-item elementor-animated-content\" href=\"http:\/\/ekonomik.opole.pl\/eko3\/wp-content\/uploads\/2025\/03\/1715083402831-scaled.jpg\" data-elementor-open-lightbox=\"yes\" data-elementor-lightbox-slideshow=\"all-5f558e4\" data-elementor-lightbox-title=\"1715083402831\">\n\t\t\t\t\t<div class=\"e-gallery-image elementor-gallery-item__image\" data-thumbnail=\"http:\/\/ekonomik.opole.pl\/eko3\/wp-content\/uploads\/2025\/03\/1715083402831-scaled.jpg\" data-width=\"2560\" data-height=\"1920\" alt=\"\" ><\/div>\n\t\t\t\t\t\t\t\t\t\t<div class=\"elementor-gallery-item__overlay\"><\/div>\n\t\t\t\t\t\t\t\t\t\t\t\t\t\t<\/a>\n\t\t\t\t\t\t\t<a class=\"e-gallery-item elementor-gallery-item elementor-animated-content\" href=\"http:\/\/ekonomik.opole.pl\/eko3\/wp-content\/uploads\/2025\/03\/1714506257287.jpg\" data-elementor-open-lightbox=\"yes\" data-elementor-lightbox-slideshow=\"all-5f558e4\" data-elementor-lightbox-title=\"1714506257287\">\n\t\t\t\t\t<div class=\"e-gallery-image elementor-gallery-item__image\" data-thumbnail=\"http:\/\/ekonomik.opole.pl\/eko3\/wp-content\/uploads\/2025\/03\/1714506257287.jpg\" data-width=\"1600\" data-height=\"1200\" alt=\"\" ><\/div>\n\t\t\t\t\t\t\t\t\t\t<div class=\"elementor-gallery-item__overlay\"><\/div>\n\t\t\t\t\t\t\t\t\t\t\t\t\t\t<\/a>\n\t\t\t\t\t\t\t<a class=\"e-gallery-item elementor-gallery-item elementor-animated-content\" href=\"http:\/\/ekonomik.opole.pl\/eko3\/wp-content\/uploads\/2025\/03\/1714506257270.jpg\" data-elementor-open-lightbox=\"yes\" data-elementor-lightbox-slideshow=\"all-5f558e4\" data-elementor-lightbox-title=\"1714506257270\">\n\t\t\t\t\t<div class=\"e-gallery-image elementor-gallery-item__image\" data-thumbnail=\"http:\/\/ekonomik.opole.pl\/eko3\/wp-content\/uploads\/2025\/03\/1714506257270.jpg\" data-width=\"1536\" data-height=\"2048\" alt=\"\" ><\/div>\n\t\t\t\t\t\t\t\t\t\t<div class=\"elementor-gallery-item__overlay\"><\/div>\n\t\t\t\t\t\t\t\t\t\t\t\t\t\t<\/a>\n\t\t\t\t\t\t\t<a class=\"e-gallery-item elementor-gallery-item elementor-animated-content\" href=\"http:\/\/ekonomik.opole.pl\/eko3\/wp-content\/uploads\/2025\/03\/1714506257232.jpg\" data-elementor-open-lightbox=\"yes\" data-elementor-lightbox-slideshow=\"all-5f558e4\" data-elementor-lightbox-title=\"1714506257232\">\n\t\t\t\t\t<div class=\"e-gallery-image elementor-gallery-item__image\" data-thumbnail=\"http:\/\/ekonomik.opole.pl\/eko3\/wp-content\/uploads\/2025\/03\/1714506257232.jpg\" data-width=\"1106\" data-height=\"1463\" alt=\"\" ><\/div>\n\t\t\t\t\t\t\t\t\t\t<div class=\"elementor-gallery-item__overlay\"><\/div>\n\t\t\t\t\t\t\t\t\t\t\t\t\t\t<\/a>\n\t\t\t\t\t\t\t<a class=\"e-gallery-item elementor-gallery-item elementor-animated-content\" href=\"http:\/\/ekonomik.opole.pl\/eko3\/wp-content\/uploads\/2025\/03\/1714475500611.jpg\" data-elementor-open-lightbox=\"yes\" data-elementor-lightbox-slideshow=\"all-5f558e4\" data-elementor-lightbox-title=\"1714475500611\">\n\t\t\t\t\t<div class=\"e-gallery-image elementor-gallery-item__image\" data-thumbnail=\"http:\/\/ekonomik.opole.pl\/eko3\/wp-content\/uploads\/2025\/03\/1714475500611.jpg\" data-width=\"1200\" data-height=\"1600\" alt=\"\" ><\/div>\n\t\t\t\t\t\t\t\t\t\t<div class=\"elementor-gallery-item__overlay\"><\/div>\n\t\t\t\t\t\t\t\t\t\t\t\t\t\t<\/a>\n\t\t\t\t\t\t\t<a class=\"e-gallery-item elementor-gallery-item elementor-animated-content\" href=\"http:\/\/ekonomik.opole.pl\/eko3\/wp-content\/uploads\/2025\/03\/1714475500592-scaled.jpg\" data-elementor-open-lightbox=\"yes\" data-elementor-lightbox-slideshow=\"all-5f558e4\" data-elementor-lightbox-title=\"1714475500592\">\n\t\t\t\t\t<div class=\"e-gallery-image elementor-gallery-item__image\" data-thumbnail=\"http:\/\/ekonomik.opole.pl\/eko3\/wp-content\/uploads\/2025\/03\/1714475500592-scaled.jpg\" data-width=\"2560\" data-height=\"1795\" alt=\"\" ><\/div>\n\t\t\t\t\t\t\t\t\t\t<div class=\"elementor-gallery-item__overlay\"><\/div>\n\t\t\t\t\t\t\t\t\t\t\t\t\t\t<\/a>\n\t\t\t\t\t<\/div>\n\t\t\t<\/div>\n\t\t\t\t<\/div>\n\t\t\t\t\t\t<\/div>\n\t\t\t\t\t<\/div>\n\t\t<\/div>\n\t\t\t\t\t\t\t\t<\/div>\n\t\t\t\t\t<\/div>\n\t\t<\/section>\n\t\t\t\t\t\t<\/div>\n\t\t\t\t\t<\/div>\n\t\t<\/div>\n\t\t\t\t\t\t\t\t<\/div>\n\t\t\t\t\t<\/div>\n\t\t<\/section>\n\t\t\t\t<section class=\"elementor-section elementor-top-section elementor-element elementor-element-cc06b51 elementor-section-content-middle elementor-section-boxed elementor-section-height-default elementor-section-height-default\" data-id=\"cc06b51\" data-element_type=\"section\">\n\t\t\t\t\t\t<div class=\"elementor-container elementor-column-gap-default\">\n\t\t\t\t\t\t\t<div class=\"elementor-row\">\n\t\t\t\t\t<div class=\"elementor-column elementor-col-50 elementor-top-column elementor-element elementor-element-d62eb53\" data-id=\"d62eb53\" data-element_type=\"column\">\n\t\t\t<div class=\"elementor-column-wrap elementor-element-populated\">\n\t\t\t\t\t\t\t<div class=\"elementor-widget-wrap\">\n\t\t\t\t\t\t<div class=\"elementor-element elementor-element-d0377b9 elementor-widget elementor-widget-heading\" data-id=\"d0377b9\" data-element_type=\"widget\" data-widget_type=\"heading.default\">\n\t\t\t\t<div class=\"elementor-widget-container\">\n\t\t\t<h2 class=\"elementor-heading-title elementor-size-default\">Erasmus+<\/h2>\t\t<\/div>\n\t\t\t\t<\/div>\n\t\t\t\t<div class=\"elementor-element elementor-element-4e9a769 elementor-widget elementor-widget-text-editor\" data-id=\"4e9a769\" data-element_type=\"widget\" data-widget_type=\"text-editor.default\">\n\t\t\t\t<div class=\"elementor-widget-container\">\n\t\t\t\t\t\t\t\t<div class=\"elementor-text-editor elementor-clearfix\">\n\t\t\t\t\t<p>Ju\u017c od kilku lat organizujemy wyjazdy dla uczni\u00f3w Zespo\u0142u Szk\u00f3\u0142 Ekonomicznych na zagraniczne praktyki zawodowe w ramach programu Erasmus+.\u00a0<\/p>\t\t\t\t\t<\/div>\n\t\t\t\t\t\t<\/div>\n\t\t\t\t<\/div>\n\t\t\t\t\t\t<\/div>\n\t\t\t\t\t<\/div>\n\t\t<\/div>\n\t\t\t\t<div class=\"elementor-column elementor-col-50 elementor-top-column elementor-element elementor-element-1e19910\" data-id=\"1e19910\" data-element_type=\"column\" data-settings=\"{&quot;background_background&quot;:&quot;classic&quot;}\">\n\t\t\t<div class=\"elementor-column-wrap elementor-element-populated\">\n\t\t\t\t\t<div class=\"elementor-background-overlay\"><\/div>\n\t\t\t\t\t\t\t<div class=\"elementor-widget-wrap\">\n\t\t\t\t\t\t<div class=\"elementor-element elementor-element-4e4fe03 elementor-aspect-ratio-169 elementor-widget elementor-widget-video\" data-id=\"4e4fe03\" data-element_type=\"widget\" data-settings=\"{&quot;youtube_url&quot;:&quot;https:\\\/\\\/www.youtube.com\\\/watch?v=ykwdEaRQXW4&quot;,&quot;video_type&quot;:&quot;youtube&quot;,&quot;controls&quot;:&quot;yes&quot;,&quot;aspect_ratio&quot;:&quot;169&quot;}\" data-widget_type=\"video.default\">\n\t\t\t\t<div class=\"elementor-widget-container\">\n\t\t\t\t\t<div class=\"elementor-wrapper elementor-fit-aspect-ratio elementor-open-inline\">\n\t\t\t<div class=\"elementor-video\"><\/div>\t\t<\/div>\n\t\t\t\t<\/div>\n\t\t\t\t<\/div>\n\t\t\t\t\t\t<\/div>\n\t\t\t\t\t<\/div>\n\t\t<\/div>\n\t\t\t\t\t\t\t\t<\/div>\n\t\t\t\t\t<\/div>\n\t\t<\/section>\n\t\t\t\t<section class=\"elementor-section elementor-top-section elementor-element elementor-element-8846af9 elementor-section-boxed elementor-section-height-default elementor-section-height-default\" data-id=\"8846af9\" data-element_type=\"section\">\n\t\t\t\t\t\t<div class=\"elementor-container elementor-column-gap-default\">\n\t\t\t\t\t\t\t<div class=\"elementor-row\">\n\t\t\t\t\t<div class=\"elementor-column elementor-col-100 elementor-top-column elementor-element elementor-element-da32f8c\" data-id=\"da32f8c\" data-element_type=\"column\">\n\t\t\t<div class=\"elementor-column-wrap elementor-element-populated\">\n\t\t\t\t\t\t\t<div class=\"elementor-widget-wrap\">\n\t\t\t\t\t\t<div class=\"elementor-element elementor-element-b799705 elementor-invisible elementor-widget elementor-widget-heading\" data-id=\"b799705\" data-element_type=\"widget\" data-settings=\"{&quot;_animation&quot;:&quot;fadeIn&quot;,&quot;_animation_delay&quot;:500}\" data-widget_type=\"heading.default\">\n\t\t\t\t<div class=\"elementor-widget-container\">\n\t\t\t<h2 class=\"elementor-heading-title elementor-size-default\">Wspania\u0142e miejsca w Europie\n<\/h2>\t\t<\/div>\n\t\t\t\t<\/div>\n\t\t\t\t<div class=\"elementor-element elementor-element-afc3c98 elementor-widget elementor-widget-text-editor\" data-id=\"afc3c98\" data-element_type=\"widget\" data-widget_type=\"text-editor.default\">\n\t\t\t\t<div class=\"elementor-widget-container\">\n\t\t\t\t\t\t\t\t<div class=\"elementor-text-editor elementor-clearfix\">\n\t\t\t\t\t<p>Do tej pory uczniowie naszej szko\u0142y mieli okazj\u0119 odby\u0107 praktyki zawodowe w <strong>Bolonii<\/strong>, <strong>Wiedniu<\/strong> oraz <strong>Belfa\u015bcie<\/strong>, a w kolejnych edycjach projektu uczniowie b\u0119d\u0105 r\u00f3wnie\u017c odbywali praktyki zawodowe w <strong>Saragossie<\/strong>.\u00a0<\/p>\t\t\t\t\t<\/div>\n\t\t\t\t\t\t<\/div>\n\t\t\t\t<\/div>\n\t\t\t\t<div class=\"elementor-element elementor-element-83f8bd3 elementor-widget elementor-widget-text-editor\" data-id=\"83f8bd3\" data-element_type=\"widget\" data-widget_type=\"text-editor.default\">\n\t\t\t\t<div class=\"elementor-widget-container\">\n\t\t\t\t\t\t\t\t<div class=\"elementor-text-editor elementor-clearfix\">\n\t\t\t\t\t<p><strong>Wyjazdy na praktyki zagraniczne w ca\u0142o\u015bci finansowane s\u0105 w ramach funduszy Unii Europejskiej (bez wk\u0142adu finansowego uczni\u00f3w) i organizowane przy udziale partner\u00f3w zagranicznych.\u00a0<\/strong><\/p>\t\t\t\t\t<\/div>\n\t\t\t\t\t\t<\/div>\n\t\t\t\t<\/div>\n\t\t\t\t\t\t<\/div>\n\t\t\t\t\t<\/div>\n\t\t<\/div>\n\t\t\t\t\t\t\t\t<\/div>\n\t\t\t\t\t<\/div>\n\t\t<\/section>\n\t\t\t\t<section class=\"elementor-section elementor-top-section elementor-element elementor-element-0a49ced elementor-section-boxed elementor-section-height-default elementor-section-height-default\" data-id=\"0a49ced\" data-element_type=\"section\" data-settings=\"{&quot;background_background&quot;:&quot;classic&quot;}\">\n\t\t\t\t\t\t<div class=\"elementor-container elementor-column-gap-default\">\n\t\t\t\t\t\t\t<div class=\"elementor-row\">\n\t\t\t\t\t<div class=\"elementor-column elementor-col-100 elementor-top-column elementor-element elementor-element-3b480fa\" data-id=\"3b480fa\" data-element_type=\"column\" data-settings=\"{&quot;background_background&quot;:&quot;classic&quot;}\">\n\t\t\t<div class=\"elementor-column-wrap elementor-element-populated\">\n\t\t\t\t\t\t\t<div class=\"elementor-widget-wrap\">\n\t\t\t\t\t\t<div class=\"elementor-element elementor-element-e03451a elementor-invisible elementor-widget elementor-widget-heading\" data-id=\"e03451a\" data-element_type=\"widget\" data-settings=\"{&quot;_animation&quot;:&quot;fadeIn&quot;,&quot;_animation_delay&quot;:500}\" data-widget_type=\"heading.default\">\n\t\t\t\t<div class=\"elementor-widget-container\">\n\t\t\t<h2 class=\"elementor-heading-title elementor-size-default\">Koordynator szkolny programu Erasmus+<\/h2>\t\t<\/div>\n\t\t\t\t<\/div>\n\t\t\t\t<div class=\"elementor-element elementor-element-04c7cdb elementor-testimonial--align-left elementor-testimonial--skin-default elementor-testimonial--layout-image_inline elementor-pagination-type-bullets elementor-widget elementor-widget-testimonial-carousel\" data-id=\"04c7cdb\" data-element_type=\"widget\" data-settings=\"{&quot;space_between&quot;:{&quot;unit&quot;:&quot;px&quot;,&quot;size&quot;:0,&quot;sizes&quot;:[]},&quot;slides_per_view_mobile&quot;:&quot;1&quot;,&quot;slides_per_view&quot;:&quot;1&quot;,&quot;pagination&quot;:&quot;bullets&quot;,&quot;speed&quot;:500,&quot;space_between_tablet&quot;:{&quot;unit&quot;:&quot;px&quot;,&quot;size&quot;:10,&quot;sizes&quot;:[]},&quot;space_between_mobile&quot;:{&quot;unit&quot;:&quot;px&quot;,&quot;size&quot;:10,&quot;sizes&quot;:[]}}\" data-widget_type=\"testimonial-carousel.default\">\n\t\t\t\t<div class=\"elementor-widget-container\">\n\t\t\t\t\t<div class=\"elementor-swiper\">\n\t\t\t<div class=\"elementor-main-swiper swiper-container\">\n\t\t\t\t<div class=\"swiper-wrapper\">\n\t\t\t\t\t\t\t\t\t\t\t<div class=\"swiper-slide\">\n\t\t\t\t\t\t\t\t\t<div class=\"elementor-testimonial\">\n\t\t\t\t\t\t\t<div class=\"elementor-testimonial__content\">\n\t\t\t\t\t<div class=\"elementor-testimonial__text\">\n\t\t\t\t\t\t<em>Sta\u017ce zawodowe w krajach UE to mi\u0119dzynarodowe do\u015bwiadczenie, rozwijanie j\u0119zyka obcego, satysfakcja ze swoich dokona\u0107, nowe znajomo\u015bci i kontakty. Korzy\u015bci\u0105 jest nauka zawodu w zagranicznym \u015brodowisku pracy, na wysokim poziomie, w oparciu o uzgodniony program i ustalone z instytucj\u0105 partnersk\u0105 osi\u0105gni\u0119cia edukacyjne. <\/em>\t\t\t\t\t<\/div>\n\t\t\t\t\t\t\t\t\t<\/div>\n\t\t\t\t\t\t<div class=\"elementor-testimonial__footer\">\n\t\t\t\t\t\t\t\t\t<div class=\"elementor-testimonial__image\">\n\t\t\t\t\t\t<img src=\"http:\/\/ekonomik.opole.pl\/eko3\/wp-content\/uploads\/2021\/05\/18920746_10207671144731304_8609456405048197219_o-150x150.jpg\" alt=\"Prof Sylwester Strzelec\">\n\t\t\t\t\t<\/div>\n\t\t\t\t\t\t\t\t<cite class=\"elementor-testimonial__cite\"><span class=\"elementor-testimonial__name\">Prof Sylwester Strzelec<\/span><span class=\"elementor-testimonial__title\">Koordynator szkolny programu Erasmus+<\/span><\/cite>\t\t\t<\/div>\n\t\t<\/div>\n\t\t\t\t\t\t\t\t<\/div>\n\t\t\t\t\t\t\t\t\t<\/div>\n\t\t\t\t\t\t\t<\/div>\n\t\t<\/div>\n\t\t\t\t<\/div>\n\t\t\t\t<\/div>\n\t\t\t\t\t\t<\/div>\n\t\t\t\t\t<\/div>\n\t\t<\/div>\n\t\t\t\t\t\t\t\t<\/div>\n\t\t\t\t\t<\/div>\n\t\t<\/section>\n\t\t\t\t\t\t<\/div>\n\t\t\t\t\t\t<\/div>\n\t\t\t\t\t<\/div>\n\t\t","protected":false},"excerpt":{"rendered":"<p>Zagraniczne praktyki zawodowe szans\u0105 dla uczni\u00f3w Zespo\u0142u Szk\u00f3\u0142 Ekonomicznych&nbsp; Praktyki zagraniczne na Gran Canarii i w Saragossie https:\/\/ekonomik.opole.pl\/praktyki_zagraniczne\/Erasmus_logo.mp4 30 uczni\u00f3w Zespo\u0142u Szk\u00f3\u0142 Ekonomicznych w Opolu, kszta\u0142c\u0105cych si\u0119 w zawodach technik fotografii i multimedi\u00f3w, technik grafiki i poligrafii cyfrowej, technik programista, technik ekonomista, technik rachunkowo\u015bci, technik reklamy oraz technik logistyk, wzi\u0119\u0142o udzia\u0142 w zagranicznych praktykach zawodowych&#8230;.<\/p>\n","protected":false},"author":6,"featured_media":0,"parent":998068,"menu_order":0,"comment_status":"closed","ping_status":"closed","template":"elementor_header_footer","meta":{"inline_featured_image":false},"_links":{"self":[{"href":"http:\/\/ekonomik.opole.pl\/eko3\/wp-json\/wp\/v2\/pages\/998101"}],"collection":[{"href":"http:\/\/ekonomik.opole.pl\/eko3\/wp-json\/wp\/v2\/pages"}],"about":[{"href":"http:\/\/ekonomik.opole.pl\/eko3\/wp-json\/wp\/v2\/types\/page"}],"author":[{"embeddable":true,"href":"http:\/\/ekonomik.opole.pl\/eko3\/wp-json\/wp\/v2\/users\/6"}],"replies":[{"embeddable":true,"href":"http:\/\/ekonomik.opole.pl\/eko3\/wp-json\/wp\/v2\/comments?post=998101"}],"version-history":[{"count":5,"href":"http:\/\/ekonomik.opole.pl\/eko3\/wp-json\/wp\/v2\/pages\/998101\/revisions"}],"predecessor-version":[{"id":998109,"href":"http:\/\/ekonomik.opole.pl\/eko3\/wp-json\/wp\/v2\/pages\/998101\/revisions\/998109"}],"up":[{"embeddable":true,"href":"http:\/\/ekonomik.opole.pl\/eko3\/wp-json\/wp\/v2\/pages\/998068"}],"wp:attachment":[{"href":"http:\/\/ekonomik.opole.pl\/eko3\/wp-json\/wp\/v2\/media?parent=998101"}],"curies":[{"name":"wp","href":"https:\/\/api.w.org\/{rel}","templated":true}]}}