{"id":998629,"date":"2025-12-31T00:01:00","date_gmt":"2025-12-30T23:01:00","guid":{"rendered":"https:\/\/ekonomik.opole.pl\/eko3\/?page_id=998629"},"modified":"2026-06-16T10:59:01","modified_gmt":"2026-06-16T08:59:01","slug":"fers-sch-2025-bolonia","status":"publish","type":"page","link":"http:\/\/ekonomik.opole.pl\/eko3\/fers-sch-2025-bolonia\/","title":{"rendered":"FERS SCH 2025 &#8211; Bolonia (01-07.02.26)"},"content":{"rendered":"\t\t<div data-elementor-type=\"wp-page\" data-elementor-id=\"998629\" class=\"elementor elementor-998629\" data-elementor-settings=\"[]\">\n\t\t\t\t\t\t<div class=\"elementor-inner\">\n\t\t\t\t\t\t\t<div class=\"elementor-section-wrap\">\n\t\t\t\t\t\t\t<section class=\"elementor-section elementor-top-section elementor-element elementor-element-77a16de elementor-section-content-bottom elementor-section-boxed elementor-section-height-default elementor-section-height-default elementor-invisible\" data-id=\"77a16de\" data-element_type=\"section\" data-settings=\"{&quot;background_background&quot;:&quot;classic&quot;,&quot;background_motion_fx_motion_fx_scrolling&quot;:&quot;yes&quot;,&quot;background_motion_fx_range&quot;:&quot;viewport&quot;,&quot;background_motion_fx_opacity_effect&quot;:&quot;yes&quot;,&quot;background_motion_fx_opacity_direction&quot;:&quot;in-out&quot;,&quot;background_motion_fx_opacity_range&quot;:{&quot;unit&quot;:&quot;%&quot;,&quot;size&quot;:&quot;&quot;,&quot;sizes&quot;:{&quot;start&quot;:65,&quot;end&quot;:79}},&quot;background_motion_fx_translateY_effect&quot;:&quot;yes&quot;,&quot;animation&quot;:&quot;fadeIn&quot;,&quot;background_motion_fx_translateY_speed&quot;:{&quot;unit&quot;:&quot;px&quot;,&quot;size&quot;:4,&quot;sizes&quot;:[]},&quot;background_motion_fx_translateY_affectedRange&quot;:{&quot;unit&quot;:&quot;%&quot;,&quot;size&quot;:&quot;&quot;,&quot;sizes&quot;:{&quot;start&quot;:0,&quot;end&quot;:100}},&quot;background_motion_fx_opacity_level&quot;:{&quot;unit&quot;:&quot;px&quot;,&quot;size&quot;:10,&quot;sizes&quot;:[]},&quot;background_motion_fx_devices&quot;:[&quot;desktop&quot;,&quot;tablet&quot;,&quot;mobile&quot;]}\">\n\t\t\t\t\t\t<div class=\"elementor-container elementor-column-gap-default\">\n\t\t\t\t\t\t\t<div class=\"elementor-row\">\n\t\t\t\t\t<div class=\"elementor-column elementor-col-50 elementor-top-column elementor-element elementor-element-c328ea4\" data-id=\"c328ea4\" data-element_type=\"column\" data-settings=\"{&quot;background_background&quot;:&quot;classic&quot;}\">\n\t\t\t<div class=\"elementor-column-wrap elementor-element-populated\">\n\t\t\t\t\t\t\t<div class=\"elementor-widget-wrap\">\n\t\t\t\t\t\t<div class=\"elementor-element elementor-element-cfce00e elementor-widget elementor-widget-text-editor\" data-id=\"cfce00e\" data-element_type=\"widget\" data-widget_type=\"text-editor.default\">\n\t\t\t\t<div class=\"elementor-widget-container\">\n\t\t\t\t\t\t\t\t<div class=\"elementor-text-editor elementor-clearfix\">\n\t\t\t\t\t<p>Rekrutacja do projektu.<\/p>\t\t\t\t\t<\/div>\n\t\t\t\t\t\t<\/div>\n\t\t\t\t<\/div>\n\t\t\t\t\t\t<\/div>\n\t\t\t\t\t<\/div>\n\t\t<\/div>\n\t\t\t\t<div class=\"elementor-column elementor-col-50 elementor-top-column elementor-element elementor-element-d46808c elementor-hidden-phone\" data-id=\"d46808c\" data-element_type=\"column\">\n\t\t\t<div class=\"elementor-column-wrap\">\n\t\t\t\t\t\t\t<div class=\"elementor-widget-wrap\">\n\t\t\t\t\t\t\t\t<\/div>\n\t\t\t\t\t<\/div>\n\t\t<\/div>\n\t\t\t\t\t\t\t\t<\/div>\n\t\t\t\t\t<\/div>\n\t\t<\/section>\n\t\t\t\t<section class=\"elementor-section elementor-top-section elementor-element elementor-element-baf619f elementor-section-boxed elementor-section-height-default elementor-section-height-default\" data-id=\"baf619f\" data-element_type=\"section\">\n\t\t\t\t\t\t<div class=\"elementor-container elementor-column-gap-default\">\n\t\t\t\t\t\t\t<div class=\"elementor-row\">\n\t\t\t\t\t<div class=\"elementor-column elementor-col-100 elementor-top-column elementor-element elementor-element-ff29f12\" data-id=\"ff29f12\" data-element_type=\"column\">\n\t\t\t<div class=\"elementor-column-wrap elementor-element-populated\">\n\t\t\t\t\t\t\t<div class=\"elementor-widget-wrap\">\n\t\t\t\t\t\t<div class=\"elementor-element elementor-element-b44dffe elementor-widget elementor-widget-image\" data-id=\"b44dffe\" data-element_type=\"widget\" data-widget_type=\"image.default\">\n\t\t\t\t<div class=\"elementor-widget-container\">\n\t\t\t\t\t\t\t\t<div class=\"elementor-image\">\n\t\t\t\t\t\t\t\t\t\t\t\t<img width=\"1024\" height=\"724\" src=\"http:\/\/ekonomik.opole.pl\/eko3\/wp-content\/uploads\/2025\/12\/FE-plakat-A3-FE-dla-Rozwoju-Spolecznego-ZSEkonomicznych-Opole-szkolenia-1024x724.webp\" class=\"attachment-large size-large\" alt=\"\" loading=\"lazy\" srcset=\"http:\/\/ekonomik.opole.pl\/eko3\/wp-content\/uploads\/2025\/12\/FE-plakat-A3-FE-dla-Rozwoju-Spolecznego-ZSEkonomicznych-Opole-szkolenia-1024x724.webp 1024w, http:\/\/ekonomik.opole.pl\/eko3\/wp-content\/uploads\/2025\/12\/FE-plakat-A3-FE-dla-Rozwoju-Spolecznego-ZSEkonomicznych-Opole-szkolenia-300x212.webp 300w, http:\/\/ekonomik.opole.pl\/eko3\/wp-content\/uploads\/2025\/12\/FE-plakat-A3-FE-dla-Rozwoju-Spolecznego-ZSEkonomicznych-Opole-szkolenia-768x543.webp 768w, http:\/\/ekonomik.opole.pl\/eko3\/wp-content\/uploads\/2025\/12\/FE-plakat-A3-FE-dla-Rozwoju-Spolecznego-ZSEkonomicznych-Opole-szkolenia-680x481.webp 680w, http:\/\/ekonomik.opole.pl\/eko3\/wp-content\/uploads\/2025\/12\/FE-plakat-A3-FE-dla-Rozwoju-Spolecznego-ZSEkonomicznych-Opole-szkolenia.webp 1200w\" sizes=\"(max-width: 1024px) 100vw, 1024px\" \/>\t\t\t\t\t\t\t\t\t\t\t\t\t\t<\/div>\n\t\t\t\t\t\t<\/div>\n\t\t\t\t<\/div>\n\t\t\t\t<section class=\"elementor-section elementor-inner-section elementor-element elementor-element-1ed2817 elementor-section-full_width elementor-section-height-default elementor-section-height-default\" data-id=\"1ed2817\" data-element_type=\"section\">\n\t\t\t\t\t\t<div class=\"elementor-container elementor-column-gap-default\">\n\t\t\t\t\t\t\t<div class=\"elementor-row\">\n\t\t\t\t\t<div class=\"elementor-column elementor-col-100 elementor-inner-column elementor-element elementor-element-280defb\" data-id=\"280defb\" data-element_type=\"column\">\n\t\t\t<div class=\"elementor-column-wrap elementor-element-populated\">\n\t\t\t\t\t\t\t<div class=\"elementor-widget-wrap\">\n\t\t\t\t\t\t<div class=\"elementor-element elementor-element-334450f elementor-widget elementor-widget-text-editor\" data-id=\"334450f\" data-element_type=\"widget\" data-widget_type=\"text-editor.default\">\n\t\t\t\t<div class=\"elementor-widget-container\">\n\t\t\t\t\t\t\t\t<div class=\"elementor-text-editor elementor-clearfix\">\n\t\t\t\t\t<div class=\"x11i5rnm xat24cr x1mh8g0r x1vvkbs xtlvy1s x126k92a\"><div dir=\"auto\"><p><strong>Zagraniczne szkolenia kadry pedagogicznej \u2013 nowe pomys\u0142y i inspiracje<\/strong><\/p><p>\u00a0<\/p><p>Nauczyciele naszej szko\u0142y maj\u0105 okazj\u0119 szkoli\u0107 si\u0119 za granic\u0105 z zakresu sztucznej inteligencji, nowych technologii, medi\u00f3w spo\u0142eczno\u015bciowych oraz zdrowia psychicznego.<\/p><p>W trzech szkoleniach w sumie we\u017amie udzia\u0142 8 nauczycieli naszej szko\u0142y. Pierwsze mia\u0142o miejsce w Bolonii i uczestniczy\u0142y w nim p. dyrektor Ewa Nowak-K\u00fcbler, p.Ma\u0142gorzata Kochanowska \u2013 nauczyciel j. angielskiego i p. Beata Nowak \u2013 nauczyciel, psycholog szkolny. Zako\u0144czy\u0142a si\u0119 rekrutacja do szkolenia w Palermo we W\u0142oszech w terminie: 28.06.2026- 04.07.2026, do kt\u00f3rej zakwalifikowa\u0142y si\u0119 p. Anna Podleska- nauczyciel przedmiot\u00f3w zawodowych, p. Katarzyna Kaczmarek \u2013 ksi\u0119gowa, nauczyciel przedmiot\u00f3w zawodowych, p. Maja Zakrzyk \u2013 nauczyciel chemii. W czerwcu rozpocznie si\u0119 rekrutacja na szkolenie \u201eMindfulness and meditation for teachers and education staff: cultivating students\u2019 and teachers\u2019 well-being\u201d (2 nauczycieli).<\/p><p>Szkolenia umo\u017cliwiaj\u0105 nauczycielom rozw\u00f3j kompetencji w zakresie sztucznej inteligencji, nowych technologii oraz nowoczesnych metod nauczania. Zdobyta wiedza pozwoli na wprowadzanie innowacyjnych rozwi\u0105za\u0144 do pracy z uczniami. Uczestnicy poszerz\u0105 r\u00f3wnie\u017c umiej\u0119tno\u015bci zwi\u0105zane ze wspieraniem zdrowia psychicznego i dobrostanu ca\u0142ej spo\u0142eczno\u015bci szkolnej.<\/p><p>Powy\u017csze szkolenia s\u0105 realizowane w\u00a0 ramach przedsi\u0119wzi\u0119cia <em>\u201dInnowacje w edukacji: kursy dla nauczycieli Ekonomika z zakresu nowych technologii i zdrowia psychicznego\u201d<\/em> o numerze 2025-1-PL01-KA122-SCH-000310568 realizowanego w ramach projektu \u201eMi\u0119dzynarodowa mobilno\u015b\u0107 edukacyjna uczni\u00f3w i kadry edukacji szkolnej\u201d,\u00a0 wsp\u00f3\u0142finansowanego przez Uni\u0119 Europejsk\u0105 ze \u015brodk\u00f3w Europejskiego Funduszu Spo\u0142ecznego Plus, w Programie Fundusze Europejskie dla Rozwoju Spo\u0142ecznego 2021-2027, realizowanego na zasadach Programu Erasmus+.<\/p><\/div><\/div>\t\t\t\t\t<\/div>\n\t\t\t\t\t\t<\/div>\n\t\t\t\t<\/div>\n\t\t\t\t\t\t<\/div>\n\t\t\t\t\t<\/div>\n\t\t<\/div>\n\t\t\t\t\t\t\t\t<\/div>\n\t\t\t\t\t<\/div>\n\t\t<\/section>\n\t\t\t\t<section class=\"elementor-section elementor-inner-section elementor-element elementor-element-d40a303 elementor-section-full_width elementor-section-height-default elementor-section-height-default\" data-id=\"d40a303\" data-element_type=\"section\">\n\t\t\t\t\t\t<div class=\"elementor-container elementor-column-gap-default\">\n\t\t\t\t\t\t\t<div class=\"elementor-row\">\n\t\t\t\t\t<div class=\"elementor-column elementor-col-100 elementor-inner-column elementor-element elementor-element-69effd2\" data-id=\"69effd2\" data-element_type=\"column\">\n\t\t\t<div class=\"elementor-column-wrap elementor-element-populated\">\n\t\t\t\t\t\t\t<div class=\"elementor-widget-wrap\">\n\t\t\t\t\t\t<div class=\"elementor-element elementor-element-687bcde elementor-widget elementor-widget-text-editor\" data-id=\"687bcde\" data-element_type=\"widget\" data-widget_type=\"text-editor.default\">\n\t\t\t\t<div class=\"elementor-widget-container\">\n\t\t\t\t\t\t\t\t<div class=\"elementor-text-editor elementor-clearfix\">\n\t\t\t\t\t<div class=\"x11i5rnm xat24cr x1mh8g0r x1vvkbs xtlvy1s x126k92a\"><div dir=\"auto\"><p><strong>\u00a0<\/strong><\/p><p><strong>Bolonia inspiruje \u2013 nauczyciele Ekonomika rozwijaj\u0105 kompetencje przysz\u0142o\u015bci<\/strong><\/p><p><span style=\"letter-spacing: 0.2px;\">W dniach 1\u20137 lutego 2026 roku troje nauczycieli Ekonomika: Ewa Nowak- Kubler, Ma\u0142gorzata Kochanowska i Beata Nowak uczestniczy\u0142o w szkoleniu pt. \u201eChat GPT i sztuczna inteligencja\u201d w Bolonii we W\u0142oszech. Wyjazd ten by\u0142 nie tylko okazj\u0105 do podnoszenia kwalifikacji zawodowych, ale r\u00f3wnie\u017c niezwykle warto\u015bciowym do\u015bwiadczeniem kulturowym.<\/span><\/p><p>G\u0142\u00f3wnym celem naszego pobytu by\u0142o uczestnictwo w kursie pt. \u201eChat GPT i sztuczna inteligencja\u201d, podczas kt\u00f3rego rozwija\u0142y\u015bmy swoje kompetencje w zakresie wykorzystania sztucznej inteligencji w edukacji. Szkolenie pozwoli\u0142o nam poszerzy\u0107 wiedz\u0119 na temat nowoczesnych narz\u0119dzi dydaktycznych, skutecznego formu\u0142owania polece\u0144 (prompt\u00f3w), etycznych aspekt\u00f3w AI oraz nowych metod oceniania w erze cyfrowej. Zdobyte umiej\u0119tno\u015bci z pewno\u015bci\u0105 wykorzystamy w naszej codziennej pracy z uczniami, wzbogacaj\u0105c proces nauczania o innowacyjne i anga\u017cuj\u0105ce rozwi\u0105zania. Bolonia okaza\u0142a si\u0119 jednak nie tylko miejscem intensywnej nauki, lecz tak\u017ce miastem o niezwyk\u0142ej historii, architekturze i atmosferze. W wolnym czasie mia\u0142y\u015bmy okazj\u0119 zwiedzi\u0107 najwa\u017cniejsze zabytki miasta, podziwia\u0107 charakterystyczne arkady oraz poczu\u0107 wyj\u0105tkowy klimat tego uniwersyteckiego o\u015brodka. Spacerowa\u0142y\u015bmy urokliwymi uliczkami, odwiedzi\u0142y\u015bmy historyczne place i mog\u0142y\u015bmy z bliska zobaczy\u0107, jak bogate dziedzictwo \u0142\u0105czy si\u0119 tu z codziennym \u017cyciem mieszka\u0144c\u00f3w. Nieod\u0142\u0105cznym elementem naszego pobytu by\u0142o r\u00f3wnie\u017c poznawanie kultury i tradycji w\u0142oskich, w tym \u2013 co szczeg\u00f3lnie zapad\u0142o nam w pami\u0119\u0107 \u2013 lokalnej kuchni. Bolonia, nazywana kulinarn\u0105 stolic\u0105 W\u0142och, zachwyci\u0142a nas autentycznymi smakami. Mia\u0142y\u015bmy okazj\u0119 spr\u00f3bowa\u0107 tradycyjnych da\u0144 regionu Emilia-Romania, takich jak \u015bwie\u017ce makarony, tortellini czy rag\u00f9 alla bolognese, a tak\u017ce lokalnych ser\u00f3w, deser\u00f3w i w\u0142oskich lod\u00f3w. Wsp\u00f3lne posi\u0142ki by\u0142y nie tylko uczt\u0105 dla podniebienia, ale tak\u017ce okazj\u0105 do rozm\u00f3w, integracji i lepszego zrozumienia w\u0142oskiej kultury.<\/p><p>Wyjazd do Bolonii by\u0142 dla nas czasem intensywnego rozwoju zawodowego, ale tak\u017ce inspiruj\u0105c\u0105 podr\u00f3\u017c\u0105 kulturow\u0105. Po\u0142\u0105czenie szkolenia, zwiedzania oraz poznawania lokalnych tradycji sprawi\u0142o, \u017ce wr\u00f3ci\u0142y\u015bmy bogatsze nie tylko o now\u0105 wiedz\u0119, lecz r\u00f3wnie\u017c o cenne do\u015bwiadczenia i wspomnienia.<\/p><\/div><\/div>\t\t\t\t\t<\/div>\n\t\t\t\t\t\t<\/div>\n\t\t\t\t<\/div>\n\t\t\t\t<div class=\"elementor-element elementor-element-b0229f2 elementor-widget elementor-widget-gallery\" data-id=\"b0229f2\" data-element_type=\"widget\" data-settings=\"{&quot;columns&quot;:5,&quot;lazyload&quot;:&quot;yes&quot;,&quot;gallery_layout&quot;:&quot;grid&quot;,&quot;columns_tablet&quot;:2,&quot;columns_mobile&quot;:1,&quot;gap&quot;:{&quot;unit&quot;:&quot;px&quot;,&quot;size&quot;:10,&quot;sizes&quot;:[]},&quot;gap_tablet&quot;:{&quot;unit&quot;:&quot;px&quot;,&quot;size&quot;:10,&quot;sizes&quot;:[]},&quot;gap_mobile&quot;:{&quot;unit&quot;:&quot;px&quot;,&quot;size&quot;:10,&quot;sizes&quot;:[]},&quot;link_to&quot;:&quot;file&quot;,&quot;aspect_ratio&quot;:&quot;3:2&quot;,&quot;overlay_background&quot;:&quot;yes&quot;,&quot;content_hover_animation&quot;:&quot;fade-in&quot;}\" data-widget_type=\"gallery.default\">\n\t\t\t\t<div class=\"elementor-widget-container\">\n\t\t\t\t\t<div class=\"elementor-gallery__container\">\n\t\t\t\t\t\t\t<a class=\"e-gallery-item elementor-gallery-item elementor-animated-content\" href=\"http:\/\/ekonomik.opole.pl\/eko3\/wp-content\/uploads\/2026\/06\/IMG-20260204-WA0004.jpg\" data-elementor-open-lightbox=\"yes\" data-elementor-lightbox-slideshow=\"all-b0229f2\" data-elementor-lightbox-title=\"IMG-20260204-WA0004\">\n\t\t\t\t\t<div class=\"e-gallery-image elementor-gallery-item__image\" data-thumbnail=\"http:\/\/ekonomik.opole.pl\/eko3\/wp-content\/uploads\/2026\/06\/IMG-20260204-WA0004-225x300.jpg\" data-width=\"225\" data-height=\"300\" alt=\"\" ><\/div>\n\t\t\t\t\t\t\t\t\t\t<div class=\"elementor-gallery-item__overlay\"><\/div>\n\t\t\t\t\t\t\t\t\t\t\t\t\t\t<\/a>\n\t\t\t\t\t\t\t<a class=\"e-gallery-item elementor-gallery-item elementor-animated-content\" href=\"http:\/\/ekonomik.opole.pl\/eko3\/wp-content\/uploads\/2026\/06\/IMG-20260205-WA0034.jpg\" data-elementor-open-lightbox=\"yes\" data-elementor-lightbox-slideshow=\"all-b0229f2\" data-elementor-lightbox-title=\"IMG-20260205-WA0034\">\n\t\t\t\t\t<div class=\"e-gallery-image elementor-gallery-item__image\" data-thumbnail=\"http:\/\/ekonomik.opole.pl\/eko3\/wp-content\/uploads\/2026\/06\/IMG-20260205-WA0034-225x300.jpg\" data-width=\"225\" data-height=\"300\" alt=\"\" ><\/div>\n\t\t\t\t\t\t\t\t\t\t<div class=\"elementor-gallery-item__overlay\"><\/div>\n\t\t\t\t\t\t\t\t\t\t\t\t\t\t<\/a>\n\t\t\t\t\t\t\t<a class=\"e-gallery-item elementor-gallery-item elementor-animated-content\" href=\"http:\/\/ekonomik.opole.pl\/eko3\/wp-content\/uploads\/2026\/06\/IMG-20260206-WA0025.jpg\" data-elementor-open-lightbox=\"yes\" data-elementor-lightbox-slideshow=\"all-b0229f2\" data-elementor-lightbox-title=\"IMG-20260206-WA0025\">\n\t\t\t\t\t<div class=\"e-gallery-image elementor-gallery-item__image\" data-thumbnail=\"http:\/\/ekonomik.opole.pl\/eko3\/wp-content\/uploads\/2026\/06\/IMG-20260206-WA0025-300x225.jpg\" data-width=\"300\" data-height=\"225\" alt=\"\" ><\/div>\n\t\t\t\t\t\t\t\t\t\t<div class=\"elementor-gallery-item__overlay\"><\/div>\n\t\t\t\t\t\t\t\t\t\t\t\t\t\t<\/a>\n\t\t\t\t\t\t\t<a class=\"e-gallery-item elementor-gallery-item elementor-animated-content\" href=\"http:\/\/ekonomik.opole.pl\/eko3\/wp-content\/uploads\/2026\/06\/IMG-20260207-WA0045.jpg\" data-elementor-open-lightbox=\"yes\" data-elementor-lightbox-slideshow=\"all-b0229f2\" data-elementor-lightbox-title=\"IMG-20260207-WA0045\">\n\t\t\t\t\t<div class=\"e-gallery-image elementor-gallery-item__image\" data-thumbnail=\"http:\/\/ekonomik.opole.pl\/eko3\/wp-content\/uploads\/2026\/06\/IMG-20260207-WA0045-300x225.jpg\" data-width=\"300\" data-height=\"225\" alt=\"\" ><\/div>\n\t\t\t\t\t\t\t\t\t\t<div class=\"elementor-gallery-item__overlay\"><\/div>\n\t\t\t\t\t\t\t\t\t\t\t\t\t\t<\/a>\n\t\t\t\t\t\t\t<a class=\"e-gallery-item elementor-gallery-item elementor-animated-content\" href=\"http:\/\/ekonomik.opole.pl\/eko3\/wp-content\/uploads\/2026\/06\/IMG-20260207-WA0047.jpg\" data-elementor-open-lightbox=\"yes\" data-elementor-lightbox-slideshow=\"all-b0229f2\" data-elementor-lightbox-title=\"IMG-20260207-WA0047\">\n\t\t\t\t\t<div class=\"e-gallery-image elementor-gallery-item__image\" data-thumbnail=\"http:\/\/ekonomik.opole.pl\/eko3\/wp-content\/uploads\/2026\/06\/IMG-20260207-WA0047-300x225.jpg\" data-width=\"300\" data-height=\"225\" alt=\"\" ><\/div>\n\t\t\t\t\t\t\t\t\t\t<div class=\"elementor-gallery-item__overlay\"><\/div>\n\t\t\t\t\t\t\t\t\t\t\t\t\t\t<\/a>\n\t\t\t\t\t<\/div>\n\t\t\t<\/div>\n\t\t\t\t<\/div>\n\t\t\t\t\t\t<\/div>\n\t\t\t\t\t<\/div>\n\t\t<\/div>\n\t\t\t\t\t\t\t\t<\/div>\n\t\t\t\t\t<\/div>\n\t\t<\/section>\n\t\t\t\t<div class=\"elementor-element elementor-element-56db67e elementor-widget elementor-widget-text-editor\" data-id=\"56db67e\" data-element_type=\"widget\" data-widget_type=\"text-editor.default\">\n\t\t\t\t<div class=\"elementor-widget-container\">\n\t\t\t\t\t\t\t\t<div class=\"elementor-text-editor elementor-clearfix\">\n\t\t\t\t\t<div class=\"x11i5rnm xat24cr x1mh8g0r x1vvkbs xtlvy1s x126k92a\"><div dir=\"auto\"><p><strong>\u00a0<\/strong><\/p><p><strong>Wra\u017cenia uczestniczek szkolenia \u201eAI i ChatGPT\u201d w Bolonii:<\/strong><\/p><p><em>&#8211; \u201eSzkolenie by\u0142o bardzo dobrze zorganizowane pod wzgl\u0119dem logistycznym i merytorycznym.\u201d<br \/><\/em><\/p><p><em>&#8211; \u201eOsoba prowadz\u0105ca zaj\u0119cia by\u0142a doskonale przygotowana, posiada\u0142a du\u017c\u0105 wiedz\u0119 oraz do\u015bwiadczenie w zakresie <\/em><\/p><p><em>wykorzystania AI w edukacji.\u201d<\/em><\/p><p><em>&#8211; \u201eProgram kursu odpowiada\u0142 aktualnym potrzebom nauczycieli i pozwoli\u0142 pozna\u0107 praktyczne zastosowania sztucznej inteligencji w pracy dydaktycznej.\u201d<\/em><\/p><p><em>&#8211; \u201eSzczeg\u00f3lnie warto\u015bciowe by\u0142y \u0107wiczenia dotycz\u0105ce tworzenia skutecznych prompt\u00f3w oraz wykorzystania ChatGPT podczas przygotowywania materia\u0142\u00f3w dydaktycznych.\u201d<\/em><\/p><p><em>\u00a0<\/em><em style=\"letter-spacing: 0.2px;\">&#8211; \u201eMo\u017cliwo\u015b\u0107 wymiany do\u015bwiadcze\u0144 z nauczycielami z innych kraj\u00f3w europejskich by\u0142a bardzo inspiruj\u0105ca i pozwoli\u0142a spojrze\u0107 na edukacj\u0119 z szerszej perspektywy.\u201d<\/em><\/p><p><em style=\"letter-spacing: 0.2px;\">&#8211; \u201eSzkolenie dostarczy\u0142o mi wiele gotowych rozwi\u0105za\u0144, kt\u00f3re mo\u017cna wykorzysta\u0107 w codziennej pracy z uczniami.\u201d<\/em><\/p><p><em>&#8211; \u201eWarto\u015bci\u0105 dodan\u0105 mobilno\u015bci by\u0142o poznanie dobrych praktyk stosowanych w innych systemach edukacyjnych oraz rozwijanie kompetencji j\u0119zykowych w mi\u0119dzynarodowym \u015brodowisku.\u201d<\/em><\/p><\/div><\/div>\t\t\t\t\t<\/div>\n\t\t\t\t\t\t<\/div>\n\t\t\t\t<\/div>\n\t\t\t\t<div class=\"elementor-element elementor-element-4eb4178 elementor-widget elementor-widget-heading\" data-id=\"4eb4178\" data-element_type=\"widget\" data-widget_type=\"heading.default\">\n\t\t\t\t<div class=\"elementor-widget-container\">\n\t\t\t<h2 class=\"elementor-heading-title elementor-size-default\">Rekrutacja do projektu<\/h2>\t\t<\/div>\n\t\t\t\t<\/div>\n\t\t\t\t<div class=\"elementor-element elementor-element-6f8402f elementor-widget elementor-widget-text-editor\" data-id=\"6f8402f\" data-element_type=\"widget\" data-widget_type=\"text-editor.default\">\n\t\t\t\t<div class=\"elementor-widget-container\">\n\t\t\t\t\t\t\t\t<div class=\"elementor-text-editor elementor-clearfix\">\n\t\t\t\t\t<div class=\"x11i5rnm xat24cr x1mh8g0r x1vvkbs xtlvy1s x126k92a\"><div dir=\"auto\"><p>Rekrutacja do projektu: <strong>\u201eInnowacje w edukacji: kursy dla nauczycieli Ekonomika z zakresu nowych technologii i zdrowia psychicznego\u201d.<\/strong><\/p><p>\u00a0<\/p><p>Z przyjemno\u015bci\u0105 informujemy, i\u017c rozpoczynamy rekrutacj\u0119 nauczycieli na szkolenia zagraniczne w ramach projektu<\/p><p>\u201dMi\u0119dzynarodowa mobilno\u015b\u0107 edukacyjna uczni\u00f3w i kadry edukacji szkolnej\u201d,\u00a0 wsp\u00f3\u0142finansowanego przez Uni\u0119 Europejsk\u0105 ze \u015brodk\u00f3w Europejskiego Funduszu Spo\u0142ecznego Plus, w Programie Fundusze Europejskie dla Rozwoju Spo\u0142ecznego 2021-2027, realizowanego na zasadach Programu Erasmus+.<\/p><p>\u00a0<\/p><p>Cele projektu:<\/p><ol><li>Wzmocnienie kompetencji cyfrowych nauczycieli ZSEk w Opolu, poprzez udzia\u0142 w szkoleniach z zakresu sztucznej inteligencji, ICT, e-learningu.<\/li><li>Rozw\u00f3j umiej\u0119tno\u015bci interpersonalnych nauczycieli ZSEk w Opolu i wsparcie zdrowia psychicznego uczni\u00f3w poprzez udzia\u0142 w szkoleniach z zakresu zdrowia psychicznego.<\/li><li>Rozw\u00f3j kompetencji j\u0119zykowych nauczycieli ZSEk w Opolu poprzez udzia\u0142 w mi\u0119dzynarodowych kursach prowadzonych w j\u0119zyku angielskim.<\/li><\/ol><p>\u00a0<\/p><p>Pierwsze z mi\u0119dzynarodowych szkole\u0144 to\u00a0 <strong>\u201eArtificial Intelligence and ChatGPT\u201d , <\/strong>kt\u00f3re odb\u0119dzie si\u0119 w Bolonii we W\u0142oszech w terminie 1 lutego 2026 do 7 lutego 2026.<\/p><p>\u00a0<\/p><p>W rekrutacji mog\u0105 wzi\u0105\u0107 udzia\u0142 nauczyciele Zespo\u0142u Szk\u00f3\u0142 Ekonomicznych im. Gen. Stefana Roweckiego \u201eGrota\u201d w Opolu.<\/p><p>Aby przyst\u0105pi\u0107 do rekrutacji nale\u017cy wydrukowa\u0107 wys\u0142ane przez e-dziennik \u00a0dokumenty rekrutacyjne, dok\u0142adnie je wype\u0142ni\u0107 drukowanymi literami i podpisane dostarczy\u0107 do sekretariatu szko\u0142y.<\/p><p><strong><span style=\"color: #ff6600;\">Termin dostarczenia dokument\u00f3w up\u0142ywa 7 stycznia 2026<\/span>.<\/strong><\/p><p>\u00a0<\/p><p>Wszelkich informacji udziela koordynator szkolny projektu Pani Beata Nowak.<\/p><\/div><\/div>\t\t\t\t\t<\/div>\n\t\t\t\t\t\t<\/div>\n\t\t\t\t<\/div>\n\t\t\t\t\t\t<\/div>\n\t\t\t\t\t<\/div>\n\t\t<\/div>\n\t\t\t\t\t\t\t\t<\/div>\n\t\t\t\t\t<\/div>\n\t\t<\/section>\n\t\t\t\t<section class=\"elementor-section elementor-top-section elementor-element elementor-element-9f88494 elementor-section-boxed elementor-section-height-default elementor-section-height-default\" data-id=\"9f88494\" data-element_type=\"section\">\n\t\t\t\t\t\t<div class=\"elementor-container elementor-column-gap-default\">\n\t\t\t\t\t\t\t<div class=\"elementor-row\">\n\t\t\t\t\t<div class=\"elementor-column elementor-col-100 elementor-top-column elementor-element elementor-element-94fa5a3\" data-id=\"94fa5a3\" data-element_type=\"column\">\n\t\t\t<div class=\"elementor-column-wrap elementor-element-populated\">\n\t\t\t\t\t\t\t<div class=\"elementor-widget-wrap\">\n\t\t\t\t\t\t<div class=\"elementor-element elementor-element-bb3ed8a elementor-widget elementor-widget-image\" data-id=\"bb3ed8a\" data-element_type=\"widget\" data-widget_type=\"image.default\">\n\t\t\t\t<div class=\"elementor-widget-container\">\n\t\t\t\t\t\t\t\t<div class=\"elementor-image\">\n\t\t\t\t\t\t\t\t\t\t\t\t<img width=\"1024\" height=\"141\" src=\"http:\/\/ekonomik.opole.pl\/eko3\/wp-content\/uploads\/2026\/01\/FERS_RP_UE_RGB-1-1024x141.jpg\" class=\"attachment-large size-large\" alt=\"\" loading=\"lazy\" srcset=\"http:\/\/ekonomik.opole.pl\/eko3\/wp-content\/uploads\/2026\/01\/FERS_RP_UE_RGB-1-1024x141.jpg 1024w, http:\/\/ekonomik.opole.pl\/eko3\/wp-content\/uploads\/2026\/01\/FERS_RP_UE_RGB-1-300x41.jpg 300w, http:\/\/ekonomik.opole.pl\/eko3\/wp-content\/uploads\/2026\/01\/FERS_RP_UE_RGB-1-768x106.jpg 768w, http:\/\/ekonomik.opole.pl\/eko3\/wp-content\/uploads\/2026\/01\/FERS_RP_UE_RGB-1-1536x212.jpg 1536w, http:\/\/ekonomik.opole.pl\/eko3\/wp-content\/uploads\/2026\/01\/FERS_RP_UE_RGB-1-2048x282.jpg 2048w, http:\/\/ekonomik.opole.pl\/eko3\/wp-content\/uploads\/2026\/01\/FERS_RP_UE_RGB-1-1360x188.jpg 1360w, http:\/\/ekonomik.opole.pl\/eko3\/wp-content\/uploads\/2026\/01\/FERS_RP_UE_RGB-1-680x94.jpg 680w\" sizes=\"(max-width: 1024px) 100vw, 1024px\" \/>\t\t\t\t\t\t\t\t\t\t\t\t\t\t<\/div>\n\t\t\t\t\t\t<\/div>\n\t\t\t\t<\/div>\n\t\t\t\t<div class=\"elementor-element elementor-element-74338ba elementor-widget elementor-widget-heading\" data-id=\"74338ba\" data-element_type=\"widget\" data-widget_type=\"heading.default\">\n\t\t\t\t<div class=\"elementor-widget-container\">\n\t\t\t<h2 class=\"elementor-heading-title elementor-size-default\">#FunduszeEU #FunduszeEuropejskie<\/h2>\t\t<\/div>\n\t\t\t\t<\/div>\n\t\t\t\t\t\t<\/div>\n\t\t\t\t\t<\/div>\n\t\t<\/div>\n\t\t\t\t\t\t\t\t<\/div>\n\t\t\t\t\t<\/div>\n\t\t<\/section>\n\t\t\t\t<section class=\"elementor-section elementor-top-section elementor-element elementor-element-620d618 elementor-section-boxed elementor-section-height-default elementor-section-height-default\" data-id=\"620d618\" data-element_type=\"section\">\n\t\t\t\t\t\t<div class=\"elementor-container elementor-column-gap-default\">\n\t\t\t\t\t\t\t<div class=\"elementor-row\">\n\t\t\t\t\t<div class=\"elementor-column elementor-col-100 elementor-top-column elementor-element elementor-element-f90444a\" data-id=\"f90444a\" data-element_type=\"column\">\n\t\t\t<div class=\"elementor-column-wrap elementor-element-populated\">\n\t\t\t\t\t\t\t<div class=\"elementor-widget-wrap\">\n\t\t\t\t\t\t<div class=\"elementor-element elementor-element-ca8ceaa elementor-widget elementor-widget-heading\" data-id=\"ca8ceaa\" data-element_type=\"widget\" data-widget_type=\"heading.default\">\n\t\t\t\t<div class=\"elementor-widget-container\">\n\t\t\t<h2 class=\"elementor-heading-title elementor-size-default\">Dokumenty do pobrania:<\/h2>\t\t<\/div>\n\t\t\t\t<\/div>\n\t\t\t\t<div class=\"elementor-element elementor-element-f419878 elementor-align-left elementor-icon-list--layout-traditional elementor-list-item-link-full_width elementor-widget elementor-widget-icon-list\" data-id=\"f419878\" data-element_type=\"widget\" data-widget_type=\"icon-list.default\">\n\t\t\t\t<div class=\"elementor-widget-container\">\n\t\t\t\t\t<ul class=\"elementor-icon-list-items\">\n\t\t\t\t\t\t\t<li class=\"elementor-icon-list-item\">\n\t\t\t\t\t<a href=\"https:\/\/ekonomik.opole.pl\/dokumenty\/projekty_ue\/zarzadzenie_dyrektora.docx\">\t\t\t\t\t\t<span class=\"elementor-icon-list-icon\">\n\t\t\t\t\t\t\t<i aria-hidden=\"true\" class=\"fas fa-file-download\"><\/i>\t\t\t\t\t\t<\/span>\n\t\t\t\t\t\t\t\t\t\t<span class=\"elementor-icon-list-text\">Zarz\u0105dzenie dyrektora<\/span>\n\t\t\t\t\t\t\t\t\t\t\t<\/a>\n\t\t\t\t\t\t\t\t\t<\/li>\n\t\t\t\t\t\t<\/ul>\n\t\t\t\t<\/div>\n\t\t\t\t<\/div>\n\t\t\t\t<div class=\"elementor-element elementor-element-3b02260 elementor-align-left elementor-icon-list--layout-traditional elementor-list-item-link-full_width elementor-widget elementor-widget-icon-list\" data-id=\"3b02260\" data-element_type=\"widget\" data-widget_type=\"icon-list.default\">\n\t\t\t\t<div class=\"elementor-widget-container\">\n\t\t\t\t\t<ul class=\"elementor-icon-list-items\">\n\t\t\t\t\t\t\t<li class=\"elementor-icon-list-item\">\n\t\t\t\t\t<a href=\"https:\/\/ekonomik.opole.pl\/dokumenty\/projekty_ue\/regulamin_FERS_2025.odt\">\t\t\t\t\t\t<span class=\"elementor-icon-list-icon\">\n\t\t\t\t\t\t\t<i aria-hidden=\"true\" class=\"fas fa-file-download\"><\/i>\t\t\t\t\t\t<\/span>\n\t\t\t\t\t\t\t\t\t\t<span class=\"elementor-icon-list-text\">Regulamin projektu<\/span>\n\t\t\t\t\t\t\t\t\t\t\t<\/a>\n\t\t\t\t\t\t\t\t\t<\/li>\n\t\t\t\t\t\t<\/ul>\n\t\t\t\t<\/div>\n\t\t\t\t<\/div>\n\t\t\t\t<div class=\"elementor-element elementor-element-5e94e72 elementor-align-left elementor-icon-list--layout-traditional elementor-list-item-link-full_width elementor-widget elementor-widget-icon-list\" data-id=\"5e94e72\" data-element_type=\"widget\" data-widget_type=\"icon-list.default\">\n\t\t\t\t<div class=\"elementor-widget-container\">\n\t\t\t\t\t<ul class=\"elementor-icon-list-items\">\n\t\t\t\t\t\t\t<li class=\"elementor-icon-list-item\">\n\t\t\t\t\t<a href=\"https:\/\/ekonomik.opole.pl\/dokumenty\/projekty_ue\/formularz_zgloszeniowy.docx\">\t\t\t\t\t\t<span class=\"elementor-icon-list-icon\">\n\t\t\t\t\t\t\t<i aria-hidden=\"true\" class=\"fas fa-file-download\"><\/i>\t\t\t\t\t\t<\/span>\n\t\t\t\t\t\t\t\t\t\t<span class=\"elementor-icon-list-text\">Formularz zg\u0142oszeniowy<\/span>\n\t\t\t\t\t\t\t\t\t\t\t<\/a>\n\t\t\t\t\t\t\t\t\t<\/li>\n\t\t\t\t\t\t<\/ul>\n\t\t\t\t<\/div>\n\t\t\t\t<\/div>\n\t\t\t\t<div class=\"elementor-element elementor-element-d8852c9 elementor-align-left elementor-icon-list--layout-traditional elementor-list-item-link-full_width elementor-widget elementor-widget-icon-list\" data-id=\"d8852c9\" data-element_type=\"widget\" data-widget_type=\"icon-list.default\">\n\t\t\t\t<div class=\"elementor-widget-container\">\n\t\t\t\t\t<ul class=\"elementor-icon-list-items\">\n\t\t\t\t\t\t\t<li class=\"elementor-icon-list-item\">\n\t\t\t\t\t<a href=\"https:\/\/ekonomik.opole.pl\/dokumenty\/projekty_ue\/sprawozdanie_z_wyjazdu_na_szkolenie.docx\">\t\t\t\t\t\t<span class=\"elementor-icon-list-icon\">\n\t\t\t\t\t\t\t<i aria-hidden=\"true\" class=\"fas fa-file-download\"><\/i>\t\t\t\t\t\t<\/span>\n\t\t\t\t\t\t\t\t\t\t<span class=\"elementor-icon-list-text\">Sprawozdanie (Szkolenie 1-7.02.2026)<\/span>\n\t\t\t\t\t\t\t\t\t\t\t<\/a>\n\t\t\t\t\t\t\t\t\t<\/li>\n\t\t\t\t\t\t<\/ul>\n\t\t\t\t<\/div>\n\t\t\t\t<\/div>\n\t\t\t\t<div class=\"elementor-element elementor-element-5105f7d elementor-widget elementor-widget-spacer\" data-id=\"5105f7d\" data-element_type=\"widget\" data-widget_type=\"spacer.default\">\n\t\t\t\t<div class=\"elementor-widget-container\">\n\t\t\t\t\t<div class=\"elementor-spacer\">\n\t\t\t<div class=\"elementor-spacer-inner\"><\/div>\n\t\t<\/div>\n\t\t\t\t<\/div>\n\t\t\t\t<\/div>\n\t\t\t\t\t\t<\/div>\n\t\t\t\t\t<\/div>\n\t\t<\/div>\n\t\t\t\t\t\t\t\t<\/div>\n\t\t\t\t\t<\/div>\n\t\t<\/section>\n\t\t\t\t\t\t<\/div>\n\t\t\t\t\t\t<\/div>\n\t\t\t\t\t<\/div>\n\t\t","protected":false},"excerpt":{"rendered":"<p>Rekrutacja do projektu. Zagraniczne szkolenia kadry pedagogicznej \u2013 nowe pomys\u0142y i inspiracje \u00a0 Nauczyciele naszej szko\u0142y maj\u0105 okazj\u0119 szkoli\u0107 si\u0119 za granic\u0105 z zakresu sztucznej inteligencji, nowych technologii, medi\u00f3w spo\u0142eczno\u015bciowych oraz zdrowia psychicznego. W trzech szkoleniach w sumie we\u017amie udzia\u0142 8 nauczycieli naszej szko\u0142y. Pierwsze mia\u0142o miejsce w Bolonii i uczestniczy\u0142y w nim p. dyrektor&#8230;<\/p>\n","protected":false},"author":6,"featured_media":0,"parent":0,"menu_order":0,"comment_status":"closed","ping_status":"closed","template":"","meta":{"inline_featured_image":false},"_links":{"self":[{"href":"http:\/\/ekonomik.opole.pl\/eko3\/wp-json\/wp\/v2\/pages\/998629"}],"collection":[{"href":"http:\/\/ekonomik.opole.pl\/eko3\/wp-json\/wp\/v2\/pages"}],"about":[{"href":"http:\/\/ekonomik.opole.pl\/eko3\/wp-json\/wp\/v2\/types\/page"}],"author":[{"embeddable":true,"href":"http:\/\/ekonomik.opole.pl\/eko3\/wp-json\/wp\/v2\/users\/6"}],"replies":[{"embeddable":true,"href":"http:\/\/ekonomik.opole.pl\/eko3\/wp-json\/wp\/v2\/comments?post=998629"}],"version-history":[{"count":46,"href":"http:\/\/ekonomik.opole.pl\/eko3\/wp-json\/wp\/v2\/pages\/998629\/revisions"}],"predecessor-version":[{"id":999307,"href":"http:\/\/ekonomik.opole.pl\/eko3\/wp-json\/wp\/v2\/pages\/998629\/revisions\/999307"}],"wp:attachment":[{"href":"http:\/\/ekonomik.opole.pl\/eko3\/wp-json\/wp\/v2\/media?parent=998629"}],"curies":[{"name":"wp","href":"https:\/\/api.w.org\/{rel}","templated":true}]}}